{"id":60,"date":"2014-10-25T21:36:02","date_gmt":"2014-10-25T19:36:02","guid":{"rendered":"http:\/\/fundacjaoda.pl\/?page_id=60"},"modified":"2020-08-25T11:50:20","modified_gmt":"2020-08-25T09:50:20","slug":"wieczory-muzyczne","status":"publish","type":"page","link":"http:\/\/fundacjaoda.pl\/?page_id=60","title":{"rendered":"Wieczory muzyczne"},"content":{"rendered":"<p><strong>Wieczory muzyczne<\/strong> powsta\u0142y z my\u015bl\u0105 o promocji wo\u0142omi\u0144skich artyst\u00f3w, wyst\u0119puj\u0105cych na sta\u0142e w\u00a0Teatrze Wielkim Operze Narodowej w\u00a0Warszawie, Filharmonii Narodowej i na wielu innych scenach muzycznych w\u00a0kraju i\u00a0za granic\u0105, a rzadziej w swoim mie\u015bcie. Wieczory te s\u0105 okazj\u0105 do zaprezentowania naszym mieszka\u0144com ich warsztatu artystycznego. Prezentujemy r\u00f3wnie\u017c miejscowe ch\u00f3ry, kt\u00f3re bior\u0105 udzia\u0142 w\u00a0wielu konkursach i\u00a0festiwalach, na kt\u00f3rych odnosz\u0105 coraz wi\u0119ksze sukcesy. Go\u015bcimy te\u017c artyst\u00f3w\u2013amator\u00f3w, dla kt\u00f3rych \u015bpiewanie jest wielk\u0105 pasj\u0105. Celem tych Wieczor\u00f3w jest tak\u017ce odbudowywanie starej, polskiej tradycji wsp\u00f3lnego \u015bpiewania, co jest mi\u0142ym akcentem ka\u017cdego koncertu.<\/p>\n<p><span style=\"font-size: 14.0pt;\">Koncert Antoniego Murackiego &#8211; 07.03.2020<\/span><br \/>\n<a href=\"http:\/\/fundacjaoda.pl\/wp-content\/uploads\/2014\/10\/IMG_5538_maly.jpg\"><img loading=\"lazy\" src=\"http:\/\/fundacjaoda.pl\/wp-content\/uploads\/2014\/10\/IMG_5538_maly.jpg\" alt=\"IMG_5538_maly\" tyle=\"margin-right: 10px;\" width=\"20%\" height=\"20%\" class=\"alignleft size-full wp-image-18397\" srcset=\"http:\/\/fundacjaoda.pl\/wp-content\/uploads\/2014\/10\/IMG_5538_maly.jpg 900w, http:\/\/fundacjaoda.pl\/wp-content\/uploads\/2014\/10\/IMG_5538_maly-150x100.jpg 150w\" sizes=\"(max-width: 900px) 100vw, 900px\" \/><\/a><br \/>\n&nbsp;<br \/>\n&nbsp;<br \/>\n&nbsp;<br \/>\n&nbsp;<\/p>\n<p><span style=\"font-size: 14.0pt;\">Wiecz\u00f3r kol\u0119dowy &#8211; 05.01.2020<\/span><br \/>\n<a href=\"http:\/\/fundacjaoda.pl\/wp-content\/uploads\/2014\/10\/IMG_5005.jpg\"><img loading=\"lazy\" src=\"http:\/\/fundacjaoda.pl\/wp-content\/uploads\/2014\/10\/IMG_5005.jpg\" alt=\"IMG_5005\" style=\"margin-right: 10px;\" width=\"20%\" height=\"20%\" class=\"alignleft size-full wp-image-18386\" srcset=\"http:\/\/fundacjaoda.pl\/wp-content\/uploads\/2014\/10\/IMG_5005.jpg 900w, http:\/\/fundacjaoda.pl\/wp-content\/uploads\/2014\/10\/IMG_5005-150x100.jpg 150w\" sizes=\"(max-width: 900px) 100vw, 900px\" \/><\/a><br \/>\n&nbsp;<br \/>\n&nbsp;<br \/>\n&nbsp;<br \/>\n&nbsp;<\/p>\n<p><span style=\"font-size: 14.0pt;\">Publikacja \u201eWodiczkowie\u201d \u2013 spotkanie promocyjne &#8211; 13.12.2019<\/span><br \/>\n<a href=\"http:\/\/fundacjaoda.pl\/wp-content\/uploads\/2014\/10\/IMG_4678.jpg\"><img loading=\"lazy\" src=\"http:\/\/fundacjaoda.pl\/wp-content\/uploads\/2014\/10\/IMG_4678.jpg\" alt=\"IMG_4678\" style=\"margin-right: 10px;\" width=\"20%\" height=\"20%\" class=\"alignleft size-full wp-image-18388\" srcset=\"http:\/\/fundacjaoda.pl\/wp-content\/uploads\/2014\/10\/IMG_4678.jpg 900w, http:\/\/fundacjaoda.pl\/wp-content\/uploads\/2014\/10\/IMG_4678-150x100.jpg 150w\" sizes=\"(max-width: 900px) 100vw, 900px\" \/><\/a><br \/>\n&nbsp;<br \/>\n&nbsp;<br \/>\n&nbsp;<br \/>\n&nbsp;<\/p>\n<p><span style=\"font-size: 14.0pt;\">Koncert Niepodleg\u0142o\u015bciowy \u2013 11.11.2019<\/span><br \/>\n<a href=\"http:\/\/fundacjaoda.pl\/wp-content\/uploads\/2014\/10\/IMG_4276_maly.jpg\"><img loading=\"lazy\" src=\"http:\/\/fundacjaoda.pl\/wp-content\/uploads\/2014\/10\/IMG_4276_maly.jpg\" alt=\"IMG_4276_maly\" style=\"margin-right: 10px;\" width=\"20%\" height=\"20%\" class=\"alignleft size-full wp-image-18197\" srcset=\"http:\/\/fundacjaoda.pl\/wp-content\/uploads\/2014\/10\/IMG_4276_maly.jpg 900w, http:\/\/fundacjaoda.pl\/wp-content\/uploads\/2014\/10\/IMG_4276_maly-150x100.jpg 150w\" sizes=\"(max-width: 900px) 100vw, 900px\" \/><\/a>P\u00f3\u017anym wieczorem 11 listopada w Izbie Muzealnej Wodiczk\u00f3w tymi s\u0142owami rozpocz\u0105\u0142 si\u0119 Wiecz\u00f3r Niepodleg\u0142o\u015bciowy. <em> &#8211; Wspominaj\u0105c histori\u0119 naszego narodu nie spos\u00f3b wymieni\u0107 wszystkich symboli polskiego patriotyzmu i heroizmu<\/em> \u2013 powiedzia\u0142 <strong>Leszek Patejuk<\/strong> w referacie poprzedzaj\u0105cym koncert. <em>Ale kilka miejsc spo\u015br\u00f3d setek bohaterskich bitew w historii Polski, zwanych Polskimi Termopilami, powinni zna\u0107 wszyscy Polacy: bitw\u0119 pod Hodowem, W\u0119growem, Zadw\u00f3rzem, bitw\u0119 pod Dytiatynem i obron\u0119 Wizny. <\/em> <strong> <a href=\"http:\/\/fundacjaoda.pl\/?page_id=18234\" title=\"Wolno\u015b\u0107, kocham i rozumiem\">Wi\u0119cej&#8230;<\/a> <a href=\"http:\/\/fundacjaoda.pl\/?page_id=18231\" title=\"Galeria \u2013 Koncert Niepodleg\u0142o\u015bciowy 2019\">Galeria<\/a><\/strong><\/p>\n<p><span style=\"font-size: 14.0pt;\">Jaki jest ten Tw\u00f3j Wo\u0142omin? \u2013 premierowy koncert piosenek o Wo\u0142ominie &#8211; 25.10.2019<\/span><br \/>\n<a href=\"http:\/\/fundacjaoda.pl\/wp-content\/uploads\/2014\/10\/IMG_4129_maly.jpg\"><img loading=\"lazy\" src=\"http:\/\/fundacjaoda.pl\/wp-content\/uploads\/2014\/10\/IMG_4129_maly.jpg\" alt=\"IMG_4129_maly\" style=\"margin-right: 10px;\" width=\"20%\" height=\"20%\" class=\"alignleft size-full wp-image-18194\" srcset=\"http:\/\/fundacjaoda.pl\/wp-content\/uploads\/2014\/10\/IMG_4129_maly.jpg 900w, http:\/\/fundacjaoda.pl\/wp-content\/uploads\/2014\/10\/IMG_4129_maly-150x100.jpg 150w\" sizes=\"(max-width: 900px) 100vw, 900px\" \/><\/a>Ten wyj\u0105tkowy wiecz\u00f3r zosta\u0142 zorganizowany z okazji potr\u00f3jnych urodzin: 100-lecia uzyskania praw miejskich przez Wo\u0142omin, 8-lecia istnienia Izby Muzealnej Wodiczk\u00f3w oraz 6-lecia za\u0142o\u017cenia Fundacji ODA. By\u0142 te\u017c okazj\u0105 do pochwalenia si\u0119, \u017ce Fundacja ODA otrzyma\u0142a medal \u201eZas\u0142u\u017cony dla Wo\u0142omina&#8221;. <strong><a href=\"http:\/\/fundacjaoda.pl\/?page_id=18312\" title=\"Wo\u0142omin With Love\">Wi\u0119cej&#8230;<\/a>  <a href=\"http:\/\/fundacjaoda.pl\/?page_id=18329\" title=\"Galeria  Wo\u0142omin With Love\">Galeria<\/a><\/strong><br \/>\n&nbsp;<br \/>\n&nbsp;<br \/>\n&nbsp;<br \/>\n<span style=\"font-size: 14.0pt;\">Koncert pie\u015bni patriotycznych \u2013 Bia\u0142e r\u00f3\u017ce &#8211; 22.09.2019<\/span><br \/>\n<a href=\"http:\/\/fundacjaoda.pl\/wp-content\/uploads\/2014\/10\/IMG_3962_maly.jpg\"><img loading=\"lazy\" src=\"http:\/\/fundacjaoda.pl\/wp-content\/uploads\/2014\/10\/IMG_3962_maly.jpg\" alt=\"IMG_3962_maly\" style=\"margin-right: 10px;\" width=\"20%\" height=\"20%\" class=\"alignleft size-full wp-image-18193\" srcset=\"http:\/\/fundacjaoda.pl\/wp-content\/uploads\/2014\/10\/IMG_3962_maly.jpg 900w, http:\/\/fundacjaoda.pl\/wp-content\/uploads\/2014\/10\/IMG_3962_maly-150x100.jpg 150w\" sizes=\"(max-width: 900px) 100vw, 900px\" \/><\/a><br \/>\n&nbsp;<br \/>\n&nbsp;<br \/>\n&nbsp;<br \/>\n&nbsp;<br \/>\n&nbsp;<\/p>\n<p><span style=\"font-size: 14.0pt;\">Wiecz\u00f3r Moniuszkowski &#8211; 31.05.2019.<\/span><br \/>\n<a href=\"http:\/\/fundacjaoda.pl\/wp-content\/uploads\/2019\/06\/IMG_2687.jpg\"><img loading=\"lazy\" src=\"http:\/\/fundacjaoda.pl\/wp-content\/uploads\/2019\/06\/IMG_2687.jpg\" alt=\"IMG_2687\" style=\"margin-right: 10px;\" width=\"20%\" height=\"20%\" class=\"alignleft size-full wp-image-17817\" srcset=\"http:\/\/fundacjaoda.pl\/wp-content\/uploads\/2019\/06\/IMG_2687.jpg 900w, http:\/\/fundacjaoda.pl\/wp-content\/uploads\/2019\/06\/IMG_2687-150x100.jpg 150w\" sizes=\"(max-width: 900px) 100vw, 900px\" \/><\/a>Kolejny wiecz\u00f3r muzyczny po\u015bwi\u0119cony Stanis\u0142awowi Moniuszce by\u0142 po\u015bwi\u0119cony 200. rocznicy jego urodzin. Koncert przygotowa\u0142a i wyre\u017cyserowa\u0142a Wala Patejuk. Do wykonania pi\u0119knych lecz wcale nie\u0142atwych utwor\u00f3w zaprosi\u0142a znakomite grono znajomych i przyjaci\u00f3\u0142 Izby Muzealnej Wodiczk\u00f3w, zar\u00f3wno artyst\u00f3w zawodowych, jak i&nbsp;amator\u00f3w. W Wieczorze wyst\u0105pili: Wioletta Bijata, Jolanta \u0141ochowska, Jadwiga Skotnicka, Wala Patejuk, Zbigniew Cichy, Karol Ma\u0142olepszy, Leszek Patejuk i Jerzy Sznajder. W ich solowym wykonaniu zabrzmia\u0142y nast\u0119puj\u0105ce pie\u015bni: <em>&#8222;Jako od wichru&#8221;<\/em>, <em>&#8222;Kuku\u0142ka&#8221;<\/em>, <em>&#8222;Dwie zorze&#8221;<\/em>, <em>&#8222;Z\u0142ota rybka&#8221;<\/em>, <em>&#8222;Krakowiak&#8221;<\/em>, <em>&#8222;Dziad i baba&#8221;<\/em>, <em>&#8222;Kwiatek&#8221;<\/em>, <em>&#8222;Piosenka \u017co\u0142nierza&#8221;<\/em>, <em>&#8222;Polna r\u00f3\u017cyczka&#8221;<\/em>, <em>&#8222;Krakowiaczek&#8221;<\/em>, <em>&#8222;Aria Sko\u0142uby&#8221;<\/em>, <em>&#8222;Kozak&#8221;<\/em>. Na drug\u0105 cz\u0119\u015b\u0107 koncertu z\u0142o\u017cy\u0142y si\u0119 pie\u015bni: <em>&#8222;Kum i&nbsp;kuma&#8221;<\/em>, <em>&#8222;Soko\u0142owie&#8221;<\/em>, <em>&#8222;Dumka&#8221;<\/em>, <em>&#8222;Pie\u015b\u0144 wieczorna&#8221;<\/em>, <em>&#8222;Prz\u0105\u015bniczka&#8221;<\/em> oraz <em>&#8222;Pie\u015b\u0144 wojenna&#8221;<\/em>, kt\u00f3re arty\u015bci za\u015bpiewali wraz z publiczno\u015bci\u0105 wyposa\u017con\u0105 w przygotowane \u015bpiewniczki. <strong><a href=\"http:\/\/fundacjaoda.pl\/?page_id=17878\" title=\"Galeria_Wieczor Moniuszkowski-31-05-2019\">Galeria<\/a><\/strong><br \/>\n&nbsp;<br \/>\n<span style=\"font-size: 14.0pt;\">Muzyka cerkiewna &#8211; 24.05.2019.<\/span><br \/>\n<a href=\"http:\/\/fundacjaoda.pl\/wp-content\/uploads\/2019\/06\/IMG_2595.jpg\"><img loading=\"lazy\" src=\"http:\/\/fundacjaoda.pl\/wp-content\/uploads\/2019\/06\/IMG_2595.jpg\" style=\"margin-right: 10px;\" alt=\"IMG_2595\" width=\"20%\" height=\"20%\" class=\"alignleft size-full wp-image-17801\" srcset=\"http:\/\/fundacjaoda.pl\/wp-content\/uploads\/2019\/06\/IMG_2595.jpg 880w, http:\/\/fundacjaoda.pl\/wp-content\/uploads\/2019\/06\/IMG_2595-150x102.jpg 150w\" sizes=\"(max-width: 880px) 100vw, 880px\" \/><\/a>Danuta Michalik przywita\u0142a zebranych w Izbie go\u015bci, szczeg\u00f3lnie serdecznie ksi\u0119dza Micha\u0142a Dmitruka z Parafii \u015awi\u0119tych Aposto\u0142\u00f3w Piotra i Paw\u0142a w Wo\u0142ominie, dzi\u0119ki kt\u00f3remu ten d\u0142ugo oczekiwany koncert m\u00f3g\u0142 si\u0119 odby\u0107 &#8211; na koncert muzyki cerkiewnej w wykonaniu m\u0119skiego zespo\u0142u muzyki cerkiewnej \u201eKatapetasma\u201d czekali\u015bmy w&nbsp;Izbie od dw\u00f3ch lat. Cz\u0142onkowie zespo\u0142u to aktywni uczestnicy liturgii, psalmi\u015bci, dyrygenci i teolodzy, kt\u00f3rzy dzia\u0142alno\u015b\u0107 koncertow\u0105 traktuj\u0105 jako przed\u0142u\u017cenie do\u015bwiadczenia nabo\u017ce\u0144stw. Zesp\u00f3\u0142 wyst\u0119powa\u0142 wielokrotnie w&nbsp;kraju i za granic\u0105. Kierownikiem i inicjatorem \u201eKatapetasmy\u201d jest \u0141ukasz Hajduczenia. <strong><a href=\"http:\/\/fundacjaoda.pl\/?page_id=17957\" title=\"Muzyka cerkiewna\"> Wi\u0119cej&#8230;<\/a> <a href=\"http:\/\/fundacjaoda.pl\/?page_id=17810\" title=\"Galeria_Muzyka cerkiewna-2019\"> Galeria<\/a><\/strong><\/p>\n<p><span style=\"font-size: 14.0pt;\">Twoja i moja historia: Zofia Na\u0142kowska i Jerzy Wodiczko &#8211; 17.05.2019.<\/span><br \/>\n<a href=\"http:\/\/fundacjaoda.pl\/wp-content\/uploads\/2019\/06\/IMG_2468.jpg\"><img loading=\"lazy\" src=\"http:\/\/fundacjaoda.pl\/wp-content\/uploads\/2019\/06\/IMG_2468.jpg\" alt=\"IMG_2468\" style=\"margin-right: 10px;\" width=\"20%\" height=\"20%\" class=\"alignleft size-full wp-image-17923\" srcset=\"http:\/\/fundacjaoda.pl\/wp-content\/uploads\/2019\/06\/IMG_2468.jpg 701w, http:\/\/fundacjaoda.pl\/wp-content\/uploads\/2019\/06\/IMG_2468-150x128.jpg 150w\" sizes=\"(max-width: 701px) 100vw, 701px\" \/><\/a>Czwarte i ostatnie spotkanie z cyklu &#8222;Twoja i moja historia&#8221; by\u0142o po\u015bwi\u0119cone Zofii Na\u0142kowskiej i Jerzemu Wodiczko. Posta\u0107 Zofii Na\u0142kowskiej przybli\u017cy\u0142y zebranym w Izbie go\u015bciom dyrektorki dw\u00f3ch wo\u0142omi\u0144skich instytucji kulturalnych nosz\u0105cych imi\u0119 s\u0142awnej pisarki &#8211;<strong> Izabela Bochi\u0144ska <\/strong>z Miejskiej Biblioteki Publicznej im. Zofii Na\u0142kowskiej oraz <strong>Agata Sobczak <\/strong>z Muzeum im. Zofii i Wac\u0142awa Na\u0142kowskich przedstawiaj\u0105c fragmenty tw\u00f3rczo\u015bci Zofii Na\u0142kowskiej b\u0119d\u0105ce \u015bwiadectwem tego, jak wa\u017cne miejsce zajmowa\u0142 Wo\u0142omin w \u017cyciu pisarki. Danuta Michalik przedstawi\u0142a posta\u0107 Jerzego, najm\u0142odszego syna Franciszka Wodiczki, kt\u00f3ry w wieku 17 lat uciek\u0142 z domu i zaci\u0105gn\u0105\u0142 si\u0119 na Dar Pomorza, aby odby\u0107 na nim rejs dooko\u0142a \u015bwiata. Nigdy nie wr\u00f3ci\u0142 ju\u017c do kraju \u2013 zamieszka\u0142 we Francji, tam si\u0119 o\u017ceni\u0142 i tam zosta\u0142 pochowany. W izbie Muzealnej Wodiczk\u00f3w zachowa\u0142y si\u0119 jego pi\u0119kne listy pisane cz\u0119sto na firmowym papierze Daru Pomorza, pe\u0142ne mi\u0142o\u015bci i t\u0119sknoty za rodzin\u0105 i ojczyzn\u0105. W oba \u017cyciorysy zwi\u0105zane z Wo\u0142ominem &#8222;wkomponowa\u0142a&#8221; si\u0119 wykonawczyni cz\u0119\u015bci artystycznej tego wieczoru, <strong><a href=\"http:\/\/fundacjaoda.pl\/?page_id=17720\" title=\"Bo\u017cena Bujnicka\">Bo\u017cena Bujnicka<\/a><\/strong>, artystka Teatru Wielkiego Opery Narodowej w Warszawie, znakomita sopranistka. Chocia\u017c mieszka na sta\u0142e w Warszawie, Wo\u0142omin jest miastem, z kt\u00f3rego pochodzi jej rodzina, w kt\u00f3rym uko\u0144czy\u0142a szko\u0142\u0119 podstawow\u0105 i \u015bredni\u0105 i z kt\u00f3rym zwi\u0105zane s\u0105 jej m\u0142odzie\u0144cze wspomnienia. Na ten wiecz\u00f3r przygotowa\u0142a repertuar z\u0142o\u017cony z utwor\u00f3w Pucciniego, Dvo\u0159\u00e1ka, Masseneta i Moniuszki. Na fortepianie towarzyszy\u0142 jej <strong>Aleksander Teliga Junior<\/strong>. <strong><a href=\"http:\/\/fundacjaoda.pl\/?page_id=17925\" title=\"Galeria_Zofia Na\u0142kowska i Jerzy Wodiczko\">Galeria<\/a><\/strong><\/p>\n<p><span style=\"font-size: 14.0pt;\">Twoja i moja historia: Wiera Gran i Bohdan Wodiczko &#8211; 11.05.2019.<\/span><br \/>\n<a href=\"http:\/\/fundacjaoda.pl\/wp-content\/uploads\/2019\/06\/MG_3886.jpg\"><img loading=\"lazy\" src=\"http:\/\/fundacjaoda.pl\/wp-content\/uploads\/2019\/06\/MG_3886.jpg\" alt=\"_MG_3886\" style=\"margin-right: 10px;\" width=\"20%\" height=\"20%\" class=\"alignleft size-full wp-image-17890\" srcset=\"http:\/\/fundacjaoda.pl\/wp-content\/uploads\/2019\/06\/MG_3886.jpg 900w, http:\/\/fundacjaoda.pl\/wp-content\/uploads\/2019\/06\/MG_3886-150x100.jpg 150w\" sizes=\"(max-width: 900px) 100vw, 900px\" \/><\/a>Kolejne, trzecie ju\u017c spotkanie z cyklu &#8222;Twoja i moja historia&#8221; by\u0142o po\u015bwi\u0119cone Wierze Gran i Bohdanowi Wodiczko. Historie Wiery Gran przedstawi\u0142 <strong>Cezary Waszczy\u0144ski<\/strong>, rodowity wo\u0142ominianin, polonista i publicysta. Opublikowa\u0142 ju\u017c wiele artyku\u0142\u00f3w na temat historii Wo\u0142omina i s\u0142awnych postaci z nim zwi\u0105zanych. Jest mi\u0142o\u015bnikiem przedwojennych film\u00f3w i piosenek. Jego ulubion\u0105 piosenkark\u0105 z tego okresu jest Wiera Gran. Cezary Waszczy\u0144ski przeprowadzi\u0142 z ni\u0105 obszerny wywiad i wielokrotnie rozmawia\u0142 z telefonicznie w ostatnim okresie jej \u017cycia. Danuta Michalik, dzi\u0119ki rodzinnym koneksjom, sprawi\u0142a Cezaremu wielk\u0105 niespodziank\u0119 dostarczaj\u0105c informacji na temat miejsca ostatniego spoczynku Wiery Gran. Ku wielkiemu wzruszeniu Cezarego Waszczy\u0144skiego dostarczy\u0142a tak\u017ce fotografi\u0119, na kt\u00f3rej widnia\u0142 gr\u00f3b piosenkarki. O kolejnej postaci z rodziny Wodiczk\u00f3w, Bohdanie, opowiedzia\u0142 jego biograf i znawca <strong><a href=\"http:\/\/fundacjaoda.pl\/?page_id=14645\" title=\"Micha\u0142 Klubi\u0144ski \u2013 autor\">Micha\u0142 Klubi\u0144ski<\/a><\/strong>, muzykolog, doktorant w&nbsp;Instytucie Muzykologii Uniwersytetu Warszawskiego. Jest autorem monografii zatytu\u0142owanej <em>\u201eBohdan Wodiczko. Dyrygent wobec nowoczesnej kultury muzycznej&#8221;, (Universitas, Krak\u00f3w, 2017)<\/em>. Opraw\u0119 muzyczn\u0105 wieczoru zapewni\u0142a sopranistka <strong>Iza Weso\u0142owska<\/strong>, kt\u00f3rej na fortepianie akompaniowa\u0142 <strong>Adam Sychowski<\/strong>. W programie znalaz\u0142y si\u0119 utwory Fryderyka Chopina, Stanis\u0142awa Moniuszki oraz przeboje muzyczne z okresu mi\u0119dzywojennego. Nad ca\u0142o\u015bci\u0105 programu sprawowa\u0142a piecz\u0119 prowadz\u0105c wiecz\u00f3r z w\u0142a\u015bciw\u0105 sobie lekko\u015bci\u0105, olbrzymim znawstwem i poczuciem humoru <strong><a href=\"http:\/\/fundacjaoda.pl\/?page_id=14651\" title=\"Bogus\u0142awa Szostak-Klubi\u0144ska\">Bogus\u0142awa Szostak-Klubi\u0144ska<\/a><\/strong>, wieloletnia konferansjerka Filharmonii Narodowej w Warszawie. <strong><a href=\"http:\/\/fundacjaoda.pl\/?page_id=17907\" title=\"Galeria_Wiera Gran i Bohdan Wodiczko\">Galeria<\/a><\/strong><br \/>\n&nbsp;<br \/>\n<span style=\"font-size: 14.0pt;\">Twoja i moja historia: Helena i Stefan Nasfeterowie oraz Eugeniusz Wodiczko &#8211; 25.04.2019.<\/span><br \/>\n<a href=\"http:\/\/fundacjaoda.pl\/wp-content\/uploads\/2019\/04\/00.jpg\"><img loading=\"lazy\" src=\"http:\/\/fundacjaoda.pl\/wp-content\/uploads\/2019\/04\/00.jpg\" style=\"margin-right: 10px;\" alt=\"Twoja i moja historia - III\" width=\"20%\"  height=\"20%\" class=\"alignnone size-medium wp-image-17449\" align=\"left\" srcset=\"http:\/\/fundacjaoda.pl\/wp-content\/uploads\/2019\/04\/00.jpg 770w, http:\/\/fundacjaoda.pl\/wp-content\/uploads\/2019\/04\/00-150x99.jpg 150w\" sizes=\"(max-width: 770px) 100vw, 770px\" \/><\/a><strong>Drugie spotkanie z cyklu &#8222;Twoja i moja historia&#8221;<\/a><\/strong> po\u015bwi\u0119cone by\u0142o Helenie i Stefanowi Nasfeterom oraz kolejnej postaci z rodziny Wodiczk\u00f3w &#8211; Eugeniuszowi Wodiczko. W cz\u0119\u015bci artystycznej wyst\u0105pi\u0142y wo\u0142ominianki: \u015bwiatowej s\u0142awy sopranistka <strong><a href=\"http:\/\/fundacjaoda.pl\/?page_id=5611\" title=\"Katarzyna Kaswen-Wilk\">Katarzyna Kaswen-Wilk<\/a><\/strong> i pianistka <strong><a href=\"http:\/\/fundacjaoda.pl\/?page_id=5609\" title=\"Anna Kornacka\">Anna Kornacka<\/a><\/strong>.<br \/>\n<strong><a href=\"http:\/\/fundacjaoda.pl\/?page_id=17694\" title=\"Twoja i moja historia: Helena i Stefan Nasfeterowie i Eugeniusz Wodiczko\">Wi\u0119cej..<\/a>.<\/strong> <a href=\"http:\/\/fundacjaoda.pl\/?page_id=17479\" title=\"Galeria \u2013 Twoja i moja historia \u2013 Wiecz\u00f3r 2\"><strong>Galeria<\/strong><\/a><br \/>\n&nbsp;<br \/>\n&nbsp;<br \/>\n<span style=\"font-size: 14.0pt;\">Ekscentryczna Panna W &#8211; 12.04.2019.<\/span><br \/>\n<a href=\"http:\/\/fundacjaoda.pl\/wp-content\/uploads\/2019\/04\/IMG_1819.jpg\"><img loading=\"lazy\" src=\"http:\/\/fundacjaoda.pl\/wp-content\/uploads\/2019\/04\/IMG_1819.jpg\" alt=\"IMG_1819\" style=\"margin-right: 10px;\" width=\"20%\" height=\"20%\" class=\"alignnone size-full wp-image-17390\" align=\"left\" srcset=\"http:\/\/fundacjaoda.pl\/wp-content\/uploads\/2019\/04\/IMG_1819.jpg 900w, http:\/\/fundacjaoda.pl\/wp-content\/uploads\/2019\/04\/IMG_1819-150x100.jpg 150w\" sizes=\"(max-width: 900px) 100vw, 900px\" \/><\/a>Tygodnie wype\u0142nione poszukiwaniami wykonawc\u00f3w, licznymi pr\u00f3bami z tymi wybranymi, sp\u0119dzone na wymy\u015blananiu i przygotowaniu scenografii &#8211; i wreszcie premiera! W wype\u0142nionej przez licznie przyby\u0142ych go\u015bci Sali Lustrzanej w Izbie Muzycznej o godzinie 19:05 zgas\u0142y \u015bwiat\u0142a, z g\u0142o\u015bnik\u00f3w pop\u0142yn\u0119\u0142a uwertura, a na firankowych ekranach pojawi\u0142y si\u0119 napisy wst\u0119pne. Rozpocz\u0105\u0142 si\u0119 spektakl, w kt\u00f3rym m\u0142odzi arty\u015bci z Wo\u0142omina, pos\u0142uguj\u0105c si\u0119 poezj\u0105 Ryszarda Matusiewicza do skomponowanej przez niego muzyki przegonili zim\u0119 za morze i prze\u017cyli wszystkie porywy i uniesienia, kt\u00f3re przynios\u0142a ze sob\u0105 wiosna. Zmienia\u0142y si\u0119 nastroje, pejza\u017ce, a wszystko toczy\u0142o si\u0119 wok\u00f3\u0142 przystanku autobusowego, z kt\u00f3rego mo\u017cna by\u0142o odjecha\u0107, na kt\u00f3rym mo\u017cna by\u0142o si\u0119 um\u00f3wi\u0107 lub po prostu spotka\u0107. Historie te wy\u015bpiewane zosta\u0142y w&nbsp;14&nbsp;utworach o nast\u0119puj\u0105cych tytu\u0142ach: <em>&#8222;Przedwio\u015bnie w mie\u015bcie&#8221;<\/em>, <em>&#8222;Dla wszystkich was&#8221;<\/em>, <em>&#8222;Wielki le\u0144&#8221;<\/em>, <em>&#8222;Kocha\u0107 ciebie&#8221;<\/em>, <em>&#8222;Piosenka o niczym&#8221;<\/em>, <em>&#8222;Czarnohorska&#8221;<\/em>, <em>&#8222;Szarozielona&#8221;<\/em>, <em>&#8222;Sykomora&#8221;<\/em>, <em>&#8222;Piosenka na 8 marca&#8221;<\/em>, <em>&#8222;Niebiesko\u015bcian&#8221;<\/em>, <em>&#8222;W ogr\u00f3dku strach&#8221;<\/em>, <em>&#8222;Sny kominkowe&#8221;<\/em>, <em>&#8222;Tacy \u015bmieszni&#8221;<\/em> i&nbsp;<em>&#8222;Wiosn\u0105 na jeziora&#8221;<\/em>. Po licznych perypetiach i zawodach mi\u0142osnych wiosna odesz\u0142a z nastaniem lata, zabieraj\u0105c zakochanego w niej bez pami\u0119ci przystankowicza zaczytanego w gazecie, kt\u00f3ra przys\u0142oni\u0142a mu zupe\u0142nie zakochan\u0105 w nim beznadziejnie przystankowiczk\u0119. Kiedy umilk\u0142y owacje i&nbsp;bis, Danuta Michalik przedstawi\u0142a wszystkich wykonawc\u00f3w bior\u0105cych udzia\u0142 w spektaklu: Ryszarda Matusiewicza, kt\u00f3ry akompaniowa\u0142 artystom na fortepianie i za\u015bpiewa\u0142 dwa utwory, Halin\u0119 Wojakowsk\u0105, zim\u0119, kt\u00f3ra, przegoniona za morze, przez ca\u0142y czas kr\u00f3lowania wiosny na scenie czuwa\u0142a nad spektaklem i zadba\u0142a o wszystkie sceniczne akcesoria, Magdalen\u0105 Wojakowsk\u0105, wiosn\u0119, zakochanego w niej przystankowicza Paw\u0142a Nowaka oraz wprowadzaj\u0105ce w wiosenne nastroje Aleksandr\u0119 Banaszek, Hann\u0119 Czumaj i Magdalen\u0119 Ko\u015bcielsk\u0105. <strong><a href=\"http:\/\/fundacjaoda.pl\/?page_id=17415\" title=\"Galeria \u2013 Ekscentryczna Panna W\">Galeria<\/a><\/strong><\/p>\n<p><span style=\"font-size: 14.0pt;\">Twoja i moja historia: Henryk Woyciechowski i Franciszek Wodiczko &#8211; 15.03.2019.<\/span><br \/>\n<a href=\"http:\/\/fundacjaoda.pl\/wp-content\/uploads\/2019\/03\/MG_2451.jpg\"><img loading=\"lazy\" src=\"http:\/\/fundacjaoda.pl\/wp-content\/uploads\/2019\/03\/MG_2451.jpg\" alt=\"_MG_2451\" style=\"margin-right: 10px;\" width=\"20%\" height=\"20%\" class=\"alignnone size-full wp-image-16965\" align=\"left\" srcset=\"http:\/\/fundacjaoda.pl\/wp-content\/uploads\/2019\/03\/MG_2451.jpg 900w, http:\/\/fundacjaoda.pl\/wp-content\/uploads\/2019\/03\/MG_2451-150x113.jpg 150w\" sizes=\"(max-width: 900px) 100vw, 900px\" \/><\/a> Pierwsze spotkanie z cyklu \u201eTwoja i moja historia\u201d po\u015bwi\u0119cone by\u0142o Henrykowi Konstantemu Woyciechowskiemu i&nbsp;Franciszkowi Wodiczce. Posta\u0107 Henryka Woyciechowskiego przybli\u017cy\u0142 zebranym w Izbie go\u015bciom Rafa\u0142 Pazio, dyrektor Samorz\u0105dowej Instytucji Kultury \u201ePark Kulturowy Oss\u00f3w Wrota Bitwy Warszawskiej 1920 roku\u201d. Na tle historii Wo\u0142omina Rafa\u0142 Pazio nakre\u015bli\u0142 losy za\u0142o\u017cyciela naszego miasta, urodzonego w 1851 r. w R\u0105cznej w&nbsp;powiecie krakowskim, kt\u00f3ry przyby\u0142 do Wo\u0142omina w 1894 r. W swoim wyst\u0105pieniu Rafa\u0142 Pazio przybli\u017cy\u0142 posta\u0107 za\u0142o\u017cyciela naszego miasta, podkre\u015blaj\u0105c tak\u017ce 100-lecie odzyskania niepodleg\u0142o\u015bci oraz dziedzictwo, jakie w&nbsp;spadku po wizji Woyciechowskiego, kontynuuj\u0105cego za\u0142o\u017cenia Gustawa Granzowa, na trwa\u0142e wpisa\u0142o si\u0119 w histori\u0119 naszego miasta. Danuta Michalik przedstawi\u0142a posta\u0107 Franciszka Wodiczki, urodzonego w 1882 r. w Zamo\u015bciu, kt\u00f3ry przyby\u0142 do Wo\u0142omina w 1935 r., samorz\u0105dowca, spo\u0142ecznika, za\u0142o\u017cyciela i dyrygenta orkiestry d\u0119tej OSP w Wo\u0142ominie.<br \/>\nOpraw\u0119 muzyczn\u0105 wyg\u0142oszonych referat\u00f3w zapewnili arty\u015bci Filharmonii Narodowej w Warszawie Andrzej Koz\u0142owski \u2013 bas, Adam S\u0142awi\u0144ski \u2013 tenor oraz  Ariadna Pusto\u0142a \u2013 fortepian. W dwucz\u0119\u015bciowym programie koncertu znalaz\u0142y si\u0119 nast\u0119puj\u0105ce utwory:<br \/>\n<em>&#8222;Come raggio di sol&#8221; <\/em>A. Caldary, &#8222;<em>Gia il sole dal gange&#8221;<\/em> A. Scarlattiego, <em>&#8222;Nina&#8221;<\/em> G. B. Pergolesiego, <em>&#8222;Arise, ye subterranean winds&#8221;<\/em> H. Purcella, aria Sarastra z opery <em>&#8222;Czarodziejki flet&#8221;<\/em> V. A. Mozarta, <em>&#8222;Una fortiva lagrima&#8221;<\/em> G. Dionizettiego, <em>&#8222;Die Mainacht&#8221;<\/em> J. Brahmsa, <em>&#8222;Serenada&#8221;<\/em> F. Schuberta, <em>&#8222;Piosnka Dudarza&#8221;<\/em> J. I. Paderewskiego, <em>&#8222;Na ustach koralu&#8221;<\/em> L. Marczewskiego, <em>&#8222;Ave Verum&#8221;<\/em> K. Jenkinsa, <em>&#8222;I got plenty o&#8217;nuttin&#8221;<\/em> z opery <em>&#8222;Porgy and Bess&#8221;<\/em> G. Gershwina oraz <em>&#8222;Nella fantasia&#8221;<\/em> E. Morricone.<br \/>\n<a href=\"http:\/\/fundacjaoda.pl\/?page_id=17049\" title=\"Galeria \u2013 Twoja i moja historia \u2013 Henryk Woyciechowski\"><strong>Galeria<\/strong><\/a> <em>(zdj\u0119cia Ireny Kalety i Piotra \u017burawskiego)<\/em><\/p>\n<p><span style=\"font-size: 14.0pt;\">Koncert Jacka Beszczy\u0144skiego &#8211; 23.02.2019<\/span><br \/>\n<a href=\"http:\/\/fundacjaoda.pl\/wp-content\/uploads\/2019\/02\/IMG_1017a.jpg\"><img loading=\"lazy\" src=\"http:\/\/fundacjaoda.pl\/wp-content\/uploads\/2019\/02\/IMG_1017a.jpg\" alt=\"IMG_1017a\" style=\"margin-right: 10px;\" width=\"20%\" height=\"20%\" class=\"alignnone size-full wp-image-16664\" align=\"left\" srcset=\"http:\/\/fundacjaoda.pl\/wp-content\/uploads\/2019\/02\/IMG_1017a.jpg 749w, http:\/\/fundacjaoda.pl\/wp-content\/uploads\/2019\/02\/IMG_1017a-124x150.jpg 124w\" sizes=\"(max-width: 749px) 100vw, 749px\" \/><\/a><img loading=\"lazy\" src=\"http:\/\/fundacjaoda.pl\/wp-content\/uploads\/2019\/02\/IMG_0998.jpg\" alt=\"IMG_0998\" style=\"margin-left: 10px;\" width=\"20%\" height=\"20%\" class=\"alignnone size-full wp-image-16547\" align=\"right\" srcset=\"http:\/\/fundacjaoda.pl\/wp-content\/uploads\/2019\/02\/IMG_0998.jpg 600w, http:\/\/fundacjaoda.pl\/wp-content\/uploads\/2019\/02\/IMG_0998-100x150.jpg 100w\" sizes=\"(max-width: 600px) 100vw, 600px\" \/><\/a>W sobotnim wyst\u0119pie Jackowi Beszczy\u0144skiemu towarzyszy\u0142 gitarzysta solowy Krzysztof Kwiatkowski. W repertuarze przygotowanym na ten wiecz\u00f3r znalaz\u0142y si\u0119 pie\u015bni Bu\u0142ata Okud\u017cawy, Piotra Wysockiego, Joane Baez, Leonarda Cohena i&nbsp;Gordona Haskella z zespo\u0142u King Crimson. Wiele z&nbsp;wybranych utwor\u00f3w na j\u0119zyk polski prze\u0142o\u017cy\u0142 sam artysta. Nie zabrak\u0142o r\u00f3wnie\u017c utwor\u00f3w z repertuaru rodzimych wykonawc\u00f3w &#8211; Antoniego Murackiego, Andrzeja Sikorowskiego, Maryli Rodowicz i&nbsp;innych. Ka\u017cdy utw\u00f3r by\u0142 nagrodzony przez przyby\u0142ych licznie go\u015bci gromkimi brawami. Jacek Beszczy\u0144ski okaza\u0142 si\u0119 nie tylko znakomitym wykonawc\u0105 i&nbsp;interpretatorem pie\u015bni, lecz tak\u017ce dowcipnym i do\u015bwiadczonym konferansjerem, kt\u00f3ry nie sk\u0105pi\u0142 zgromadzonej publiczno\u015bci wielu ciekawych anegdot i informacji na temat tw\u00f3rczo\u015bci autor\u00f3w ballad sk\u0142adaj\u0105cych si\u0119 na program tego wieczoru. R\u00f3wnie szczodrze obdarowa\u0142 publiczno\u015b\u0107 swoim czasem, za co wszyscy bior\u0105cy udzia\u0142 w koncercie s\u0105 mu ogromnie wdzi\u0119czni. <strong><a href=\"http:\/\/fundacjaoda.pl\/?page_id=16647\" title=\"Galeria \u2013 Jacek Beszczynski\">Galeria<\/a><\/strong><\/p>\n<p><span style=\"font-size: 14.0pt;\">Kol\u0119dowanie 2019 &#8211; 12.01.2019<\/span><br \/>\n<a href=\"http:\/\/fundacjaoda.pl\/wp-content\/uploads\/2019\/01\/IMG_0716.jpg\"><img loading=\"lazy\" src=\"http:\/\/fundacjaoda.pl\/wp-content\/uploads\/2019\/01\/IMG_0716.jpg\" alt=\"IMG_0716\" style=\"margin-right: 10px;\" width=\"20%\" height=\"20%\" class=\"alignnone size-full wp-image-16246\" align=\"left\" srcset=\"http:\/\/fundacjaoda.pl\/wp-content\/uploads\/2019\/01\/IMG_0716.jpg 900w, http:\/\/fundacjaoda.pl\/wp-content\/uploads\/2019\/01\/IMG_0716-150x120.jpg 150w\" sizes=\"(max-width: 900px) 100vw, 900px\" \/><\/a>Tegoroczny wiecz\u00f3r kol\u0119dowy zgromadzi\u0142 w Izbie Wodiczk\u00f3w wielopokoleniow\u0105 publiczno\u015b\u0107, sympatyk\u00f3w wsp\u00f3lnego \u015bpiewania. Licznie przybyli cz\u0142onkowie wo\u0142omi\u0144skich ch\u00f3r\u00f3w &#8211; <em>Echo <\/em>i <em>Cantus Cordis<\/em> &#8211; wspomogli \u015bpiewaj\u0105cych amator\u00f3w pi\u0119knymi g\u0142osami. O tradycji kol\u0119dowania w Polsce opowiedzia\u0142 na wst\u0119pie <strong>Leszek Patejuk<\/strong>, a wiecz\u00f3r muzyczny rozpocz\u0119\u0142y uczennice z Zespo\u0142u Szk\u00f3\u0142 Publicznych nr 2 w Koby\u0142ce, kt\u00f3re pod opiek\u0105 nauczycielki, <strong>Jadwigi Skotnickiej<\/strong>, za\u015bpiewa\u0142y piosenki \u015bwi\u0105teczne, kol\u0119d\u0119 hiszpa\u0144sk\u0105  w dw\u00f3ch wersjach j\u0119zykowych i pastora\u0142k\u0119 o bosym pastuszku. <strong>Maria Kapa\u0142a<\/strong>, cz\u0142onki ch\u00f3ru <em>Cantus Cordi<\/em>s, pi\u0119knym sopranem za\u015bpiewa\u0142a <em>a capella<\/em> kol\u0119d\u0119 <em>&#8222;Gdy \u015bliczna Panna Syna ko\u0142ysa\u0142a&#8221;<\/em>. Trzy r\u00f3\u017cne wydania \u015bpiewnik\u00f3w, w kt\u00f3re go\u015bcie zostali wyposa\u017ceni, dostarczy\u0142y pe\u0142n\u0105 gam\u0119 polskich kol\u0119d i pastora\u0142ek. Dopisali r\u00f3wnie\u017c akompaniatorzy &#8211; na skrzypcach gra\u0142a m\u0142odziutka artystka <strong>Julianna Rozbicka<\/strong>, a przy pianinie na zmian\u0119 zasiadali: <strong>Jolanta \u0141ochowska<\/strong>, <strong><a href=\"http:\/\/fundacjaoda.pl\/?page_id=17343\" title=\"Ryszard Matusiewicz\">Ryszard Matusiewicz<\/a><\/strong> oraz <strong>Pawe\u0142 Rozbicki<\/strong>, dyrektor Prywatnej Szko\u0142y Muzycznej im. Witolda Lutos\u0142awskiego w Wo\u0142ominie, prywatnie dziadek Julianny. Go\u015bcie r\u00f3wnie\u017c aktywnie uczestniczyli w muzykowaniu przygrywaj\u0105c na drobnych instrumentach, kt\u00f3re przy wej\u015bciu wr\u0119czali im wolontariusze. Wsp\u00f3lnemu muzykowaniu nie by\u0142o ko\u0144ca &#8211; koncert trwa\u0142 dwie godziny, styg\u0142a przygotowana w dzbankach herbata, a jeszcze znalaz\u0142o si\u0119 miejsce na wykonanie <em>&#8222;Kol\u0119dy miejskiej&#8221;<\/em> Ryszarda Matusiewicza, o kt\u00f3r\u0105 prosili go\u015bcie. Jadwiga Skotnicka zach\u0119ci\u0142a do za\u015bpiewania pi\u0119knej kol\u0119dy <em>&#8222;O gwiazdo betlejemska&#8221;<\/em>, a na kolejne specjalne \u017cyczenie wszyscy za\u015bpiewali <em>&#8222;Nie by\u0142o miejsca dla Ciebie&#8221;<\/em>, kt\u00f3rej histori\u0119 powstania i wsi\u0105kania w tradycj\u0119 polskiego kol\u0119dowania przypomnia\u0142 Leszek Patejuk. A ci go\u015bcie, kt\u00f3rzy nie spieszyli si\u0119 do wyj\u015bcia, byli \u015bwiadkami uroczego mini-koncertu na ukulele, kt\u00f3ry wykona\u0142 Izbowy wolontariusz <strong>Kuba Rzempo\u0142uch<\/strong> graj\u0105c i \u015bpiewaj\u0105c <em>&#8222;Jingle bells&#8221;<\/em>. <strong><a href=\"http:\/\/fundacjaoda.pl\/?page_id=16282\" title=\"Galeria \u2013 Kol\u0119dowanie 2019\">Galeria<\/a><\/strong><\/p>\n<p><span style=\"font-size: 14.0pt;\">Sny ma\u0142ego miasteczka &#8211; 14.12.2018<\/span><br \/>\n<a href=\"http:\/\/fundacjaoda.pl\/wp-content\/uploads\/2018\/12\/IMG_9989.jpg\"><img loading=\"lazy\" src=\"http:\/\/fundacjaoda.pl\/wp-content\/uploads\/2018\/12\/IMG_9989.jpg\" alt=\"IMG_9989\" style=\"margin-right: 10px;\" width=\"20%\" height=\"20%\" class=\"alignnone size-full wp-image-16130\" srcset=\"http:\/\/fundacjaoda.pl\/wp-content\/uploads\/2018\/12\/IMG_9989.jpg 843w, http:\/\/fundacjaoda.pl\/wp-content\/uploads\/2018\/12\/IMG_9989-150x106.jpg 150w\" sizes=\"(max-width: 843px) 100vw, 843px\" \/><\/a><strong><a href=\"http:\/\/fundacjaoda.pl\/?page_id=16131\" title=\"Galeria \u2013 Sny ma\u0142ego miasteczka\">Galeria<\/a><\/strong><\/p>\n<p><span style=\"font-size: 14.0pt;\">Wiecz\u00f3r Niepodleg\u0142o\u015bciowy &#8211; 10.11.2018<\/span><br \/>\n<a href=\"http:\/\/fundacjaoda.pl\/wp-content\/uploads\/2018\/11\/IMG_9385.jpg\"><img loading=\"lazy\" src=\"http:\/\/fundacjaoda.pl\/wp-content\/uploads\/2018\/11\/IMG_9385.jpg\" alt=\"IMG_9385\" style=\"margin-right: 10px;\" width=\"20%\" height=\"20%\" class=\"alignnone size-full wp-image-15565\" align=\"left\" srcset=\"http:\/\/fundacjaoda.pl\/wp-content\/uploads\/2018\/11\/IMG_9385.jpg 876w, http:\/\/fundacjaoda.pl\/wp-content\/uploads\/2018\/11\/IMG_9385-150x102.jpg 150w\" sizes=\"(max-width: 876px) 100vw, 876px\" \/><\/a>Danuta Michalik i Leszek Patejuk przywitali zebranych w Izbie go\u015bci dzi\u0119kuj\u0105c za ich przybycie, jak si\u0119 okaza\u0142o nie tylko z Wo\u0142omina, ale r\u00f3wnie\u017c z zagranicy. Wszyscy przybyli go\u015bcie zostali udekorowani kokardami narodowymi przygotowanymi w ramach warsztat\u00f3w. M\u0119ski Oktet Wokalny \u201eOktawian\u201d, kt\u00f3ry przygotowa\u0142 uroczysty koncert,  zosta\u0142 za\u0142o\u017cony w 2011 roku. Jego cz\u0142onkami s\u0105 arty\u015bci wywodz\u0105cy si\u0119 z ch\u00f3ru Teatru Wielkiego Opery Narodowej, Filharmonii Warszawskiej oraz Warszawskiej Opery Kameralnej. <\/a> <strong><a href=\"http:\/\/fundacjaoda.pl\/?page_id=15622\" title=\"Wiecz\u00f3r Niepodleg\u0142o\u015bciowy 2018\">Wi\u0119cej&#8230;<\/a> <\/strong><a href=\"http:\/\/fundacjaoda.pl\/?page_id=15616\" title=\"Galeria \u2013 Wiecz\u00f3r Niepodleg\u0142o\u015bciowy\"><strong>Galeria<\/strong><\/a><\/p>\n<p><span style=\"font-size: 14.0pt;\">Najpi\u0119kniejsza jest muzyka polska &#8211; 12.05.2018<\/span><br \/>\n<a href=\"http:\/\/fundacjaoda.pl\/wp-content\/uploads\/2018\/06\/IMG_5494.jpg\"><img loading=\"lazy\" src=\"http:\/\/fundacjaoda.pl\/wp-content\/uploads\/2018\/06\/IMG_5494.jpg\" alt=\"IMG_5494\" style=\"margin-right: 10px;\" width=\"20%\" height=\"20%\" class=\"alignnone size-full wp-image-15016\" align=\"left\" srcset=\"http:\/\/fundacjaoda.pl\/wp-content\/uploads\/2018\/06\/IMG_5494.jpg 900w, http:\/\/fundacjaoda.pl\/wp-content\/uploads\/2018\/06\/IMG_5494-150x100.jpg 150w\" sizes=\"(max-width: 900px) 100vw, 900px\" \/><\/a>W 33. rocznic\u0119 \u015bmerci Bohdana Wodiczki Izba w\u0142\u0105czy\u0142a si\u0119 w wydarzenia upami\u0119tniaj\u0105ce wybitnego dyrygenta, a&nbsp;rozpocz\u0119\u0142y si\u0119 tradycyjnie spotkaniem przyjaci\u00f3\u0142 i artyst\u00f3w przy grobie Maestro na Warszawskich Pow\u0105zkach. Dalsza cz\u0119\u015b\u0107 uroczysto\u015bci odby\u0142a si\u0119 w Wo\u0142ominie z udzia\u0142em <strong><a href=\"http:\/\/fundacjaoda.pl\/?page_id=14645\" title=\"Micha\u0142 Klubi\u0144ski \u2013 autor\">Micha\u0142a Klubi\u0144skiego<\/a><\/strong>, autora pierwszej monografii po\u015bwi\u0119conej patronowi naszej Izby Muzealnej. Rozmow\u0119 wok\u00f3\u0142 ksi\u0105\u017cki <em>\u201eBohdan Wodiczko. Dyrygent wobec nowoczesnej kultury muzycznej\u201d<\/em> poprowadzi\u0142a <strong><a href=\"http:\/\/fundacjaoda.pl\/?page_id=14651\" title=\"Bogus\u0142awa Szostak-Klubi\u0144ska\">Bogus\u0142awa Szostak\u2013Klubi\u0144ska<\/a><\/strong>, konferansjer muzyczna Filharmonii Narodowej. <strong><a href=\"http:\/\/fundacjaoda.pl\/?page_id=14949\" title=\"Najpi\u0119kniejsza jest muzyka polska\">Wi\u0119cej&#8230;<\/a>  <a href=\"http:\/\/fundacjaoda.pl\/?page_id=15023\" title=\"Galeria \u2013 Najpi\u0119kniejsza jest muzyka polska\">Galeria<\/a><\/strong><br \/>\n&nbsp;<\/p>\n<p><span style=\"font-size: 14.0pt;\">Autorski koncert Piotra D\u0105br\u00f3wki &#8211; 27.01.2018<\/span><br \/>\n<a href=\"http:\/\/fundacjaoda.pl\/wp-content\/uploads\/2018\/01\/IMG_5125.jpg\"><img loading=\"lazy\" src=\"http:\/\/fundacjaoda.pl\/wp-content\/uploads\/2018\/01\/IMG_5125.jpg\" alt=\"IMG_5125\" style=\"margin-right: 10px;\" width=\"20%\" height=\"20%\" class=\"alignnone size-full wp-image-14209\" align=\"left\" srcset=\"http:\/\/fundacjaoda.pl\/wp-content\/uploads\/2018\/01\/IMG_5125.jpg 600w, http:\/\/fundacjaoda.pl\/wp-content\/uploads\/2018\/01\/IMG_5125-100x150.jpg 100w\" sizes=\"(max-width: 600px) 100vw, 600px\" \/><\/a>Witaj\u0105c przyby\u0142ych do Izby go\u015bci Danuta Michalik zapowiedzia\u0142a nadchodz\u0105ce wydarzenia oraz wspomnia\u0142a o&nbsp;wydaniu monografii Bohdana Wodiczki, kt\u00f3r\u0105 przygotowa\u0142 Micha\u0142 Klubi\u0144ski i kt\u00f3ra w\u0142a\u015bnie ukaza\u0142a si\u0119 drukiem. Leszek Patejuk przedstawi\u0142 artyst\u0119 przyby\u0142ego z koncertem do Izby \u2013 Piotra D\u0105br\u00f3wk\u0119, charyzmatycznego gitarzyst\u0119 i kompozytora, kt\u00f3ry zachwyca publiczno\u015b\u0107 swoim g\u0142osem i interpretacj\u0105 wykonywanych utwor\u00f3w. Danuta Michalik przypomnia\u0142a, \u017ce Piotr, jako pracownik Miejskiego Domu Kultury w Wo\u0142ominie, by\u0142 autorem banneru przygotowanego na otwarcie Izby Muzealnej, kt\u00f3ry nadal wita go\u015bci przy wej\u015bciu. By\u0142 tak\u017ce jednym z&nbsp;pierwszych odbiorc\u00f3w magnolii, po kt\u00f3r\u0105 przyby\u0142 z ramienia MDK w ramach realizacji projektu \u201eMagnolia symbolem Wo\u0142omina\u201d. <strong><a href=\"http:\/\/fundacjaoda.pl\/?page_id=14254\" title=\"Autorski koncert Piotra D\u0105br\u00f3wki\">Wi\u0119cej&#8230;<\/a>   <a href=\"http:\/\/fundacjaoda.pl\/?page_id=14229\" title=\"Galeria \u2013 Koncert Piotra D\u0105browki\">Galeria<\/strong><\/a><br \/>\n&nbsp;<br \/>\n&nbsp;<br \/>\n&nbsp;<br \/>\n&nbsp;<br \/>\n<span style=\"font-size: 14.0pt;\">Kol\u0119dowanie &#8211; 07.01.2018<\/span><br \/>\n<a href=\"http:\/\/fundacjaoda.pl\/wp-content\/uploads\/2018\/01\/IMG_5011.jpg\"><img loading=\"lazy\" src=\"http:\/\/fundacjaoda.pl\/wp-content\/uploads\/2018\/01\/IMG_5011-1000x666.jpg\" alt=\"IMG_5011\" style=\"margin-right: 10px;\" width=\"20%\" height=\"20%\" class=\"alignnone size-medium wp-image-14122\" align=\"left\" srcset=\"http:\/\/fundacjaoda.pl\/wp-content\/uploads\/2018\/01\/IMG_5011-1000x666.jpg 1000w, http:\/\/fundacjaoda.pl\/wp-content\/uploads\/2018\/01\/IMG_5011-150x100.jpg 150w, http:\/\/fundacjaoda.pl\/wp-content\/uploads\/2018\/01\/IMG_5011.jpg 1024w\" sizes=\"(max-width: 1000px) 100vw, 1000px\" \/><\/a><a href=\"http:\/\/fundacjaoda.pl\/wp-content\/uploads\/2018\/01\/IMG_5003.jpg\"><img loading=\"lazy\" src=\"http:\/\/fundacjaoda.pl\/wp-content\/uploads\/2018\/01\/IMG_5003-1000x666.jpg\" alt=\"IMG_5003\" style=\"margin-left: 10px;\" width=\"20%\" height=\"20%\" class=\"alignnone size-medium wp-image-14114\" align=\"right\" srcset=\"http:\/\/fundacjaoda.pl\/wp-content\/uploads\/2018\/01\/IMG_5003-1000x666.jpg 1000w, http:\/\/fundacjaoda.pl\/wp-content\/uploads\/2018\/01\/IMG_5003-150x100.jpg 150w, http:\/\/fundacjaoda.pl\/wp-content\/uploads\/2018\/01\/IMG_5003.jpg 1024w\" sizes=\"(max-width: 1000px) 100vw, 1000px\" \/><\/a>Niestety, z powodu nag\u0142ej niedyspozycji  m\u0142odych artystek program wieczoru kol\u0119dowego uleg\u0142  zmianie, za co serdecznie przeprosi\u0142 w imieniu organizator\u00f3w Leszek Patejuk. Przedstawi\u0142 przyby\u0142ego na ten koncert <a href=\"http:\/\/fundacjaoda.pl\/?page_id=17343\" title=\"Ryszard Matusiewicz\">Ryszarda Matusiewicza<\/a>, kt\u00f3ry zapewni\u0142 opraw\u0119 muzyczn\u0105 tego wieczoru graj\u0105c na pianinie. Wszyscy go\u015bcie otrzymali drobne instrumenty, na kt\u00f3rych mogli wt\u00f3rowa\u0107 \u015bpiewom. W kr\u00f3tkim wst\u0119pie Leszek Patejuk przybli\u017cy\u0142 termin kol\u0119dowania na przestrzeni dziej\u00f3w. Przedstawi\u0142 rys historyczny kol\u0119dowania w Polsce z podkre\u015bleniem jego znaczenia i wp\u0142ywu na postawy patriotyczne w okresach, kiedy Polska traci\u0142a niepodleg\u0142o\u015b\u0107. Wszyscy zgromadzeni w Izbie go\u015bcie, przy akompaniamencie Ryszarda Matusiewicza, od\u015bpiewali kol\u0119dy <em>\u201eW \u017c\u0142obie le\u017cy\u201d<\/em>, <em>\u201eB\u00f3g si\u0119 rodzi\u201d<\/em>, <em>\u201eLulaj\u017ce Jezuniu\u201d<\/em>. Leszek Patejuk przypomnia\u0142 znanych autor\u00f3w polskich kol\u0119d oraz okoliczno\u015bci powstania najbardziej popularnej kol\u0119dy, jak\u0105 jest <em>\u201eCicha noc\u201d<\/em>. Przytoczy\u0142 te\u017c epizod  zwi\u0105zany z&nbsp;t\u0105 kol\u0119d\u0105, zapami\u0119tane pod nazw\u0105 \u201eRozejm Bo\u017conarodzeniowy\u201d, kt\u00f3re mia\u0142o miejsce podczas walk na froncie I wojny \u015bwiatowej pod Ipres. Z&nbsp;braku \u015bniegu i prawdziwej zimowej aury, Anna Machowska przygotowa\u0142a kr\u00f3tkie przerywniki w postaci wierszy i fragment\u00f3w prozy o tematyce zimowej, kt\u00f3re mia\u0142y stworzy\u0107 zimowy, \u015bwi\u0105teczny nastr\u00f3j. Utwory te zaczerpn\u0119\u0142a m.in. z <em>\u201eZimy w Dolinie Mumink\u00f3w\u201d<\/em>, z&nbsp;<em>\u201eKubusia Puchatka\u201d<\/em>, z&nbsp;przedwojennych wypis\u00f3w szkolnych oraz z uroczej ksi\u0105\u017cki pt. <em>\u201eO czym szumi\u0105 wierzby\u201d<\/em>. Ryszard Matusiewicz za\u015bpiewa\u0142 <em>\u201eJutro wesele\u201d<\/em>, kt\u00f3r\u0105 skomponowa\u0142 do tre\u015bci wiersza z tej w\u0142a\u015bnie ksi\u0105\u017ceczki. Mi\u0119dzy tymi zimowymi utworami przewija\u0142y si\u0119 oczywi\u015bcie kol\u0119dy takie jak: <em>\u201eP\u00f3jd\u017amy wszyscy do stajenki\u201d<\/em>, <em>\u201ePrzybie\u017celi do Betlejem pasterze\u201d<\/em>, <em>\u201eWeso\u0142\u0105 nowin\u0119\u201d<\/em>,<em>&#8222;W\u015br\u00f3d nocnej ciszy&#8221;<\/em> i wiele, wiele innych zaczerpnietych z dw\u00f3ch przygotowanych na ten wiecz\u00f3r \u015bpiewnik\u00f3w. <strong><a href=\"http:\/\/fundacjaoda.pl\/?page_id=14154\" title=\"Galeria \u2013 Kol\u0119dowanie 2018\">  Galeria<\/a><\/strong><\/p>\n<p><span style=\"font-size: 14.0pt;\">Koncert \u0141ukasza Majewskiego &#8211; 09.12.2017<\/span><br \/>\n<a href=\"http:\/\/fundacjaoda.pl\/wp-content\/uploads\/2017\/12\/IMG_4547.jpg\"><img loading=\"lazy\" src=\"http:\/\/fundacjaoda.pl\/wp-content\/uploads\/2017\/12\/IMG_4547.jpg\" alt=\"IMG_4547\" style=\"margin-right: 10px;\" width=\"20%\" height=\"20%\" class=\"alignnone size-full wp-image-13722\" align=\"left\" srcset=\"http:\/\/fundacjaoda.pl\/wp-content\/uploads\/2017\/12\/IMG_4547.jpg 600w, http:\/\/fundacjaoda.pl\/wp-content\/uploads\/2017\/12\/IMG_4547-100x150.jpg 100w\" sizes=\"(max-width: 600px) 100vw, 600px\" \/><\/a>Pomys\u0142odawc\u0105 koncertu, kt\u00f3ry odby\u0142 si\u0119 9 grudnia w Izbie Muzealnej Wodiczk\u00f3w, by\u0142 Leszek Patejuk. Oczarowa\u0142y go utwory \u0141ukasza Majewskiego \u2013 refleksyjne, z lekk\u0105 nutk\u0105 ironii oraz te weselsze z refleksyjnym zaci\u0119ciem &#8211; z&nbsp;kt\u00f3rymi zetkn\u0105\u0142 si\u0119 na kilku koncertach organizowanych od lat w ramach Mi\u0119dzynarodowego Festiwalu Bard\u00f3w OPPA w Warszawie. Od d\u0142u\u017cszego wi\u0119c ju\u017c czasu przygotowywa\u0142 grunt pod spotkanie z \u0141ukaszem Majewskim w&nbsp;Izbie. W swoim wst\u0119pie Leszek Patejuk przybli\u017cy\u0142 zebranym w Izbie go\u015bciom posta\u0107 \u0141ukasza Majewskiego \u2013 barda, poet\u0119, autora licznych piosenek, wierszy, w tym r\u00f3wnie\u017c dla dzieci, plasuj\u0105cego si\u0119 od kilku lat w pierwszej pi\u0105tce laureat\u00f3w Festiwalu OPPA. W programie tego wieczoru znalaz\u0142y si\u0119 piosenki nagrane na p\u0142ytach: debiutanckiej \u201dM\u0119\u017cczyzna z zakolami\u201d z 2013 roku, \u201eAd acta\u201d z roku 2015 i \u201eNiebajka\u201d wydanej we wrze\u015bniu tego roku. Autorem s\u0142\u00f3w i muzyki prawie wszystkich utwor\u00f3w jest \u0141ukasz Majewski. <strong><a href=\"http:\/\/fundacjaoda.pl\/?page_id=13866\" title=\"Koncert \u0141ukasza Majewskiego\">Wi\u0119cej&#8230;<\/a>  <a href=\"http:\/\/fundacjaoda.pl\/?page_id=13763\" title=\"Galeria \u2013 Koncert \u0141ukasza Majewskiego\">Galeria<\/a><\/strong><br \/>\n&nbsp;<br \/>\n&nbsp;<br \/>\n<span style=\"font-size: 14.0pt;\">Lecia\u0142y \u017curawie &#8211; 02.12.2017<\/span><br \/>\n<a href=\"http:\/\/fundacjaoda.pl\/wp-content\/uploads\/2017\/12\/IMG_4250.jpg\"><img loading=\"lazy\" src=\"http:\/\/fundacjaoda.pl\/wp-content\/uploads\/2017\/12\/IMG_4250.jpg\" alt=\"IMG_4250\" style=\"margin-right: 10px;\" width=\"20%\" height=\"20%\" class=\"alignnone size-full wp-image-13629\" align=\"left\" srcset=\"http:\/\/fundacjaoda.pl\/wp-content\/uploads\/2017\/12\/IMG_4250.jpg 900w, http:\/\/fundacjaoda.pl\/wp-content\/uploads\/2017\/12\/IMG_4250-150x100.jpg 150w\" sizes=\"(max-width: 900px) 100vw, 900px\" \/><\/a>Pawe\u0142 Hruszwicki, kt\u00f3ry go\u015bci\u0142 ju\u017c w Izbie w marcu 2014 roku, przygotowa\u0142 wraz ze swoimi podopiecznymi program zatytu\u0142owany \u201eLecia\u0142y \u017curawie\u2026\u201d. W koncercie wzi\u0119\u0142o udzia\u0142 osiem uczennic z klasy Kameralistyki Wokalnej Miejskiej Szko\u0142y Artystycznej w Mi\u0144sku Mazowieckim: Beata Gut, Ma\u0142gorzata Malinowska, Karolina Mielnicka, Katarzyna Mazurowska, Julia Pietrzak, Marlena Stal, Julia Wosiewicz i Ma\u0142gorzata Krzy\u017cewska. Wykonawczyniom akompaniowa\u0142a na fortepianie pani <a href=\"http:\/\/fundacjaoda.pl\/?page_id=5609\" title=\"Anna Kornacka\">Anna Kornacka<\/a>.<strong><a href=\"http:\/\/fundacjaoda.pl\/?page_id=13839\" title=\"Koncert \u201eLecia\u0142y \u017curawie\u2026\u201d\">Wi\u0119cej&#8230;<\/a>  <a href=\"http:\/\/fundacjaoda.pl\/?page_id=13697\" title=\"Galeria \u2013 Lecia\u0142y \u017curawie\">Galeria<\/a><\/strong><\/p>\n<p><span style=\"font-size: 14.0pt;\">Szlagiery muzyki filmowej &#8211; 18.11.2017<\/span><br \/>\n<a href=\"http:\/\/fundacjaoda.pl\/wp-content\/uploads\/2017\/11\/IMG_4124_1.jpg\"><img loading=\"lazy\" src=\"http:\/\/fundacjaoda.pl\/wp-content\/uploads\/2017\/11\/IMG_4124_1.jpg\" alt=\"IMG_4124_1\" style=\"margin-right: 10px;\" width=\"20%\" height=\"20%\" class=\"alignnone size-full wp-image-13289\" align=\"left\" srcset=\"http:\/\/fundacjaoda.pl\/wp-content\/uploads\/2017\/11\/IMG_4124_1.jpg 900w, http:\/\/fundacjaoda.pl\/wp-content\/uploads\/2017\/11\/IMG_4124_1-150x100.jpg 150w\" sizes=\"(max-width: 900px) 100vw, 900px\" \/><\/a><strong>Agnieszka i \u0141ukasz Wojakowscy<\/strong> stworzyli tego wieczoru \u015bwietny duet muzyczno-wokalny \u2013 on zawsze na pianinie, czasem \u015bpiew, ona zawsze \u015bpiew, czasem na skrzypcach &#8211; reprezentuj\u0105c repertuar z\u0142o\u017cony z piosenek filmowych polskich i zagranicznych. Piosenk\u0105 <em>\u201ePowr\u00f3\u0107my jak za dawnych lat\u201d<\/em> zabrali zgromadzonych w izbie go\u015bci w podr\u00f3\u017c przez lata poczynaj\u0105c od lat 30 a na 50. ko\u0144cz\u0105c. Ten muzyczny przegl\u0105d wype\u0142ni\u0142y piosenki, kt\u00f3re po dzi\u015b dzie\u0144 oczarowuj\u0105 publiczno\u015b\u0107 w ka\u017cdym wieku. Niekt\u00f3re \u017cyj\u0105 w\u0142asnym \u017cyciem i nikt ju\u017c nie pami\u0119ta sk\u0105d pochodz\u0105. \u015awiadczy\u0142y o tym, \u017ce w tym okresie przedwojennym Polska by\u0142a prawdziw\u0105 pot\u0119g\u0105 filmow\u0105 i muzyczn\u0105. Wiele polskich utwor\u00f3w przedwojennych zrobi\u0142o \u015bwiatow\u0105 karier\u0119, jak np. <em>\u201eTango milonga\u201d<\/em>, kt\u00f3re skomponowa\u0142 Jerzy Petersburski do tekstu Andrzeja W\u0142asta dla rewii \u201eWarszawa w kwiatach\u201d. Agnieszka Wojakowska przypomnia\u0142a nam utw\u00f3r tej samej pary autor\u00f3w pt. <em>\u201eJa si\u0119 boj\u0119 sama spa\u0107\u201d<\/em>. <strong><a href=\"http:\/\/fundacjaoda.pl\/?page_id=13307\" title=\"Szlagiery muzyki filmowej\">Wi\u0119cej&#8230;<\/a>  <a href=\"http:\/\/fundacjaoda.pl\/?page_id=13284\" title=\"Galeria \u2013 Szlagiery muzyki filmowej\">Galeria<\/a><\/strong><\/p>\n<p><span style=\"font-size: 14.0pt;\">\u015awi\u0119to Niepodleg\u0142o\u015bci \u2013 polska muzyka operowa &#8211; 11.11.2017<\/span><br \/>\n<a href=\"http:\/\/fundacjaoda.pl\/wp-content\/uploads\/2017\/11\/IMG_3818.jpg\"><img loading=\"lazy\" src=\"http:\/\/fundacjaoda.pl\/wp-content\/uploads\/2017\/11\/IMG_3818.jpg\" alt=\"IMG_3818\" style=\"margin-right: 10px;\" width=\"20%\" height=\"20%\" class=\"alignnone size-full wp-image-12920\" align=\"left\" srcset=\"http:\/\/fundacjaoda.pl\/wp-content\/uploads\/2017\/11\/IMG_3818.jpg 900w, http:\/\/fundacjaoda.pl\/wp-content\/uploads\/2017\/11\/IMG_3818-150x100.jpg 150w\" sizes=\"(max-width: 900px) 100vw, 900px\" \/><\/a>Tego wieczoru sala w Izbie Muzealnej Wodiczk\u00f3w mieni\u0142a si\u0119 kolorami bieli i czerwienie &#8211; przybyli do Izby go\u015bcie zostali udekorowani kokardami narodowymi, na pianinie rodziny Wodiczk\u00f3w sta\u0142 w wazonie \u201ebukiet\u201d flag, r\u00f3wnie\u017c wszyscy cz\u0142onkowie <strong>M\u0119skiego Zespo\u0142u Wokalnego \u201eOktawian\u201d<\/strong> mieli wpi\u0119te kokardy narodowe. Wszystkie kokardy zosta\u0142y przygotowane w Izbie na warsztatach tworzenia kokard narodowych. Zesp\u00f3\u0142 \u201eOktawian\u201d, kt\u00f3ry stanowi\u0105 arty\u015bci wywodz\u0105cy si\u0119 z ch\u00f3ru Teatru Wielkiego Opery Narodowej oraz Warszawskiej Opery Kameralnej, powsta\u0142 w styczniu 2011 r. Ch\u00f3r prowadzi <strong>Barbara Hijewska<\/strong>, absolwentka dyrygentury Uniwersytetu Muzycznego Fryderyka Chopina w&nbsp;Warszawie. <strong><a href=\"http:\/\/fundacjaoda.pl\/?page_id=13043\" title=\"\u015awi\u0119to Niepodleg\u0142osci \u2013 polska muzyka operowa\">Wi\u0119cej&#8230; <\/a> <a href=\"http:\/\/fundacjaoda.pl\/?page_id=12927\" title=\"Galeria \u2013 \u015awi\u0119to Niepodleg\u0142o\u015bci, 2017\">Galeria<\/a><\/strong><\/p>\n<p><span style=\"font-size: 14.0pt;\">Zaduszki jazzowe &#8211; 05.11.2017<\/span><br \/>\n<a href=\"http:\/\/fundacjaoda.pl\/wp-content\/uploads\/2017\/11\/IMG_3567.jpg\"><img loading=\"lazy\" src=\"http:\/\/fundacjaoda.pl\/wp-content\/uploads\/2017\/11\/IMG_3567.jpg\" style=\"margin-right: 10px;\" alt=\"IMG_3567\" width=\"25%\" height=\"25%\" class=\"alignnone size-full wp-image-12626\" align=\"left\" srcset=\"http:\/\/fundacjaoda.pl\/wp-content\/uploads\/2017\/11\/IMG_3567.jpg 900w, http:\/\/fundacjaoda.pl\/wp-content\/uploads\/2017\/11\/IMG_3567-150x100.jpg 150w\" sizes=\"(max-width: 900px) 100vw, 900px\" \/><\/a>Licznie zgromadzona publiczno\u015b\u0107 powita\u0142a gromkimi brawami cz\u0142onk\u00f3w zespo\u0142u LeDIO, kiedy na sali pojawili si\u0119 cz\u0142onkowie zespo\u0142u LeDIO w sk\u0142adzie: Leszek Kupiec przy fortepianie, Ireneusz Zy\u015bk graj\u0105cy na gitarze, Wies\u0142aw Lappe przy perkusji i Aleksandra Dobczy\u0144ska przy mikrofonie jako solistka i konferansjer w&nbsp;jednej osobie. Na ten szczeg\u00f3lny wiecz\u00f3r zesp\u00f3\u0142 przygotowa\u0142 repertuar przypominaj\u0105cy tw\u00f3rc\u00f3w i&nbsp;artyst\u00f3w polskich, kt\u00f3rzy bezpowrotnie odeszli, a kt\u00f3rych tw\u00f3rczo\u015b\u0107 wci\u0105\u017c \u017cyje w naszej pami\u0119ci. Starali si\u0119 tchn\u0105\u0107 w&nbsp;wybrane przez siebie utwory muzyczne spor\u0105 dawk\u0119 jazzu i swingu, kt\u00f3ry jest im bardzo bliski. Wyst\u0119powi zespo\u0142u towarzyszy\u0142a prezentacja multimedialna wybranych postaci, kt\u00f3re odegra\u0142y znacz\u0105c\u0105 rol\u0119 w polskiej piosence i zgodnie z ni\u0105 pani Aleksandra proponowa\u0142a kolejny utw\u00f3r. Przytaczaj\u0105c informacje na temat wybranych tw\u00f3rc\u00f3w, stara\u0142a si\u0119 nie tylko przekaza\u0107 najistotniejsze fakty z ich \u017cycia, ale tak\u017ce przybli\u017cy\u0107 je i o\u017cywi\u0107 pami\u0119\u0107 o nich przytaczaj\u0105c ciekawe szczeg\u00f3\u0142y i anegdoty z nimi zwi\u0105zane. <font size=\"+0,5\"><strong><a href=\"http:\/\/fundacjaoda.pl\/?page_id=12653\" title=\"Zaduszki jazzowe, 2017\">Wi\u0119cej&#8230;<\/a>   <a href=\"http:\/\/fundacjaoda.pl\/?page_id=12649\" title=\"Galeria \u2013 Zaduszki jazzowe 2017\">Galeria<\/a><\/strong><\/font><\/p>\n<p><span style=\"font-size: 14.0pt;\">Pie\u015bni legionowe &#8211; M\u0119ski Zesp\u00f3\u0142 Wokalny &#8222;Oktawian&#8221; &#8211; 30.09.2017<\/span><br \/>\n<strong><a href=\"http:\/\/fundacjaoda.pl\/?page_id=12295\" title=\"Galeria \u2013 Pie\u015bni legionowe i inne\">Galeria<\/a><\/strong><\/p>\n<p><span style=\"font-size: 14.0pt;\">Noc \u015bwi\u0119toja\u0144ska &#8211; 24.06.2017<\/span><br \/>\n<a href=\"http:\/\/fundacjaoda.pl\/wp-content\/uploads\/2017\/06\/IMG_1894.jpg\"><img loading=\"lazy\" src=\"http:\/\/fundacjaoda.pl\/wp-content\/uploads\/2017\/06\/IMG_1894.jpg\" style=\"margin-right: 10px;\" alt=\"IMG_1894\" width=\"25%\" height=\"25%\" class=\"alignnone size-full wp-image-11789\" align=\"left\" srcset=\"http:\/\/fundacjaoda.pl\/wp-content\/uploads\/2017\/06\/IMG_1894.jpg 900w, http:\/\/fundacjaoda.pl\/wp-content\/uploads\/2017\/06\/IMG_1894-150x100.jpg 150w\" sizes=\"(max-width: 900px) 100vw, 900px\" \/><\/a><a href=\"http:\/\/fundacjaoda.pl\/wp-content\/uploads\/2017\/06\/IMG_1849.jpg\"><img loading=\"lazy\" src=\"http:\/\/fundacjaoda.pl\/wp-content\/uploads\/2017\/06\/IMG_1849.jpg\" style=\"margin-left: 10px;\" alt=\"IMG_1849\"  width=\"25%\" height=\"25%\" class=\"alignnone size-full wp-image-11764\" align=\"right\" srcset=\"http:\/\/fundacjaoda.pl\/wp-content\/uploads\/2017\/06\/IMG_1849.jpg 900w, http:\/\/fundacjaoda.pl\/wp-content\/uploads\/2017\/06\/IMG_1849-150x100.jpg 150w\" sizes=\"(max-width: 900px) 100vw, 900px\" \/><\/a>Go\u015bci przyby\u0142ych do Izby powita\u0142a Izabela Wilczak w stroju kurpiowskim, w pi\u0119knym czepcu na g\u0142owie. Za ni\u0105 w sali pojawili si\u0119 cz\u0142onkowie Kapeli Ludowej \u201eMazowszanie\u201d \u015bpiewaj\u0105c utw\u00f3r \u201eMazowsze\u201d, wszyscy ubrani w od\u015bwi\u0119tne stroje ludowe z regionu Radzymina. Kiedy wybrzmia\u0142y ostatnie d\u017awi\u0119ki skocznej piosenki, wy\u015bpiewanej przez solistk\u0119 Kapeli Agat\u0119 D\u0105browsk\u0105, pani Iza przedstawi\u0142a artyst\u00f3w wchodz\u0105cych w sk\u0142ad Kapeli Ludowej \u201eMazowszanie\u201d dodaj\u0105c, \u017ce dzia\u0142a ona przy Powiatowym Centrum Dziedzictwa i Tw\u00f3rczo\u015bci w Wo\u0142ominie. Podkre\u015bli\u0142a r\u00f3wnie\u017c, \u017ce arty\u015bci graj\u0105 na tradycyjnych instrumentach: na akordeonie Tadeusz Filipczuk i Jerzy Griegier, na kontrabasie Bogdan Kietli\u0144ski (r\u00f3wnie\u017c \u015bpiew), na skrzypcach Micha\u0142 Przyby\u0142a. Kapela w swoim repertuarze ma utwory zgromadzone na terenie Mazowsza przez Oskara Kolberga w  III tomie jego dzie\u0142a <em>\u201eMazowsze. Obszar etnograficzny\u201d<\/em>. <font size=\"+0,5\"><strong><a href=\"http:\/\/fundacjaoda.pl\/?page_id=11813\" title=\"Noc \u015bwi\u0119toja\u0144ska \u2013 24.06. 2017 r.\">Wi\u0119cej&#8230;<\/a>  <a href=\"http:\/\/fundacjaoda.pl\/?page_id=11811\" title=\"Galeria \u2013 Wianki 2017\">Galeria<\/a><\/strong><\/font><\/p>\n<p><span style=\"font-size: 14.0pt;\">Wiecz\u00f3r Moniuszkowski &#8211; 27.05.2017<\/span><br \/>\n<a href=\"http:\/\/fundacjaoda.pl\/wp-content\/uploads\/2017\/05\/IMG_1554.jpg\"><img loading=\"lazy\" src=\"http:\/\/fundacjaoda.pl\/wp-content\/uploads\/2017\/05\/IMG_1554.jpg\" style=\"margin-right: 10px;\" alt=\"IMG_1554\" width=\"25%\" height=\"25%\" class=\"alignnone size-full wp-image-11459\" align=\"left\" srcset=\"http:\/\/fundacjaoda.pl\/wp-content\/uploads\/2017\/05\/IMG_1554.jpg 900w, http:\/\/fundacjaoda.pl\/wp-content\/uploads\/2017\/05\/IMG_1554-150x100.jpg 150w\" sizes=\"(max-width: 900px) 100vw, 900px\" \/><\/a>Wiecz\u00f3r muzyczny by\u0142 po\u0142\u0105czony z wystaw\u0105 prac malarskich El\u017cbiety R\u0105czki. Danuta Michalik przedstawi\u0142a autork\u0119 zgromadzonych w Izbie prac, dodaj\u0105c na zako\u0144czenie, \u017ce El\u017cbieta prowadzi obecnie w Izbie warsztaty malowania such\u0105 pastel\u0105. El\u017cbieta R\u0105czka opowiedzia\u0142a o wybranych na wystaw\u0119 pracach namalowanych w technice malarstwa olejnego sztalugowego zwracaj\u0105c uwag\u0119 na technik\u0119, w jakiej zosta\u0142y wykonane \u2013 plama mi\u0119kka, plama ostra, plama obwiedziona konturem oraz tematyk\u0119 \u2013 obyczaje, realistyczna, fantastyczna, przyrodnicza. Autorka po\u015bwi\u0119ci\u0142a d\u0142u\u017csz\u0105 chwil\u0119 obrazowi, kt\u00f3ry przedstawia\u0142 mokn\u0105c\u0105 w deszczu sanitariuszk\u0119. Historia tej postaci by\u0142a zwi\u0105zana z wojennymi do\u015bwiadczeniami taty pani El\u017cbiety. <font size=\"+0,5\"><strong><a href=\"http:\/\/fundacjaoda.pl\/?page_id=11541\" title=\"Wiecz\u00f3r Moniuszkowski \u2013 27.05. 2017\">Wi\u0119cej&#8230;<\/a>   <a href=\"http:\/\/fundacjaoda.pl\/?page_id=11533\" title=\"Galeria \u2013 Wiecz\u00f3r Moniuszkowski 2017\">Galeria<\/a><\/strong><\/font>  <\/p>\n<p><span style=\"font-size: 14.0pt;\">Koncert &#8222;Jakie jeste\u015bmy?\u201d \u2013 22.04.2017<\/span><br \/>\n<a href=\"http:\/\/fundacjaoda.pl\/wp-content\/uploads\/2017\/04\/IMG_0533.jpg\"><img loading=\"lazy\" src=\"http:\/\/fundacjaoda.pl\/wp-content\/uploads\/2017\/04\/IMG_0533.jpg\" alt=\"IMG_0533\" style=\"margin-right: 10px;\" width=\"20%\" height=\"20%\" class=\"alignnone size-full wp-image-10956\" align=\"left\" srcset=\"http:\/\/fundacjaoda.pl\/wp-content\/uploads\/2017\/04\/IMG_0533.jpg 900w, http:\/\/fundacjaoda.pl\/wp-content\/uploads\/2017\/04\/IMG_0533-150x100.jpg 150w\" sizes=\"(max-width: 900px) 100vw, 900px\" \/><\/a><a href=\"http:\/\/fundacjaoda.pl\/wp-content\/uploads\/2017\/04\/IMG_0562.jpg\"><img loading=\"lazy\" src=\"http:\/\/fundacjaoda.pl\/wp-content\/uploads\/2017\/04\/IMG_0562.jpg\" alt=\"IMG_0562\" style=\"margin-left: 10px;\" width=\"20%\" height=\"20%\" class=\"alignnone size-full wp-image-10962\" align=\"right\" srcset=\"http:\/\/fundacjaoda.pl\/wp-content\/uploads\/2017\/04\/IMG_0562.jpg 900w, http:\/\/fundacjaoda.pl\/wp-content\/uploads\/2017\/04\/IMG_0562-150x100.jpg 150w\" sizes=\"(max-width: 900px) 100vw, 900px\" \/><\/a>Zebranych na sali go\u015bci powita\u0142a <strong>Izabela Wilczak<\/strong> przedstawiaj\u0105c temat przewodni koncertu, temat-rzek\u0119, temat nurtuj\u0105cy ludzi od dawna \u2013 jakie s\u0105 kobiety. Wyrazi\u0142a r\u00f3wnie\u017c nadziej\u0119, \u017ce mo\u017ce razem, podczas koncertu, uda si\u0119 w jakim\u015b stopniu znale\u017a\u0107 odpowied\u017a na pytanie \u201eJakie jeste\u015bmy?\u201d, my kobiety. Pani Izabela prowadzi\u0142a koncert stoj\u0105c za pulpitem keyboardu, na kt\u00f3rym akompaniowa\u0142a wykonawcom. Jako pierwsza wyst\u0105pi\u0142a skrzypaczka <strong>Natalia Serweta<\/strong>, przy akompaniamencie Izabeli Wilczak. Panie rozpocz\u0119\u0142y koncert czardaszem, utworem, kt\u00f3ry znakomicie oddaje charakter kobieco\u015bci \u2013 zarazem wolny i szybki, gwa\u0142towny i pe\u0142en g\u0142\u0119bokich nami\u0119tno\u015bci, zawieraj\u0105cy ca\u0142\u0105 gam\u0119 r\u00f3\u017cnych nastroj\u00f3w, prze\u017cy\u0107 i uczu\u0107, czyli muzyka tak r\u00f3\u017cnorodna, jak tylko r\u00f3\u017cnorodna potrafi by\u0107 natura kobieca. <font size=\"+0,5\"><strong><a href=\"http:\/\/fundacjaoda.pl\/?page_id=11012\" title=\"Koncert \u201eJakie jeste\u015bmy?\u201d\">Wi\u0119cej&#8230;<\/a>   <a href=\"http:\/\/fundacjaoda.pl\/?page_id=11010\" title=\"Galeria \u2013 Koncert \u201eJakie jeste\u015bmy\u201d\">Galeria<\/a><\/strong><\/font>  <\/p>\n<p><span style=\"font-size: 14.0pt;\">&#8222;Miejska kol\u0119da\u201d w Wiecz\u00f3r Trzech Kr\u00f3li \u2013 06.01.2017<\/span><br \/>\n<a href=\"http:\/\/fundacjaoda.pl\/wp-cstyle=\"margin-right: 10px;\"ontent\/uploads\/2017\/01\/Kol-2017-23-1.jpg\"><img loading=\"lazy\" src=\"http:\/\/fundacjaoda.pl\/wp-content\/uploads\/2017\/01\/Kol-2017-23-1.jpg\" style=\"margin-right: 10px;\" alt=\"kol-2017-23-1\" width=\"20%\" height=\"20%\" class=\"alignnone size-full wp-image-10285\" align=\"left\" srcset=\"http:\/\/fundacjaoda.pl\/wp-content\/uploads\/2017\/01\/Kol-2017-23-1.jpg 900w, http:\/\/fundacjaoda.pl\/wp-content\/uploads\/2017\/01\/Kol-2017-23-1-150x99.jpg 150w\" sizes=\"(max-width: 900px) 100vw, 900px\" \/><\/a>W ten styczniowy mro\u017any wiecz\u00f3r (temperatura na zewn\u0105trz spad\u0142a do -18) w Izbie pojawili si\u0119 wierni go\u015bcie, kt\u00f3rzy przybyli licznie, aby uczestniczy\u0107 w kolejnym, ju\u017c czwartym, wsp\u00f3lnym kol\u0119dowaniu. Tym razem go\u015bcie nie byli sami. G\u0142\u00f3wnymi aktorami i animatorami wsp\u00f3lnego \u015bpiewania, by\u0142a <strong>rodzina G\u0105siorkiewicz\u00f3w<\/strong> \u2013 mama Marta, tata Artur z c\u00f3rkami Juli\u0105 i Ann\u0105 \u2013 oraz <strong><a href=\"http:\/\/fundacjaoda.pl\/?page_id=17343\" title=\"Ryszard Matusiewicz\">Ryszard Matusiewicz<\/a><\/strong>. Go\u015bcie zaprzyja\u017anieni z&nbsp;Izb\u0105 mieli okazj\u0119 pozna\u0107 ich w&nbsp;lutym 2016 r. Na \u015bwi\u0105teczny wiecz\u00f3r Trzech Kr\u00f3li przygotowali program, na kt\u00f3ry sk\u0142ada\u0142y si\u0119 kol\u0119dy i pastora\u0142ki. Dla go\u015bci zosta\u0142y przygotowany \u015bpiewniki z pastora\u0142kami, z kt\u00f3rych wi\u0119kszo\u015b\u0107 jeszcze nigdy nie by\u0142a wykonana w Izbie. <font size=\"+0,5\"><strong><a href=\"http:\/\/fundacjaoda.pl\/?page_id=10295\" title=\"Kol\u0119dowanie 2017\">Wi\u0119cej&#8230;<\/a> <a href=\"http:\/\/fundacjaoda.pl\/?page_id=10293\" title=\"Galeria \u2013 Kol\u0119dowanie 2017\">Galeria<\/a><\/font><\/strong><\/p>\n<p><span style=\"font-size: 14.0pt;\">Wiecz\u00f3r Niepodleg\u0142o\u015bciowy \u2013 11.11.2016<\/span><br \/>\n<a href=\"http:\/\/fundacjaoda.pl\/wp-content\/uploads\/2016\/11\/8.jpg\"><img loading=\"lazy\" src=\"http:\/\/fundacjaoda.pl\/wp-content\/uploads\/2016\/11\/8.jpg\" style=\"margin-right: 10px;\" alt=\"8\" width=\"20%\" height=\"20%\" class=\"alignnone size-full wp-image-9473\"  align=\"left\" srcset=\"http:\/\/fundacjaoda.pl\/wp-content\/uploads\/2016\/11\/8.jpg 900w, http:\/\/fundacjaoda.pl\/wp-content\/uploads\/2016\/11\/8-150x99.jpg 150w\" sizes=\"(max-width: 900px) 100vw, 900px\" \/><\/a>Zgodnie z 5-letni\u0105 tradycj\u0105 w Dniu \u015awi\u0119ta Niepodleg\u0142o\u015bci Izba Muzealna Wodiczk\u00f3w zgromadzi\u0142a wielu przyby\u0142ych go\u015bci na wsp\u00f3lnym \u015bpiewaniu pie\u015bni patriotycznych. Zaproszeni go\u015bcie i arty\u015bci \u2013 <strong>Ch\u00f3r Cantus Cordis<\/strong> pod dyrekcj\u0105 <strong>W\u0142adys\u0142awa Chanasa<\/strong> \u2013 zostali udekorowani bia\u0142o-czerwonymi kokardami narodowymi. Zosta\u0142y one przygotowane na warsztatach tworzenia kokard narodowych, w kt\u00f3rych wzi\u0119li udzia\u0142 sympatycy Izby oraz uczniowie klasy Id z&nbsp;Gimnazjum nr 1 im. Zofii Na\u0142kowskiej w Wo\u0142ominie. Pomieszczenia Izby r\u00f3wnie\u017c zosta\u0142y przybrane w barwy narodowe. Ozdobi\u0142y je r\u00f3wnie\u017c obrazy autorstwa El\u017cbiety R\u0105czki przedstawiaj\u0105ce sceny z p\u00f3l bitewnych oddzia\u0142\u00f3w polskich walcz\u0105cych o woln\u0105 ojczyzn\u0119. Go\u015bciem szczeg\u00f3lnym, zajmuj\u0105cym podczas koncertu honorowe miejsce, by\u0142 W\u00f3dz Naczelny Marsza\u0142ek Polski J\u00f3zef Pi\u0142sudski, w kt\u00f3rego rol\u0119, nie po raz pierwszy zreszt\u0105, wcieli\u0142 si\u0119 pan Karol Ma\u0142olepszy. <font size=\"+0,5\"><strong><a href=\"http:\/\/fundacjaoda.pl\/?page_id=9458\" title=\"Wiecz\u00f3r Niepodleg\u0142o\u015bciowy  \u2013 11.11.2016\">Wi\u0119cej&#8230; <\/a><a href=\"http:\/\/fundacjaoda.pl\/?page_id=9493\" title=\"Galeria \u2013 Wiecz\u00f3r Niepodleg\u0142o\u015bciowy 2016\">Galeria<\/a><\/font><\/strong><\/p>\n<p><span style=\"font-size: 14.0pt;\">Od Bacha do Offenbacha \u2013 24.09.2016<\/span><br \/>\n<a href=\"http:\/\/fundacjaoda.pl\/wp-content\/uploads\/2016\/09\/2.jpg\"><img loading=\"lazy\" src=\"http:\/\/fundacjaoda.pl\/wp-content\/uploads\/2016\/09\/2.jpg\" style=\"margin-right: 10px;\" alt=\"2\" width=\"20%\" height=\"20%\" class=\"alignnone size-full wp-image-8880\" align=\"left\" srcset=\"http:\/\/fundacjaoda.pl\/wp-content\/uploads\/2016\/09\/2.jpg 1000w, http:\/\/fundacjaoda.pl\/wp-content\/uploads\/2016\/09\/2-150x99.jpg 150w\" sizes=\"(max-width: 1000px) 100vw, 1000px\" \/><\/a>Danuta Michalik i Leszek Patejuk powitali gor\u0105co przyby\u0142ych licznie go\u015bci, w\u015br\u00f3d nich pani\u0105 Burmistrz El\u017cbiet\u0119 Radwan, cz\u0142onka Zarz\u0105du Powiatu Wo\u0142omi\u0144skiego pana Karola Ma\u0142olepszego oraz dyrektora Miejskiego Domu Kultury w Wo\u0142ominie pana Szymona Krzy\u017canowskiego. Podsumowali te\u017c kr\u00f3tko 5-letni\u0105 histori\u0119 Izby wymieniaj\u0105c zrealizowane wydarzenia \u2013 wystawy, koncerty, konferencje, lekcje muzealne. Po ich kr\u00f3tkim wst\u0119pie wiecz\u00f3r rozpocz\u0105\u0142 si\u0119 koncertem dw\u00f3ch znakomitych akordeonist\u00f3w, pan\u00f3w <a href=\"http:\/\/fundacjaoda.pl\/?page_id=8813\" title=\"Warszawski Duet Akordeonowy\"><strong>Paw\u0142a Kopietz i Jacka Ma\u0142achowskiego<\/strong><\/a>. Przedstawi\u0142a ich pani <a href=\"http:\/\/fundacjaoda.pl\/?page_id=8825\" title=\"Bogus\u0142awa Szostak-Klubi\u0144ska\"><strong>Bogus\u0142awa Szostak-Klubi\u0144ska<\/strong><\/a>, kt\u00f3ra swoim wdzi\u0119kiem i temperamentem od razu podbi\u0142a serca publiczno\u015bci. Cz\u0119sto komplementowa\u0142a publiczno\u015b\u0107 chwal\u0105c jej wiedz\u0119 i muzyczn\u0105 kindersztub\u0119. <font size=\"+0,5\"><strong><a href=\"http:\/\/fundacjaoda.pl\/?page_id=8873\" title=\"Od Bacha do Offenbacha\">Wi\u0119cej&#8230;<\/a>  <a href=\"http:\/\/fundacjaoda.pl\/?page_id=8895\" title=\"Galeria \u2013 Od Bacha do Offenbacha\">Galeria<\/a><\/font><\/strong><\/p>\n<p><span style=\"font-size: 14.0pt;\">Noc \u015awi\u0119toja\u0144ska w literaturze i tradycji polskiej \u2013 24.06.2016<\/span><br \/>\n<a href=\"http:\/\/fundacjaoda.pl\/wp-content\/uploads\/2016\/06\/20160624_2006561.jpg\"><img loading=\"lazy\" src=\"http:\/\/fundacjaoda.pl\/wp-content\/uploads\/2016\/06\/20160624_2006561.jpg\" alt=\"20160624_200656\" style=\"margin-right:10px\" width=\"20%\" height=\"20%\" class=\"alignnone size-full wp-image-8595\" align=\"left\" srcset=\"http:\/\/fundacjaoda.pl\/wp-content\/uploads\/2016\/06\/20160624_2006561.jpg 900w, http:\/\/fundacjaoda.pl\/wp-content\/uploads\/2016\/06\/20160624_2006561-150x112.jpg 150w\" sizes=\"(max-width: 900px) 100vw, 900px\" \/><\/a>W upalny wiecz\u00f3r 24 czerwca w Izbie odby\u0142o si\u0119 spotkanie nawi\u0105zuj\u0105ce do tradycji Nocy \u015awi\u0119toja\u0144skiej, zar\u00f3wno w literaturze jak i w wielowiekowej tradycji i obyczajach polskich. Tytu\u0142 wieczoru brzmia\u0142 \u201dNoc \u015awi\u0119toja\u0144ska w&nbsp;literaturze i tradycji polskiej. W dotychczasowej historii Izby Muzealnej Wodiczk\u00f3w by\u0142o to pierwsze spotkanie po\u015bwi\u0119cone tej starodawnej tradycji s\u0142owia\u0144skiej. Pani <a href=\"http:\/\/fundacjaoda.pl\/?page_id=6578\" title=\"Maria Balicka\"><strong>Maria Balicka<\/strong><\/a> wprowadzi\u0142a zebranych w atmosfer\u0119 obrz\u0105dk\u00f3w towarzysz\u0105cych najkr\u00f3tszej nocy w roku. <font size=\"+0,5\"><strong><a href=\"http:\/\/fundacjaoda.pl\/?page_id=8550\" title=\"Noc \u015awi\u0119toja\u0144ska w literaturze i tradycji polskiej \u2013 24.06. 2016 r.\">Wi\u0119cej&#8230;<\/a> <a href=\"http:\/\/fundacjaoda.pl\/?page_id=8631\" title=\"Galeria \u2013 Noc \u015awi\u0119toja\u0144ska \u2013 24.06. 2016\">Galeria<\/a><\/font><\/strong><br \/>\n&nbsp;<br \/>\n&nbsp;<br \/>\n<span style=\"font-size: 14.0pt;\">Niebieski Kot, czyli T\u0119sknota do lata \u2013 27.02.2016<\/span><br \/>\n<a href=\"http:\/\/fundacjaoda.pl\/wp-content\/uploads\/2016\/03\/1.jpg\"><img loading=\"lazy\" src=\"http:\/\/fundacjaoda.pl\/wp-content\/uploads\/2016\/03\/1.jpg\" alt=\"1\" style=\"margin-right:10px\" width=\"20%\" height=\"20%\" class=\"alignnone size-full wp-image-6985\" align=\"left\" srcset=\"http:\/\/fundacjaoda.pl\/wp-content\/uploads\/2016\/03\/1.jpg 900w, http:\/\/fundacjaoda.pl\/wp-content\/uploads\/2016\/03\/1-150x112.jpg 150w\" sizes=\"(max-width: 900px) 100vw, 900px\" \/><\/a>By\u0142 to kolejny wiecz\u00f3r, kt\u00f3ry zebrani w Izbie go\u015bcie b\u0119d\u0105 d\u0142ugo pami\u0119ta\u0107 i kt\u00f3rego dalszego ci\u0105gu b\u0119d\u0105 z&nbsp;ut\u0119sknieniem wyczekiwa\u0107. Go\u015b\u0107mi byli <strong><a href=\"http:\/\/fundacjaoda.pl\/?page_id=17343\" title=\"Ryszard Matusiewicz\">Ryszard Matusiewicz<\/a><\/strong>, skromny i bardzo utalentowany autor muzyki i&nbsp;tekst\u00f3w wszystkich piosenek wy\u015bpiewanych tego wieczoru oraz r\u00f3wnie\u017c bardzo utalentowana rodzina &#8211; pa\u0144stwo <strong>Marta i Artur G\u0105siorkiewicz<\/strong> oraz ich<strong> c\u00f3rki Julia i Anna<\/strong>.<br \/>\nRyszard Matusiewicz swoje utwory pisze pod natchnieniem chwili, w t\u0119sknocie za zanikaj\u0105c\u0105 atmosfer\u0105 ma\u0142ych miasteczek, odpoczywaj\u0105c w cieniu lipy, przygl\u0105daj\u0105c si\u0119 w\u0119druj\u0105cym po niebie ob\u0142okom, z kt\u00f3rych w ka\u017cdej chwili mo\u017ce spa\u015b\u0107\u2026 upad\u0142y poeta. Jego tw\u00f3rczo\u015b\u0107 to po\u0142\u0105czenie piosenki lirycznej i \u017cartobliwej, czasami sentymentalnej, a czasami tchn\u0105cej atmosfer\u0105 tajemnicy z pogranicza thrillera. Mo\u017cna te utwory nazwa\u0107 \u015bmia\u0142o \u201eliryk\u0105 u\u017cytkow\u0105\u201d, poniewa\u017c eksponuj\u0105 to, co prywatne, zwi\u0105zane z uczuciami i&nbsp;marzeniami zwyk\u0142ych ludzi, spe\u0142nieniem dzieci\u0119cych i \u2026 kocich marze\u0144. <font size=\"+0,5\"><strong><a href=\"http:\/\/fundacjaoda.pl\/?page_id=6983\" title=\"Niebieski Kot, czyli T\u0119sknota do lata\">Wi\u0119cej&#8230;<\/a> <a href=\"http:\/\/fundacjaoda.pl\/?page_id=7059\" title=\"Galeria \u2013 Niebieski Kot, czyli T\u0119sknota do lata\">Galeria<\/a><\/strong><\/font> <\/p>\n<p><span style=\"font-size: 14.0pt;\">Bujam w ob\u0142okach &#8211; koncert Joanny Mioduchowskiej \u2013 23.01.2016<\/span><br \/>\n<a href=\"http:\/\/fundacjaoda.pl\/wp-content\/uploads\/2016\/01\/m.jpg\"><img loading=\"lazy\" src=\"http:\/\/fundacjaoda.pl\/wp-content\/uploads\/2016\/01\/m.jpg\" style=\"margin-right: 10px;\" alt=\"m\" width=\"20%\" height=\"20%\" class=\"alignnone size-full wp-image-6881\" align=\"left\" srcset=\"http:\/\/fundacjaoda.pl\/wp-content\/uploads\/2016\/01\/m.jpg 828w, http:\/\/fundacjaoda.pl\/wp-content\/uploads\/2016\/01\/m-150x102.jpg 150w\" sizes=\"(max-width: 828px) 100vw, 828px\" \/><\/a>Joanna Mioduchowska to poetka, autorka tekst\u00f3w, kompozytorka, wokalistka, gitarzystka, nale\u017cy do grupy literackiej \u201eTerra Poetica\u201d. W Pierwszym Praskim Przegl\u0105dzie Piosenki Autorskiej w Domu Kultury Praga w&nbsp;sierpniu 2009 r. zaj\u0119\u0142a 1 miejsce i otrzyma\u0142a nagrod\u0119 publiczno\u015bci. Na Og\u00f3lnopolskich Spotkaniach z Piosenk\u0105 Autorsk\u0105 (OSzPA) Oran\u017ceria 2007 zosta\u0142a nagrodzona Statuetk\u0105 im. Agaty Budzy\u0144skiej. Jest r\u00f3wnie\u017c sze\u015bciokrotn\u0105 finalistk\u0105 Og\u00f3lnopolskiego Przegl\u0105du Piosenki Autorskiej (OPPA) w latach 1999-2004 oraz Mi\u0119dzynarodowego Festiwalu Bard\u00f3w w 2009 r. W recitalach opr\u00f3cz swoich tekst\u00f3w wykorzystuje r\u00f3wnie\u017c wiersze poet\u00f3w do w\u0142asnych kompozycji muzycznych, m.in: J.&nbsp;Iwaszkiewicza, B. Le\u015bmiana, J. Tuwima, A. Asnyka. <font size=\"+0,5\"><strong><a href=\"http:\/\/fundacjaoda.pl\/?page_id=6906\" title=\"Bujam w ob\u0142okach \u2013 koncert Joanny Mioduchowskiej, 23.01.2016\">Wi\u0119cej&#8230;<\/a> <a href=\"http:\/\/fundacjaoda.pl\/?page_id=6897\" title=\"Galeria \u2013 Joanna Mioduchowska, 23.01.2016\">Galeria<\/a><\/strong><\/font> <\/p>\n<p><span style=\"font-size: 14.0pt;\">220 lat historii Polski w kol\u0119dach &#8211; 06.01.2016<\/span><br \/>\n<a href=\"http:\/\/fundacjaoda.pl\/wp-content\/uploads\/2016\/01\/MARK8178.jpg\"><img loading=\"lazy\" src=\"http:\/\/fundacjaoda.pl\/wp-content\/uploads\/2016\/01\/MARK8178.jpg\" alt=\"MARK8178\" style=\"margin-right: 10px;\" width=\"20%\" height=\"20%\" class=\"alignnone size-full wp-image-6618\" align=\"left\" srcset=\"http:\/\/fundacjaoda.pl\/wp-content\/uploads\/2016\/01\/MARK8178.jpg 900w, http:\/\/fundacjaoda.pl\/wp-content\/uploads\/2016\/01\/MARK8178-150x99.jpg 150w\" sizes=\"(max-width: 900px) 100vw, 900px\" \/><\/a>Wiecz\u00f3r \u015bwi\u0105tecznego kol\u0119dowania w Izbie Muzealnej Wodiczk\u00f3w rozpocz\u0105\u0142 si\u0119 wyst\u0119pem uczni\u00f3w klasy 5d ZSP nr 2 w Koby\u0142ce, kt\u00f3rzy pod opiek\u0105 nauczycielki j\u0119zyka angielskiego, pani Iwony Red\u0142owskiej, przygotowali dla zebranych w Izbie go\u015bci wi\u0105zank\u0119 popularnych piosenek towarzysz\u0105cych zwykle okresowi \u015bwi\u0105tecznemu. Jan Malinowski za\u015bpiewa\u0142 \u201cSilent Night\u201d, Liwia Szyma\u0144ska &#8211; \u201eWhen Christmas comes to town\u201d, Maja Ciesielska &#8211; \u201cLast Christmas&#8221;, a Natalia Skibska wykona\u0142a utw\u00f3r \u201cSanta Claus is coming to town\u201d. Wszystkie piosenki dzieci wykona\u0142y w j\u0119zyku angielskim. Opr\u00f3cz podk\u0142adu muzycznego, kt\u00f3rym z wpraw\u0105 sterowa\u0142a pani Iwona, wyst\u0119pom dzieci towarzyszy\u0142o murmurando zebranych w Izbie go\u015bci.<font size=\"+0,5\"><strong><a href=\"http:\/\/fundacjaoda.pl\/?page_id=6582\" title=\"220 lat historii Polski w kol\u0119dach \u2013 06.01.2016\">  Wi\u0119cej&#8230; <\/a> <a href=\"http:\/\/fundacjaoda.pl\/?page_id=6646\" title=\"Galeria \u2013 220 lat historii Polski w kol\u0119dach\">Galeria<\/a><\/strong><\/font> <\/p>\n<p><span style=\"font-size: 14.0pt;\">Wiecz\u00f3r Niepodleg\u0142o\u015bciowy \u2013 11.11.2015<\/span><br \/>\n<a href=\"http:\/\/fundacjaoda.pl\/wp-content\/uploads\/2015\/11\/j.jpg\"><img loading=\"lazy\" src=\"http:\/\/fundacjaoda.pl\/wp-content\/uploads\/2015\/11\/j.jpg\" style=\"margin-right: 10px;\" alt=\"j\" width=\"20%\" height=\"20%\" class=\"alignnone size-full wp-image-6118\" align=\"left\" srcset=\"http:\/\/fundacjaoda.pl\/wp-content\/uploads\/2015\/11\/j.jpg 841w, http:\/\/fundacjaoda.pl\/wp-content\/uploads\/2015\/11\/j-150x100.jpg 150w\" sizes=\"(max-width: 841px) 100vw, 841px\" \/><\/a>Wieczory niepodleg\u0142o\u015bciowe po\u0142\u0105czone ze wsp\u00f3lnym \u015bpiewaniem pie\u015bni patriotycznych staj\u0105 si\u0119 powoli tradycj\u0105 Izby Muzealnej Wodiczk\u00f3w. W tym roku, podobnie jak w poprzednim, Wiecz\u00f3r Niepodleg\u0142o\u015bciowy poprzedzi\u0142y warsztaty tworzenia kokard narodowych. Wszyscy arty\u015bci i przybyli go\u015bcie zostali udekorowani bia\u0142o-czerwonymi kotylionami, a Izba udekorowana barwami narodowymi. <font size=\"+0,5\"><strong><a href=\"http:\/\/fundacjaoda.pl\/?page_id=6139\" title=\"Wiecz\u00f3r Niepodleg\u0142o\u015bciowy \u2013 11.11. 2015 r.\">Wi\u0119cej&#8230;<\/a> <a href=\"http:\/\/fundacjaoda.pl\/?page_id=56\" title=\"Warsztaty\">  Warsztaty <\/a><a href=\"http:\/\/fundacjaoda.pl\/?page_id=6131\" title=\"Galeria \u2013 Wiecz\u00f3r Niepodleg\u0142o\u015bciowy, 11.11. 2015\">Galeria<\/a><\/strong><\/font><br \/>\n&nbsp;<\/p>\n<p><span style=\"font-size: 14.0pt;\">Recital Katarzyny Wilk \u2013 15.09.2015<\/span><br \/>\n<a href=\"http:\/\/fundacjaoda.pl\/wp-content\/uploads\/2015\/09\/p.jpg\"><img loading=\"lazy\" src=\"http:\/\/fundacjaoda.pl\/wp-content\/uploads\/2015\/09\/p.jpg\" alt=\"p\" style=\"margin-right: 10px;\" width=\"20%\" height=\"20%\" align=\"left\"class=\"alignnone size-full wp-image-5722\" srcset=\"http:\/\/fundacjaoda.pl\/wp-content\/uploads\/2015\/09\/p.jpg 850w, http:\/\/fundacjaoda.pl\/wp-content\/uploads\/2015\/09\/p-150x100.jpg 150w\" sizes=\"(max-width: 850px) 100vw, 850px\" \/><\/a>Po wakacyjnej przerwie Danusia Michalik przywita\u0142a zebranych w Izbie go\u015bci i przedstawi\u0142a wydarzenia, kt\u00f3re mia\u0142y miejsce w ci\u0105gu ostatnich 2 miesi\u0119cy \u2013 remont oraz szkolenie z udzielania pierwszej pomocy. Podzi\u0119kowa\u0142a te\u017c wszystkim zaanga\u017cowanym w remont sympatykom Izby. wspomnia\u0142a o projekcie zg\u0142oszonym do Bud\u017cetu Obywatelskiego pt. Festiwal im. rodziny Wodiczk\u00f3w i o przygotowywanej, wsp\u00f3lnie z naszym Ekonomikiem, Konferencji pt. &#8222;Czy warto by\u0107 aktywnym obywatelem?&#8221;, w kt\u00f3rej wezm\u0105 udzia\u0142 mi\u0119dzy innymi pracownicy naukowi, Wo\u0142ominiacy, dr El\u017cbieta \u0141ojko i dr Tomasz G\u0105sior. Celem tej konferencji jest zach\u0119cenie m\u0142odzie\u017cy do dzia\u0142alno\u015bci spo\u0142ecznej, g\u0142\u00f3wnie do w\u0142\u0105czania si\u0119 w lokalne inicjatywy.<br \/>\nLeszek Patejuk przedstawi\u0142 nam artystk\u0119, <a href=\"http:\/\/fundacjaoda.pl\/?page_id=5611\" title=\"Katarzyna Wilk\">Katarzyn\u0119 Wilk<\/a>, kt\u00f3ra, niemal w kolejn\u0105 rocznic\u0119 otwarcia Izby, zago\u015bci\u0142a w niej ponownie. Artystce akompaniowa\u0142a na pianinie pani <a href=\"http:\/\/fundacjaoda.pl\/?page_id=5609\" title=\"Anna Kornacka\">Anna Kornacka<\/a>. <a href=\"http:\/\/fundacjaoda.pl\/?page_id=5747\" title=\"Recital Katarzyny Wilk \u2013 2015\"><font size=\"+0,5\"><strong>Wi\u0119cej&#8230;<\/a> <a href=\"http:\/\/fundacjaoda.pl\/?page_id=5737\" title=\"Galeria \u2013 Kasia Wilk 2015\">Galeria<\/a><\/strong><\/font> <\/p>\n<p><span style=\"font-size: 14.0pt;\">Wiecz\u00f3r Moniuszkowski w 30. rocznic\u0119 \u015bmierci Bohdana Wodiczki &#8211; 31.05.2015<\/span><br \/>\n<a href=\"http:\/\/fundacjaoda.pl\/wp-content\/uploads\/2015\/06\/xxd.jpg\"><img loading=\"lazy\" src=\"http:\/\/fundacjaoda.pl\/wp-content\/uploads\/2015\/06\/xxd.jpg\" alt=\"xxd\" style=\"margin-right: 10px;\"  width=\"20%\" height=\"20%\" align=\"left\" class=\"alignnone size-full wp-image-5367\" srcset=\"http:\/\/fundacjaoda.pl\/wp-content\/uploads\/2015\/06\/xxd.jpg 850w, http:\/\/fundacjaoda.pl\/wp-content\/uploads\/2015\/06\/xxd-150x100.jpg 150w\" sizes=\"(max-width: 850px) 100vw, 850px\" \/><\/a>Danuta Michalik witaj\u0105c serdecznie wszystkich go\u015bci przypomnia\u0142a, \u017ce 12 maja 2015 r. min\u0119\u0142a 30. rocznica \u015bmierci artysty. \u201eW obchody rocznicowe pragnie w\u0142\u0105czy\u0107 si\u0119 te\u017c nasza Fundacja ODA organizuj\u0105c w Izbie Muzealnej Wodiczk\u00f3w dzisiejszy Wiecz\u00f3r Moniuszkowski. W\u015br\u00f3d wykonawc\u00f3w dzisiejszego Wieczoru b\u0119d\u0105 arty\u015bci najwi\u0119kszych scen operowych stolicy, ch\u00f3rzy\u015bci miejscowego ch\u00f3ru, ale i amatorzy, kt\u00f3rzy kochaj\u0105 \u015bpiewa\u0107. Wszyscy mieszkaj\u0105 w Wo\u0142ominie, to nasi s\u0105siedzi. Dzisiaj najpi\u0119kniejsze pie\u015bni Stanis\u0142awa Moniuszki \u015bpiewamy dla Bohdana Wodiczki \u2013 i najpi\u0119kniej jak potrafimy\u201d. <font size=\"+0,5\"><strong><a title=\"Wiecz\u00f3r Moniuszkowski w 30. rocznic\u0119 \u015bmierci Bohdana Wodiczki\" href=\"http:\/\/fundacjaoda.pl\/?page_id=5427\">Wi\u0119cej&#8230;<\/a><a title=\"Galeria \u2013 Wiecz\u00f3r Moniuszkowski, maj 2015\" href=\"http:\/\/fundacjaoda.pl\/?page_id=5378\">Galeria<\/a><\/strong><\/font><\/p>\n<p><span style=\"font-size: 14.0pt;\">Arie operetkowe i musicalowe\u00a0&#8211; 12.05.2015<\/span><br \/>\n<a href=\"http:\/\/fundacjaoda.pl\/wp-content\/uploads\/2015\/05\/f.jpg\"><img loading=\"lazy\" class=\"alignnone size-full wp-image-4911\" style=\"margin-right: 10px;\" src=\"http:\/\/fundacjaoda.pl\/wp-content\/uploads\/2015\/05\/f.jpg\" alt=\"f\" width=\"20%\" height=\"20%\" align=\"left\" srcset=\"http:\/\/fundacjaoda.pl\/wp-content\/uploads\/2015\/05\/f.jpg 819w, http:\/\/fundacjaoda.pl\/wp-content\/uploads\/2015\/05\/f-150x103.jpg 150w\" sizes=\"(max-width: 819px) 100vw, 819px\" \/><\/a>12 maja 2015 r. rozpocz\u0119\u0142y si\u0119 w naszym mie\u015bcie Dni Wo\u0142omina. Pod patronatem Pani Burmistrz El\u017cbiety Radwan odbywa si\u0119 szereg wydarze\u0144 kulturalnych i sportowych oraz r\u00f3\u017cnych uroczysto\u015bci wa\u017cnych z punktu widzenia naszej lokalnej historii. Izba Muzealna Wodiczk\u00f3w w\u0142\u0105czy\u0142a si\u0119 w obchody Dni Wo\u0142omina koncertem arii operetkowych i utwor\u00f3w musicalowych w wykonaniu <strong>Lizy Weso\u0142owskiej<\/strong>. Artystce towarzyszy\u0142 <strong>Piotr Szymanowicz<\/strong> (fortepian), a koncert poprowadzi\u0142a <strong>Izabela Wilczak<\/strong>. Go\u015bci przedstawi\u0142a Danuta Michalik dzi\u0119kuj\u0105c r\u00f3wnie\u017c za przybycie panu Adrianowi Biel, Naczelnikowi Wydzia\u0142u Komunikacji Spo\u0142ecznej UM w Wo\u0142ominie reprezentuj\u0105cemu w\u0142adze miasta oraz pani Izabeli B\u0105k z Miejskiego Domu Kultury w Wo\u0142ominie. <font size=\"+0,5\"><strong><a title=\"Wiecz\u00f3r operetkowy w Izbie Muzealnej Wodiczk\u00f3w\" href=\"http:\/\/fundacjaoda.pl\/?page_id=4928\">Wi\u0119cej&#8230;<\/a>\u00a0 <a title=\"Galeria \u2013 Bo to jest mi\u0142o\u015b\u0107\" href=\"http:\/\/fundacjaoda.pl\/?page_id=4921\">Galeria<\/a><\/strong><\/font><\/p>\n<p><span style=\"font-size: 14.0pt;\">Koncert Aloszy Kernera &#8211; 14.03.2015<\/span><br \/>\n<a href=\"http:\/\/fundacjaoda.pl\/wp-content\/uploads\/2015\/03\/wr-3-of-12.jpg\"><img loading=\"lazy\" class=\"alignnone size-full wp-image-4328\" style=\"margin-right: 10px;\" src=\"http:\/\/fundacjaoda.pl\/wp-content\/uploads\/2015\/03\/wr-3-of-12.jpg\" alt=\"wr (3 of 12)\" width=\"20%\" height=\"20%\" align=\"left\" srcset=\"http:\/\/fundacjaoda.pl\/wp-content\/uploads\/2015\/03\/wr-3-of-12.jpg 898w, http:\/\/fundacjaoda.pl\/wp-content\/uploads\/2015\/03\/wr-3-of-12-150x100.jpg 150w\" sizes=\"(max-width: 898px) 100vw, 898px\" \/><\/a>Wszystkie utwory, kt\u00f3re Alosza przygotowa\u0142 na to spotkanie, by\u0142y \u015bpiewane po rosyjsku. Czytanie tekst\u00f3w zapisanych cyrylic\u0105 sprawi\u0142y zebranym troch\u0119 trudno\u015bci. Oj, dawne to czasy, kiedy wszyscy musieli zna\u0107 \u201ebukwy\u201d! Ale by\u0142o kilka os\u00f3b, kt\u00f3rym \u015bpiewanie w j\u0119zyku oryginalnym autor\u00f3w prezentowanych tego wieczoru nie nastr\u0119czy\u0142o \u017cadnych trudno\u015bci. Przed ka\u017cdym utworem Alosza przybli\u017cy\u0142 nam tre\u015b\u0107 pie\u015bni nawi\u0105zuj\u0105c do zdarze\u0144, kt\u00f3re poprzedzi\u0142y jej powstanie lub por\u00f3wnuj\u0105c do naszych rodzimych dzie\u0142 s\u0142awi\u0105cych pi\u0119kno przyrody. Jego recytacja fragmentu z Ksi\u0119gi <em>\u201ePana Tadeusza\u201d<\/em> sprawi\u0142a zebranym mi\u0142\u0105 niespodziank\u0119. \u00a0<font size=\"+0,5\"><strong><a title=\"Koncert Aloszy Kernera\" href=\"http:\/\/fundacjaoda.pl\/?page_id=5000\">Wi\u0119cej&#8230;<\/a>\u00a0 \u00a0<a title=\"Galeria \u2013 koncert Aloszy\" href=\"http:\/\/fundacjaoda.pl\/?page_id=4338\">Galeria <\/a><\/strong><\/font><\/p>\n<p><span style=\"font-size: 14.0pt;\">Koncert Magdaleny \u015amieci\u0144skiej &#8211; 07.02.2015<\/span><br \/>\n<a href=\"http:\/\/fundacjaoda.pl\/wp-content\/uploads\/2015\/02\/MagdaSmiecinska_mala.jpg\"><img loading=\"lazy\" class=\"alignnone size-full wp-image-2880\" style=\"margin-right: 10px;\" src=\"http:\/\/fundacjaoda.pl\/wp-content\/uploads\/2015\/02\/MagdaSmiecinska_mala.jpg\" alt=\"MagdaSmiecinska_mala\" width=\"20%\" height=\"20%\" align=\"left\" srcset=\"http:\/\/fundacjaoda.pl\/wp-content\/uploads\/2015\/02\/MagdaSmiecinska_mala.jpg 500w, http:\/\/fundacjaoda.pl\/wp-content\/uploads\/2015\/02\/MagdaSmiecinska_mala-110x150.jpg 110w\" sizes=\"(max-width: 500px) 100vw, 500px\" \/><\/a>W sobot\u0119, 7 lutego 2015 r. w Izbie Muzealnej Wodiczk\u00f3w odby\u0142 si\u0119 koncert m\u0142odej utalentowanej pianistki Magdaleny \u015amieci\u0144skiej. Na koncert z okazji jej 16 urodzin przyby\u0142a rodzina i przyjaciele. Przed wyst\u0119pem wszyscy zebrani za\u015bpiewali jubilatce <em>&#8222;Sto lat&#8221;<\/em> przy akompaniamencie Adama Po\u0142awskiego. Magda wykona\u0142a na pianinie ze s\u0142uchu i bez nut, co warto podkre\u015bli\u0107, kilkana\u015bcie utwor\u00f3w, m. in. <em>&#8222;Walc a-moll&#8221;<\/em> F. Chopina, walc A.\u00a0Kurylewicza z\u00a0filmu <em>\u201eLalka\u201d<\/em>, walce W. Kilara z film\u00f3w <em>&#8222;Bilans kwartalny&#8221;<\/em>, <em>\u201eTr\u0119dowata\u201d<\/em> i <em>\u201eZiemia obiecana\u201d<\/em>, <em>\u201eDla Elizy\u201d<\/em> i\u00a0<em>&#8222;Sonata f-moll cz.IV&#8221;<\/em> L.\u00a0van Beethovena, &#8222;Marsz turecki&#8221; A. Mozarta,\u00a0etiud\u0119 &#8222;Idylle&#8221; F. Braungardta, polonez <em>\u201ePo\u017cegnanie ojczyzny\u201d<\/em> M.K. Ogi\u0144skiego. Na zako\u0144czenie koncertu Magda zagra\u0142a i za\u015bpiewa\u0142a piosenk\u0119 <em>\u201eHallelujah\u201d<\/em> L. Cohena. Mi\u0142a atmosfera i pi\u0119kna gra Magdy sprawi\u0142y, \u017ce jej wiecz\u00f3r urodzinowy zapami\u0119tamy na d\u0142ugo, a o jej talencie us\u0142yszmy jeszcze nie raz. <font size=\"+0,5\"><strong><a href=\"http:\/\/fundacjaoda.pl\/wp-content\/uploads\/2015\/05\/str.20apdf.pdf\" target=\"_blank\"> Wi\u0119cej&#8230;<\/a> <a title=\"Galeria \u2013 koncert Magdaleny \u015amieci\u0144skiej\" href=\"http:\/\/fundacjaoda.pl\/?page_id=3622\">Galeria <\/a> <\/strong><\/font><\/p>\n<p>&nbsp;<\/p>\n<p><span style=\"font-size: 14.0pt;\">Kol\u0119dowanie &#8211; 06.01.2015<\/span><br \/>\n<a href=\"http:\/\/fundacjaoda.pl\/wp-content\/uploads\/2015\/01\/ik2.jpg\"><img loading=\"lazy\" class=\"alignnone size-full wp-image-1936\" style=\"margin-right: 10px;\" src=\"http:\/\/fundacjaoda.pl\/wp-content\/uploads\/2015\/01\/ik2.jpg\" alt=\"ik2\" width=\"20%\" height=\"20%\" align=\"left\" \/><\/a> Tym razem wsp\u00f3lne kol\u0119dowanie zbieg\u0142o si\u0119 w czasie ze \u015awi\u0119tem Trzech Kr\u00f3li. Trzej kr\u00f3lowie &#8211; Leszek Patejuk, Franciszek Kruk i Karol Ma\u0142olepszy &#8211; byli nie lada atrakcj\u0105\u00a0tego wieczoru. Ich przebranie i\u00a0umiej\u0119tno\u015bci wokalne wprowadzi\u0142y dobry nastr\u00f3j do kol\u0119dowania. Zebrani w Izbie go\u015bcie \u015bpiewali kol\u0119dy\u00a0pocz\u0105tkowo przy akompaniamencie Joli \u0141ochowskiej, a w dalszej cz\u0119\u015bci wieczoru Lecha Bielaka i\u00a0Bogdana Ol\u0119dzkiego, kt\u00f3ry wraz z\u00a0pani\u0105 Halin\u0105 Wodiczko i Micha\u0142em Klubi\u0144skim zaszczyci\u0142 swoj\u0105 obecno\u015bci\u0105 ten wiecz\u00f3r. \u015apiewanie kol\u0119d rozbrzmiewa\u0142o\u00a0w Izbie do p\u00f3\u017anego\u00a0wieczora, a na zako\u0144czenie wszyscy\u00a0nauczyli si\u0119 i razem wykonali\u00a0pastora\u0142k\u0119 <em>\u201ePastuszek bosy\u201d<\/em>.\u00a0<font size=\"+0,5\"><strong><a href=\"http:\/\/fundacjaoda.pl\/wp-content\/uploads\/2014\/10\/Koledowanie2015.pdf\" target=\"_blank\"> Wi\u0119cej&#8230; <\/a> <a title=\"Galeria \u2013 Kol\u0119dowanie u Wodiczk\u00f3w 2015\" href=\"http:\/\/fundacjaoda.pl\/?page_id=1612\">Galeria<\/a><\/strong><\/font><\/p>\n<p><span style=\"font-size: 14.0pt;\">Wiecz\u00f3r Niepodleg\u0142o\u015bciowy &#8211; 15.11.2014<\/span><br \/>\n<a href=\"http:\/\/fundacjaoda.pl\/wp-content\/uploads\/2014\/10\/Wieczor_niepodleglosciowy.jpg\"><img loading=\"lazy\" class=\"alignnone size-medium wp-image-416\" style=\"margin-right: 10px;\" src=\"http:\/\/fundacjaoda.pl\/wp-content\/uploads\/2014\/10\/Wieczor_niepodleglosciowy-300x272.jpg\" alt=\"Wieczor_niepodleglo\u015bciowy\" width=\"20%\" height=\"20%\" align=\"left\" \/><\/a>Izba Muzealna Wodiczk\u00f3w w Wo\u0142ominie uczci\u0142a \u015awi\u0119to Niepodleg\u0142o\u015bci koncertem pie\u015bni patriotycznych. Opraw\u0119 narodow\u0105 (flagi narodowe, chor\u0105giewki, bia\u0142o-czerwone wst\u0105\u017ceczki) i \u015bpiewniki przygotowa\u0142 Karol Ma\u0142olepszy. Leszek Patejuk, witaj\u0105c licznie zgromadzonych go\u015bci przypomnia\u0142, czym jest patriotyzm i\u00a0wymieni\u0142 najwa\u017cniejsze bitwy w naszej historii, toruj\u0105ce drog\u0119 do niepodleg\u0142o\u015bci naszej Ojczyzny. Wykonawcami pie\u015bni patriotycznych byli przedstawieni na wst\u0119pie przez Danut\u0119 Michalik soli\u015bci: Wioletta Bijata i Wala Patejuk &#8211; artystki Teatru Wielkiego Opery Narodowej, Andrzej Koz\u0142owski i Adam Po\u0142awski &#8211; arty\u015bci z Filharmonii Narodowej, Hanna Du\u017cy\u0144ska i&nbsp;Jolanta \u0141ochowska, a tak\u017ce Karol Ma\u0142olepszy, Leszek Patejuk i Zbigniew Chudy &#8211; arty\u015bci amatorzy z\u00a0Wo\u0142omina. Wykonawcom akompaniowali: <a href=\"http:\/\/fundacjaoda.pl\/?page_id=5609\" title=\"Anna Kornacka\">Anna Kornacka<\/a>, pianistka i pedagog, oraz Adam Po\u0142awski. Arty\u015bci wsp\u00f3lnie z publiczno\u015bci\u0105 wykonali kilkana\u015bcie pie\u015bni patriotycznych, m.in.: <em>\u201eRot\u0119\u201d<\/em>, <em>\u201eMy pierwsza brygada\u201d<\/em>, <em>\u201eWojenko, wojenko\u201d<\/em>, <em>\u201eHej, hej u\u0142ani\u201d<\/em>, <em>\u201eJak d\u0142ugo w sercu naszym\u201d<\/em>, <em>\u201eMarsz Polonia\u201d<\/em>, <em>\u201eO m\u00f3j rozmarynie\u201d<\/em>, <em>\u201eRozkwita\u0142y p\u0105ki bia\u0142ych r\u00f3\u017c\u201d<\/em>, <em>\u201eBo\u017ce co\u015b Polsk\u0119\u201d<\/em> i wiele innych. <font size=\"+0,5\"><strong><a href=\"\/Media_2014\/wieczor Strony od numer47.pdf\" target=\"_blank\"> Wi\u0119cej&#8230;<\/a>\u00a0<a title=\"Wiecz\u00f3r Niepodleg\u0142o\u015bciowy\" href=\"http:\/\/fundacjaoda.pl\/?page_id=1555\"> Galeria <\/a><\/strong><\/font><\/p>\n<p><span style=\"font-size: 14.0pt;\">Wiecz\u00f3r poezji \u015bpiewanej &#8211; 07.06.2014<\/span><br \/>\n<a href=\"http:\/\/fundacjaoda.pl\/wp-content\/uploads\/2014\/10\/Wieczor_poezji_spiewanej.jpg\"><img loading=\"lazy\" class=\"alignnone size-medium wp-image-413\" style=\"margin-right: 10px;\" src=\"http:\/\/fundacjaoda.pl\/wp-content\/uploads\/2014\/10\/Wieczor_poezji_spiewanej-300x254.jpg\" alt=\"Wieczor_poezji_spiewanej\" width=\"20%\" height=\"20%\" align=\"left\" \/><\/a>Mi\u0142o\u015bnicy poezji \u015bpiewanej sp\u0119dzili wyj\u0105tkowy wiecz\u00f3r uczestnicz\u0105c w koncercie Joanny Mioduchowskiej i\u00a0Miros\u0142awa Kozaka. Arty\u015bci kilka miesi\u0119cy wcze\u015bniej byli go\u015b\u0107mi wieczoru muzycznego Zbigniewa Madeja. Zauroczeni atmosfer\u0105 stworzon\u0105 przez zgromadzon\u0105 w Izbie publiczno\u015b\u0107 postanowili sami wyst\u0105pi\u0107. Joanna Mioduchowska jest kompozytork\u0105, autork\u0105 tekst\u00f3w, zar\u00f3wno piosenek jak i ma\u0142ych form literackich. Swoim ciep\u0142ym, klimatycznym g\u0142osem, poetyckimi tekstami i harmonizuj\u0105c\u0105 z nimi muzyk\u0105 zahipnotyzowa\u0142a publiczno\u015b\u0107. Tego wieczoru w repertuarze Joanny Mioduchowskiej znalaz\u0142y si\u0119 kompozycje z tekstami pisanymi przez ni\u0105 i\u00a0tekstami innych poet\u00f3w m.in.: J. Iwaszkiewicza, B. Le\u015bmiana, A. Asnyka, czy J. Tuwima. Arty\u015bci zaprezentowali publiczno\u015bci kilkana\u015bcie wzruszaj\u0105cych utwor\u00f3w, z m\u0105drymi tekstami sk\u0142aniaj\u0105cymi do refleksji i zadumy, w\u015br\u00f3d nich <em>\u201eKonwalijka\u201d<\/em>, <em>\u201eNad ranem\u201d<\/em>, <em>\u201eWrony\u201d<\/em>, <em>\u201eBujam w&nbsp;ob\u0142okach\u201d<\/em>, <em>\u201e\u0141ezka w oku\u201d<\/em>, <em>\u201eJeszcze\u201d<\/em>, <em>\u201eJad\u0119\u201d<\/em> i inne. Zgromadzona w Izbie Muzealnej wo\u0142omi\u0144ska publiczno\u015b\u0107 zgotowa\u0142a artystom owacj\u0119 na stoj\u0105co. <font size=\"+0,5\"><strong><a href=\"\/Media_2014\/Strony od numer24.pdf\" target=\"_blank\"> Wi\u0119cej&#8230;<\/a> <a href=\"http:\/\/fundacjaoda.pl\/?page_id=1562\" title=\"Galeria \u2013 Wiecz\u00f3r poezji \u015bpiewanej\">Galeria <\/a><\/strong><\/font><\/p>\n<p><span style=\"font-size: 14.0pt;\">Wiecz\u00f3r Moniuszkowski &#8211; 07.05.2014<\/span><br \/>\n<a href=\"http:\/\/fundacjaoda.pl\/wp-content\/uploads\/2014\/10\/MARK5491m.jpg\"><img loading=\"lazy\" class=\"alignnone size-medium wp-image-1674\" style=\"margin-right: 10px;\" src=\"http:\/\/fundacjaoda.pl\/wp-content\/uploads\/2014\/10\/MARK5491m-300x199.jpg\" alt=\"MARK5491m\" width=\"20%\" height=\"20%\" align=\"left\" srcset=\"http:\/\/fundacjaoda.pl\/wp-content\/uploads\/2014\/10\/MARK5491m-300x199.jpg 300w, http:\/\/fundacjaoda.pl\/wp-content\/uploads\/2014\/10\/MARK5491m-225x150.jpg 225w, http:\/\/fundacjaoda.pl\/wp-content\/uploads\/2014\/10\/MARK5491m-150x99.jpg 150w, http:\/\/fundacjaoda.pl\/wp-content\/uploads\/2014\/10\/MARK5491m.jpg 867w\" sizes=\"(max-width: 300px) 100vw, 300px\" \/><\/a>W ramach Dni Wo\u0142omina 2014 Izba Muzealna Wodiczk\u00f3w przygotowa\u0142a wiecz\u00f3r pie\u015bni Stanis\u0142awa Moniuszki. Trzyna\u015bcie najbardziej znanych utwor\u00f3w wykona\u0142o dziesi\u0119ciu \u015bpiewak\u00f3w, zawodowych i amator\u00f3w: Wiola Bijata, Wala Patejuk, Hanna Du\u017cy\u0144ska, Sylwia \u0141askowska, Jolanta \u0141ochowska, Andrzej Koz\u0142owski, Zbigniew Chudy, Karol Ma\u0142olepszy i Leszek Patejuk. Artystom akompaniowa\u0142a pianistka <a href=\"http:\/\/fundacjaoda.pl\/?page_id=5609\" title=\"Anna Kornacka\">Anna Kornacka<\/a>. Wala Patejuk, artystka Teatru Wielkiego, pe\u0142ni\u0142a rol\u0119 re\u017cysera spektaklu. To ona zmobilizowa\u0142a wszystkich wykonawc\u00f3w do wyst\u0119pu i dobra\u0142a dla nich odpowiedni repertuar. Go\u015bcie zgromadzeni w Izbie Muzealnej Wodiczk\u00f3w us\u0142yszeli nast\u0119puj\u0105ce pie\u015bni Moniuszki: <em>\u201eAria Sko\u0142uby\u201d<\/em>, <em>\u201eStary Kapral\u201d<\/em>, <em>\u201ePrz\u0105\u015bniczka<\/em>\u201d, <em>\u201eWezwanie do Neapolu\u201d<\/em>, <em>\u201eKrakowiaczek\u201d<\/em>, <em>\u201eW\u0119drowna ptaszyna\u201d<\/em>, <em>\u201ePie\u015b\u0144 wieczorna\u201d<\/em>, <em>\u201eZ\u0142ota rybka\u201d<\/em>, <em>\u201eDumka\u201d<\/em>, <em>\u201ePiosnka \u017co\u0142nierza\u201d<\/em>, <em>\u201eJako od wichru\u201d<\/em>, <em>\u201ePie\u015b\u0144 wojenna\u201d<\/em> i <em>\u201eKozak\u201d<\/em>. Wieczorowe suknie i czarne smokingi wykonawc\u00f3w podkre\u015bla\u0142y wyj\u0105tkowo\u015b\u0107 tego wydarzenia. <font size=\"+0,5\"><strong><a href=\"\/Media_2014\/Strony od numer20.pdf\" target=\"_blank\"> Wi\u0119cej&#8230; <\/a>\u00a0<a title=\"Wiecz\u00f3r Moniuszkowski\" href=\"http:\/\/fundacjaoda.pl\/?page_id=1566\"> Galeria <\/a><\/strong><\/font><\/p>\n<p><span style=\"font-size: 14.0pt;\">Wiosna Jana Sebastiana &#8211; 12.04.2014<\/span><br \/>\n<a href=\"http:\/\/fundacjaoda.pl\/wp-content\/uploads\/2014\/10\/wiosna-J.S.jpg\"><img loading=\"lazy\" class=\"alignnone size-full wp-image-1812\" style=\"margin-right: 10px;\" src=\"http:\/\/fundacjaoda.pl\/wp-content\/uploads\/2014\/10\/wiosna-J.S.jpg\" alt=\"wiosna J.S\" width=\"20%\" height=\"20%\" align=\"left\" srcset=\"http:\/\/fundacjaoda.pl\/wp-content\/uploads\/2014\/10\/wiosna-J.S.jpg 851w, http:\/\/fundacjaoda.pl\/wp-content\/uploads\/2014\/10\/wiosna-J.S-196x150.jpg 196w, http:\/\/fundacjaoda.pl\/wp-content\/uploads\/2014\/10\/wiosna-J.S-150x114.jpg 150w\" sizes=\"(max-width: 851px) 100vw, 851px\" \/><\/a>Sobotnie spotkanie poprowadzi\u0142 Krzysztof Milczarek, dyrektor Zespo\u0142u Szk\u00f3\u0142 nr 1 w Wo\u0142ominie, kt\u00f3ry przedstawi\u0142 wykonawc\u00f3w tego wieczoru: Leszka Patejuka &#8211; \u015bpiew i Lecha Bielaka przy pianinie\/organach. Krzysztof Milczarek przybli\u017cy\u0142 zgromadzonym posta\u0107 Jana Sebastiana Bacha dziel\u0105c si\u0119 z nimi r\u00f3\u017cnymi ciekawostkami z \u017cycia genialnego kompozytora. Na koncert w wykonaniu pan Lecha Bielaka z\u0142o\u017cy\u0142y si\u0119 utwory takie jak <em>\u201eWiosna\u201d<\/em> i\u00a0<em>\u201ePoranek\u201d<\/em> Edvarda Griega, <em>\u201ePie\u015b\u0144 wiosenna\u201d<\/em> F. Mendelssohna, romantyczne pie\u015bni Fryderyka Chopina i\u00a0Stanis\u0142awa Moniuszki oraz serenada Franza Schuberta. Mi\u0119dzy utworami muzycznymi uczniowie pierwszej klasy z\u00a0I Liceum im. W. Na\u0142kowskiego w Wo\u0142ominie: Olga Niepogoda, Aleksandra Kuchta, Kacper Gawry\u015b, Marta Baczewska i Maria Zieli\u0144ska recytowali teksty zwi\u0105zane z Wielkanoc\u0105. By\u0142y to fragmenty homilii ks. Jana Twardowskiego i wiersze K.\u00a0I. Ga\u0142czy\u0144skiego. Jak zwykle w Izbie Wodiczk\u00f3w nie oby\u0142o si\u0119 bez wsp\u00f3lnego \u015bpiewania. Tym razem go\u015bcie za\u015bpiewali pie\u015b\u0144 wielkopostn\u0105 z prze\u0142omu XV\/XVI w. <em>\u201eKrzy\u017cu \u015bwi\u0119ty nade wszystko\u201d<\/em>, do podk\u0142adu muzycznego z g\u0142osem Antoniny Krzyszto\u0144. <font size=\"+0,5\"><strong><a href=\"\/Media_2014\/Strony od numer16.pdf\" target=\"_blank\"> Wi\u0119cej&#8230; <\/a>\u00a0<a title=\"Wiosna Jana Sebastiana\" href=\"http:\/\/fundacjaoda.pl\/?page_id=1570\"> Galeria <\/a><\/strong><\/font><\/p>\n<p><span style=\"font-size: 14.0pt;\">Wiecz\u00f3r \u015bpiewu kameralnego &#8211; 27.03.2014<\/span><br \/>\n<a href=\"http:\/\/fundacjaoda.pl\/wp-content\/uploads\/2015\/01\/Birma-20140327-_IGP4266.jpg\"><img loading=\"lazy\" class=\"alignnone size-full wp-image-2023\" style=\"margin-right: 10px;\" src=\"http:\/\/fundacjaoda.pl\/wp-content\/uploads\/2015\/01\/Birma-20140327-_IGP4266.jpg\" alt=\"Birma-20140327-_IGP4266\" width=\"20%\" height=\"20%\" align=\"left\" srcset=\"http:\/\/fundacjaoda.pl\/wp-content\/uploads\/2015\/01\/Birma-20140327-_IGP4266.jpg 900w, http:\/\/fundacjaoda.pl\/wp-content\/uploads\/2015\/01\/Birma-20140327-_IGP4266-226x150.jpg 226w, http:\/\/fundacjaoda.pl\/wp-content\/uploads\/2015\/01\/Birma-20140327-_IGP4266-150x99.jpg 150w\" sizes=\"(max-width: 900px) 100vw, 900px\" \/><\/a>Tego wieczoru w Izbie wyst\u0105pi\u0142y uczennice z Miejskiej Szko\u0142y Artystycznej w Mi\u0144sku Mazowieckim: Anna Rogala, Barbara Majewska, Karolina Szczurowska, Karolina Zwierz i Magdalena Noga\u0144ska. Ucz\u0105 si\u0119 wg autorskiego programu nauczania \u015bpiewu w Klasie Kameralistyki Wokalnej, kt\u00f3r\u0105 prowadzi Pawe\u0142 Hruszwicki. M\u0142ode artystki po mistrzowsku wykona\u0142y pie\u015bni romantyczne F. Chopina: (<em>\u201eWiosna\u201d<\/em>, <em>\u201ePose\u0142\u201d<\/em>, <em>\u201eSmutna rzeka\u201d<\/em>, <em>\u201eDumka\u201d<\/em>), Marii Szymanowskiej <em>(\u201eWilia\u201d<\/em>), Witolda Lutos\u0142awskiego (<em>\u201eBajka\u201d<\/em>, <em>\u201eKap, kap\u201d<\/em>, <em>\u201eSiwy mr\u00f3z\u201d<\/em>, <em>\u201ePlama na pod\u0142odze\u201d<\/em>), polskie piosenki z lat 60-70 XX w., brytyjskie i ameryka\u0144skie standardy muzyki rozrywkowej. Przygotowany repertuar zadowoli\u0142 wszystkich go\u015bci, a wiadomo, \u017ce do Izby przybywaj\u0105 ca\u0142e rodziny. Licznie zgromadzona publiczno\u015b\u0107 nagrodzi\u0142a artyst\u00f3w gromkimi brawami za profesjonalizm, \u015bwietny kontakt z publiczno\u015bci\u0105, wyrobienie sceniczne, m\u0142odzie\u0144czy wdzi\u0119k i mile sp\u0119dzony wiecz\u00f3r. <font size=\"+0,5\"><strong><a href=\"\/Media_2014\/Strony od numer14.pdf\" target=\"_blank\">Wi\u0119cej&#8230; <\/a> <a title=\"Wiecz\u00f3r \u015bpiewu kameralnego\" href=\"http:\/\/fundacjaoda.pl\/?page_id=1606\">Galeria <\/a><\/strong><\/font><\/p>\n<p><span style=\"font-size: 14.0pt;\">Pie\u015bni Jaromira Nohavicy w wykonaniu Zbigniewa Madeja &#8211; 15.02.2014<\/span><br \/>\n<a href=\"http:\/\/fundacjaoda.pl\/wp-content\/uploads\/2015\/01\/MARK5019.jpg\"><img loading=\"lazy\" class=\"alignnone size-full wp-image-2042\" style=\"margin-right: 10px;\" src=\"http:\/\/fundacjaoda.pl\/wp-content\/uploads\/2015\/01\/MARK5019.jpg\" alt=\"MARK5019\" width=\"20%\" height=\"20%\" align=\"left\" srcset=\"http:\/\/fundacjaoda.pl\/wp-content\/uploads\/2015\/01\/MARK5019.jpg 851w, http:\/\/fundacjaoda.pl\/wp-content\/uploads\/2015\/01\/MARK5019-225x150.jpg 225w, http:\/\/fundacjaoda.pl\/wp-content\/uploads\/2015\/01\/MARK5019-150x99.jpg 150w\" sizes=\"(max-width: 851px) 100vw, 851px\" \/><\/a>Dzi\u0119ki staraniom Iwony i Marka Red\u0142owskich w Izbie mogli\u015bmy go\u015bci\u0107 tego wieczoru Zbigniewa Madeja, absolwenta Wy\u017cszej Szko\u0142y Morskiej, kiedy\u015b \u017ceglarza, obecnie rolnika, kt\u00f3ry ma zadatki na prawdziwego, charyzmatycznego pie\u015bniarza. Na ten koncert przygotowa\u0142 pie\u015bni Jaros\u0142ava Nohavicy, czeskiego barda, kt\u00f3ry napisa\u0142 ponad 400 piosenek. Nohavica t\u0142umaczy tak\u017ce utwory innych wykonawc\u00f3w (Okud\u017cawa, Wysocki, Cohen). Jego p\u0142yty nale\u017c\u0105 do gatunku poezji \u015bpiewanej i s\u0105 jednymi z najlepiej sprzedaj\u0105cych si\u0119 p\u0142yt w\u00a0Czechach. Zbyszek Madej ju\u017c od pierwszej piosenki oczarowa\u0142 publiczno\u015b\u0107 swoim g\u0142osem \u015bpiewaj\u0105c takie pie\u015bni jak: <em>\u201eKometa\u201d<\/em>, <em>\u201eGwiazda\u201d<\/em>, <em>\u201eSarajewo\u201d<\/em>, <em>\u201eDarmodziej\u201d<\/em>. W roli konferansjera wyst\u0105pi\u0142, tradycyjnie ju\u017c, Leszek Patejuk. W\u015br\u00f3d przyby\u0142ych go\u015bci znale\u017ali si\u0119 Miros\u0142aw Kozak i Joanna Mioduchowska. W trzeciej cz\u0119\u015bci wieczoru zaprezentowali zebranym kilka utwor\u00f3w ze swojego repertuaru. Zostali nagrodzeni s\u0105\u017cnistymi brawami i obiecali, \u017ce wyst\u0105pi\u0105 w Izbie z indywidualnym koncertem.\u00a0<font size=\"+0,5\"><strong><a href=\"\/Media_2014\/Strony od numer08.pdf\" target=\"_blank\"> Wi\u0119cej&#8230; <\/a> <a title=\"Pie\u015bni Jaromira Nohavicy w wykonaniu Zbigniewa Madeja\" href=\"http:\/\/fundacjaoda.pl\/?page_id=1609\"> Galeria <\/a><\/strong><\/font><\/p>\n<p><span style=\"font-size: 14.0pt;\">Kol\u0119dowanie u Wodiczk\u00f3w &#8211; 11.01.2014<\/span><br \/>\n<a href=\"http:\/\/fundacjaoda.pl\/wp-content\/uploads\/2015\/03\/IGP6381.jpg\"><img loading=\"lazy\" class=\"alignnone size-full wp-image-2079\" style=\"margin-right: 10px;\" src=\"http:\/\/fundacjaoda.pl\/wp-content\/uploads\/2015\/03\/IGP6381.jpg\" alt=\"_IGP6339\" width=\"20%\" height=\"20%\" align=\"left\" \/><\/a>Arty\u015bci, Jaros\u0142aw Rosochacki i Wojciech Gawry\u015b, wyst\u0105pili w Izbie po raz drugi. Publiczno\u015b\u0107, oczarowana ich jesiennym koncertem upomnia\u0142a si\u0119 o kolejny koncert w ich wykonaniu. Tym razem repertuar zosta\u0142 podyktowany \u015bwi\u0105tecznym okresem. Jako pierwsz\u0105 wykonali kol\u0119d\u0119 rozpoczynaj\u0105c\u0105 ka\u017cd\u0105 pasterk\u0119, \u201eB\u00f3g si\u0119 rodzi\u201d. W dalszej cz\u0119\u015bci wieczoru nie zabrak\u0142o takich kol\u0119d jak <em>\u201eP\u00f3jd\u017amy wszyscy do stajenki\u201d<\/em>, <em>\u201ePrzybie\u017celi do Betlejem\u201d<\/em>, <em>\u201eLulaj\u017ce Jezuniu\u201d<\/em>. Publiczno\u015b\u0107, kt\u00f3ra wcze\u015bniej zaopatrzy\u0142a si\u0119 w \u015bpiewniki, wt\u00f3rowa\u0142a arty\u015bcie z\u00a0wielkim entuzjazmem. Przy tak wy\u015bmienitym akompaniamencie wszyscy go\u015bci \u015bpiewali do p\u00f3\u017anego wieczora. W drugiej jego cz\u0119\u015bci kol\u0119dom \u015bpiewanym przez zgromadzonych go\u015bci akompaniowa\u0142 Lech Bielak, pianista, cz\u0142owiek obdarzony niezwyk\u0142ym talentem muzycznym i ogromn\u0105 wiedz\u0105 w tym zakresie. Wkr\u00f3tce stanie si\u0119 tradycj\u0105 Izby \u2013 przypadkowy wyst\u0119p zaowocuje w niedalekiej przysz\u0142o\u015bci autorskim wieczorem Lecha Bielaka. <font size=\"+0,5\"><strong><a href=\"http:\/\/fundacjaoda.pl\/Media_2014\/Strony%20od%20numer03_ok.pdf\" target=\"_blank\"> Wi\u0119cej&#8230; <\/a> <a title=\"Kol\u0119dowanie u Wodiczk\u00f3w 2014\" href=\"http:\/\/fundacjaoda.pl\/?page_id=1634\"> Galeria <\/a><\/strong><\/font><\/p>\n<p><span style=\"font-size: 14.0pt;\">Co w duszy gra &#8211; 30.11.2013<\/span><br \/>\n<a href=\"http:\/\/fundacjaoda.pl\/wp-content\/uploads\/2014\/10\/kin-5-of-10.jpg\"><img loading=\"lazy\" class=\"alignnone size-medium wp-image-1668\" style=\"margin-right: 10px;\" src=\"http:\/\/fundacjaoda.pl\/wp-content\/uploads\/2014\/10\/kin-5-of-10-300x199.jpg\" alt=\"kin (5 of 10)\" width=\"20%\" height=\"20%\" align=\"left\" srcset=\"http:\/\/fundacjaoda.pl\/wp-content\/uploads\/2014\/10\/kin-5-of-10-300x199.jpg 300w, http:\/\/fundacjaoda.pl\/wp-content\/uploads\/2014\/10\/kin-5-of-10-225x150.jpg 225w, http:\/\/fundacjaoda.pl\/wp-content\/uploads\/2014\/10\/kin-5-of-10-150x99.jpg 150w, http:\/\/fundacjaoda.pl\/wp-content\/uploads\/2014\/10\/kin-5-of-10.jpg 900w\" sizes=\"(max-width: 300px) 100vw, 300px\" \/><\/a>Lekarz Jaros\u0142aw Rosochacki i in\u017cynier Wojciech Gawry\u015b znajduj\u0105 jeszcze czas na swoj\u0105 pasj\u0119 &#8211; muzyk\u0119 i\u00a0wsp\u00f3lne \u015bpiewanie. Po raz kolejny dali si\u0119 nam\u00f3wi\u0107 na sp\u0119dzenie wsp\u00f3lnego wieczoru w Izbie Muzealnej. Tym razem w\u00a0repertuarze znalaz\u0142y si\u0119 znane zebranym w Izbie go\u015bciom <em>\u201eKasztany\u201d<\/em>, <em>\u201ePami\u0119tasz by\u0142a jesie\u0144\u201d<\/em>, <em>\u201eLato z ptakami odchodzi\u201d<\/em> i wiele innych. Na \u017cyczenie publiczno\u015bci arty\u015bci wykonali kilka pie\u015bni czeskiego poety i barda Jaromira Nohavicy: <em>\u201eSarajewo\u201d<\/em>, <em>\u201eMinulost\u201d<\/em> i <em>\u201ePanie prezydencie\u201d<\/em>. To by\u0142 kolejny udany wiecz\u00f3r w Izbie Muzealnej Wodiczk\u00f3w, a jesienna, deszczowa pogoda za oknem zatrzyma\u0142a go\u015bci na wsp\u00f3lnym \u015bpiewaniu i przy gor\u0105cej herbacie do p\u00f3\u017anego wieczora. <font size=\"+0,5\"><strong><a href=\"\/Media_2013\/Strony od numer49.pdf\" target=\"_blank\"> Wi\u0119cej&#8230; <\/a>\u00a0<a title=\"Co w duszy gra\" href=\"http:\/\/fundacjaoda.pl\/?page_id=1614\"> Galeria <\/a><\/strong><\/font><\/p>\n<p><span style=\"font-size: 14.0pt;\">Cantus Cordis jesiennie &#8211; 16.11.2013<\/span><br \/>\n<a href=\"http:\/\/fundacjaoda.pl\/wp-content\/uploads\/2015\/01\/kcc-87-of-246.jpg\"><img loading=\"lazy\" class=\"alignnone size-full wp-image-1840\" style=\"margin-right: 10px;\" src=\"http:\/\/fundacjaoda.pl\/wp-content\/uploads\/2015\/01\/kcc-87-of-246.jpg\" alt=\"kcc (87 of 246)\" width=\"20%\" height=\"20%\" align=\"left\" srcset=\"http:\/\/fundacjaoda.pl\/wp-content\/uploads\/2015\/01\/kcc-87-of-246.jpg 900w, http:\/\/fundacjaoda.pl\/wp-content\/uploads\/2015\/01\/kcc-87-of-246-225x150.jpg 225w, http:\/\/fundacjaoda.pl\/wp-content\/uploads\/2015\/01\/kcc-87-of-246-150x99.jpg 150w\" sizes=\"(max-width: 900px) 100vw, 900px\" \/><\/a>Ch\u00f3r Cantus Cordis jest reprezentacyjn\u0105 sekcj\u0105 Miejskiego Domu Kultury w Wo\u0142ominie. Ch\u00f3r powsta\u0142 w\u00a01992\u00a0r.\u00a0i\u00a0obecnie dyryguje nim znakomity W\u0142adys\u0142aw Chanas. W ch\u00f3rze wyst\u0119puj\u0105 pasjonaci, dla kt\u00f3rych wsp\u00f3lne \u015bpiewanie jest rado\u015bci\u0105, a doskonalenie kunsztu \u015bpiewaczego \u017cyciowym celem. W repertuarze Ch\u00f3ru Cantus Cordis s\u0105 mi\u0119dzy innymi utwory Verdiego, Moniuszki, Nowowiejskiego, Szuberta. Podczas spotkania us\u0142yszeli\u015bmy poloneza <em>\u201ePo\u017cegnanie Ojczyzny\u201d <\/em>M. K. Ogi\u0144skiego, a nast\u0119pnie utwory opracowane przez W\u0142adys\u0142awa Chanasa <em>\u201eWojenko, wojenko\u201d<\/em>, <em>\u201dOj nasi id\u0105\u201d<\/em>, \u201dStudzienka\u201d, <em>\u201eZ\u0142ote chryzantemy\u201d<\/em>, <em>\u201eUm\u00f3wi\u0142em si\u0119 z\u00a0ni\u0105 na dziewi\u0105t\u0105\u201d<\/em>, <em>\u201eKurdesz\u201d<\/em> i\u00a0inne. Jak zwykle cz\u0119\u015b\u0107 oficjaln\u0105 koncertu poprowadzi\u0142 Leszek Patejuk anonsuj\u0105c utwory z rysem merytorycznym, niepozbawionym szczypty humoru. Wiecz\u00f3r u\u015bwietni\u0142 swoj\u0105 obecno\u015bci\u0105 wieloletni artysta Filharmonii Narodowej i\u00a0pierwszy dyrygent ch\u00f3ru Cantus Cordis, multiinstrumentalista Adam Po\u0142awski. Pod jego kierunkiem publiczno\u015b\u0107, przy wsparciu ch\u00f3rzyst\u00f3w, kontynuowa\u0142a wsp\u00f3lne \u015bpiewanie. Znakomicie zaprezentowa\u0142 si\u0119 te\u017c duet rodzinny Wali i Leszka Patejuk\u00f3w w utworze <em>\u201ePytasz mnie\u201d<\/em> A. Rosiewicza i utworze <em>\u201eMarsz turecki\u201d<\/em> W.A.\u00a0Mozarta, kt\u00f3ry wykonali wsp\u00f3lnie z Adamem Po\u0142awskim. <font size=\"+0,5\"><strong><a title=\"Cantus Cordis jesiennie\" href=\"http:\/\/fundacjaoda.pl\/?page_id=1617\"> Galeria <\/a><\/strong><\/font><\/p>\n<p><span style=\"font-size: 14.0pt;\">Na cyga\u0144sk\u0105 nut\u0119 &#8211; 19.10.2013<\/span><br \/>\n<a href=\"http:\/\/fundacjaoda.pl\/wp-content\/uploads\/2015\/02\/IMG_7146.jpg\"><img loading=\"lazy\" class=\"alignnone size-full wp-image-3462\" style=\"margin-right: 10px;\" src=\"http:\/\/fundacjaoda.pl\/wp-content\/uploads\/2015\/02\/IMG_7146.jpg\" alt=\"IMG_7146\" width=\"20%\" height=\"20%\" align=\"left\" srcset=\"http:\/\/fundacjaoda.pl\/wp-content\/uploads\/2015\/02\/IMG_7146.jpg 675w, http:\/\/fundacjaoda.pl\/wp-content\/uploads\/2015\/02\/IMG_7146-112x150.jpg 112w\" sizes=\"(max-width: 675px) 100vw, 675px\" \/><\/a>W ten jesienny, ciep\u0142y wiecz\u00f3r spotkali\u015bmy si\u0119 w Izbie z poetk\u0105, pani\u0105 Helen\u0105 Baronicz, kt\u00f3ra przedstawi\u0142a zebranym w Izbie go\u015bciom obszern\u0105 i r\u00f3\u017cnorodna pr\u00f3bk\u0119 swojej poezji. Jej tw\u00f3rczo\u015b\u0107 jest typow\u0105 poezj\u0105 kobiec\u0105, w kt\u00f3rej dominuje specyficzny klimat i nastr\u00f3j. Kilka\u00a0wybranych przez ni\u0105 \u00a0utwor\u00f3w\u00a0autorka\u00a0po\u015bwi\u0119ci\u0142a\u00a0\u00a0Cyganom i&nbsp;ich kulturze, \u017cyciu w taborze i muzyce w taborach rozbrzmiewaj\u0105cej (st\u0105d has\u0142o tego wieczoru). W\u00a0wielu\u00a0utworach zawar\u0142a refleksje nad \u017cyciem, up\u0142ywem czasu, nad szcz\u0119\u015bciem, mi\u0142o\u015bci\u0105 i w\u0142asn\u0105 rodzin\u0105.\u00a0Jej poezja jest\u00a0bardzo osobista,\u00a0wyj\u0105tkowo subtelna i dyskretna. Szczeg\u00f3lnym jej urokiem jest wysoka kultura s\u0142owa i\u00a0umiej\u0119tno\u015b\u0107 tworzenia niezwykle sugestywnych, plastycznych obraz\u00f3w. <font size=\"+0,5\"><strong><a title=\"Helena Baronicz\" href=\"http:\/\/fundacjaoda.pl\/?page_id=3282\">Wi\u0119cej&#8230;<\/a>\u00a0<a title=\"Galeria \u2013 Na cyga\u0144ska nut\u0119\" href=\"http:\/\/fundacjaoda.pl\/?page_id=3466\">Galeria<\/a><\/strong><\/font><\/p>\n<p>&nbsp;<\/p>\n<p><span style=\"font-size: 14.0pt;\">Koncert w wykonaniu Katarzyny Wilk &#8211; 4.01.2013<\/span><br \/>\n<a href=\"http:\/\/fundacjaoda.pl\/wp-content\/uploads\/2015\/01\/kwilk-55.jpg\"><img loading=\"lazy\" class=\"alignnone size-full wp-image-2142\" style=\"margin-right: 10px;\" src=\"http:\/\/fundacjaoda.pl\/wp-content\/uploads\/2015\/01\/kwilk-55.jpg\" alt=\"kwilk--55\" width=\"20%\" height=\"20%\" align=\"left\" srcset=\"http:\/\/fundacjaoda.pl\/wp-content\/uploads\/2015\/01\/kwilk-55.jpg 800w, http:\/\/fundacjaoda.pl\/wp-content\/uploads\/2015\/01\/kwilk-55-226x150.jpg 226w, http:\/\/fundacjaoda.pl\/wp-content\/uploads\/2015\/01\/kwilk-55-150x99.jpg 150w\" sizes=\"(max-width: 800px) 100vw, 800px\" \/><\/a>W Izbie Muzealnej Rodziny Wodiczk\u00f3w zorganizowano kameralny koncert pani Katarzyny Wilk. Nasza artystka uko\u0144czy\u0142a studia na Wydziale Wokalno-Aktorskim Akademii Muzycznej im. St. Moniuszki w Gda\u0144sku i nadal kontynuuje swoj\u0105 nauk\u0119 w Konserwatorium Maastricht w Holandii, w programie Opera i \u015apiew klasyczny. Jako rodowita wo\u0142ominianka pierwsze kroki muzyczne stawia\u0142a pod kierunkiem rodzimych pedagog\u00f3w muzycznych pana Andrzeja Wojakowskiego, Adama Po\u0142awskiego oraz Paw\u0142a Rozbickiego.<br \/>\nZebrani w Izbie przyjaciele artystki mieli okazj\u0119 wys\u0142uchania wspania\u0142ych arii operowych, kt\u00f3re by\u0142y wykonane z wielk\u0105 pasj\u0105 i\u00a0artystycznym uniesieniu. By\u0142y to niezapomniane chwile pe\u0142ne wzrusze\u0144 i wspomnie\u0144. Tego wieczoru w repertuarze Katarzyny Wilk znalaz\u0142y si\u0119 nast\u0119puj\u0105ce arie: Gildy z opery <em>&#8222;Rigoletto&#8221;<\/em> G. Verdiego, Kleopatry z opery <em>&#8222;Juliusz Cezar&#8221;<\/em> G. F. Handela, Sussanny z opery <em>&#8222;Wesele Figara&#8221;<\/em> i Paminy z opery <em>&#8222;Czrodziejski flet&#8221;<\/em> W. A. Mozarta, Leili z opery <em>&#8222;Po\u0142awiacze pere\u0142&#8221; <\/em>G. Bizeta, Lauretty z opery <em>&#8222;Gianni Schicchi&#8221;<\/em> G.\u00a0Pucciniego oraz Noriny z\u00a0opery <em>&#8222;Don Pasquale&#8221; <\/em>G. Donizettiego. Wszystko to dzia\u0142o si\u0119 za spraw\u0105 Pani Walerii Patejuk. \u00a0<font size=\"+0,5\"><strong><a href=\"http:\/\/www.zyciepw.pl\/koncert-dla-przyjaciol\" target=\"_blank\"> Wi\u0119cej&#8230; <\/a>\u00a0\u00a0<a title=\"Galeria \u2013 Koncert Katarzyny Wilk\" href=\"http:\/\/fundacjaoda.pl\/?page_id=1619\"> Galeria <\/a><\/strong><\/font><\/p>\n<p><span style=\"font-size: 14.0pt;\">Wo\u0142omi\u0144skie kol\u0119dowanie &#8211; 05.01.2012<\/span><br \/>\n<a href=\"http:\/\/fundacjaoda.pl\/wp-content\/uploads\/2015\/01\/MG_0075.jpg\"><img loading=\"lazy\" class=\"alignnone size-full wp-image-2283\" style=\"margin-right: 10px;\" src=\"http:\/\/fundacjaoda.pl\/wp-content\/uploads\/2015\/01\/MG_0075.jpg\" alt=\"_MG_0075\" width=\"20%\" height=\"20%\" align=\"left\" srcset=\"http:\/\/fundacjaoda.pl\/wp-content\/uploads\/2015\/01\/MG_0075.jpg 597w, http:\/\/fundacjaoda.pl\/wp-content\/uploads\/2015\/01\/MG_0075-99x150.jpg 99w\" sizes=\"(max-width: 597px) 100vw, 597px\" \/><\/a>Wo\u0142omi\u0144skie Towarzystwo \u015apiewacze ECHO powsta\u0142o w 1925 r. Dzia\u0142a\u0142o przy ko\u015bciele Matki Boskiej Cz\u0119stochowskiej w Wo\u0142ominie. Wojna przerwa\u0142a jego dzia\u0142alno\u015b\u0107 i dopiero po 60-letniej przerwie ECHO zosta\u0142o reaktywowane. Pomys\u0142odawc\u0105 kontynuacji wo\u0142omi\u0144skich tradycji \u015bpiewaczych by\u0142 pan Andrzej Wojakowski \u2013 pierwszy flecista Teatru Wielkiego w Warszawie, zas\u0142u\u017cony dla kultury polskiej, za\u0142o\u017cyciel Wo\u0142omi\u0144skiej Orkiestry D\u0119tej.<font size=\"+0,5\"><strong><a title=\"Wo\u0142omi\u0144skie Towarzystwo \u015apiewacze Echo\" href=\"http:\/\/fundacjaoda.pl\/?page_id=2620\"> Wi\u0119cej&#8230; <\/a> \u00a0<a title=\"Kol\u0119dowanie 2011\" href=\"http:\/\/fundacjaoda.pl\/?page_id=2297\"> Galeria <\/a><\/strong><\/font><\/p>\n<p>&nbsp;<\/p>\n<p>&nbsp;<\/p>\n<p>&nbsp;<\/p>\n<p><span style=\"font-size: 14.0pt;\">Otwarcie Izby Muzealnej &#8211; 17.09.2011<\/span><br \/>\n<a href=\"http:\/\/fundacjaoda.pl\/wp-content\/uploads\/2014\/10\/Knap_Kluczewska.jpg\"><img loading=\"lazy\" class=\"alignnone size-medium wp-image-545\" style=\"margin-right: 10px;\" src=\"http:\/\/fundacjaoda.pl\/wp-content\/uploads\/2014\/10\/Knap_Kluczewska-300x231.jpg\" alt=\"Knap_Kluczewska\" width=\"20%\" height=\"20%\" align=\"left\" srcset=\"http:\/\/fundacjaoda.pl\/wp-content\/uploads\/2014\/10\/Knap_Kluczewska-300x231.jpg 300w, http:\/\/fundacjaoda.pl\/wp-content\/uploads\/2014\/10\/Knap_Kluczewska-194x150.jpg 194w, http:\/\/fundacjaoda.pl\/wp-content\/uploads\/2014\/10\/Knap_Kluczewska-150x115.jpg 150w, http:\/\/fundacjaoda.pl\/wp-content\/uploads\/2014\/10\/Knap_Kluczewska.jpg 845w\" sizes=\"(max-width: 300px) 100vw, 300px\" \/><\/a>W sobot\u0119, 17.09.2011 r. otwarto Izb\u0119 Muzealn\u0105 po\u015bwi\u0119con\u0105 rodzinie Wodiczk\u00f3w. Wydarzenie by\u0142o jednym z\u00a0punkt\u00f3w programu Europejskich dni Dziedzictwa &#8222;Kamienie milowe&#8221;. Tegoroczne EDD w Wo\u0142ominie zwi\u0105zane s\u0105 z jubileuszem 100-lecia urodzin wybitnego dyrygenta, a przede wszystkim mieszka\u0144ca Wo\u0142omina &#8211; Bohdana Wodiczki.\u00a0Otwarcie Izby Muzealnej okrasi\u0142 recital m\u0142odych, utalentowanych artystek: <a title=\"Sylwia Knap\" href=\"http:\/\/fundacjaoda.pl\/?page_id=1630\"> <font size=\"+0,5\"><strong>Sylwia Knap<\/strong><\/a> i\u00a0<a title=\"Marta Kluczy\u0144ska\" href=\"http:\/\/fundacjaoda.pl\/?page_id=1628\"><strong>Marta Kluczy\u0144ska<\/strong><\/font><\/a>.<\/p>\n<p><a href=\"http:\/\/fundacjaoda.pl\/?page_id=13\" title=\"Wydarzenia\"><strong>Powr\u00f3t<\/strong><\/a><\/p>\n","protected":false},"excerpt":{"rendered":"<p>Wieczory muzyczne powsta\u0142y z my\u015bl\u0105 o promocji wo\u0142omi\u0144skich artyst\u00f3w, wyst\u0119puj\u0105cych na sta\u0142e w\u00a0Teatrze Wielkim Operze Narodowej w\u00a0Warszawie, Filharmonii Narodowej i na wielu innych scenach muzycznych w\u00a0kraju i\u00a0za granic\u0105, a rzadziej w swoim mie\u015bcie. Wieczory te s\u0105 okazj\u0105 do zaprezentowania naszym mieszka\u0144com ich warsztatu artystycznego. Prezentujemy r\u00f3wnie\u017c miejscowe ch\u00f3ry, kt\u00f3re bior\u0105 \u2026 <a href=\"http:\/\/fundacjaoda.pl\/?page_id=60\"> Continue reading <span class=\"meta-nav\">&rarr; <\/span><\/a><\/p>\n","protected":false},"author":1,"featured_media":0,"parent":13,"menu_order":2,"comment_status":"closed","ping_status":"closed","template":"","meta":[],"_links":{"self":[{"href":"http:\/\/fundacjaoda.pl\/index.php?rest_route=\/wp\/v2\/pages\/60"}],"collection":[{"href":"http:\/\/fundacjaoda.pl\/index.php?rest_route=\/wp\/v2\/pages"}],"about":[{"href":"http:\/\/fundacjaoda.pl\/index.php?rest_route=\/wp\/v2\/types\/page"}],"author":[{"embeddable":true,"href":"http:\/\/fundacjaoda.pl\/index.php?rest_route=\/wp\/v2\/users\/1"}],"replies":[{"embeddable":true,"href":"http:\/\/fundacjaoda.pl\/index.php?rest_route=%2Fwp%2Fv2%2Fcomments&post=60"}],"version-history":[{"count":426,"href":"http:\/\/fundacjaoda.pl\/index.php?rest_route=\/wp\/v2\/pages\/60\/revisions"}],"predecessor-version":[{"id":18602,"href":"http:\/\/fundacjaoda.pl\/index.php?rest_route=\/wp\/v2\/pages\/60\/revisions\/18602"}],"up":[{"embeddable":true,"href":"http:\/\/fundacjaoda.pl\/index.php?rest_route=\/wp\/v2\/pages\/13"}],"wp:attachment":[{"href":"http:\/\/fundacjaoda.pl\/index.php?rest_route=%2Fwp%2Fv2%2Fmedia&parent=60"}],"curies":[{"name":"wp","href":"https:\/\/api.w.org\/{rel}","templated":true}]}}