{"id":58,"date":"2014-10-25T21:35:25","date_gmt":"2014-10-25T19:35:25","guid":{"rendered":"http:\/\/fundacjaoda.pl\/?page_id=58"},"modified":"2020-01-03T14:44:40","modified_gmt":"2020-01-03T13:44:40","slug":"podwieczorki-muzyczne-dla-dzieci","status":"publish","type":"page","link":"http:\/\/fundacjaoda.pl\/?page_id=58","title":{"rendered":"Podwieczorki muzyczne dla dzieci"},"content":{"rendered":"<p><strong>Podwieczorki muzyczne dla dzieci<\/strong> to niedzielne, popo\u0142udniowe spotkania dla najm\u0142odszych mieszka\u0144c\u00f3w Wo\u0142omina, adresowane do dzieci w\u00a0wieku przedszkolnym i wczesnoszkolnym. Ich celem jest rozbudzenie wra\u017cliwo\u015bci muzycznej i zami\u0142owania do muzyki klasycznej. Program <strong>Podwieczork\u00f3w <\/strong> zosta\u0142 opracowany przez profesjonalnych muzyk\u00f3w i do\u015bwiadczonych pedagog\u00f3w w taki spos\u00f3b, aby \u0142\u0105czy\u0142 nauk\u0119 z zabaw\u0105. Dzieci uczestnicz\u0105ce w spotkaniach poznaj\u0105 utwory muzyczne polskich i \u015bwiatowych klasyk\u00f3w muzyki powa\u017cnej, zapoznaj\u0105 si\u0119 tak\u017ce z\u00a0d\u017awi\u0119kami r\u00f3\u017cnych instrument\u00f3w muzycznych. Wychowawczy charakter podwieczorkowych spotka\u0144 polega r\u00f3wnie\u017c na sp\u0119dzaniu tego czasu z rodzicami, kt\u00f3rzy s\u0105 w\u0142\u0105czani do wsp\u00f3lnej zabawy. Poniewa\u017c zaj\u0119cia odbywaj\u0105 si\u0119 w Izbie Muzealnej Wodiczk\u00f3w, dzieci poznaj\u0105 przy okazji histori\u0119 swojego miasta.<\/p>\n<p><span style=\"font-size: 14.0pt;\">Miko\u0142ajki &#8211; 08.12. 2019<\/span><\/p>\n<p><span style=\"font-size: 14.0pt;\">Historia Pluszowego Misia &#8211; 24.11. 2019<\/span><\/p>\n<p><span style=\"font-size: 14.0pt;\">Podwieczorek Niepodleg\u0142o\u015bciowy &#8211; 21.11. 2019<\/span><\/p>\n<p><span style=\"font-size: 14.0pt;\">Oj, zagrajcie\u017c nam poleczk\u0119 &#8211; 27.10. 2019<\/span><br \/>\n<a href=\"http:\/\/fundacjaoda.pl\/wp-content\/uploads\/2014\/10\/IMG_4159_male.jpg\"><img loading=\"lazy\" src=\"http:\/\/fundacjaoda.pl\/wp-content\/uploads\/2014\/10\/IMG_4159_male.jpg\" alt=\"IMG_4159_male\" style=\"margin-right: 10px;\" width=\"20%\" height=\"20%\" class=\"alignleft size-full wp-image-18199\" srcset=\"http:\/\/fundacjaoda.pl\/wp-content\/uploads\/2014\/10\/IMG_4159_male.jpg 900w, http:\/\/fundacjaoda.pl\/wp-content\/uploads\/2014\/10\/IMG_4159_male-150x100.jpg 150w\" sizes=\"(max-width: 900px) 100vw, 900px\" \/><\/a><br \/>\n&nbsp;<br \/>\n&nbsp;<br \/>\n&nbsp;<br \/>\n&nbsp;<\/p>\n<p><span style=\"font-size: 14.0pt;\">Jesienny walczyk &#8211; 29.09. 2019<\/span><br \/>\n<a href=\"http:\/\/fundacjaoda.pl\/wp-content\/uploads\/2014\/10\/IMG_3980_male.jpg\"><img loading=\"lazy\" src=\"http:\/\/fundacjaoda.pl\/wp-content\/uploads\/2014\/10\/IMG_3980_male.jpg\" alt=\"IMG_3980_male\" style=\"margin-right: 10px;\" width=\"20%\" height=\"20%\" class=\"alignleft size-full wp-image-18200\" srcset=\"http:\/\/fundacjaoda.pl\/wp-content\/uploads\/2014\/10\/IMG_3980_male.jpg 900w, http:\/\/fundacjaoda.pl\/wp-content\/uploads\/2014\/10\/IMG_3980_male-150x100.jpg 150w\" sizes=\"(max-width: 900px) 100vw, 900px\" \/><\/a><br \/>\n&nbsp;<br \/>\n&nbsp;<br \/>\n&nbsp;<br \/>\n&nbsp;<\/p>\n<p><span style=\"font-size: 14.0pt;\">Podwieczorek muzyczny dla dzieci \u2013 S\u0142oneczny duecik \u2013 gitara i flecik, 16.06. 2019<\/span><br \/>\n<a href=\"http:\/\/fundacjaoda.pl\/wp-content\/uploads\/2019\/07\/IMG_2938.jpg\"><img loading=\"lazy\" src=\"http:\/\/fundacjaoda.pl\/wp-content\/uploads\/2019\/07\/IMG_2938.jpg\" alt=\"IMG_2938\" style=\"margin-right: 10px;\" width=\"20%\" height=\"20%\" class=\"alignleft size-full wp-image-18072\" srcset=\"http:\/\/fundacjaoda.pl\/wp-content\/uploads\/2019\/07\/IMG_2938.jpg 900w, http:\/\/fundacjaoda.pl\/wp-content\/uploads\/2019\/07\/IMG_2938-150x100.jpg 150w\" sizes=\"(max-width: 900px) 100vw, 900px\" \/><\/a><a href=\"http:\/\/fundacjaoda.pl\/?page_id=18082\" title=\"Galeria_Podwieczorek muzyczny dla dzieci \u2013 16.06.2019\"><strong>Galeria<\/strong><\/a><br \/>\n&nbsp;<br \/>\n&nbsp;<br \/>\n&nbsp;<br \/>\n&nbsp;<\/p>\n<p><span style=\"font-size: 14.0pt;\">Podwieczorek Moniuszkowski dla dzieci, 26.05. 2019<\/span><br \/>\n<a href=\"http:\/\/fundacjaoda.pl\/wp-content\/uploads\/2019\/06\/IMG_2662.jpg\"><img loading=\"lazy\" src=\"http:\/\/fundacjaoda.pl\/wp-content\/uploads\/2019\/06\/IMG_2662.jpg\"  style=\"margin-right: 10px;\" alt=\"IMG_2662\" width=\"20%\" height=\"20%\" class=\"alignleft size-full wp-image-17750\" srcset=\"http:\/\/fundacjaoda.pl\/wp-content\/uploads\/2019\/06\/IMG_2662.jpg 900w, http:\/\/fundacjaoda.pl\/wp-content\/uploads\/2019\/06\/IMG_2662-150x100.jpg 150w\" sizes=\"(max-width: 900px) 100vw, 900px\" \/><\/a><strong><a href=\"http:\/\/fundacjaoda.pl\/?page_id=17758\" title=\"Galeria_Podwieczorek Moniuszkowski-26-05-2019\">Galeria<\/a><\/strong><br \/>\n&nbsp;<br \/>\n&nbsp;<br \/>\n&nbsp;<br \/>\n&nbsp;<\/p>\n<p><span style=\"font-size: 14.0pt;\">Podwieczorek muzyczny dla dzieci &#8211; Moniuszko dzieciom, 24.05. 2019<\/span><br \/>\n<a href=\"http:\/\/fundacjaoda.pl\/wp-content\/uploads\/2019\/06\/IMG_2557.jpg\"><img loading=\"lazy\" src=\"http:\/\/fundacjaoda.pl\/wp-content\/uploads\/2019\/06\/IMG_2557.jpg\" style=\"margin-right: 10px;\" alt=\"IMG_2557\" width=\"20%\" height=\"20%\" class=\"alignleft size-full wp-image-17781\" srcset=\"http:\/\/fundacjaoda.pl\/wp-content\/uploads\/2019\/06\/IMG_2557.jpg 900w, http:\/\/fundacjaoda.pl\/wp-content\/uploads\/2019\/06\/IMG_2557-150x100.jpg 150w\" sizes=\"(max-width: 900px) 100vw, 900px\" \/><\/a><strong><a href=\"http:\/\/fundacjaoda.pl\/?page_id=17782\" title=\"Galeria_Moniuszko dzieciom-24-05-2019\">Galeria<\/a><\/strong><br \/>\n&nbsp;<br \/>\n&nbsp;<br \/>\n&nbsp;<br \/>\n&nbsp;<br \/>\n&nbsp;<br \/>\n<span style=\"font-size: 14.0pt;\">Podwieczorek muzyczny dla dzieci &#8211; Jak klarnet \u015bciga\u0142 si\u0119 z fagotem, 28.04. 2019<\/span><br \/>\n<a href=\"http:\/\/fundacjaoda.pl\/wp-content\/uploads\/2019\/05\/IMG_2226.jpg\"><img loading=\"lazy\" class=\"alignnone size-full wp-image-17562\" style=\"margin-right: 10px;\" src=\"http:\/\/fundacjaoda.pl\/wp-content\/uploads\/2019\/05\/IMG_2226.jpg\" alt=\"Jak klarnet \u015bciga\u0142 si\u0119 z fagotem\" width=\"20%\" height=\"20%\" align=\"left\" srcset=\"http:\/\/fundacjaoda.pl\/wp-content\/uploads\/2019\/05\/IMG_2226.jpg 900w, http:\/\/fundacjaoda.pl\/wp-content\/uploads\/2019\/05\/IMG_2226-150x100.jpg 150w\" sizes=\"(max-width: 900px) 100vw, 900px\" \/><\/a>W ostatnim \u201ePodwieczorku muzycznym dla dzieci\u201d pod tytu\u0142em \u201e Jak klarnet \u015bciga\u0142 si\u0119 z fagotem?\u201d wyst\u0105pili <strong>Bernard Turkowicz<\/strong> \u2013 klarnet, <strong>Piotr Kosi\u0144ski<\/strong> \u2013 fagot, <strong>Izabela Wilczak<\/strong> \u2013 akompaniament i prowadzenie koncertu.<br \/>\nJu\u017c na pocz\u0105tku dzieci us\u0142ysza\u0142y brzmienie tytu\u0142owych instrument\u00f3w. Fragment koncertu W. A. Mozarta na fagot zagra\u0142 Piotr Kosi\u0144ski, a <em>\u201eB\u0142\u0119kitnej rapsodii\u201d<\/em> G. Gershwina na klarnet Bernard Turkowicz. Utworzono te\u017c prawdziw\u0105 orkiestr\u0119 z prawdziwymi instrumentami, w kt\u00f3rej wzi\u0119\u0142y udzia\u0142 nie tylko dzieci ale tak\u017ce rodzice. Wszyscy wsp\u00f3lnie odegrali utw\u00f3r W.A. Mozarta <em>\u201eEine kleine Nachtmusik\u201d<\/em>.<br \/>\nDzieci dowiedzia\u0142y si\u0119 te\u017c z czego zbudowane s\u0105 oba instrumenty, z ilu cz\u0119\u015bci si\u0119 sk\u0142adaj\u0105, oraz najwa\u017cniejsze &#8211; jak brzmi\u0105. Zar\u00f3wno klarnet jak i&nbsp;fagot mog\u0105 gra\u0107 muzyk\u0119 szybk\u0105, woln\u0105, weso\u0142\u0105, potrafi\u0105 gra\u0107 nisko i wysoko, potrafi\u0105 gra\u0107 wsp\u00f3lnie i zgodnie w orkiestrze, ale pi\u0119knie brzmi\u0105 tak\u017ce graj\u0105c solo. Potrafi\u0105 na\u015bladowa\u0107 g\u0142osy ptak\u00f3w i zwierz\u0105t. Nie oby\u0142o si\u0119 bez wiosennych zagadek i wsp\u00f3lnego \u015bpiewania. By\u0142a bajka o&nbsp;Biedronce Uli, o wiewi\u00f3rce, kogutach, bocianach i wronach, wielorybach, krokodylu i rybach. W utworze J. Straussa s\u0142ycha\u0107 by\u0142o te\u017c r\u00f3\u017cne odg\u0142osy wiosny, kt\u00f3re dzieci bezb\u0142\u0119dnie odgadywa\u0142y.<br \/>\nNajwi\u0119ksz\u0105 sympati\u0119 dzieci zdoby\u0142 Przyjaciel Wiosny, weso\u0142y i radosny, kt\u00f3ry przyszed\u0142 w zielonej ukwieconej pelerynie i wielkim kapeluszu na g\u0142owie. Po wys\u0142uchaniu utworu \u201eWiosna\u201d Antonio Vivaldiego wszyscy chcieli by\u0107 przyjaci\u00f3\u0142mi wiosny, nawet czerwone biedroneczki w\u0142\u0105czy\u0142y si\u0119 do wsp\u00f3lnej zabawy.<br \/>\nPo takim radosnym Podwieczorku muzycznym ciep\u0142a, ukwiecona wiosna na pewno nied\u0142ugo do nas zawita. Spotkanie zako\u0144czy\u0142o si\u0119 tradycyjnym, wsp\u00f3lnym zdj\u0119ciem i s\u0142odkim pocz\u0119stunkiem. <strong><a title=\"Galeria \u2013 podwieczorek muzyczny dla dzieci 28.04.2019\" href=\"http:\/\/fundacjaoda.pl\/?page_id=17576\">Galeria<\/a><\/strong><\/p>\n<p><span style=\"font-size: 14.0pt;\">Podwieczorek muzyczny dla dzieci \u2013 Mistrz i ucze\u0144 &#8211; Walc kwiat\u00f3w, 07.04. 2019<\/span><br \/>\n<a href=\"http:\/\/fundacjaoda.pl\/wp-content\/uploads\/2019\/04\/IMG_1616.jpg\"><img loading=\"lazy\" class=\"alignnone size-full wp-image-17306\" style=\"margin-right: 10px;\" src=\"http:\/\/fundacjaoda.pl\/wp-content\/uploads\/2019\/04\/IMG_1616.jpg\" alt=\"IMG_1616\" width=\"20%\" height=\"20%\" align=\"left\" srcset=\"http:\/\/fundacjaoda.pl\/wp-content\/uploads\/2019\/04\/IMG_1616.jpg 900w, http:\/\/fundacjaoda.pl\/wp-content\/uploads\/2019\/04\/IMG_1616-150x110.jpg 150w\" sizes=\"(max-width: 900px) 100vw, 900px\" \/><\/a>W ostatni\u0105 niedziel\u0119 w Izbie Muzealnej Wodiczk\u00f3w w Wo\u0142ominie na wiosenny \u201ePodwieczorek muzyczny dla dzieci\u201d przyszli m\u0142odzi wo\u0142omi\u0144scy melomani. Na program z\u0142o\u017cy\u0142y si\u0119 utwory wykonane przez pianistk\u0119 Ann\u0119 Kornack\u0105 oraz utwory na flet w wykonaniu Beaty Kierzkowskiej. Artystkom towarzyszy\u0142y uczennice szk\u00f3\u0142 muzycznych, kt\u00f3re ucz\u0105 si\u0119 gra\u0107 pod okiem swoich nauczycieli ju\u017c od kilku lat: Aleksandra na flecie, Natalia na fortepianie i Maja na gitarze.<br \/>\nNa program koncertu z\u0142o\u017cy\u0142y si\u0119 nast\u0119puj\u0105ce utwory: <em>\u201eKarnawa\u0142 wenecki op.14\u2033<\/em> P. A. Genina, <em>\u201eWalc kwiat\u00f3w\u201d<\/em> E.\u00a0K\u00f3hlera, <em>\u201eRondo\u201d<\/em> P. Mullera, <em>\u201ePie\u015b\u0144 Pastuszka\u201d<\/em> i <em>\u201ePie\u015b\u0144 Papagena\u201d<\/em> W. A. Mozarta, <em>\u201eTango\u201d<\/em> P. Draytona, <em>\u201eKlauny\u201d<\/em> P. Harrisa i <em>\u201eRondo\u201d<\/em> L. van Beethovena.<br \/>\nAnimatorka Ma\u0142gorzata Chmielewska w przerwach mi\u0119dzy utworami zaprasza\u0142a dzieci do aktywnego udzia\u0142u w spotkaniu: by\u0142y wiosenne zagadki z nagrodami, by\u0142a nauka walca z chusteczkami, a na zako\u0144czenie zabawa pod tytu\u0142em <em>\u201eM\u00f3j kask ma cztery rogi\u201d<\/em>, do kt\u00f3rej w\u0142\u0105czyli si\u0119 tak\u017ce rodzice. Tradycyjnie koncert zako\u0144czy\u0142 si\u0119 wsp\u00f3lnym zdj\u0119ciem i s\u0142odkim podwieczorkiem.<br \/>\nTe wyj\u0105tkowe koncerty, uwra\u017cliwiaj\u0105ce dzieci na muzyk\u0119 klasyczn\u0105, znalaz\u0142y uznanie w\u015br\u00f3d mieszka\u0144c\u00f3w Wo\u0142omina i znalaz\u0142y si\u0119 w\u015br\u00f3d zwyci\u0119skich projekt\u00f3w Wo\u0142omi\u0144skiego Bud\u017cetu Obywatelskiego. I s\u0105 w tym roku finansowane przez Gmin\u0119 Wo\u0142omin. <strong><a title=\"Galeria \u2013 Podwieczorek muzyczny dla dzieci \u2013 Mistrz i ucze\u0144\" href=\"http:\/\/fundacjaoda.pl\/?page_id=17319\">Galeria<\/a><\/strong><\/p>\n<p><span style=\"font-size: 14.0pt;\">Podwieczorek muzyczny dla dzieci \u2013 Wok\u00f3\u0142 operowej sceny, 24.03. 2019<\/span><br \/>\n<a href=\"http:\/\/fundacjaoda.pl\/wp-content\/uploads\/2019\/03\/DSCN3891.jpg\"><img loading=\"lazy\" class=\"alignnone size-full wp-image-17088\" style=\"margin-right: 10px;\" src=\"http:\/\/fundacjaoda.pl\/wp-content\/uploads\/2019\/03\/DSCN3891.jpg\" alt=\"DSCN3891\" width=\"20%\" height=\"20%\" align=\"left\" srcset=\"http:\/\/fundacjaoda.pl\/wp-content\/uploads\/2019\/03\/DSCN3891.jpg 762w, http:\/\/fundacjaoda.pl\/wp-content\/uploads\/2019\/03\/DSCN3891-150x132.jpg 150w\" sizes=\"(max-width: 762px) 100vw, 762px\" \/><\/a>Muzyczn\u0105 opraw\u0119 podwieczorku zapewni\u0142 <strong>Duet Grazioso<\/strong> w sk\u0142adzie <strong><a title=\"Anna Kornacka\" href=\"http:\/\/fundacjaoda.pl\/?page_id=5609\">Anna Kornacka<\/a><\/strong>, fortepian, i <a title=\"Beata Kierzkowska\" href=\"http:\/\/fundacjaoda.pl\/?page_id=8983\"><strong>Beata Kierzkowska<\/strong><\/a>, flet. Koordynatorem spotkania by\u0142a <strong>Izabela Wilczak<\/strong>, a spotkanie z muzyk\u0105 operow\u0105 i operetkow\u0105 prowadzi\u0142a <strong>Ma\u0142gorzata Chmielewska<\/strong>. Ma\u0142gosia wyja\u015bni\u0142a dzieciom, co to jest opera, operetka i czym obie te formy spektaklu r\u00f3\u017cni\u0105 si\u0119 od spektakli teatralnych. Duet Graziozo wykona\u0142 trzy utwory z opery <em>&#8222;Wesele Figara&#8221;<\/em> V.\u00a0A.\u00a0Mozarta, a dzieci w skupieniu s\u0142ucha\u0142y nagradzaj\u0105c ka\u017cdy utw\u00f3r gromkimi brawami. Po wys\u0142uchaniu walca z\u00a0operetki <em>&#8222;Pi\u0119kna Helena&#8221;<\/em> J. Offenbacha rozpocz\u0119\u0142a si\u0119 nauka ta\u0144czenia walca. Kiedy dzieci opanowa\u0142y podstawowe kroki tego ta\u0144ca, Ma\u0142gosia rozda\u0142a im r\u00f3\u017cnokolorowe, powiewne chusty. W rytmie walca, powiewaj\u0105c chustami, dzieci ta\u0144czy\u0142y nabieraj\u0105c coraz wi\u0119kszej wprawy. Po kursie ta\u0144ca dzieci przyst\u0105pi\u0142y do rysowania na zadany przez Ma\u0142gosi\u0119 temat, kt\u00f3rym by\u0142y r\u00f3\u017cne emocje. Towarzyszy\u0142 im Duet Graziozo, kt\u00f3ry wykona\u0142 cztery utwory: ari\u0119 Lauretty <em>&#8222;O mio babbino caro&#8221;<\/em> z opery <em>&#8222;Gianni Schicchi&#8221;<\/em> J.\u00a0Pucciniego, ari\u0119 Adeli z <em>&#8222;Zemsty Nietoperza&#8221;<\/em> J. Straussa, walc z opery <em>&#8222;Faust&#8221;<\/em> Ch. Gounoda oraz aria Ksi\u0119cia Mantui <em>&#8222;La donna \u00e8 mobile&#8221;<\/em> z opery <em>&#8222;Rigoletto&#8221;<\/em> G. Verdiego. Ostatnim punktem programu by\u0142o zadanie muzyczne, w kt\u00f3rym dzieci wzi\u0119\u0142y aktywny udzia\u0142, klaszcz\u0105c, pstrykaj\u0105c, graj\u0105c na cymba\u0142kach i na marakasach w rytm utworu z opery <em>&#8222;Rigoletto&#8221;<\/em> G. Verdiego. Cudownym zakl\u0119ciem tego podwieczorku by\u0142o <em>&#8222;Chc\u0119 powiedzie\u0107 kilka s\u0142\u00f3w&#8230;&#8221;<\/em>. Na zako\u0144czenie do sali zosta\u0142 wniesiony nakryty st\u00f3\u0142 i wszyscy go\u015bcie zostali zaproszeni na podwieczorkowy s\u0142odki pocz\u0119stunek. <strong><a title=\"Galeria \u2013 Podwieczorek muzyczny dla dzieci \u2013 24-03-2019\" href=\"http:\/\/fundacjaoda.pl\/?page_id=17110\">Galeria<\/a><\/strong><\/p>\n<p><span style=\"font-size: 14.0pt;\">Podwieczorek muzyczny dla dzieci \u2013 Wiosenne muzykowanie, 10.03. 2019<\/span><br \/>\n<a href=\"http:\/\/fundacjaoda.pl\/wp-content\/uploads\/2019\/03\/IMG_1198.jpg\"><img loading=\"lazy\" class=\"alignnone size-full wp-image-16847\" style=\"margin-right: 10px;\" src=\"http:\/\/fundacjaoda.pl\/wp-content\/uploads\/2019\/03\/IMG_1198.jpg\" alt=\"IMG_1198\" width=\"20%\" height=\"20%\" align=\"left\" srcset=\"http:\/\/fundacjaoda.pl\/wp-content\/uploads\/2019\/03\/IMG_1198.jpg 493w, http:\/\/fundacjaoda.pl\/wp-content\/uploads\/2019\/03\/IMG_1198-82x150.jpg 82w\" sizes=\"(max-width: 493px) 100vw, 493px\" \/><\/a>Przyby\u0142e do Izby dzieci i ich opiekun\u00f3w przywita\u0142a Izabela Wilczak, kt\u00f3ra poprowadzi\u0142a podwieczorek zatytu\u0142owany \u201eWiosenne muzykowanie\u201d. Przedstawi\u0142a wykonawc\u00f3w \u2013 dzieci i pedagog\u00f3w z Niepublicznej Szko\u0142y Muzycznej I stopnia w Halinowie. Jako pierwsi wyst\u0105pili Ma\u0142gorzata R\u0105balska \u2013 skrzypce oraz Pawe\u0142 Filasi\u0144ski \u2013 gitara klasyczna, pedagodzy z tej szko\u0142y, wykonuj\u0105c utw\u00f3r Astora Piazzoli <em>\u201eCafe 1930\u201d<\/em>.<\/p>\n<p style=\"text-align: left;\"><a href=\"http:\/\/fundacjaoda.pl\/wp-content\/uploads\/2019\/03\/IMG_1273.jpg\"><img loading=\"lazy\" class=\"alignnone size-full wp-image-16908\" style=\"margin-left: 10px;\" src=\"http:\/\/fundacjaoda.pl\/wp-content\/uploads\/2019\/03\/IMG_1273.jpg\" alt=\"IMG_1273\" width=\"20%\" height=\"20%\" align=\"right\" srcset=\"http:\/\/fundacjaoda.pl\/wp-content\/uploads\/2019\/03\/IMG_1273.jpg 900w, http:\/\/fundacjaoda.pl\/wp-content\/uploads\/2019\/03\/IMG_1273-150x103.jpg 150w\" sizes=\"(max-width: 900px) 100vw, 900px\" \/><\/a>Ma\u0142gorzata R\u0105balska wraz z Ann\u0105 Kornack\u0105 na zmian\u0119 akompaniowa\u0142y na pianinie m\u0142odziutkim wykonawcom, kt\u00f3rzy wyst\u0105pili w koncercie graj\u0105c na:<br \/>\n&#8211; skrzypcach\u00a0\u2013 Antonina Krysiuk, Natalia Trojanowska,<br \/>\nEwa Onaszkiewicz,\u00a0Ma\u0142gorzata Pietrak, Weronika Grala,<br \/>\n&#8211; pianinie \u2013\u00a0 \u00a0 \u00a0 Klara Kordek i Julia Trojanowska.<\/p>\n<p><a href=\"http:\/\/fundacjaoda.pl\/wp-content\/uploads\/2019\/03\/IMG_1258.jpg\"><img loading=\"lazy\" class=\"alignnone size-full wp-image-16897\" style=\"margin-left: 10px;\" src=\"http:\/\/fundacjaoda.pl\/wp-content\/uploads\/2019\/03\/IMG_1258.jpg\" alt=\"IMG_1258\" width=\"20%\" height=\"20%\" align=\"right\" srcset=\"http:\/\/fundacjaoda.pl\/wp-content\/uploads\/2019\/03\/IMG_1258.jpg 880w, http:\/\/fundacjaoda.pl\/wp-content\/uploads\/2019\/03\/IMG_1258-150x102.jpg 150w\" sizes=\"(max-width: 880px) 100vw, 880px\" \/><\/a>W\u015br\u00f3d wykonywanych utwor\u00f3w znalaz\u0142y si\u0119 pozycje skomponowane przez A.\u00a0Cofalika: <em>\u201eKotek\u201d<\/em>, <em>\u201eKurcz\u0105tko\u201d<\/em> i <em>\u201eKucyk\u201d<\/em>, J. S. Bacha <em>\u201eMenuet G\u201d<\/em>, L. van Beethovena <em>\u201eDla Elizy\u201d<\/em> oraz R. Schumanna <em>\u201e\u015amia\u0142y je\u017adziec\u201d<\/em>. Wykonawcy utwor\u00f3w Antoniego Cofalika mieli mo\u017cliwo\u015b\u0107 powt\u00f3rnego wykonania utwor\u00f3w. W trakcie drugiego wykonania dzieci zgromadzone w Izbie na\u015bladowa\u0142y d\u017awi\u0119ki wydawane przez tytu\u0142owe zwierz\u0105tka. Utw\u00f3r <em><em>&#8222;Menuet G&#8221;<\/em><\/em> by\u0142 okazj\u0105 do zata\u0144czenia menueta wed\u0142ug wskaz\u00f3wek Izabeli Wilczak.<br \/>\n<a href=\"http:\/\/fundacjaoda.pl\/wp-content\/uploads\/2019\/03\/IMG_1270.jpg\"><img loading=\"lazy\" class=\"alignnone size-full wp-image-16905\" style=\"margin-left: 10px;\" src=\"http:\/\/fundacjaoda.pl\/wp-content\/uploads\/2019\/03\/IMG_1270.jpg\" alt=\"IMG_1270\" width=\"20%\" height=\"20%\" align=\"right\" srcset=\"http:\/\/fundacjaoda.pl\/wp-content\/uploads\/2019\/03\/IMG_1270.jpg 900w, http:\/\/fundacjaoda.pl\/wp-content\/uploads\/2019\/03\/IMG_1270-150x91.jpg 150w\" sizes=\"(max-width: 900px) 100vw, 900px\" \/><\/a>Koncert zako\u0144czy si\u0119 utworem Astora Piazzoli <em>\u201eNightclub 1960\u201d<\/em> wykonanym przez Ma\u0142gorzat\u0119 R\u0105balsk\u0105 i Paw\u0142a Filasi\u0144skiego. Po wsp\u00f3lnym zdj\u0119ciu grupowym na wszystkich czeka\u0142 przygotowany s\u0142odki pocz\u0119stunek. <strong><a title=\"Galeria \u2013 Podwieczorek \u2013 Wiosenne muzykowanie\" href=\"http:\/\/fundacjaoda.pl\/?page_id=16912\">Galeria<\/a><\/strong><\/p>\n<p><span style=\"font-size: 14.0pt;\">Podwieczorek muzyczny dla dzieci \u2013 Weso\u0142y klarnet, 18.11. 2018<\/span><br \/>\n<a href=\"http:\/\/fundacjaoda.pl\/wp-content\/uploads\/2018\/11\/IMG_9681.jpg\"><img loading=\"lazy\" class=\"alignnone size-full wp-image-15760\" style=\"margin-right: 10px;\" src=\"http:\/\/fundacjaoda.pl\/wp-content\/uploads\/2018\/11\/IMG_9681.jpg\" alt=\"IMG_9681\" width=\"20%\" height=\"20%\" align=\"left\" srcset=\"http:\/\/fundacjaoda.pl\/wp-content\/uploads\/2018\/11\/IMG_9681.jpg 570w, http:\/\/fundacjaoda.pl\/wp-content\/uploads\/2018\/11\/IMG_9681-95x150.jpg 95w\" sizes=\"(max-width: 570px) 100vw, 570px\" \/><\/a>Prowadz\u0105ca spotkanie Ma\u0142gorzata Chmielewska przedstawi\u0142a wykonawc\u00f3w zaproszonych na podwieczorek \u2013 <a title=\"Anna Kornacka\" href=\"http:\/\/fundacjaoda.pl\/?page_id=5609\"><strong>Ann\u0119 Kornack\u0105<\/strong><\/a> (fortepian) i <a title=\"Janusz Komuda\" href=\"http:\/\/fundacjaoda.pl\/?page_id=15558\"><strong>Janusza Komud\u0119<\/strong><\/a> graj\u0105cego na klarnecie. Pan Janusz opowiedzia\u0142 dzieciom o tym ciekawym instrumencie \u2013 zapozna\u0142 je z budow\u0105 klarnetu i zademonstrowa\u0142 r\u00f3\u017cne d\u017awi\u0119ki, jakie mo\u017cna z niego wydoby\u0107 w zale\u017cno\u015bci od tego, ile cz\u0119\u015bci go tworzy. Te informacje pos\u0142u\u017cy\u0142y p\u00f3\u017aniej do kr\u00f3tkiego konkursu, po kt\u00f3rym zabrzmia\u0142 <em>\u201eKarnawa\u0142 wenecki\u201d<\/em> J. B. Arbana. <em>\u201eMa\u0142y Murzynek\u201d<\/em> C. Debussy\u2019ego pos\u0142u\u017cy\u0142 jako t\u0142o do kolejnych zada\u0144\u2013 nauki tekstu kr\u00f3tkiej piosenki i rytmicznego wybijania taktu melodii oraz namalowania ma\u0142ego domku pod palmami dla bohatera tego utworu. Malowaniu obrazk\u00f3w towarzyszy\u0142y dwie kolejne melodie: <em>\u201eTarantella\u201d<\/em> C. Barmanna i <em>\u201eSonatina\u201d<\/em> C. M. Webera. Nie zabrak\u0142o okazji do przeprowadzenia konkursu, w kt\u00f3rym dzieci zgadywa\u0142y tytu\u0142y \u201eDobranocek\u201d na podstawie fragmentu melodii. <em>\u201eR\u00f3\u017cowa pantera\u201d<\/em> H. Manciniego by\u0142a okazj\u0105 do stworzenia pomocniczej orkiestry z\u0142o\u017conej z ma\u0142ych muzyk\u00f3w graj\u0105cych na tr\u00f3jk\u0105tach i dzwoneczkach. Ostatnie muzyczne zadanie poprzedzi\u0142a nauka ta\u0144ca \u2013 polki \u2013 kt\u00f3rej skomplikowane figury dzieci opanowa\u0142y dzi\u0119ki wskaz\u00f3wkom Ma\u0142gorzaty Chmielewskiej. W takt polski <em>\u201eDziadek\u201d<\/em> w opracowaniu S. Wi\u015bniewskiego taniec dzieci wypad\u0142 znakomicie i wszystkie dzieci otrzyma\u0142y nagrody i zas\u0142u\u017cone brawa. Wykonawcy &#8211; Anna Kornacka i Janusz Komuda &#8211; r\u00f3wnie\u017c zostali nagrodzeni gromkimi oklaskami. Spotkanie zako\u0144czy\u0142o wsp\u00f3lne grupowe zdj\u0119cie i s\u0142odki pocz\u0119stunek. <strong><a title=\"Galeria \u2013 Podwiczorek dla dzieci \u2013 Weso\u0142y klarnet\" href=\"http:\/\/fundacjaoda.pl\/?page_id=15796\">Galeria<\/a><\/strong><\/p>\n<p><span style=\"font-size: 14.0pt;\">Podwieczorek muzyczny dla dzieci \u2013 Jesienne pejza\u017ce w muzyce, 07.10. 2018<\/span><br \/>\n<a href=\"http:\/\/fundacjaoda.pl\/wp-content\/uploads\/2018\/10\/IMG_8031.jpg\"><img loading=\"lazy\" class=\"alignnone size-full wp-image-15268\" style=\"margin-right: 10px;\" src=\"http:\/\/fundacjaoda.pl\/wp-content\/uploads\/2018\/10\/IMG_8031.jpg\" alt=\"IMG_8031\" width=\"20%\" height=\"20%\" align=\"left\" srcset=\"http:\/\/fundacjaoda.pl\/wp-content\/uploads\/2018\/10\/IMG_8031.jpg 900w, http:\/\/fundacjaoda.pl\/wp-content\/uploads\/2018\/10\/IMG_8031-150x100.jpg 150w\" sizes=\"(max-width: 900px) 100vw, 900px\" \/><\/a>Podwieczorek rozpocz\u0105\u0142 si\u0119 muzyk\u0105 Lucjana M. Kaszyckiego <em>\u201ePami\u0119tasz by\u0142a jesie\u0144\u201d<\/em>, kt\u00f3ra wprowadzi\u0142a zebranych w Izbie go\u015bci w jesienny nastr\u00f3j. Utwory i towarzysz\u0105ce im zabawy by\u0142y przeplatane konkursami i pytaniami o\u00a0tematyce jesiennej. Aby zach\u0119ci\u0107 dzieci do edukacji muzycznej, w Podwieczorkach cz\u0119sto wyst\u0119puj\u0105 dzieci, kt\u00f3re ucz\u0105 si\u0119 \u015bpiewu lub gry na instrumentach muzycznych. Tym razem w Izbie zaprezentowa\u0142a swoje umiej\u0119tno\u015bci <strong>Madzia Marczak<\/strong>, kt\u00f3ra zagra\u0142a, razem z <strong><a title=\"Anna Kornacka\" href=\"http:\/\/fundacjaoda.pl\/?page_id=5609\">Ann\u0105 Kornack\u0105<\/a><\/strong>, utw\u00f3r na cztery r\u0119ce pt. <em>\u201eRagtime ma\u0142ego klauna\u201d<\/em> skomponowany przez Tatian\u0119 Stachak. <strong><a title=\"Podwieczorek muzyczny dla dzieci \u2013 Jesienne pejza\u017ce w muzyce\" href=\"http:\/\/fundacjaoda.pl\/?page_id=15298\">Wi\u0119cej&#8230;<\/a> <\/strong><a title=\"Galeria \u2013 Muzyka jesienna\" href=\"http:\/\/fundacjaoda.pl\/?page_id=15294\"><strong>Galeria<\/strong><\/a><\/p>\n<p><span style=\"font-size: 14.0pt;\">Podwieczorek muzyczny dla dzieci \u2013 Muzyczne zoo, 10.06. 2018<\/span><br \/>\n<a href=\"http:\/\/fundacjaoda.pl\/wp-content\/uploads\/2018\/10\/20180610_1650452.jpg\"><img loading=\"lazy\" class=\"alignnone size-full wp-image-15344\" style=\"margin-right: 10px;\" src=\"http:\/\/fundacjaoda.pl\/wp-content\/uploads\/2018\/10\/20180610_1650452.jpg\" alt=\"20180610_165045\" width=\"20%\" height=\"20%\" align=\"left\" srcset=\"http:\/\/fundacjaoda.pl\/wp-content\/uploads\/2018\/10\/20180610_1650452.jpg 424w, http:\/\/fundacjaoda.pl\/wp-content\/uploads\/2018\/10\/20180610_1650452-117x150.jpg 117w\" sizes=\"(max-width: 424px) 100vw, 424px\" \/><\/a> <strong><a title=\"Galeria \u2013 Muzyczne zoo\" href=\"http:\/\/fundacjaoda.pl\/?page_id=15341\">Galeria<\/a><\/strong><\/p>\n<p><span style=\"font-size: 14.0pt;\">Podwieczorek muzyczny dla dzieci \u2013 Polak ma\u0142y, 27.05. 2018<\/span><br \/>\n<a href=\"http:\/\/fundacjaoda.pl\/wp-content\/uploads\/2018\/05\/IMG_5606.jpg\"><img loading=\"lazy\" class=\"alignnone size-full wp-image-14828\" style=\"margin-right: 10px;\" src=\"http:\/\/fundacjaoda.pl\/wp-content\/uploads\/2018\/05\/IMG_5606.jpg\" alt=\"IMG_5606\" width=\"20%\" height=\"20%\" align=\"left\" srcset=\"http:\/\/fundacjaoda.pl\/wp-content\/uploads\/2018\/05\/IMG_5606.jpg 900w, http:\/\/fundacjaoda.pl\/wp-content\/uploads\/2018\/05\/IMG_5606-150x100.jpg 150w\" sizes=\"(max-width: 900px) 100vw, 900px\" \/><\/a> <strong><a title=\"Galeria \u2013 Polak ma\u0142y\" href=\"http:\/\/fundacjaoda.pl\/?page_id=14906\">Galeria<\/a><\/strong><\/p>\n<p><span style=\"font-size: 14.0pt;\">Podwieczorek muzyczny dla dzieci \u2013 Dzieci dzieciom, 13.05. 2018<\/span><br \/>\n<a href=\"http:\/\/fundacjaoda.pl\/wp-content\/uploads\/2018\/05\/IMG_5510.jpg\"><img loading=\"lazy\" class=\"alignnone size-full wp-image-14756\" style=\"margin-right: 10px;\" src=\"http:\/\/fundacjaoda.pl\/wp-content\/uploads\/2018\/05\/IMG_5510.jpg\" alt=\"IMG_5510\" width=\"20%\" height=\"20%\" align=\"left\" srcset=\"http:\/\/fundacjaoda.pl\/wp-content\/uploads\/2018\/05\/IMG_5510.jpg 900w, http:\/\/fundacjaoda.pl\/wp-content\/uploads\/2018\/05\/IMG_5510-150x100.jpg 150w\" sizes=\"(max-width: 900px) 100vw, 900px\" \/><\/a>W niedzielne popo\u0142udnie 13 maja go\u015bcili\u015bmy ma\u0142ych artyst\u00f3w z Niepublicznej Szko\u0142y Muzycznej I stopnia w\u00a0Halinowie. S\u0105 to uczniowie klasy fortepianu Anny Przybysz i Mariusza Adamczaka, klasy skrzypiec Ma\u0142gorzaty R\u0105balskiej, klasy wiolonczeli Katarzyny Kaczy\u0144skiej, klasy fletu Edyty Rz\u0105\u017cewskiej oraz klasy gitary Tomasza Beredy i Paw\u0142a Filasi\u0144skiego. Koncert poprowadzi\u0142a dyrektor szko\u0142y muzycznej Ma\u0142gorzata R\u0105balska. Program by\u0142 bardzo urozmaicony. Mogli\u015bmy pos\u0142ucha\u0107 wielu instrument\u00f3w jak i bardzo r\u00f3\u017cnorodnego repertuaru od prostych kompozycji po klasyczne dzie\u0142a wielkich kompozytor\u00f3w. Dzieci od\u015bwi\u0119tnie ubrane pi\u0119knie si\u0119 prezentowa\u0142y. Wyst\u0119powa\u0142y solo i w duetach ze swoimi nauczycielami. Wida\u0107 by\u0142o, \u017ce muzykowanie sprawia im sporo przyjemno\u015bci, zw\u0142aszcza kiedy graj\u0105 dla swoich r\u00f3wie\u015bnik\u00f3w. W przyjaznej atmosferze nawet trema nie by\u0142a taka straszna. <strong><a title=\"Dzieci \u2013 dzieciom \u2013 podwieczorek muzyczny\" href=\"http:\/\/fundacjaoda.pl\/?page_id=15158\">Wi\u0119cej&#8230;<\/a><a title=\"Galeria \u2013 Dzieci dzieciom\" href=\"http:\/\/fundacjaoda.pl\/?page_id=14816\">Galeria<\/a><\/strong><\/p>\n<p><span style=\"font-size: 14.0pt;\">Podwieczorek muzyczny dla dzieci \u2013 Rozta\u0144czone skrzypce, 15.04. 2018<\/span><br \/>\n<a href=\"http:\/\/fundacjaoda.pl\/wp-content\/uploads\/2018\/04\/IMG_5284.jpg\"><img loading=\"lazy\" class=\"alignnone size-full wp-image-14572\" style=\"margin-right: 10px;\" src=\"http:\/\/fundacjaoda.pl\/wp-content\/uploads\/2018\/04\/IMG_5284.jpg\" alt=\"IMG_5284\" width=\"20%\" height=\"20%\" align=\"left\" srcset=\"http:\/\/fundacjaoda.pl\/wp-content\/uploads\/2018\/04\/IMG_5284.jpg 600w, http:\/\/fundacjaoda.pl\/wp-content\/uploads\/2018\/04\/IMG_5284-100x150.jpg 100w\" sizes=\"(max-width: 600px) 100vw, 600px\" \/><\/a>W niedziel\u0119 15 kwietnia zainaugurowali\u015bmy nowy sezon koncertowy dla dzieci. W ramach \u201ePodwieczorku muzycznego dla dzieci\u201d do niezwyk\u0142ej d\u017awi\u0119kowej krainy porwa\u0142y nas instrumenty strunowe: skrzypce, alt\u00f3wka i\u00a0gitara. Jak zawsze licznie przyby\u0142ych go\u015bci powita\u0142a i spotkanie poprowadzi\u0142a <strong>Ma\u0142gorzata Chmielewska<\/strong>. W roli solisty wyst\u0105pi\u0142 skrzypek <strong>Piotr Grabowicz<\/strong>. Akompaniowa\u0142a mu na fortepianie <strong><a title=\"Anna Kornacka\" href=\"http:\/\/fundacjaoda.pl\/?page_id=5609\">Anna Kornacka<\/a><\/strong>. Na scenie pojawili si\u0119 te\u017c m\u0142odzi muzycy: uczennica wo\u0142omi\u0144skiej szko\u0142y muzycznej skrzypaczka Marta So\u0142tysiak oraz gitarzy\u015bci ze szko\u0142y muzycznej w Halinowie: Amelka Sobczyk i Jeremi Dr\u0105g. W programie spotkania znalaz\u0142y si\u0119 utwory takie jak <em>&#8222;Marche miniature viennoise&#8221;<\/em> F. Kreislera, <em>&#8222;La Cinquatine&#8221;<\/em> G. Marie, <em>&#8222;Sicilienne&#8221; <\/em>T. v. Paradise\u2019a, <em>&#8222;Pie\u015b\u0144 Polska&#8221;<\/em> H.\u00a0Wieniawskiego, <em>&#8222;Czardasz&#8221;<\/em> V. Montiego oraz kompozycje gitarowe Tatiany Stachak.<strong><a title=\"Rozta\u0144czone skrzypce\" href=\"http:\/\/fundacjaoda.pl\/?page_id=14687\">Wi\u0119cej&#8230;<\/a> <a title=\"Galeria \u2013 Skrzypce\" href=\"http:\/\/fundacjaoda.pl\/?page_id=14617\">Galeria<\/a><\/strong><\/p>\n<p><span style=\"font-size: 14.0pt;\">Podwieczorek muzyczny dla dzieci \u2013 Miko\u0142ajki, 03.12. 2017<\/span><br \/>\n<a href=\"http:\/\/fundacjaoda.pl\/wp-content\/uploads\/2017\/12\/IMG_4419.jpg\"><img loading=\"lazy\" class=\"alignnone size-full wp-image-13557\" style=\"margin-right: 10px;\" src=\"http:\/\/fundacjaoda.pl\/wp-content\/uploads\/2017\/12\/IMG_4419.jpg\" alt=\"IMG_4419\" width=\"20%\" height=\"20%\" align=\"left\" srcset=\"http:\/\/fundacjaoda.pl\/wp-content\/uploads\/2017\/12\/IMG_4419.jpg 600w, http:\/\/fundacjaoda.pl\/wp-content\/uploads\/2017\/12\/IMG_4419-100x150.jpg 100w\" sizes=\"(max-width: 600px) 100vw, 600px\" \/><\/a>Jak zwykle zgromadzone w Izbie dzieci i ich opiekun\u00f3w powita\u0142a gor\u0105co Ma\u0142gorzata Chmielewska. Zapowiedzia\u0142a panie tworz\u0105ce Duet Grazioso \u2013 <strong><a title=\"Anna Kornacka\" href=\"http:\/\/fundacjaoda.pl\/?page_id=5609\">Ann\u0119 Kornack\u0105<\/a><\/strong>, fortepian, i <a title=\"Beata Kierzkowska\" href=\"http:\/\/fundacjaoda.pl\/?page_id=8983\">Beat\u0119 Kierzkowsk\u0105<\/a>, flet. Zwr\u00f3ci\u0142a te\u017c uwag\u0119 dzieci, \u017ce w Izbie pojawi\u0142 si\u0119 niecodzienny go\u015b\u0107 \u2013 \u015bwi\u0119ty Miko\u0142aj. Usiad\u0142 sobie cichutko na fotelu i obserwowa\u0142 dzieci, kt\u00f3re rado\u015bnie dokazywa\u0142y w znanym ju\u017c sobie dobrze otoczeniu i w\u015br\u00f3d znanych ju\u017c sobie koleg\u00f3w i kole\u017canek. Dzieci bezb\u0142\u0119dnie poradzi\u0142y sobie z tematem adwentu i za udzielone na pytania Ma\u0142gorzaty Chmielewskiej odpowiedzi otrzyma\u0142y od Miko\u0142aja s\u0142odkie nagrody. A\u00a0potem Szymon, m\u0142ody uczestnik podwieczork\u00f3w muzycznych, zagra\u0142 na pianinie kol\u0119d\u0119 <em>\u201eB\u00f3g si\u0119 rodzi\u201d<\/em>. <strong><a title=\"Miko\u0142ajki 2017\" href=\"http:\/\/fundacjaoda.pl\/?page_id=13894\">Wi\u0119cej&#8230;<\/a> <a title=\"Galeria \u2013 Mikolajki 2017\" href=\"http:\/\/fundacjaoda.pl\/?page_id=13581\">Galeria<\/a><\/strong><\/p>\n<p><span style=\"font-size: 14.0pt;\">Podwieczorek muzyczny dla dzieci \u2013 Polak ma\u0142y, 12.11. 2017<\/span><br \/>\n<a href=\"http:\/\/fundacjaoda.pl\/wp-content\/uploads\/2017\/11\/IMG_3964.jpg\"><img loading=\"lazy\" class=\"alignnone size-full wp-image-12952\" style=\"margin-right: 10px;\" src=\"http:\/\/fundacjaoda.pl\/wp-content\/uploads\/2017\/11\/IMG_3964.jpg\" alt=\"IMG_3964\" width=\"20%\" height=\"20%\" align=\"left\" srcset=\"http:\/\/fundacjaoda.pl\/wp-content\/uploads\/2017\/11\/IMG_3964.jpg 900w, http:\/\/fundacjaoda.pl\/wp-content\/uploads\/2017\/11\/IMG_3964-250x150.jpg 250w, http:\/\/fundacjaoda.pl\/wp-content\/uploads\/2017\/11\/IMG_3964-150x90.jpg 150w\" sizes=\"(max-width: 900px) 100vw, 900px\" \/><\/a>Wszystkie przyby\u0142e do Izby dzieci zosta\u0142y przystrojone w narodowe kokardy, kt\u00f3re zosta\u0142y przygotowane na warsztatach \u201eTworzenie kokard narodowych\u201d, kt\u00f3re odby\u0142y si\u0119 r\u00f3wnie\u017c w Izbie w ramach projektu \u201eProwadzenie dzia\u0142a\u0144 wspieraj\u0105cych edukacj\u0119 kulturaln\u0105 oraz popularyzacj\u0119 dziedzictwa historycznego Wo\u0142omina\u201d finansowanego przez Gmin\u0119 Wo\u0142omin. Dzieci zaj\u0119\u0142y miejsca siedz\u0105ce. <strong><a title=\"Polak ma\u0142y \u2013 12.11.2017\" href=\"http:\/\/fundacjaoda.pl\/?page_id=12992\">Wi\u0119cej&#8230;<\/a> <a title=\"Galeria \u2013 Polak ma\u0142y, 12.11.2017\" href=\"http:\/\/fundacjaoda.pl\/?page_id=12990\">Galeria<\/a><\/strong><\/p>\n<p><span style=\"font-size: 14.0pt;\">Podwieczorek muzyczny dla dzieci \u2013 Muzyka bajkowa, 08.10. 2017<\/span><br \/>\n<a href=\"http:\/\/fundacjaoda.pl\/wp-content\/uploads\/2017\/10\/IMG_2862.jpg\"><img loading=\"lazy\" class=\"alignnone size-full wp-image-12383\" style=\"margin-right: 10px;\" src=\"http:\/\/fundacjaoda.pl\/wp-content\/uploads\/2017\/10\/IMG_2862.jpg\" alt=\"IMG_2862\" width=\"20%\" height=\"20%\" align=\"left\" srcset=\"http:\/\/fundacjaoda.pl\/wp-content\/uploads\/2017\/10\/IMG_2862.jpg 900w, http:\/\/fundacjaoda.pl\/wp-content\/uploads\/2017\/10\/IMG_2862-150x100.jpg 150w\" sizes=\"(max-width: 900px) 100vw, 900px\" \/><\/a>W to deszczowe i pochmurne popo\u0142udnie do Izby przyby\u0142o wyj\u0105tkowo du\u017co dzieci wraz z opiekunami. Wszystkich gor\u0105co przywita\u0142a Ma\u0142gorzata Chmielewska i przedstawi\u0142a znane ju\u017c dobrze sta\u0142ym, ma\u0142ym bywalcom Izby artystki tworz\u0105ce Duet Grazioso &#8211; <a title=\"Anna Kornacka\" href=\"http:\/\/fundacjaoda.pl\/?page_id=5609\">Ann\u0119 Kornack\u0105<\/a> graj\u0105c\u0105 na pianinie i <a title=\"Beata Kierzkowska\" href=\"http:\/\/fundacjaoda.pl\/?page_id=8983\">Beat\u0119 Kierzkowsk\u0105<\/a> graj\u0105c\u0105 na flecie, kt\u00f3re przygotowa\u0142y repertuar na to muzyczne spotkanie i kt\u00f3re wielokrotnie ju\u017c towarzyszy\u0142y dzieciom podczas podwieczork\u00f3w muzycznych. <em>\u201eAlladyn\u201d<\/em>, <em>\u201e\u015anie\u017cka\u201d<\/em>, <em>\u201ePi\u0119kna i Bestia\u201d<\/em>, <em>\u201eKopciuszek\u201d<\/em>, <em>\u201eCzerwony Kapturek\u201d<\/em>, <em>\u201eAlicja w Krainie Czar\u00f3w\u201d<\/em> \u2013 to bajki, kt\u00f3rych fabu\u0142a, bohaterowie i muzyka filmowa sta\u0142y si\u0119 motywami przewodnimi tego wieczoru. Na scenie pojawia\u0142y si\u0119 postaci z bajek, a dzieci musia\u0142y odgadn\u0105\u0107, z jakiej bajki ta posta\u0107 pochodzi. Duet Grazioso wykona\u0142 utwory muzyczne, a dzieci musia\u0142y zgadn\u0105\u0107, czy jest to motyw muzyczny z kt\u00f3rej animowanej bajki pochodzi &#8211; z filmu <em>\u201eKr\u00f3lewna \u015anie\u017cka\u201d<\/em>, <em>\u201ePi\u0119kna i Bestia\u201d<\/em>, czy <em>\u201eAlicja w Krainie Czar\u00f3w\u201d<\/em>. <strong><a title=\"Muzyka bajkowa\" href=\"http:\/\/fundacjaoda.pl\/?page_id=12379\">Wi\u0119cej&#8230;<\/a> <a title=\"Galeria \u2013 Muzyka bajkowa, 08.10.2017\" href=\"http:\/\/fundacjaoda.pl\/?page_id=12422\">Galeria<\/a><\/strong><\/p>\n<p><span style=\"font-size: 14.0pt;\">Podwieczorek muzyczny dla dzieci \u2013 Klasycy wiede\u0144scy, 23.09. 2017<\/span><br \/>\n<a href=\"http:\/\/fundacjaoda.pl\/wp-content\/uploads\/2017\/09\/IMG_2705.jpg\"><img loading=\"lazy\" class=\"alignnone size-full wp-image-12026\" style=\"margin-right: 10px;\" src=\"http:\/\/fundacjaoda.pl\/wp-content\/uploads\/2017\/09\/IMG_2705.jpg\" alt=\"IMG_2705\" width=\"20%\" height=\"20%\" align=\"left\" srcset=\"http:\/\/fundacjaoda.pl\/wp-content\/uploads\/2017\/09\/IMG_2705.jpg 849w, http:\/\/fundacjaoda.pl\/wp-content\/uploads\/2017\/09\/IMG_2705-150x106.jpg 150w\" sizes=\"(max-width: 849px) 100vw, 849px\" \/><\/a>Wszystkie przyby\u0142e dzieci i ich opiekun\u00f3w gor\u0105co przywita\u0142a Ma\u0142gorzata Chmielewska i przedstawi\u0142a artystki tworz\u0105ce Duet Grazioso &#8211; <a title=\"Anna Kornacka\" href=\"http:\/\/fundacjaoda.pl\/?page_id=5609\">Ann\u0119 Kornack\u0105<\/a> graj\u0105c\u0105 na pianinie i <a title=\"Beata Kierzkowska\" href=\"http:\/\/fundacjaoda.pl\/?page_id=8983\">Beat\u0119 Kierzkowsk\u0105<\/a> graj\u0105c\u0105 na flecie. Ma\u0142gosia Chmielewska przybli\u017cy\u0142a dzieciom postaci wybranych na ten podwieczorek kompozytor\u00f3w. Nast\u0119pnie zaprosi\u0142a wszystkie dzieci na \u015brodek sali, zach\u0119ci\u0142a do wybrania kredek i poprosi\u0142a o namalowanie wspomnienia z\u00a0najmilszego wydarzenia, jakie dzieci prze\u017cy\u0142y podczas wakacji. Malowaniu towarzyszy\u0142 <em>\u201eMarsz turecki\u201d<\/em> W.\u00a0A.\u00a0Mozarta. Poniewa\u017c malowanie przed\u0142u\u017cy\u0142o si\u0119, duet Grazioso zagra\u0142 kolejny utw\u00f3r <em>\u201eMenuet rokoko\u201d<\/em> J.\u00a0Haydna. Kiedy wybrzmia\u0142 utw\u00f3r \u201epapy\u201d Haydna, dzieci pokaza\u0142y swoje prace i opowiada\u0142y, dlaczego wybra\u0142y to w\u0142a\u015bnie wydarzenie na temat swojej pracy. <strong><a title=\"Klasycy wiede\u0144scy\" href=\"http:\/\/fundacjaoda.pl\/?page_id=12228\">Wi\u0119cej&#8230;<\/a><\/strong> <strong><a title=\"Galeria \u2013 Klasycy wiede\u0144scy\" href=\"http:\/\/fundacjaoda.pl\/?page_id=12234\">Galeria<\/a><\/strong><\/p>\n<p><span style=\"font-size: 14.0pt;\">Podwieczorek muzyczny dla dzieci \u2013 Muzyka Strauss\u00f3w, 03.09. 2017<\/span><br \/>\n<a href=\"http:\/\/fundacjaoda.pl\/wp-content\/uploads\/2017\/09\/20170924_164728.jpg\"><img loading=\"lazy\" class=\"alignnone size-full wp-image-12099\" style=\"margin-right: 10px;\" src=\"http:\/\/fundacjaoda.pl\/wp-content\/uploads\/2017\/09\/20170924_164728.jpg\" alt=\"20170924_164728\" width=\"20%\" height=\"20%\" align=\"left\" srcset=\"http:\/\/fundacjaoda.pl\/wp-content\/uploads\/2017\/09\/20170924_164728.jpg 900w, http:\/\/fundacjaoda.pl\/wp-content\/uploads\/2017\/09\/20170924_164728-150x112.jpg 150w\" sizes=\"(max-width: 900px) 100vw, 900px\" \/><\/a>Wszystkie przyby\u0142e dzieci i ich opiekun\u00f3w gor\u0105co przywita\u0142a Ma\u0142gorzata Chmielewska i podzi\u0119kowa\u0142a serdecznie Starostwu Wo\u0142omi\u0144skiemu za sfinansowanie kolejnego spotkania dzieci z muzyk\u0105 powa\u017cn\u0105. Bohaterami tego spotkania byli wiede\u0144scy kompozytorzy \u2013 J\u00f3zef, Johann-syn i Johann-ojciec oraz Eduard Strauss. Ma\u0142gorzata Chmielewska przedstawi\u0142a artystki tworz\u0105ce Duet Grazioso &#8211; <a title=\"Anna Kornacka\" href=\"http:\/\/fundacjaoda.pl\/?page_id=5609\">Ann\u0119 Kornack\u0105<\/a> graj\u0105c\u0105 na pianinie i <a title=\"Beata Kierzkowska\" href=\"http:\/\/fundacjaoda.pl\/?page_id=8983\">Beat\u0119 Kierzkowsk\u0105<\/a> graj\u0105c\u0105 na flecie, kt\u00f3re przygotowa\u0142y repertuar na to muzyczne spotkanie. Poniewa\u017c nazwisko Strauss kojarzy si\u0119 z walcem, spotkanie rozpocz\u0105\u0142 walc <em>\u201eNad pi\u0119knym modrym Dunajem\u201d<\/em> skomponowany przez Johanna Straussa-syna. Kiedy pi\u0119kny walc wybrzmia\u0142 do ko\u0144ca, Ma\u0142gosia skierowa\u0142a do dzieci pytanie, do kogo z rodzic\u00f3w s\u0105 podobne. Nawi\u0105za\u0142a tym do dziedziczenia przez dzieci po rodzicach nie tylko cech zewn\u0119trznych, ale tak\u017ce cech charakteru i talent\u00f3w, co mia\u0142o miejsce w\u0142a\u015bnie w rodzinie Strauss\u00f3w, wiede\u0144skich muzyk\u00f3w. <strong><a title=\"Muzyka Strauss\u00f3w\" href=\"http:\/\/fundacjaoda.pl\/?page_id=12248\">Wi\u0119cej&#8230;<\/a> <a title=\"Galeria \u2013 Rodzina Strauss\u00f3w\" href=\"http:\/\/fundacjaoda.pl\/?page_id=12124\">Galeria<\/a><\/strong><\/p>\n<p><span style=\"font-size: 14.0pt;\">Podwieczorek muzyczny dla dzieci \u2013 Muzyka i ta\u0144ce ludowe, 11.06. 2017<\/span><br \/>\n<a href=\"http:\/\/fundacjaoda.pl\/wp-content\/uploads\/2017\/06\/IMG_1797.jpg\"><img loading=\"lazy\" class=\"alignnone size-full wp-image-11701\" style=\"margin-right: 10px;\" src=\"http:\/\/fundacjaoda.pl\/wp-content\/uploads\/2017\/06\/IMG_1797.jpg\" alt=\"IMG_1797\" width=\"20%\" height=\"20%\" align=\"left\" srcset=\"http:\/\/fundacjaoda.pl\/wp-content\/uploads\/2017\/06\/IMG_1797.jpg 900w, http:\/\/fundacjaoda.pl\/wp-content\/uploads\/2017\/06\/IMG_1797-150x100.jpg 150w\" sizes=\"(max-width: 900px) 100vw, 900px\" \/><\/a>W to niedzielne popo\u0142udnie, na ostatni ju\u017c przed wakacjami podwieczorek, do Izby Muzealnej Wodiczk\u00f3w przyby\u0142o niewielu go\u015bci \u2013 dzieci wraz z opiekunami. Wszystkich gor\u0105co przywita\u0142a Ma\u0142gorzata Chmielewska i&amp;nbsp:przedstawi\u0142a artystki tworz\u0105ce Duet Grazioso, <a title=\"Anna Kornacka\" href=\"http:\/\/fundacjaoda.pl\/?page_id=5609\">Ann\u0119 Kornack\u0105<\/a> graj\u0105c\u0105 na pianinie i <a title=\"Beata Kierzkowska\" href=\"http:\/\/fundacjaoda.pl\/?page_id=8983\">Beat\u0119 Kierzkowsk\u0105<\/a> graj\u0105c\u0105 na flecie. Podwieczorkowy koncert rozpocz\u0105\u0142 \u201e<em>Taniec w\u0119gierski<\/em>\u201d J. Brahmsa. Ma\u0142gorzata Chmielewska przedstawi\u0142a nast\u0119pnie m\u0142od\u0105 skrzypaczk\u0119, jedn\u0105 z dw\u00f3ch, kt\u00f3re mia\u0142y wyst\u0105pi\u0107 w programie podwieczorku jako dow\u00f3d na to, \u017ce w Wo\u0142ominie te\u017c s\u0105 dzieci kt\u00f3re po\u015bwi\u0119caj\u0105 wolny czas na \u017cmudn\u0105 nauk\u0119 gry na instrumencie. Pierwsz\u0105 z ich by\u0142a Wiktoria Chmielewska, kt\u00f3ra wykona\u0142a przygotowany utw\u00f3r, \u201e<em>Obertas<\/em>\u201d H. Wieniawskiego, przy akompaniamencie Anny Kornackiej. Nast\u0119pnie Ma\u0142gorzata Chmielewska zaprosi\u0142a dzieci na \u015brodek sali, pomog\u0142a im dobra\u0107 si\u0119 w pary i zaproponowa\u0142a nauk\u0119 ta\u0144ca \u2013 krakowiaczka. Uk\u0142ad ta\u0144ca tworzy\u0142y cztery figury, kt\u00f3re dzieci poznawa\u0142y stopniowo w takt utworu \u201e<em>Krakowiaczek-Rozrabiaczek<\/em>&#8221; M. Matuszewskiego w wykonaniu Duetu Grazioso. Kiedy dzieci ju\u017c opanowa\u0142y ca\u0142y uk\u0142ad, odta\u0144czy\u0142y ca\u0142ego krakowiaczka. Ma\u0142gorzata Chmielewska szczerze pogratulowa\u0142a rodzicom tak zdolnych dzieci. Po tym trudnym jednak przedsi\u0119wzi\u0119ciu chwil\u0119 odpoczynku zapewni\u0142o wys\u0142uchanie utworu \u201e<em>Habanera<\/em>\u201d z opery \u201eCarmen\u201d G. Bizeta. Poniewa\u017c podwieczorek by\u0142 po\u015bwi\u0119cony muzyce ludowej, pani Ma\u0142gosia zaproponowa\u0142a wszystkim nauk\u0119 tekstu wybranej przez siebie pie\u015bni. Wybrana przez ni\u0105 \u201e<em>Oj, chmielu, chmielu<\/em>\u201d to najstarsza ze znanych obrz\u0119dowych pie\u015bni weselnych, \u015bpiewana przy oczepinach panny m\u0142odej. Pie\u015b\u0144 ta pochodzi prawdopodobnie z czas\u00f3w przedchrze\u015bcija\u0144skich, przed przyj\u0119ciem przez Polsk\u0119 chrztu w 966 r. Podczas nauki pani Ma\u0142gosia rozda\u0142a wszystkim instrumenty, przy wt\u00f3rze kt\u00f3rych pie\u015b\u0144 zosta\u0142a nast\u0119pnie wykonana. Po tym do\u015b\u0107 g\u0142o\u015bnym utworze Duet Grazioso wykona\u0142 ukrai\u0144ski taniec \u201e<em>Hopak<\/em>\u201d skomponowany przez M. Musorgskiego. Po tym skocznym utworze pani Ma\u0142gosia zapowiedzia\u0142a kolejn\u0105 m\u0142od\u0105 skrzypaczk\u0105, Mart\u0119 So\u0142tysiak, uczennic\u0119 szko\u0142y muzycznej w Wo\u0142ominie, kt\u00f3ra zagra\u0142a &#8222;<em>Kujawiaka<\/em>&#8221; J. Garstewskiej. W nawi\u0105zaniu do wykonanego utworu muzycznego pani Ma\u0142gosia przygotowa\u0142a kolejne zadanie dla dzieci, kt\u00f3re polega\u0142o na odwzorowaniu przygotowanego przez ni\u0105 wzoru kujawskiego. Zaprosi\u0142a dzieci na dywanik, rozda\u0142a dzieciom kartki i kredki i zach\u0119ci\u0142a do pracy, a Duet Grazioso w tym czasie wykona\u0142 \u201e<em>Taniec hiszpa\u0144ski<\/em>\u201d, \u201e<em>Saraband\u0119<\/em>\u201d oraz taniec w\u0119gierski \u201e<em>\u015awiniopasek<\/em>\u201d. Chocia\u017c nie wszystkie dzieci uko\u0144czy\u0142y swoje prace, wszystkie zosta\u0142y za nie nagrodzone, a wykonane prace dzieci mog\u0142y zabra\u0107 ze sob\u0105 do domu. \u017begnaj\u0105c si\u0119 z go\u015b\u0107mi pani Ma\u0142gosia podzi\u0119kowa\u0142a Starostwu Wo\u0142omi\u0144skiemu za umo\u017cliwienie tego spotkania oraz pani Danusi Michalik za udost\u0119pnienie pomieszcze\u0144 Izby. Na zako\u0144czenie Duet Grazioso wykona\u0142 polk\u0119 skomponowan\u0105 przez rosyjskiego kompozytora S. Rachmaninowa zatytu\u0142owan\u0105 \u201e<em>Polka w\u0142oska<\/em>\u201d. W rytm polki do sali zosta\u0142 wniesiony nakryty st\u00f3\u0142 i wszyscy go\u015bcie zostali zaproszeni na podwieczorkowy pocz\u0119stunek \u2013 soki i ciasteczka. <strong><a title=\"Galeria \u2013 Podwieczorek dla dzieci \u2013 Muzyka i tance ludowe\" href=\"http:\/\/fundacjaoda.pl\/?page_id=11722\">Galeria<\/a><\/strong><\/p>\n<p><span style=\"font-size: 14.0pt;\">Podwieczorek muzyczny dla dzieci \u2013 \u015awi\u0119to flagi, 07.05. 2017<\/span><br \/>\n<a href=\"http:\/\/fundacjaoda.pl\/wp-content\/uploads\/2017\/05\/IMG_1170.jpg\"><img loading=\"lazy\" class=\"alignnone size-full wp-image-11193\" style=\"margin-right: 10px;\" src=\"http:\/\/fundacjaoda.pl\/wp-content\/uploads\/2017\/05\/IMG_1170.jpg\" alt=\"IMG_1170\" width=\"25%\" height=\"25%\" align=\"left\" srcset=\"http:\/\/fundacjaoda.pl\/wp-content\/uploads\/2017\/05\/IMG_1170.jpg 900w, http:\/\/fundacjaoda.pl\/wp-content\/uploads\/2017\/05\/IMG_1170-150x91.jpg 150w\" sizes=\"(max-width: 900px) 100vw, 900px\" \/><\/a>Zebranych licznie w Izbie Muzealnej Wodiczk\u00f3w go\u015bci \u2013 dzieci wraz z opiekunami \u2013 przywita\u0142a Ma\u0142gorzata Chmielewska. Przedstawi\u0142a artystki tworz\u0105ce Duet Grazioso, znane ju\u017c wielu dzieciom z poprzednich wizyt w Izbie \u2013 pani\u0105 Ann\u0119 Kornack\u0105 graj\u0105c\u0105 na pianinie i pani\u0105 Beat\u0119 Kierzkowsk\u0105 graj\u0105c\u0105 na flecie. Dzieci przywita\u0142y obie panie gor\u0105cymi brawami. Pani Ma\u0142gorzata zaproponowa\u0142a dzieciom rozpocz\u0119cie wieczoru uroczystym polonezem. Pomog\u0142a dzieciom dobra\u0107 si\u0119 w pary i ka\u017cdemu tancerzowi wr\u0119czy\u0142a flag\u0119 bia\u0142o-czerwon\u0105. W tak poloneza Wojciecha Kilara z filmu \u201ePan Tadeusz\u201d pani Ma\u0142gosia w parze z Kub\u0105 poprowadzi\u0142a korow\u00f3d z\u0142o\u017cony kilkunastu par. Przy bardziej wznios\u0142ych fragmentach poloneza pada\u0142a komenda \u201eflagi w g\u00f3r\u0119\u201d. <strong><a title=\"Podwieczorek muzyczny dla dzieci \u2013 \u015awi\u0119to flagi\" href=\"http:\/\/fundacjaoda.pl\/?page_id=11202\">Wi\u0119cej&#8230;<\/a> <a title=\"Galeria \u2013 \u015awi\u0119to flagi\" href=\"http:\/\/fundacjaoda.pl\/?page_id=11200\">Galeria<\/a><\/strong><\/p>\n<p><span style=\"font-size: 14.0pt;\">Podwieczorek muzyczny dla dzieci \u2013 Wiosna, 02.04. 2017<\/span><br \/>\n<a href=\"http:\/\/fundacjaoda.pl\/wp-content\/uploads\/2017\/04\/20170402_173311.jpg\"><img loading=\"lazy\" class=\"alignnone size-full wp-image-10696\" style=\"margin-right: 10px;\" src=\"http:\/\/fundacjaoda.pl\/wp-content\/uploads\/2017\/04\/20170402_173311.jpg\" alt=\"20170402_173311\" width=\"25%\" height=\"25%\" align=\"left\" srcset=\"http:\/\/fundacjaoda.pl\/wp-content\/uploads\/2017\/04\/20170402_173311.jpg 900w, http:\/\/fundacjaoda.pl\/wp-content\/uploads\/2017\/04\/20170402_173311-150x112.jpg 150w\" sizes=\"(max-width: 900px) 100vw, 900px\" \/><\/a><a href=\"http:\/\/fundacjaoda.pl\/wp-content\/uploads\/2014\/10\/20170404_150433.jpg\"><img loading=\"lazy\" class=\"alignnone size-full wp-image-10702\" style=\"margin-left: 10px;\" src=\"http:\/\/fundacjaoda.pl\/wp-content\/uploads\/2014\/10\/20170404_150433.jpg\" alt=\"20170404_150433\" width=\"20%\" height=\"20%\" align=\"right\" srcset=\"http:\/\/fundacjaoda.pl\/wp-content\/uploads\/2014\/10\/20170404_150433.jpg 675w, http:\/\/fundacjaoda.pl\/wp-content\/uploads\/2014\/10\/20170404_150433-112x150.jpg 112w\" sizes=\"(max-width: 675px) 100vw, 675px\" \/><\/a>W niedzielne popo\u0142udnie, 2 kwietnia, w Izbie Muzealnej Wodiczk\u00f3w zago\u015bci\u0142a Wiosna. W jej rol\u0119 wcieli\u0142a si\u0119 pani Ma\u0142gorzata Chmielewska. Przywita\u0142a licznie zgromadzone dzieci i ich opiekun\u00f3w.Przedstawi\u0142a zebranym go\u015bciom pani\u0105 Ann\u0119 Kornack\u0105, kt\u00f3ra zasiad\u0142a przy fortepianie i\u00a0pani\u0105 Beat\u0119 Kierzkowsk\u0105, kt\u00f3ra akompaniowa\u0142a pani Ani na flecie poprzecznym. Jako \u017ce pierwsza oznak\u0105 wiosny jest zbudzony ze snu zimowego suse\u0142, pierwszy utw\u00f3r by\u0142 po\u015bwi\u0119cony temu sympatycznemu stworzeniu, a jego autorem by\u0142 Ludwig van Beethoven. Dzieci odpowiada\u0142y na pytania dotycz\u0105ce pierwszych zwiastun\u00f3w wiosny, czyli ptak\u00f3w i uczy\u0142y si\u0119 na\u015bladowa\u0107 lot jask\u00f3\u0142ek, stanie i klekot bociana, a to wszystko przy d\u017awi\u0119kach muzyki Roberta Schumann \u201eWeso\u0142y wie\u015bniak\u201d. Za aktywny udzia\u0142 w zabawie dzieci otrzyma\u0142y nagrody w postaci wiosennych cukierk\u00f3w. Nast\u0119pnie dzieci, siedz\u0105c lub le\u017c\u0105c na pod\u0142odze, przyst\u0105pi\u0142y do malowania kwiatka &#8211; ka\u017cde dziecko kolorowa\u0142o wybrany przez siebie rysunek przedstawiaj\u0105cy wiosenny kwiat. Tej tw\u00f3rczej pracy towarzyszy\u0142y utwory Piotra Czajkowskiego \u201e\u0141ab\u0119d\u017a\u201d i Joachima van den Hove \u201eKanarek\u201d. Ma\u0142gorzata Chmielewska urozmaica\u0142a maluj\u0105cym dzieciom czas opowiadaj\u0105c ba\u015b\u0144 o ksi\u0119\u017cniczce zakl\u0119tej w \u0142ab\u0119dzia. Z\u00a0tak namalowanymi kwiatami dzieci ta\u0144czy\u0142y w rytm walc\u00f3w Ernesto Koehlera \u201eWalc r\u00f3\u017c\u201d oraz Piotra Czajkowskiego &#8222;Taniec kwiat\u00f3w&#8221;. Aby zaklinanie przyj\u015bcia wiosny nabra\u0142o pe\u0142ni, obie artystki &#8211; Anna Kornacka i Beata Kierzkowska &#8211; zagra\u0142y utw\u00f3r Wolfganga Amadeusza Mozarta \u201ePrzybywaj pi\u0119kna wiosno\u201d. Jak nakazuje podwieczorkowa tradycja, na zako\u0144czenie dzieci zosta\u0142y pocz\u0119stowane ciastem, ciasteczkami i\u00a0napojami. <a title=\"Galeria \u2013 Podwieczorek muzyczny dla dzieci \u2013 Wiosna\" href=\"http:\/\/fundacjaoda.pl\/?page_id=10699\"><strong>Galeria<\/strong><\/a><\/p>\n<p><span style=\"font-size: 14.0pt;\">Podwieczorek muzyczny dla dzieci \u2013 Kol\u0119dy, 04.12. 2016<\/span><br \/>\n<a href=\"http:\/\/fundacjaoda.pl\/wp-content\/uploads\/2016\/12\/20161204_173506.jpg\"><img loading=\"lazy\" class=\"alignnone size-full wp-image-9910\" style=\"margin-right: 10px;\" src=\"http:\/\/fundacjaoda.pl\/wp-content\/uploads\/2016\/12\/20161204_173506.jpg\" alt=\"20161204_173506\" width=\"25%\" height=\"25%\" align=\"left\" srcset=\"http:\/\/fundacjaoda.pl\/wp-content\/uploads\/2016\/12\/20161204_173506.jpg 900w, http:\/\/fundacjaoda.pl\/wp-content\/uploads\/2016\/12\/20161204_173506-150x112.jpg 150w\" sizes=\"(max-width: 900px) 100vw, 900px\" \/><\/a>W niedziel\u0119 Izba Muzealna Wodiczk\u00f3w zaprosi\u0142a najm\u0142odszych meloman\u00f3w na kolejny Podwieczorek muzyczny dla dzieci, kt\u00f3rego tematem by\u0142a muzyka \u015bwi\u0105teczna z r\u00f3\u017cnych stron \u015bwiata. Wyst\u0105pi\u0142y: <a title=\"Anna Kornacka\" href=\"http:\/\/fundacjaoda.pl\/?page_id=5609\">Anna Kornacka<\/a> \u2013 fortepian, <a title=\"Beata Kierzkowska\" href=\"http:\/\/fundacjaoda.pl\/?page_id=8983\">Beata Kierzkowska<\/a> \u2013 flet. Spotkanie prowadzi\u0142a Ma\u0142gorzata Chmielewska. Artystki realizuj\u0105 w Izbie Muzealnej Wodiczk\u00f3w sw\u00f3j autorski program, kt\u00f3rym wprowadzaj\u0105 dzieci w \u015bwiat muzyki klasycznej. W programie znalaz\u0142y si\u0119 utwory A. Vivaldiego z cyklu \u201eCztery pory roku\u201d: koncert E-dur \u201eWiosna\u201d cz. I oraz koncert F-moll \u201eZima\u201d cz. II. Wyj\u0105tkowym go\u015bciem tego wieczoru by\u0142 \u015aw. Miko\u0142aj (w t\u0119 rol\u0119 wcieli\u0142 si\u0119 dziadek Jana i Kuby &#8211; Zbigniew Budziszewski), kt\u00f3ry nagradza\u0142 dzieci za aktywny udzia\u0142 w koncercie. Przy muzyce P. Czajkowskiego \u201eTaniec rosyjski\u201d z baletu \u201eDziadek do orzech\u00f3w\u201d dzieci nauczy\u0142y si\u0119 ta\u0144czy\u0107 trudnego ta\u0144ca, trepaka, za co \u015aw. Miko\u0142aj sowicie je nagrodzi\u0142. Dzieci pozna\u0142y te\u017c r\u00f3\u017cne kol\u0119dy ze \u015bwiata, mi\u0119dzy innymi Anonim \u201e\u201dO Come, ALL Ye Faithfull\u201d, \u201eO Little town of Bethlehem\u201d oraz G. F. Haendela \u201eJoy to the World\u201d. Piosenk\u0119 \u201eW grudniowe noce\u201d dzieci \u015bpiewa\u0142y przy wt\u00f3rze w\u0142asnej orkiestry, do kt\u00f3rej w\u0142\u0105czy\u0142y tak\u017ce swoich rodzic\u00f3w. Na zako\u0144czenie, kiedy wszystkie \u015bwiat\u0142a w Izbie zgas\u0142y, zabrzmia\u0142a pi\u0119knie \u201eCicha noc\u201d F. Grubera.<br \/>\nPo koncercie dzieci zosta\u0142y zaproszone na podwieczorek i do wsp\u00f3lnego zdj\u0119cia ze \u015bw. Miko\u0142ajem, z kt\u00f3rym ju\u017c na dobre si\u0119 zaprzyja\u017ani\u0142y i tak go otoczy\u0142y z ka\u017cdej strony, \u017ce a\u017c trudno jest go wypatrze\u0107 na zbiorowej fotografii. <strong><a title=\"Galeria \u2013 Podwieczorek muzyczny dla dzieci \u2013 Kol\u0119dy, 04.12.2016\" href=\"http:\/\/fundacjaoda.pl\/?page_id=9921\">Galeria<\/a><\/strong><\/p>\n<p><span style=\"font-size: 14.0pt;\">Lataj\u0105ca Akademia \u2013 Kol\u0119dy, 03.04. 2016<\/span><br \/>\n<a href=\"http:\/\/fundacjaoda.pl\/wp-content\/uploads\/2016\/12\/20161203_162504.jpg\"><img loading=\"lazy\" class=\"alignnone size-full wp-image-9866\" style=\"margin-right: 10px;\" src=\"http:\/\/fundacjaoda.pl\/wp-content\/uploads\/2016\/12\/20161203_162504.jpg\" alt=\"20161203_162504\" width=\"25%\" height=\"25%\" align=\"left\" srcset=\"http:\/\/fundacjaoda.pl\/wp-content\/uploads\/2016\/12\/20161203_162504.jpg 900w, http:\/\/fundacjaoda.pl\/wp-content\/uploads\/2016\/12\/20161203_162504-150x112.jpg 150w\" sizes=\"(max-width: 900px) 100vw, 900px\" \/><\/a>W sobot\u0119, 3 grudnia 2016 r. o godz. 16.00, w Izbie Muzealnej Wodiczk\u00f3w w Wo\u0142ominie bohaterami wieczoru byli podopiecznych Fundacji \u201eLataj\u0105ca Akademia El\u017cbiety Ma\u0142anicz-Onoszko\u201d. Podczas koncertu podopieczni Fundacji zaprezentowali efekty swojej ca\u0142orocznej pracy. Program prowadzi\u0142a i przedstawia\u0142a kolejnych wykonawc\u00f3w pani profesor El\u017cbieta Ma\u0142anicz-Onoszko, a wyst\u0119py podopiecznych urozmaica\u0142y wyst\u0119py wolontariuszy wsp\u00f3\u0142pracuj\u0105cych na sta\u0142e z Fundacj\u0105. Podopiecznym Fundacji &#8211; Jerzemu W\u0142odkowskiemu, Zuzannie W\u0142odkowskiej, Bartkowi Janarowskiemu, Natalii Janarowskiej, Kasi Jurczuk, Krzysztofowi Naczajowi, Zuzannie Jezierskiej, Szymonowi Jezierskiemu, Markowi Szczurowskiemu, Micha\u0142owi Szczurowskiemu &#8211; towarzyszy\u0142y ich nauczycielki: Ma\u0142gorzata Serwi\u0144ska i Kinga Witczak. Go\u015bcinnie wyst\u0105pili tak\u017ce Paulina Chodkowska, Grzegorz Osm\u00f3lski i Ma\u0142gosia Wdzi\u0119ko\u0144ska wraz z opiekunami muzycznymi prof. Ann\u0105 Cegielsk\u0105 &#8211; fortepian i prof. Barbar\u0105 Srok\u0105 &#8211; \u015bpiew. Ka\u017cdy z uczestnik\u00f3w zagra\u0142 &#8211; na pianinie lub keyboardzie &#8211; przygotowany przez siebie zestaw dw\u00f3ch utwor\u00f3w. Drugim utworem by\u0142a kol\u0119da lub pastora\u0142ka. Mi\u0142o by\u0142o go\u015bci\u0107 artyst\u00f3w tak zaanga\u017cowanych w zaprezentowanie swoich umiej\u0119tno\u015bci, kt\u00f3re szlifuj\u0105 w do\u015b\u0107 trudnych warunkach, bo lekcje odbywaj\u0105 si\u0119 tylko raz w tygodniu. Drobne potkni\u0119cia wcale nie peszy\u0142y wykonawc\u00f3w i\u00a0przechodzili nad nimi p\u0142ynnie do kolejnych takt\u00f3w. Niekt\u00f3rzy grali z kolorowych nutek, niekt\u00f3rzy z nut prawdziwych, a jeszcze inni ze s\u0142uchu. Po koncercie muzycznym przysz\u0142a kolej na wyst\u0119p Pauliny Chodkowskiej, m\u0142odej wokalistki, kt\u00f3ra wykona\u0142a solo lub w duecie z ze swoj\u0105 opiekunk\u0105 muzyczn\u0105 kilka kol\u0119d i\u00a0pastora\u0142ek. By\u0142o te\u017c w programie miejsce na taniec i wykona\u0142a go, do wt\u00f3ru cyga\u0144skiej melodii, Katarzyna Jurczuk. Po zako\u0144czeniu oficjalnego programu tego wieczoru, kt\u00f3ry trwa\u0142 ponad 2 godziny, wszyscy zgromadzili si\u0119 przy pianinie i wy\u015bpiewali jeszcze wiele kol\u0119d i pastora\u0142ek. <a title=\"Galeria \u2013 Lataj\u0105ca Akademia, 02.12.2016\" href=\"http:\/\/fundacjaoda.pl\/?page_id=9878\"><strong>Galeria<\/strong><\/a><\/p>\n<p><span style=\"font-size: 14.0pt;\">Wok\u00f3\u0142 muzyki niepodleg\u0142o\u015bciowej \u2013 13.11. 2016<\/span><br \/>\n<a href=\"http:\/\/fundacjaoda.pl\/wp-content\/uploads\/2014\/10\/PB130146.jpg\"><img loading=\"lazy\" class=\"alignnone size-full wp-image-9519\" style=\"margin-right: 10px;\" src=\"http:\/\/fundacjaoda.pl\/wp-content\/uploads\/2014\/10\/PB130146.jpg\" alt=\"OLYMPUS DIGITAL CAMERA\" width=\"25%\" height=\"25%\" align=\"left\" srcset=\"http:\/\/fundacjaoda.pl\/wp-content\/uploads\/2014\/10\/PB130146.jpg 900w, http:\/\/fundacjaoda.pl\/wp-content\/uploads\/2014\/10\/PB130146-150x112.jpg 150w\" sizes=\"(max-width: 900px) 100vw, 900px\" \/><\/a>Izba Muzealna Wodiczk\u00f3w uczci\u0142a \u015awi\u0119to Niepodleg\u0142o\u015bci specjalnym Podwieczorkiem muzycznym adresowanym dla dzieci pt. <em>\u201eWok\u00f3\u0142 muzyki niepodleg\u0142o\u015bciowej\u201d<\/em>. Wiecz\u00f3r rozpocz\u0105\u0142 si\u0119 od wykonania wsp\u00f3lnie z rodzicami kokardek narodowych. Podczas tego spotkania dzieci poznawa\u0142y tw\u00f3rc\u00f3w muzyki narodowej. Wys\u0142ucha\u0142y utwor\u00f3w Micha\u0142a Kleofasa Ogi\u0144skiego, Marii Szymanowskiej, Stanis\u0142awa Moniuszki, Ignacego Jana Paderewskiego oraz nauczy\u0142y si\u0119 kilku pie\u015bni patriotycznych. Nie zabrak\u0142o r\u00f3wnie\u017c ta\u0144c\u00f3w narodowych &#8211; poloneza i krakowiaka &#8211; kt\u00f3re dzieci ta\u0144czy\u0142y w parach. Wyj\u0105tkowo pi\u0119knie zabrzmia\u0142y wsp\u00f3lnie \u015bpiewane z rodzicami piosenki <em>\u201ePrzybyli u\u0142ani\u201d<\/em> i <em>\u201ePierwsza kadrowa\u201d<\/em>. Dzieci utworzy\u0142y te\u017c prawdziw\u0105 orkiestr\u0119 z dyrygentem i instrumentami muzycznymi.<br \/>\n<a href=\"http:\/\/fundacjaoda.pl\/wp-content\/uploads\/2014\/10\/PB130199.jpg\"><img loading=\"lazy\" class=\"alignnone size-full wp-image-9520\" style=\"margin-left: 10px;\" src=\"http:\/\/fundacjaoda.pl\/wp-content\/uploads\/2014\/10\/PB130199.jpg\" alt=\"OLYMPUS DIGITAL CAMERA\" width=\"25%\" height=\"25%\" align=\"right\" srcset=\"http:\/\/fundacjaoda.pl\/wp-content\/uploads\/2014\/10\/PB130199.jpg 900w, http:\/\/fundacjaoda.pl\/wp-content\/uploads\/2014\/10\/PB130199-150x99.jpg 150w\" sizes=\"(max-width: 900px) 100vw, 900px\" \/><\/a>Marsza\u0142ek J\u00f3zef Pi\u0142sudski (w tej roli cz\u0142onek Zarz\u0105du Rady Powiatu Wo\u0142omi\u0144skiego, pan Karol Ma\u0142olepszy), przypomnia\u0142 dzieciom histori\u0119 odzyskania przez Polsk\u0119 niepodleg\u0142o\u015bci, opowiedzia\u0142 o swoich zwi\u0105zkach z\u00a0Wilnem i pochwali\u0142 dzieci za znajomo\u015b\u0107 symboli narodowych. Ukoronowaniem popo\u0142udniowego spotkania by\u0142o wsp\u00f3lne zdj\u0119cie wszystkich uczestnik\u00f3w wieczoru z Marsza\u0142kiem J\u00f3zefem Pi\u0142sudskim i\u00a0od\u015bpiewanie ulubionej pie\u015bni Naczelnika <em>\u201ePierwsza brygada\u201d<\/em>.<br \/>\nW koncercie wzi\u0119\u0142y udzia\u0142 artystki: <a title=\"Anna Kornacka\" href=\"http:\/\/fundacjaoda.pl\/?page_id=5609\">Anna Kornacka<\/a> \u2013 fortepian i <a title=\"Beata Kierzkowska\" href=\"http:\/\/fundacjaoda.pl\/?page_id=8983\">Beata Kierzkowska<\/a> \u2013 flet. Spotkanie prowadzi\u0142a Ma\u0142gorzata Chmielewska. <strong><a title=\"Galeria \u2013 Wok\u00f3\u0142 muzyki niepodleg\u0142o\u015bciowej\" href=\"http:\/\/fundacjaoda.pl\/?page_id=9579\">Galeria<\/a><\/strong><\/p>\n<p><span style=\"font-size: 14.0pt;\">Jak Chopin muzyk\u0105 \u015bwiat malowa\u0142 \u2013 09.10. 2016<\/span><br \/>\n<a href=\"http:\/\/fundacjaoda.pl\/wp-content\/uploads\/2016\/10\/20161009_163457.jpg\"><img loading=\"lazy\" class=\"alignnone size-full wp-image-9095\" style=\"margin-right: 10px;\" src=\"http:\/\/fundacjaoda.pl\/wp-content\/uploads\/2016\/10\/20161009_163457.jpg\" alt=\"20161009_163457\" width=\"25%\" height=\"25%\" align=\"left\" srcset=\"http:\/\/fundacjaoda.pl\/wp-content\/uploads\/2016\/10\/20161009_163457.jpg 900w, http:\/\/fundacjaoda.pl\/wp-content\/uploads\/2016\/10\/20161009_163457-150x112.jpg 150w\" sizes=\"(max-width: 900px) 100vw, 900px\" \/><\/a>Kolejne spotkanie z cyklu \u201ePodwieczorki muzyczne dla dzieci\u201d zgromadzi\u0142o w Izbie wielu m\u0142odych uczestnik\u00f3w wraz z opiekunami. Tematem tego spotkania z najm\u0142odszymi odbiorcami muzyki powa\u017cnej by\u0142a muzyka Fryderyka Chopina. Spotkanie poprowadzi\u0142a pani Ma\u0142gorzata Chmielewska, kt\u00f3ra t\u0119 wymagaj\u0105c\u0105 publiczno\u015b\u0107 skutecznie zainteresowa\u0142a kolejnymi punktami wieczoru. Wyst\u0105pi\u0142y artystki: pani<a title=\"Anna Kornacka\" href=\"http:\/\/fundacjaoda.pl\/?page_id=5609\"> Anna Kornacka<\/a> \u2013 fortepian oraz pani <a title=\"Beata Kierzkowska\" href=\"http:\/\/fundacjaoda.pl\/?page_id=8983\">Beata Kierzkowska<\/a> \u2013 flet poprzeczny, a w programie znalaz\u0142y si\u0119 nast\u0119puj\u0105ce utwory na fortepian solo i w transkrypcjach na flet i fortepian:<\/p>\n<p>1. <em>Etiuda E-dur op.10 nr 3<\/em><br \/>\n2. <em>Mazurek F- dur op. 68 nr 3<\/em><br \/>\n3. <em>Polonez g- moll<\/em><br \/>\n4. <em>Mazurek cis- moll op. 6 nr 2<\/em><br \/>\n5. <em>Wariacje na temat Rossiniego<\/em><br \/>\n6. <em>Preludium e- moll 27 nr 4<\/em><br \/>\n7. <em>Walc Des-dur op. 64 nr 1<\/em><br \/>\n8. <em>Pie\u015b\u0144 &#8222;\u017byczenie&#8221;<\/em><br \/>\n9. <em>Polonez A-dur op. 40 nr 1<\/em><\/p>\n<p><a title=\"Galeria \u2013 Jak Chopin muzyk\u0105 \u015bwiat malowa\u0142\" href=\"http:\/\/fundacjaoda.pl\/?page_id=9104\"><strong>Galeria<\/strong><\/a><\/p>\n<p><span style=\"font-size: 14.0pt;\">Muzyka polska &#8211; 15.05. 2016<\/span><\/p>\n<p><span style=\"font-size: 14.0pt;\">Czarodziejski \u015bwiat w muzyce filmowej, baletowej i operowej &#8211; 24.05.2015<\/span><br \/>\n<a href=\"http:\/\/fundacjaoda.pl\/wp-content\/uploads\/2015\/06\/pi-42-of-81.jpg\"><img loading=\"lazy\" class=\"alignnone size-full wp-image-5402\" style=\"margin-right: 10px;\" src=\"http:\/\/fundacjaoda.pl\/wp-content\/uploads\/2015\/06\/pi-42-of-81.jpg\" alt=\"pi (42 of 81)\" width=\"25%\" height=\"25%\" align=\"left\" srcset=\"http:\/\/fundacjaoda.pl\/wp-content\/uploads\/2015\/06\/pi-42-of-81.jpg 900w, http:\/\/fundacjaoda.pl\/wp-content\/uploads\/2015\/06\/pi-42-of-81-150x99.jpg 150w\" sizes=\"(max-width: 900px) 100vw, 900px\" \/><\/a><a title=\"Galeria \u2013 podwieczorek dla dzieci, 24.05.2015\" href=\"http:\/\/fundacjaoda.pl\/?page_id=5422\"><strong>Galeria<\/strong><\/a><\/p>\n<p>&nbsp;<\/p>\n<p>&nbsp;<\/p>\n<p>&nbsp;<\/p>\n<p><span style=\"font-size: 14.0pt;\">Podwieczorek Miko\u0142ajkowy \u2013 07.12. 2014<\/span><br \/>\n<a href=\"http:\/\/fundacjaoda.pl\/wp-content\/uploads\/2015\/01\/Wieczorek-dla-dzieci_7grudnia_21.jpg\"><img loading=\"lazy\" class=\"alignnone size-full wp-image-3679\" style=\"margin-right: 10px;\" src=\"http:\/\/fundacjaoda.pl\/wp-content\/uploads\/2015\/01\/Wieczorek-dla-dzieci_7grudnia_21.jpg\" alt=\"Wieczorek dla dzieci_7grudnia_2\" width=\"25%\" height=\"25%\" align=\"left\" srcset=\"http:\/\/fundacjaoda.pl\/wp-content\/uploads\/2015\/01\/Wieczorek-dla-dzieci_7grudnia_21.jpg 900w, http:\/\/fundacjaoda.pl\/wp-content\/uploads\/2015\/01\/Wieczorek-dla-dzieci_7grudnia_21-150x82.jpg 150w\" sizes=\"(max-width: 900px) 100vw, 900px\" \/><\/a>Z okazji Miko\u0142ajek w Izbie Muzealnej Wodiczk\u00f3w w Wo\u0142ominie odby\u0142 si\u0119 kolejny <strong>podwieczorek muzyczny dla dzieci<\/strong>. Na koncert zaproszono dzieci z Fundacji S\u0142ysz\u0119, M\u00f3wi\u0119, Czuj\u0119 i z Fundacji Bezpieczna Przysta\u0144, licznie przybyli tak\u017ce stali bywalcy Izby. Za muzyczn\u0105 opraw\u0119 spotkania odpowiada\u0142a pani <strong><a title=\"Anna Kornacka\" href=\"http:\/\/fundacjaoda.pl\/?page_id=5609\">Anna Kornacka<\/a><\/strong>, pianistka, oraz flecistka, pani <strong><a title=\"Beata Kierzkowska\" href=\"http:\/\/fundacjaoda.pl\/?page_id=8983\">Beata Kierzkowska<\/a><\/strong>. Walc <em>\u201eNad pi\u0119knym modrym Dunajem\u201d<\/em> J.\u00a0Straussa, polonez z filmu <em>\u201ePan Tadeusz\u201d<\/em> W. Kilara, ragtime <em>\u201eThe Entertainer\u201d<\/em> S. Joplina z filmu <em>\u201e\u017b\u0105d\u0142o\u201d<\/em>, <em>\u00a0\u201eKrakowiaczek rozrabiaczek\u201d <\/em>M.\u00a0Matuszewskiego to tylko niekt\u00f3re z utwor\u00f3w wykonanych dla dzieci zgromadzonych tego popo\u0142udnia w\u00a0Izbie. Utwory muzyczne by\u0142y przeplatane zagadkami, przygotowanymi przez wolontariuszy z Fundacji S\u0142ysz\u0119, M\u00f3wi\u0119, Czuj\u0119. <strong><a href=\"http:\/\/fundacjaoda.pl\/wp-content\/uploads\/2015\/01\/Strony-od-numer50.pdf\" target=\"_blank\"> Wi\u0119cej&#8230;<\/a>\u00a0\u00a0<a title=\"Galeria \u2013 podwieczorek Miko\u0142ajkowy 07.12.2014\" href=\"http:\/\/fundacjaoda.pl\/?page_id=3688\">Galeria<\/a><\/strong><\/p>\n<p><span style=\"font-size: 14.0pt;\">Wiosna w muzyce &#8211;\u00a024.05.2014<\/span><br \/>\n<a href=\"http:\/\/fundacjaoda.pl\/wp-content\/uploads\/2014\/10\/Podwieczorek_muzyczny.jpg\"><img loading=\"lazy\" class=\"alignnone size-medium wp-image-411\" style=\"margin-right: 10px;\" src=\"http:\/\/fundacjaoda.pl\/wp-content\/uploads\/2014\/10\/Podwieczorek_muzyczny-300x271.jpg\" alt=\"Podwieczorek_muzyczny\" width=\"25%\" height=\"25%\" align=\"left\" \/><\/a> Tematem niedzielnego spotkania z najm\u0142odszymi w Izbie Muzealnej Wodiczk\u00f3w by\u0142a <strong><em>\u201eWiosna w muzyce\u201d<\/em><\/strong>. Dzieci bardzo rado\u015bnie przywita\u0142y artystki pani\u0105 <a title=\"Anna Kornacka\" href=\"http:\/\/fundacjaoda.pl\/?page_id=5609\"><strong>Ann\u0119 Kornack\u0105<\/strong><\/a> i pani\u0105 <a title=\"Beata Kierzkowska\" href=\"http:\/\/fundacjaoda.pl\/?page_id=8983\"><strong>Beat\u0119 Kierzkowsk\u0105<\/strong><\/a>, prowadz\u0105ce Podwieczorki muzyczne. Artystki przygotowa\u0142y wiele utwor\u00f3w pod wsp\u00f3lnym tytu\u0142em <em><strong>\u201eWiosna w\u00a0muzyce\u201d<\/strong><\/em>: <em>\u201ePrzybywaj pi\u0119kna wiosno\u201d<\/em> W. A. Mozarta, <em>\u201ePie\u015b\u0144 wiosenna\u201d<\/em> F. Mendelsona, <em>\u201eWiosna\u201d<\/em> z\u00a0czterech p\u00f3r roku A. Vivaldiego i wiele innych. Dzieci odgadywa\u0142y zwierz\u0119ta i ptaki ukryte w d\u017awi\u0119kach utwor\u00f3w muzycznych: <em>\u201eTaniec lisa\u201d<\/em> W. Leo, <em>\u201e\u015awistaka\u201d<\/em> L. van Beethovena, <em>\u201e\u0141ab\u0119dzia\u201d<\/em> P. Czajkowskiego. Na zako\u0144czenie z okazji Dnia Matki dzieci za\u015bpiewa\u0142y swoim Mamom <em>\u201ePiosenk\u0119 dla mamy\u201d<\/em> i wszyscy zaproszeni zostali przez organizator\u00f3w na ciasto i owoce. <strong>\u00a0<a href=\"http:\/\/fundacjaoda.pl\/Media_2014\/Strony%20od%20numer22.pdf\" target=\"_blank\">Wi\u0119cej&#8230;<\/a><\/strong><\/p>\n<p><span style=\"font-size: 14.0pt;\">Inauguracja cyklu \u2013\u00a009.02.2014<\/span><br \/>\n<a href=\"http:\/\/fundacjaoda.pl\/wp-content\/uploads\/2014\/10\/ob1.jpg\"><img loading=\"lazy\" class=\"alignnone size-full wp-image-3695\" style=\"margin-right: 10px;\" src=\"http:\/\/fundacjaoda.pl\/wp-content\/uploads\/2014\/10\/ob1.jpg\" alt=\"ob1\" width=\"25%\" height=\"25%\" align=\"left\" srcset=\"http:\/\/fundacjaoda.pl\/wp-content\/uploads\/2014\/10\/ob1.jpg 647w, http:\/\/fundacjaoda.pl\/wp-content\/uploads\/2014\/10\/ob1-150x98.jpg 150w\" sizes=\"(max-width: 647px) 100vw, 647px\" \/><\/a>Pierwszy podwieczorek prowadzony by\u0142 przez pedagog\u00f3w Ann\u0119 Kornack\u0105 i Beat\u0119 Kierzkowsk\u0105. <strong>Anna Kornacka<\/strong> jest koncertuj\u0105c\u0105 pianistk\u0105 i pedagogiem, uko\u0144czy\u0142a Akademi\u0119 Muzyczn\u0105 im. Fryderyka Chopina w Warszawie Wydzia\u0142 Fortepianu, Organ\u00f3w i Klawesynu a tak\u017ce studia na Uniwersytecie Jana Gutenberga w Mainz. Koncertowa\u0142a z Filharmoni\u0105 Opolsk\u0105 i Orkiestr\u0105 Polskiego Radia. Nagra\u0142a utwory Gra\u017cyny Bacewicz dla Polskiego Radia. Bra\u0142a udzia\u0142 w kursach mistrzowskich w Polsce, Niemczech, Szwajcarii i\u00a0Hiszpanii. Mia\u0142a swoje recitale fortepianowe oraz koncerty muzyki kameralnej w Niemczech i\u00a0Luksemburgu. Mieszka w Wo\u0142ominie.<br \/>\n<strong>Beata Kierzkowska<\/strong> jest nauczycielem dyplomowanym i doradc\u0105 metodycznym. Uko\u0144czy\u0142a Akademi\u0119 Muzyczn\u0105 im. Fryderyka Chopina w\u00a0Warszawie, specjalizuje si\u0119 we flecie poprzecznym. Uko\u0144czy\u0142a tak\u017ce Studia Menad\u017cerskie na Uniwersytecie Warszawskim dla tw\u00f3rc\u00f3w, artyst\u00f3w i animator\u00f3w kultury. W okresie 1986-1990 koncertowa\u0142a z zespo\u0142em Amoroso w Niemczech, a nast\u0119pnie, w latach 2001-2004 doskonali\u0142a swoje umiej\u0119tno\u015bci na kursach mistrzowskich u profesor\u00f3w fletu J. Balinta, P. Bernolda, P. Wavre&#8217;a i P.L. Grafa. By\u0142a doradc\u0105 w sekcji instrument\u00f3w d\u0119tych w Warszawskim Towarzystwie Muzycznym, uczy\u0142a gry na flecie w Pa\u0144stwowej Szkole Muzycznej im. Karola Szymanowskiego w Warszawie. W latach 1991-2013 by\u0142a nauczycielem muzyki &#8211; gra na flecie &#8211; w Zespole Pa\u0144stwowych Szk\u00f3\u0142 Muzycznych nr 1.<br \/>\nObie Panie wprowadzi\u0142y dzieci w \u015bwiat muzyki klasycznej opowiadaj\u0105c muzyczn\u0105 bajk\u0119 takimi utworami jak: np. <em>\u201eTaniec pajaca\u201d<\/em> i <em>\u201eMa\u0142y Murzynek\u201d<\/em> C. Debussy\u2019ego, <em>\u201eLot Trzmiela\u201d<\/em> M. Korsakowa, <em>\u201eKocie harce\u201d<\/em> W. Kr\u00f3la, czy <em>\u201eKura\u201d<\/em> wg\u00a0N.\u00a0Rota. Dzieci w\u0142\u0105cza\u0142y si\u0119 do zabawy odgadywa\u0142y zagadki muzyczne, czyta\u0142y wierszyki, a na koniec wsp\u00f3lnie za\u015bpiewa\u0142y<em> \u201ePiosenk\u0119 karnawa\u0142ow\u0105\u201d<\/em>.\u00a0<strong><a href=\"http:\/\/fundacjaoda.pl\/Media_2014\/Strony%20od%20numer07.pdf\" target=\"_blank\"> Wi\u0119cej&#8230; <\/a>\u00a0\u00a0<a title=\"Galeria \u2013 Kocie harce\" href=\"http:\/\/fundacjaoda.pl\/?page_id=2191\">Galeria<\/a><\/strong><\/p>\n<p><a title=\"Wydarzenia\" href=\"http:\/\/fundacjaoda.pl\/?page_id=13\"><strong>Powr\u00f3t<\/strong><\/a><\/p>\n","protected":false},"excerpt":{"rendered":"<p>Podwieczorki muzyczne dla dzieci to niedzielne, popo\u0142udniowe spotkania dla najm\u0142odszych mieszka\u0144c\u00f3w Wo\u0142omina, adresowane do dzieci w\u00a0wieku przedszkolnym i wczesnoszkolnym. Ich celem jest rozbudzenie wra\u017cliwo\u015bci muzycznej i zami\u0142owania do muzyki klasycznej. Program Podwieczork\u00f3w zosta\u0142 opracowany przez profesjonalnych muzyk\u00f3w i do\u015bwiadczonych pedagog\u00f3w w taki spos\u00f3b, aby \u0142\u0105czy\u0142 nauk\u0119 z zabaw\u0105. Dzieci uczestnicz\u0105ce \u2026 <a href=\"http:\/\/fundacjaoda.pl\/?page_id=58\"> Continue reading <span class=\"meta-nav\">&rarr; <\/span><\/a><\/p>\n","protected":false},"author":1,"featured_media":0,"parent":13,"menu_order":3,"comment_status":"closed","ping_status":"closed","template":"","meta":[],"_links":{"self":[{"href":"http:\/\/fundacjaoda.pl\/index.php?rest_route=\/wp\/v2\/pages\/58"}],"collection":[{"href":"http:\/\/fundacjaoda.pl\/index.php?rest_route=\/wp\/v2\/pages"}],"about":[{"href":"http:\/\/fundacjaoda.pl\/index.php?rest_route=\/wp\/v2\/types\/page"}],"author":[{"embeddable":true,"href":"http:\/\/fundacjaoda.pl\/index.php?rest_route=\/wp\/v2\/users\/1"}],"replies":[{"embeddable":true,"href":"http:\/\/fundacjaoda.pl\/index.php?rest_route=%2Fwp%2Fv2%2Fcomments&post=58"}],"version-history":[{"count":265,"href":"http:\/\/fundacjaoda.pl\/index.php?rest_route=\/wp\/v2\/pages\/58\/revisions"}],"predecessor-version":[{"id":18351,"href":"http:\/\/fundacjaoda.pl\/index.php?rest_route=\/wp\/v2\/pages\/58\/revisions\/18351"}],"up":[{"embeddable":true,"href":"http:\/\/fundacjaoda.pl\/index.php?rest_route=\/wp\/v2\/pages\/13"}],"wp:attachment":[{"href":"http:\/\/fundacjaoda.pl\/index.php?rest_route=%2Fwp%2Fv2%2Fmedia&parent=58"}],"curies":[{"name":"wp","href":"https:\/\/api.w.org\/{rel}","templated":true}]}}