{"id":5747,"date":"2015-09-22T12:07:59","date_gmt":"2015-09-22T10:07:59","guid":{"rendered":"http:\/\/fundacjaoda.pl\/?page_id=5747"},"modified":"2015-11-20T14:18:59","modified_gmt":"2015-11-20T13:18:59","slug":"recital-katarzyny-wilk-2015","status":"publish","type":"page","link":"http:\/\/fundacjaoda.pl\/?page_id=5747","title":{"rendered":"Recital Katarzyny Wilk &#8211; 2015"},"content":{"rendered":"<p><a href=\"http:\/\/fundacjaoda.pl\/wp-content\/uploads\/2015\/09\/a.jpg\"><img loading=\"lazy\" src=\"http:\/\/fundacjaoda.pl\/wp-content\/uploads\/2015\/09\/a.jpg\" alt=\"a\" style=\"margin-right: 10px;\" width=\"30%\" height=\"30%\" align=\"left\" class=\"alignnone size-full wp-image-5707\" srcset=\"http:\/\/fundacjaoda.pl\/wp-content\/uploads\/2015\/09\/a.jpg 850w, http:\/\/fundacjaoda.pl\/wp-content\/uploads\/2015\/09\/a-150x100.jpg 150w\" sizes=\"(max-width: 850px) 100vw, 850px\" \/><\/a>Po wakacyjnej przerwie Danusia Michalik przywita\u0142a zebranych w Izbie go\u015bci i przedstawi\u0142a wydarzenia, kt\u00f3re mia\u0142y miejsce w ci\u0105gu ostatnich 2 miesi\u0119cy \u2013 remont oraz szkolenie z udzielania pierwszej pomocy. Podzi\u0119kowa\u0142a te\u017c wszystkim zaanga\u017cowanym w remont sympatykom Izby. wspomnia\u0142a o projekcie zg\u0142oszonym do Bud\u017cetu Obywatelskiego pt. <em>Festiwal im. Rodziny Wodiczk\u00f3w<\/em> i o przygotowywanej, wsp\u00f3lnie z naszym Ekonomikiem, Konferencji pt. &#8222;Czy warto by\u0107 aktywnym obywatelem?&#8221;, w kt\u00f3rej wezm\u0105 udzia\u0142 mi\u0119dzy innymi pracownicy naukowi, Wo\u0142ominiacy, dr El\u017cbieta \u0141ojko i dr Tomasz G\u0105sior. Celem tej konferencji jest zach\u0119cenie m\u0142odzie\u017cy do dzia\u0142alno\u015bci spo\u0142ecznej, g\u0142\u00f3wnie do w\u0142\u0105czania si\u0119 w lokalne inicjatywy.<\/p>\n<p><a href=\"http:\/\/fundacjaoda.pl\/wp-content\/uploads\/2015\/09\/l.jpg\"><img loading=\"lazy\" src=\"http:\/\/fundacjaoda.pl\/wp-content\/uploads\/2015\/09\/l.jpg\" alt=\"l\" style=\"margin-right: 10px;\" width=\"30%\" height=\"30%\" align=\"left\"  class=\"alignnone size-full wp-image-5718\" srcset=\"http:\/\/fundacjaoda.pl\/wp-content\/uploads\/2015\/09\/l.jpg 850w, http:\/\/fundacjaoda.pl\/wp-content\/uploads\/2015\/09\/l-150x100.jpg 150w\" sizes=\"(max-width: 850px) 100vw, 850px\" \/><\/a>Leszek Patejuk przedstawi\u0142 nam artystk\u0119, <a href=\"http:\/\/fundacjaoda.pl\/?page_id=5611\" title=\"Katarzyna Wilk\"><strong>Katarzyn\u0119 Wilk<\/strong><\/a>, kt\u00f3ra, niemal w kolejn\u0105 ocznic\u0119 otwarcia Izby, zago\u015bci\u0142a w niej ponownie. Artystce akompaniowa\u0142a na pianinie pani <a href=\"http:\/\/fundacjaoda.pl\/?page_id=5609\" title=\"Anna Kornacka\"><strong>Anna Kornacka<\/strong><\/a>. W&nbsp;trakcie koncertu Leszek przybli\u017ca\u0142 nam kolejne utwory i ich kompozytor\u00f3w, kt\u00f3rych pie\u015bni i arie wybra\u0142a pani Katarzyna na ten wiecz\u00f3r. Osoby uczestnicz\u0105ce w poprzednim koncercie mia\u0142y okazj\u0119 stwierdzi\u0107, jak bardzo rozwin\u0105\u0142 si\u0119 talent i mo\u017cliwo\u015bci m\u0142odej artystki przez ostatnie dwa lata. Ci, kt\u00f3rzy us\u0142yszeli tego wieczoru po raz pierwszy jej ciep\u0142y, dojrza\u0142y i pokonuj\u0105cy bez wysi\u0142ku  utrzymane w szybkim tempie barokowe melizmaty w arii Kleopatry z \u201eJuliusza Cezara\u201d te\u017c byli pod ogromnym wra\u017ceniem jej artystycznych mo\u017cliwo\u015bci. Wykonywane przez ni\u0105 arie odznacza\u0142y si\u0119 wyr\u00f3wnanym prowadzeniem g\u0142osu, nawet w forte nie przybieraj\u0105cym znamion wysi\u0142ku. Drobna i filigranowa artystka z wdzi\u0119kiem oddawa\u0142a tre\u015b\u0107 arii za pomoc\u0105 \u015brodk\u00f3w aktorskich, takich jak mimika, gesty i ruch. A kiedy na bis pani Katarzyna  wykona\u0142a jedn\u0105 z&nbsp;pie\u015bni Chopina, podziw widowni wzbudzi\u0142a dodatkowo perfekcyjnie wyrazista dykcja. <\/p>\n<p>Wyszukane i przygotowane przez pani\u0105 Katarzyn\u0119 specjalnie na ten wiecz\u00f3r arie pozwoli\u0142y zaprezentowa\u0107 szeroki wachlarz jej umiej\u0119tno\u015bci. W&nbsp;programie znalaz\u0142y si\u0119 utwory skomponowane na przestrzeni XVII-XX i zosta\u0142y uznane za kanony muzyki klasycznej i operowej:<br \/>\n1.\tPie\u015b\u0144 \u201eIf Music Be The Food Of Love\u201d angielskiego kompozytora muzyki baroku, H. Purcell (1659-1595)<br \/>\n2.\tAria Kleopatry \u201eDa tempeste il legno infranto\u201dz 3 aktu opery \u201eJuliusz Cezar\u201d, G. F. H\u00e4ndel (1685-1759)<br \/>\n3.\tAria Zuzanny \u201eDeh vieni non tardar&#8221; z opery \u201eWesele Figara\u201d, W. M. Mozart (1756-1791)<br \/>\n5.\tPie\u015b\u0144 \u201eClair de Lune\u201d, G. Faur\u00e9 (1845-1924)<br \/>\n6.\tAria Tytanii \u201eBe Kind And Curteous\u201d z opery \u201eSen nocy letniej\u201d, B. Britten (1913-1976)<br \/>\n7.\tAria Lauretty \u201eO mio babbino caro\u201d z \u201eGianni Schicchi\u201d, G. Puccini (1858-1924)<\/p>\n<p><a href=\"http:\/\/fundacjaoda.pl\/wp-content\/uploads\/2014\/10\/39-2015.pdf\" target=\"_blank\"><strong>Wi\u0119cej&#8230;<\/strong><\/a><br \/>\n<a href=\"http:\/\/fundacjaoda.pl\/?page_id=5737\" title=\"Galeria \u2013 Katarzyna Wilk 2015\"><strong>Galeria<\/strong><\/a><br \/>\n<strong><a href=\"http:\/\/fundacjaoda.pl\/?p=5604\" title=\"Recital Katarzyny Wilk\">Powr\u00f3t<\/a><\/strong><\/p>\n","protected":false},"excerpt":{"rendered":"<p>Po wakacyjnej przerwie Danusia Michalik przywita\u0142a zebranych w Izbie go\u015bci i przedstawi\u0142a wydarzenia, kt\u00f3re mia\u0142y miejsce w ci\u0105gu ostatnich 2 miesi\u0119cy \u2013 remont oraz szkolenie z udzielania pierwszej pomocy. Podzi\u0119kowa\u0142a te\u017c wszystkim zaanga\u017cowanym w remont sympatykom Izby. wspomnia\u0142a o projekcie zg\u0142oszonym do Bud\u017cetu Obywatelskiego pt. Festiwal im. Rodziny Wodiczk\u00f3w i \u2026 <a href=\"http:\/\/fundacjaoda.pl\/?page_id=5747\"> Continue reading <span class=\"meta-nav\">&rarr; <\/span><\/a><\/p>\n","protected":false},"author":1,"featured_media":0,"parent":0,"menu_order":0,"comment_status":"closed","ping_status":"closed","template":"","meta":[],"_links":{"self":[{"href":"http:\/\/fundacjaoda.pl\/index.php?rest_route=\/wp\/v2\/pages\/5747"}],"collection":[{"href":"http:\/\/fundacjaoda.pl\/index.php?rest_route=\/wp\/v2\/pages"}],"about":[{"href":"http:\/\/fundacjaoda.pl\/index.php?rest_route=\/wp\/v2\/types\/page"}],"author":[{"embeddable":true,"href":"http:\/\/fundacjaoda.pl\/index.php?rest_route=\/wp\/v2\/users\/1"}],"replies":[{"embeddable":true,"href":"http:\/\/fundacjaoda.pl\/index.php?rest_route=%2Fwp%2Fv2%2Fcomments&post=5747"}],"version-history":[{"count":14,"href":"http:\/\/fundacjaoda.pl\/index.php?rest_route=\/wp\/v2\/pages\/5747\/revisions"}],"predecessor-version":[{"id":6189,"href":"http:\/\/fundacjaoda.pl\/index.php?rest_route=\/wp\/v2\/pages\/5747\/revisions\/6189"}],"wp:attachment":[{"href":"http:\/\/fundacjaoda.pl\/index.php?rest_route=%2Fwp%2Fv2%2Fmedia&parent=5747"}],"curies":[{"name":"wp","href":"https:\/\/api.w.org\/{rel}","templated":true}]}}