{"id":56,"date":"2014-10-25T21:35:03","date_gmt":"2014-10-25T19:35:03","guid":{"rendered":"http:\/\/fundacjaoda.pl\/?page_id=56"},"modified":"2019-01-03T13:02:47","modified_gmt":"2019-01-03T12:02:47","slug":"warsztaty","status":"publish","type":"page","link":"http:\/\/fundacjaoda.pl\/?page_id=56","title":{"rendered":"Warsztaty"},"content":{"rendered":"<p><strong>Warsztaty<\/strong> to wielopokoleniowe zaj\u0119cia tw\u00f3rcze dla wszystkich ch\u0119tnych, kt\u00f3rzy pod okiem instruktor\u00f3w i pasjonat\u00f3w r\u0119kodzielnictwa chc\u0105 popracowa\u0107 nad rozwijaniem swoich zainteresowa\u0144. Zaj\u0119cia popularyzuj\u0105ce wsp\u00f3\u0142czesne r\u0119kodzielnictwo s\u0105 okazj\u0105 do dzielenia si\u0119 swoj\u0105 wiedz\u0105 z innymi i form\u0105 przyjemnego sp\u0119dzania wolnego czasu. W\u0142asnor\u0119cznie wykonany filcowany szal, ozdoby na st\u00f3\u0142 \u015bwi\u0105teczny, unikatowa bi\u017cuteria czy pachn\u0105ce \u015bwiece na pewno b\u0119d\u0105 powodem wielkiej satysfakcji.<\/p>\n<p><span style=\"font-size: 14.0pt;\">Warsztaty \u015bwiecowe &#8211; listopad 2018<\/font><\/span><br \/>\n<a href=\"http:\/\/fundacjaoda.pl\/wp-content\/uploads\/2018\/11\/IMG_9584.jpg\"><img loading=\"lazy\" src=\"http:\/\/fundacjaoda.pl\/wp-content\/uploads\/2018\/11\/IMG_9584.jpg\" alt=\"IMG_9584\"style=\"margin-right: 10px;\" width=\"20%\" height=\"20%\" class=\"alignnone size-full wp-image-15668\" align=\"left\" srcset=\"http:\/\/fundacjaoda.pl\/wp-content\/uploads\/2018\/11\/IMG_9584.jpg 818w, http:\/\/fundacjaoda.pl\/wp-content\/uploads\/2018\/11\/IMG_9584-150x110.jpg 150w\" sizes=\"(max-width: 818px) 100vw, 818px\" \/><\/a>Bardzo spontanicznie, z okazji dodatkowego wolnego dnia 12 listopada zrodzi\u0142 si\u0119 pomys\u0142 zorganizowania warsztat\u00f3w robienia \u015bwiec. Wzi\u0119\u0142a w nim udzia\u0142 m\u0142odzie\u017c i dzieci, kt\u00f3re pod opiek\u0105 rodzic\u00f3w znakomicie poradzi\u0142y sobie ze wszystkimi zadaniami, jakie nale\u017ca\u0142o wykona\u0107, aby zrobi\u0107 ozdobne \u015bwiece. Zosta\u0142 przygotowany r\u00f3\u017cnokolorowy wosk, kt\u00f3ry nast\u0119pnie pokruszono szybko i sprawnie. W posmarowane olejem foremki, z&nbsp;zamocowanym knotem, dzieci sypa\u0142y r\u00f3\u017cnokolorowe kawa\u0142ki wosku. Nie zapomnia\u0142y o dodaniu ozdobnego brokatu i olejk\u00f3w zapachowych. Okaza\u0142o si\u0119, \u017ce kilkoro z uczestnik\u00f3w warsztat\u00f3w gra na r\u00f3\u017cnych instrumentach. W ramach wytchnienia od prac \u015bwiecowych uda\u0142o im si\u0119 zagra\u0107 wsp\u00f3lnie. Mo\u017ce to \u015bwiecowe spotkanie zaowocuje w niedalekiej przysz\u0142o\u015bci wsp\u00f3lnym m\u0142odzie\u017cowym graniem? <strong><a href=\"http:\/\/fundacjaoda.pl\/?page_id=15689\" title=\"Warsztaty \u015bwiecowe \u2013 2018\">Galeria<\/a><\/strong><\/p>\n<p><span style=\"font-size: 14.0pt;\">Warsztaty artystycznego odnawiania mebli &#8211; pa\u017adziernik 2018<\/font><\/span><br \/>\n<a href=\"http:\/\/fundacjaoda.pl\/wp-content\/uploads\/2018\/10\/IMG_8115.jpg\"><img loading=\"lazy\" src=\"http:\/\/fundacjaoda.pl\/wp-content\/uploads\/2018\/10\/IMG_8115.jpg\" alt=\"IMG_8115\" style=\"margin-right: 10px;\" width=\"20%\" height=\"20%\"  class=\"alignnone size-full wp-image-15370\" align=\"left\" srcset=\"http:\/\/fundacjaoda.pl\/wp-content\/uploads\/2018\/10\/IMG_8115.jpg 900w, http:\/\/fundacjaoda.pl\/wp-content\/uploads\/2018\/10\/IMG_8115-150x100.jpg 150w\" sizes=\"(max-width: 900px) 100vw, 900px\" \/><\/a><a href=\"http:\/\/fundacjaoda.pl\/wp-content\/uploads\/2018\/10\/IMG_8112.jpg\"><img loading=\"lazy\" src=\"http:\/\/fundacjaoda.pl\/wp-content\/uploads\/2018\/10\/IMG_8112.jpg\" alt=\"IMG_8112\" style=\"margin-left: 10px;\" width=\"20%\" height=\"20%\"  class=\"alignnone size-full wp-image-15369\" align=\"right\" srcset=\"http:\/\/fundacjaoda.pl\/wp-content\/uploads\/2018\/10\/IMG_8112.jpg 900w, http:\/\/fundacjaoda.pl\/wp-content\/uploads\/2018\/10\/IMG_8112-150x100.jpg 150w\" sizes=\"(max-width: 900px) 100vw, 900px\" \/><\/a>Ka\u017cdy z uczetnik\u00f3w przyni\u00f3s\u0142 ze sob\u0105 mebel, kt\u00f3ry przeznaczy\u0142 na renowacj\u0119 podczas warsztat\u00f3w. Spotkanie rozpocz\u0119\u0142o si\u0119 kr\u00f3tkim wyk\u0142adem, w kt\u00f3rym Piotr Maciejuk zapozna\u0142 uczestnik\u00f3w warsztat\u00f3w z podstawami technologii drewna i&nbsp;r\u00f3\u017cnymi technikami odnowy starych, wys\u0142u\u017conych mebli. Gor\u0105co zach\u0119ca\u0142 do prac nad ich renowacj\u0105, przekonuj\u0105c, \u017ce przedmioty te &#8222;maj\u0105 dusz\u0119&#8221; i cz\u0119sto maj\u0105 dla w\u0142a\u015bciciela niewymiern\u0105 warto\u015b\u0107 sentymentaln\u0105. Poniewa\u017c pogoda dopisa\u0142a &#8211; by\u0142 to kolejny pi\u0119kny, s\u0142oneczny i ciep\u0142y dzie\u0144 &#8211; Danuta Michalik zaprosi\u0142a uczestnik\u00f3w warsztat\u00f3w do swojego ogrodu, kt\u00f3ry przylega do budynku Izby Muzealanej. Wcze\u015bniej, wraz z Piotrem Maciejukiem, przygotowali w nim stanowiska pracy i zgromadzili ca\u0142y niezb\u0119dny sprz\u0119t potrzebny przy renowacji mebli. Stworzy\u0142a tym samym optymalne warunki do pracy. Piotr Maciejuk dokona\u0142 przegl\u0105du przeznaczonych do renowacji przedmiot\u00f3w i udzieli\u0142 ka\u017cdemu fachowych wskaz\u00f3wek. W&nbsp;ruch posz\u0142y urz\u0105dzenia mechaniczne &#8211; szlifierki, wiertarki z tarczami szlifuj\u0105cymi &#8211; oraz r\u0119czne przyrz\u0105dy do usuwania starych warstw farb i&nbsp;lakier\u00f3w. Uczestnicy, zabezpieczeni w r\u0119kawiczki ochronne i maseczki, sprawnie wykonywali ustalone z Piotrem zadania. Stosowali umiej\u0119tnie papiery scierne o r\u00f3\u017cnym stopniu gradacji, szpachle, kleje i zaciski oraz wa\u0142ki do polerowania drewna. Wybrane przez Piotra farby i&nbsp;oleje nak\u0142adane p\u0119dzlami lub bawe\u0142nianymi wi\u00f3rkami szybko sch\u0142y. Efekty pracy zadowoli\u0142y wszystkich, a Piotr podziwia\u0142 zaanga\u017cowanie i&nbsp;pracowito\u015b\u0107 wszystkich uczestnik\u00f3w zaj\u0119\u0107. <strong><a href=\"http:\/\/fundacjaoda.pl\/?page_id=15398\" title=\"Galeria \u2013 Warsztaty artystycznego odnawiania mebli\">Galeria<\/a><\/strong><\/p>\n<p><span style=\"font-size: 14.0pt;\">Warsztaty fotograficzne &#8211; pa\u017adziernik 2018<\/font><\/span><br \/>\n<a href=\"http:\/\/fundacjaoda.pl\/wp-content\/uploads\/2018\/10\/MG_7679.jpg\"><img loading=\"lazy\" src=\"http:\/\/fundacjaoda.pl\/wp-content\/uploads\/2018\/10\/MG_7679.jpg\" alt=\"_MG_7679\" style=\"margin-right: 10px;\" width=\"20%\" height=\"20%\" class=\"alignnone size-full wp-image-15413\" align=\"left\" srcset=\"http:\/\/fundacjaoda.pl\/wp-content\/uploads\/2018\/10\/MG_7679.jpg 900w, http:\/\/fundacjaoda.pl\/wp-content\/uploads\/2018\/10\/MG_7679-150x100.jpg 150w\" sizes=\"(max-width: 900px) 100vw, 900px\" \/><\/a><a href=\"http:\/\/fundacjaoda.pl\/wp-content\/uploads\/2018\/10\/20181006_151228.jpg\"><img loading=\"lazy\" src=\"http:\/\/fundacjaoda.pl\/wp-content\/uploads\/2018\/10\/20181006_151228.jpg\" alt=\"20181006_151228\" style=\"margin-left: 10px;\" width=\"20%\" height=\"20%\" class=\"alignnone size-full wp-image-15439\" align=\"right\" srcset=\"http:\/\/fundacjaoda.pl\/wp-content\/uploads\/2018\/10\/20181006_151228.jpg 900w, http:\/\/fundacjaoda.pl\/wp-content\/uploads\/2018\/10\/20181006_151228-150x112.jpg 150w\" sizes=\"(max-width: 900px) 100vw, 900px\" \/><\/a>Uczestnicy warsztat\u00f3w, zgromadzeni w pracowni Stanis\u0142awa Dr\u0119\u017cka, wys\u0142uchali wyk\u0142adu na temat podstawowych parametr\u00f3w zwi\u0105zanych z fotografi\u0105 &#8211; czasu na\u015bwietlania i warto\u015bci przys\u0142ony. Stanis\u0142aw przedstawi\u0142 r\u00f3wnie\u017c zagadnienie g\u0142\u0119bi ostro\u015bci prezentuj\u0105c na schematycznym rysunku efekty, kt\u00f3re mo\u017cna osi\u0105gn\u0105\u0107 korzystaj\u0105c umiej\u0119tnie z ogniskowej obiektywu, wielko\u015bci przys\u0142ony oraz odleg\u0142o\u015bci od fotografowanego. Stanis\u0142aw dokona\u0142 przegl\u0105du sprz\u0119tu fotograficznego, z kt\u00f3rym uczestnicy przybyli na zaj\u0119cia i udzieli\u0142 ka\u017cdemu stosownych wskaz\u00f3wek, jak ustawi\u0107 g\u0142\u00f3wne parametry w zwi\u0105zku z zadaniem, kt\u00f3re uczestnicy mieli wykona\u0107 na zaj\u0119ciach. Po zako\u0144czeniu cz\u0119\u015bci teoretycznej wszyscy wymaszerowali na miasto. Przemieszczali si\u0119, zgodnie z g\u00f3ry ustalonym planem, ulicami: Wile\u0144sk\u0105, \u017belazn\u0105, Warszawsk\u0105 Ogrodow\u0105, Legion\u00f3w, 1-go Maja, Ko\u015bciuszki, Lipi\u0144sk\u0105, Mickiewicza, Sienkiewicza, Poln\u0105, Daszy\u0144skiego. Potem, ju\u017c samochodami, dotarli do Rezerwatu Grabicz, aby utrwali\u0107 pi\u0119kny, s\u0142oneczny dzie\u0144 zdj\u0119ciami przyrody w tym szczeg\u00f3lnym miejscu. Spo\u015br\u00f3d wykonanych prac zostan\u0105 wybrane najlepsze zdj\u0119cia, kt\u00f3re b\u0119dzie mo\u017cna jeszcze w tym roku obejrze\u0107 na wystawie w Izbie Muzealnej Wodiczk\u00f3w. <strong><a href=\"http:\/\/fundacjaoda.pl\/?page_id=15442\" title=\"Galeria \u2013 Warsztaty fotograficzne 2018\">Galeria<\/a><\/strong><\/p>\n<p><span style=\"font-size: 14.0pt;\">Warsztaty robienia \u015bwiec &#8211; listopad 2017<\/font><\/span><br \/>\n<a href=\"http:\/\/fundacjaoda.pl\/wp-content\/uploads\/2017\/11\/20171121_183710.jpg\"><img loading=\"lazy\" src=\"http:\/\/fundacjaoda.pl\/wp-content\/uploads\/2017\/11\/20171121_183710.jpg\" alt=\"20171121_183710\" style=\"margin-right: 10px;\" width=\"20%\" height=\"20%\" class=\"alignnone size-full wp-image-13369\" align=\"left\" srcset=\"http:\/\/fundacjaoda.pl\/wp-content\/uploads\/2017\/11\/20171121_183710.jpg 694w, http:\/\/fundacjaoda.pl\/wp-content\/uploads\/2017\/11\/20171121_183710-150x144.jpg 150w\" sizes=\"(max-width: 694px) 100vw, 694px\" \/><\/a>Uczestnicy warsztat\u00f3w, pod okiem instruktora, zapoznawali si\u0119 z kolejnymi etapami tworzenia kolorowych, zapachowych \u015bwiec. Po wys\u0142uchaniu kr\u00f3tkiego instrukta\u017cu uczestnicy sami pokruszyli przygotowane wcze\u015bniej kolorowe parafiny. Pracuj\u0105c w dwuosobowych grupach ka\u017cdy z uczestnik\u00f3w mia\u0142 okazj\u0119 wybra\u0107 sobie kolor, kt\u00f3ry nast\u0119pnie przygotowa\u0142 mieszaj\u0105c go w rozgrzanej parafinie. Kiedy przygotowana kolorowa parafina styg\u0142a na zewn\u0105trz pomieszczenia, uczestnicy przygotowywali foremki na \u015bwieczki. Kruszyli kolejne warstwy kolorowej parafiny i uzupe\u0142niali swoje foremki wybranymi barwami, nie zapominaj\u0105c o dodaniu kropel zapachowych. Do tak przygotowanych foremek mo\u017cna by\u0142o wlewa\u0107 bezbarwn\u0105 parafin\u0119. <strong><a href=\"http:\/\/fundacjaoda.pl\/?page_id=13386\" title=\"Galeria \u2013 Warsztaty \u015bwiecowe 2017\">Galeria<\/a><\/strong><br \/>\n&nbsp;<br \/>\n&nbsp;<br \/>\n<span style=\"font-size: 14.0pt;\">Warsztaty florystyczne &#8211; pa\u017adziernik 2017<\/font><\/span><br \/>\n<a href=\"http:\/\/fundacjaoda.pl\/wp-content\/uploads\/2017\/10\/20171025_184851.jpg\"><img loading=\"lazy\" src=\"http:\/\/fundacjaoda.pl\/wp-content\/uploads\/2017\/10\/20171025_184851.jpg\" alt=\"20171025_184851\" style=\"margin-right: 10px;\" width=\"20%\" height=\"20%\" class=\"alignnone size-full wp-image-12329\" align=\"left\" srcset=\"http:\/\/fundacjaoda.pl\/wp-content\/uploads\/2017\/10\/20171025_184851.jpg 300w, http:\/\/fundacjaoda.pl\/wp-content\/uploads\/2017\/10\/20171025_184851-112x150.jpg 112w\" sizes=\"(max-width: 300px) 100vw, 300px\" \/><\/a>W tym roku uczestnicy warsztat\u00f3w sami, bez instruktora, przyst\u0105pili do wykonania tradycyjnych wi\u0105zanek kwiatowych. Z przygotowanych na to spotkanie sztucznych kwiat\u00f3w, \u017cywych zielonych dodatk\u00f3w, floret\u00f3w, drobnych element\u00f3w dekoracyjnych i wst\u0105\u017cek wykonali wi\u0105zanki korzystaj\u0105c z umiej\u0119tno\u015bci nabytych na poprzednich zaj\u0119ciach. Osoby, kt\u00f3re po raz pierwszy wzi\u0119\u0142y udzia\u0142 w warsztatach florystycznych zosta\u0142y otoczone instruktorsk\u0105 piecz\u0105  przez bardziej do\u015bwiadczonych uczestnik\u00f3w warsztat\u00f3w. Powsta\u0142o 12 \u0142adnie skomponowanych wi\u0105zanek, kt\u00f3re uczestnicy zabrali ze sob\u0105 do domu. Zosta\u0142a te\u017c przygotowana specjalna wi\u0105zanka w polskich barwach narodowych, kt\u00f3ra, zgodnie z tradycj\u0105 tych warsztat\u00f3w, zostanie z\u0142o\u017cona na cmentarzu w Koby\u0142ce, na grobie Henryka Konstantego Woyciechowskiego.  <a href=\"http:\/\/fundacjaoda.pl\/?page_id=12340\" title=\"Galeria \u2013 Warsztaty florystyczne 2017\"><strong>Galeria<\/strong><\/a><br \/>\n&nbsp;<br \/>\n&nbsp;<br \/>\n<span style=\"font-size: 14.0pt;\">Warsztaty pastelowe \u2013 maj 2017<\/font><\/span><br \/>\n<a href=\"http:\/\/fundacjaoda.pl\/wp-content\/uploads\/2017\/11\/IMG_0990.jpg\"><img loading=\"lazy\" src=\"http:\/\/fundacjaoda.pl\/wp-content\/uploads\/2017\/11\/IMG_0990.jpg\" alt=\"IMG_0990\" style=\"margin-right: 10px;\" width=\"20%\" height=\"20%\" class=\"alignnone size-full wp-image-12459\" align=\"left\" srcset=\"http:\/\/fundacjaoda.pl\/wp-content\/uploads\/2017\/11\/IMG_0990.jpg 900w, http:\/\/fundacjaoda.pl\/wp-content\/uploads\/2017\/11\/IMG_0990-150x134.jpg 150w\" sizes=\"(max-width: 900px) 100vw, 900px\" \/><\/a>W sobot\u0119 06 maja odby\u0142y si\u0119 warsztaty fotograficzne. Udzia\u0142 w zaj\u0119ciach wzi\u0119\u0142o 12 os\u00f3b. Warsztaty prowadzi\u0142a pani <a href=\"http:\/\/fundacjaoda.pl\/?page_id=7879\" title=\"El\u017cbieta R\u0105czka\">El\u017cbieta R\u0105czka<\/a>. <strong><a href=\"http:\/\/fundacjaoda.pl\/?page_id=12463\" title=\"Galeria \u2013 Warsztaty plastyczne, 06.05.2017\">Galeria<\/a><\/strong><br \/>\n<a name=\"fotogra_2017\">&nbsp;<\/a><br \/>\n&nbsp;<br \/>\n&nbsp;<br \/>\n&nbsp;<br \/>\n&nbsp;<br \/>\n<span style=\"font-size: 14.0pt;\">Warsztaty fotograficzne \u2013 maj 2017<\/font><\/span><br \/>\n<a href=\"http:\/\/fundacjaoda.pl\/wp-content\/uploads\/2014\/10\/IMG_0945.jpg\"><img loading=\"lazy\" src=\"http:\/\/fundacjaoda.pl\/wp-content\/uploads\/2014\/10\/IMG_0945.jpg\" alt=\"IMG_0945\" style=\"margin-right: 10px;\" width=\"20%\" height=\"20%\" class=\"alignnone size-full wp-image-12303\" align=\"left\" srcset=\"http:\/\/fundacjaoda.pl\/wp-content\/uploads\/2014\/10\/IMG_0945.jpg 900w, http:\/\/fundacjaoda.pl\/wp-content\/uploads\/2014\/10\/IMG_0945-150x100.jpg 150w\" sizes=\"(max-width: 900px) 100vw, 900px\" \/><\/a>W sobot\u0119 06 maja odby\u0142y si\u0119 warsztaty fotograficzne. Udzia\u0142 w zaj\u0119ciach wzi\u0119\u0142o 12 os\u00f3b. Warsztaty prowadzi\u0142a pani Katarzyna Humi\u0144ska, kt\u00f3ra fotografi\u0105 zajmuje si\u0119 od lat osiemdziesi\u0105tych. Ka\u017cdy uczestnik mia\u0142 mo\u017cliwo\u015b\u0107 korzystania z aparatu cyfrowego, z precyzyjnym wizjerem elektronicznym, ultraszybkim systemem AF i wysok\u0105 jako\u015bci\u0105 obrazu. Program warsztat\u00f3w zosta\u0142 przygotowany z my\u015bl\u0105 o u\u017cytkownikach aparat\u00f3w cyfrowych, kt\u00f3rzy chc\u0105 robi\u0107 dobre i ciekawe zdj\u0119cia o r\u00f3\u017cnorodnej tematyce i kt\u00f3rzy chc\u0105 pozna\u0107 wszystkie mo\u017cliwo\u015bci oferowane przez cyfrowe systemy fotografii i obr\u00f3bki obrazu. Tematem zaj\u0119\u0107 by\u0142a wi\u0119c obs\u0142uga aparatu i umiej\u0119tno\u015b\u0107 korzystania z oferowanych przez technik\u0119 cyfrow\u0105 \u015brodk\u00f3w kszta\u0142towania obrazu fotograficznego takich, jak obiektyw, czas na\u015bwietlania, czu\u0142o\u015b\u0107, przes\u0142ona. Wa\u017cnym elementem, na kt\u00f3ry pani Katarzyna zwr\u00f3ci\u0142a uwag\u0119 uczestnik\u00f3w warsztat\u00f3w by\u0142o tw\u00f3rcze podej\u015bcie do fotografii, czyli szukanie inspiracji i ciekawych pomys\u0142\u00f3w na zdj\u0119cia, a nast\u0119pnie opracowywanie sposobu ich realizacji. Nie pomin\u0119\u0142a te\u017c wa\u017cnej w robieniu zdj\u0119cia kompozycja, czyli jak sprawi\u0107, \u017ceby wszystko by\u0142o na swoim miejscu i ka\u017cdy odczyta\u0142 to, co autor zdj\u0119cia chcia\u0142 przekaza\u0107. Pomaga\u0142a uczestnikom komponowa\u0107 w\u0142a\u015bciwie zdj\u0119cie grupowe, portrety, krajobrazy i martw\u0105 natur\u0119. <strong><a href=\"http:\/\/fundacjaoda.pl\/?page_id=12313\" title=\"Galeria \u2013 Warsztaty fotografii\">Galeria <\/a><\/strong><\/p>\n<p><span style=\"font-size: 14.0pt;\">Warsztaty tworzenia ozd\u00f3b bo\u017conarodzeniowych \u2013 grudzie\u0144 2016<\/font><\/span><br \/>\n<a href=\"http:\/\/fundacjaoda.pl\/wp-content\/uploads\/2016\/12\/20161205_170359.jpg\"><img loading=\"lazy\" src=\"http:\/\/fundacjaoda.pl\/wp-content\/uploads\/2016\/12\/20161205_170359.jpg\" alt=\"20161205_170359\" style=\"margin-right: 10px;\" width=\"20%\" height=\"20%\" class=\"alignnone size-full wp-image-9939\" align=\"left\" srcset=\"http:\/\/fundacjaoda.pl\/wp-content\/uploads\/2016\/12\/20161205_170359.jpg 900w, http:\/\/fundacjaoda.pl\/wp-content\/uploads\/2016\/12\/20161205_170359-150x112.jpg 150w\" sizes=\"(max-width: 900px) 100vw, 900px\" \/><\/a>W poniedzia\u0142ek, 5 grudnia, w Izbie Muzealnej Wodiczk\u00f3w odby\u0142y si\u0119 w warsztaty po\u015bwi\u0119cone zbli\u017caj\u0105cym si\u0119 \u015awi\u0119tom. Przez kilka godzin, pod kierunkiem instruktora El\u017cbiety R\u0105czki, uczestnicy poznawali techniki tworzenia ozd\u00f3b bo\u017conarodzeniowych. Najwi\u0119ksz\u0105 popularno\u015bci\u0105 cieszy\u0142y si\u0119 ozdoby ze styropianu przybrane r\u00f3\u017cnobarwnymi cekinami, brokatem, kolorowymi wst\u0105\u017ckami lub specjalnym ozdobnym papierem. R\u00f3\u017cnorodno\u015b\u0107 przygotowanych materia\u0142\u00f3w i inwencja tw\u00f3rcza uczestnik\u00f3w sprawi\u0142a, \u017ce powsta\u0142y niepowtarzaj\u0105ce si\u0119 egzemplarze bombek, serduszek i dzwonk\u00f3w. Mo\u017cna te\u017c by\u0142o skorzysta\u0107 z pomocy instruktorki i samemu pomalowa\u0107 flamastrami przygotowane w tym celu przez pani\u0105 El\u017cbiet\u0119 jednobarwne bombki, a nast\u0119pnie pomalowany wz\u00f3r mo\u017cna by\u0142o przyozdobi\u0107 r\u00f3\u017cnokolorowym brokatem. <strong><a href=\"http:\/\/fundacjaoda.pl\/?page_id=9966\" title=\"Galeria \u2013 Warsztaty bo\u017conarodzeniowe, 05.12.2016\">Galeria<\/a><\/strong><\/p>\n<p><span style=\"font-size: 14.0pt;\">Warsztaty tworzenia kokard narodowych \u2013 listopad 2016<\/font><\/span><br \/>\n<a href=\"http:\/\/fundacjaoda.pl\/wp-content\/uploads\/2016\/11\/20161103_103740.jpg\"><img loading=\"lazy\" src=\"http:\/\/fundacjaoda.pl\/wp-content\/uploads\/2016\/11\/20161103_103740.jpg\" alt=\"20161103_103740\" style=\"margin-right: 10px;\" width=\"20%\" height=\"20%\" class=\"alignnone size-full wp-image-9433\" align=\"left\" srcset=\"http:\/\/fundacjaoda.pl\/wp-content\/uploads\/2016\/11\/20161103_103740.jpg 675w, http:\/\/fundacjaoda.pl\/wp-content\/uploads\/2016\/11\/20161103_103740-112x150.jpg 112w\" sizes=\"(max-width: 675px) 100vw, 675px\" \/><\/a><a href=\"http:\/\/fundacjaoda.pl\/wp-content\/uploads\/2016\/11\/20161103_112653.jpg\"><img loading=\"lazy\" src=\"http:\/\/fundacjaoda.pl\/wp-content\/uploads\/2016\/11\/20161103_112653.jpg\" alt=\"20161103_112653\"  style=\"margin-left: 10px;\" width=\"20%\" height=\"20%\" class=\"alignnone size-full wp-image-9439\" align=\"right\" srcset=\"http:\/\/fundacjaoda.pl\/wp-content\/uploads\/2016\/11\/20161103_112653.jpg 900w, http:\/\/fundacjaoda.pl\/wp-content\/uploads\/2016\/11\/20161103_112653-150x112.jpg 150w\" sizes=\"(max-width: 900px) 100vw, 900px\" \/><\/a>W czwartek 3 listopada w Izbie Wodiczk\u00f3w odby\u0142y si\u0119 po raz kolejny warsztaty tworzenia kokard narodowych z bia\u0142ej i czerwonej wst\u0105\u017cki. W warsztatach wzi\u0119\u0142a udzia\u0142 m\u0142odzie\u017c z klasy Id Gimnazjum nr 1 im. Zofii Na\u0142kowskiej w Wo\u0142ominie. Czeka\u0142y ju\u017c na ni\u0105 przygotowane wcze\u015bniej materia\u0142y, z kt\u00f3rych mia\u0142y powsta\u0107 kokardy: dwa okr\u0119gi z bia\u0142ej i czerwonej wst\u0105\u017cki, no\u017cyczki, nici i ig\u0142y oraz lepiszcze do \u0142\u0105czenia bia\u0142o-czerwonych wst\u0105\u017cek. Do wykonania \u0142atwiejszej wersji kokard &#8211; bia\u0142o-czerwonych wst\u0105\u017ceczek &#8211; zostali przydzieleni ch\u0142opcy, a dziewcz\u0119ta zosta\u0142y skierowane do sali, w kt\u00f3rej czeka\u0142a trudniejsza wersja zadania &#8211; kokardy w kszta\u0142cie rozetki. W obu grupach opiekunki warsztat\u00f3w z ramienia Izby &#8211; Ma\u0142gorzata Kogutowicz, Ma\u0142gorzata Sko\u0142o\u017cy\u0144ska i Anna Machowska &#8211; wyja\u015bni\u0142y zasady, wed\u0142ug kt\u00f3rych nale\u017cy \u0142\u0105czy\u0107 ze sob\u0105 barwy w kokardach narodowych. Uczy\u0142y te\u017c tych, kt\u00f3rzy nie mieli wcze\u015bniej kontaktu z ig\u0142\u0105 i&nbsp;nitk\u0105, jak nale\u017cy sobie taki zestaw do szycia przygotowa\u0107. Po wykonaniu wielu zestaw\u00f3w kokard narodowych uczniowie wpisali si\u0119 ch\u0119tnie do pami\u0105tkowej kroniki i, przyozdobieni wykonanymi przez siebie kokardami, pozowali do pami\u0105tkowego zdj\u0119cia. Wykonane kokardy narodowe zosta\u0142y zrobione z my\u015bl\u0105 o akademii z okazji \u015awi\u0119ta Niepodleg\u0142o\u015bci organizowanej w szkole oraz wieczorzez muzycznym zaplanowanym z tej samej okazji w Izbie Wodiczk\u00f3w. <a href=\"http:\/\/fundacjaoda.pl\/?page_id=9443\" title=\"Galeria \u2013 Kokardy narodowe 2016\"><strong>Galeria<\/strong><\/a><\/p>\n<p><span style=\"font-size: 14.0pt;\"><font color=#52841\">Warsztaty florystyczne &#8211; 19 pa\u017adziernika 2016<\/font><\/span><br \/>\n<a href=\"http:\/\/fundacjaoda.pl\/wp-content\/uploads\/2016\/10\/20161019_182945.jpg\"><img loading=\"lazy\" src=\"http:\/\/fundacjaoda.pl\/wp-content\/uploads\/2016\/10\/20161019_182945.jpg\" style=\"margin-right: 10px;\"  alt=\"20161019_182945\" width=\"20%\" height=\"20%\" class=\"alignnone size-full wp-image-9346\" align=\"left\" srcset=\"http:\/\/fundacjaoda.pl\/wp-content\/uploads\/2016\/10\/20161019_182945.jpg 675w, http:\/\/fundacjaoda.pl\/wp-content\/uploads\/2016\/10\/20161019_182945-112x150.jpg 112w\" sizes=\"(max-width: 675px) 100vw, 675px\" \/><\/a><a href=\"http:\/\/fundacjaoda.pl\/wp-content\/uploads\/2016\/10\/20161019_205000.jpg\"><img loading=\"lazy\" src=\"http:\/\/fundacjaoda.pl\/wp-content\/uploads\/2016\/10\/20161019_205000.jpg\" style=\"margin-left: 10px;\" alt=\"20161019_205000\" width=\"20%\" height=\"20%\" class=\"alignnone size-full wp-image-9380\" align=\"right\" srcset=\"http:\/\/fundacjaoda.pl\/wp-content\/uploads\/2016\/10\/20161019_205000.jpg 900w, http:\/\/fundacjaoda.pl\/wp-content\/uploads\/2016\/10\/20161019_205000-150x112.jpg 150w\" sizes=\"(max-width: 900px) 100vw, 900px\" \/><\/a>Warsztaty by\u0142y prowadzone w dw\u00f3ch grupach \u2013 pierwsza grupa w godzinach 17:00-18:45, druga w godzinach 19:00-20:45. Warsztaty prowadzi\u0142 wybitny florysta, pan Grzegorz Rudnik, nauczyciel z Zespo\u0142u Szk\u00f3\u0142 Techniczno\u2013Zawodowych w Radzyminie. Pan Grzegorz zaprezentowa\u0142 zebranym uczestnikom warsztat\u00f3w, krok po kroku, proces tworzenia i komponowania wi\u0105zanki. Umieszczaj\u0105c w&nbsp;przygotowanym florecie zielony podk\u0142ad z ga\u0142\u0105zek \u015bwierka, jod\u0142y, cisu i innych zielonych element\u00f3w przygotowanych z my\u015bl\u0105 o warsztatach m\u00f3wi\u0142 o plusach i minusach r\u00f3\u017cnych metod, jak te\u017c o&nbsp;kszta\u0142tach i kompozycji wi\u0105zanek. Po wykonaniu pokazowej wi\u0105zanki pan Grzegorz aktywnie uczestniczy\u0142 w&nbsp;tworzeniu wi\u0105zanek przez uczestniczki warsztat\u00f3w s\u0142u\u017c\u0105c pomoc\u0105 i rad\u0105. Kiedy wszystkie wi\u0105zanki by\u0142y ju\u017c gotowe, przysz\u0142a kolej na pokaz tworzenia ozd\u00f3b na gotowym wie\u0144cu, czyli na k\u00f3\u0142ku wiklinowym. By\u0142o to &#8222;dzie\u0142o&#8221; mniejsze ni\u017c wi\u0105zanka, wymaga\u0142o jednak r\u00f3wnie\u017c sporego nak\u0142adu pracy, zw\u0142aszcza na etapie przygotowania do umieszczenia kompozycji ro\u015blinnej. Uzyskany efekt by\u0142 znakomity i wysoko oceniony przez wszystkich uczestnik\u00f3w warsztat\u00f3w. <a href=\"http:\/\/fundacjaoda.pl\/?page_id=9315\" title=\"Galeria \u2013 Warsztaty florystyczne 2016\"><strong>Galeria &#8211; grupa I<\/strong><\/a>   <strong><a href=\"http:\/\/fundacjaoda.pl\/?page_id=9423\" title=\"Galeria \u2013 warsztaty florystyczne 2016 \u2013 grupa II\">Galeria &#8211; grupa II<\/a><\/strong><\/p>\n<p><span style=\"font-size: 14.0pt;\"><font color=#52841\">Warsztaty tworzenia \u015bwiec &#8211; 10 i 12 pa\u017adziernika 2016<\/font><\/span><br \/>\nNa warsztatach tworzenia \u015bwiec uczestnicy nauczyli si\u0119 robi\u0107 \u015bwiece lane i sypane. W zale\u017cno\u015bci od inwencji tw\u00f3rczej przybra\u0142y one r\u00f3\u017cne kolory, kszta\u0142ty i rozmiary.<br \/>\n<a href=\"http:\/\/fundacjaoda.pl\/wp-content\/uploads\/2016\/10\/20161012_171610.jpg\"><img loading=\"lazy\" src=\"http:\/\/fundacjaoda.pl\/wp-content\/uploads\/2016\/10\/20161012_171610.jpg\" style=\"margin-right: 10px;\"  alt=\"20161012_171610\" width=\"20%\" height=\"20%\" class=\"alignnone size-full wp-image-9137\" align=\"left\" srcset=\"http:\/\/fundacjaoda.pl\/wp-content\/uploads\/2016\/10\/20161012_171610.jpg 675w, http:\/\/fundacjaoda.pl\/wp-content\/uploads\/2016\/10\/20161012_171610-112x150.jpg 112w\" sizes=\"(max-width: 675px) 100vw, 675px\" \/><\/a>Pod okiem instruktorki, pani Justyny Sypniewskiej, uczestnicy wykonywali wszystkie czynno\u015bci zgodnie z jej zaleceniami. Na samym wi\u0119c pocz\u0105tku przygotowane pojemniki o r\u00f3\u017cnych kszta\u0142tach i rozmiarach zosta\u0142y posmarowane wewn\u0105trz obficie p\u0119dzelkami nas\u0105czonymi olejem. W wysmarowanym pojemniku zosta\u0142 umocowany &#8211; za pomoc\u0105 patyczk\u00f3w i plasteliny &#8211; knot. Do tak przygotowanego pojemnika uczestnicy warsztat\u00f3w wsypywali r\u00f3\u017cnokolorow\u0105, pokruszon\u0105 na niewielkie kawa\u0142ki, parafin\u0119. Przed zalaniem jej rozgrzan\u0105 parafin\u0105 dodawali kilka kropel zapachu kwiatowego. W tym samym czasie inni uczestnicy rozgrzewali w specjalnych naczyniach sypk\u0105 parafin\u0119. Kiedy jej temperatura i konsystencja by\u0142a odpowiednia, zosta\u0142a przelana do naczynek, kt\u00f3re u\u0142atwia\u0142y bezpieczne zalanie przygotowanych wcze\u015bniej pojemnik\u00f3w.<br \/>\n<a href=\"http:\/\/fundacjaoda.pl\/wp-content\/uploads\/2016\/10\/20161010_195129.jpg\"><img loading=\"lazy\" src=\"http:\/\/fundacjaoda.pl\/wp-content\/uploads\/2016\/10\/20161010_195129.jpg\" alt=\"20161010_195129\" style=\"margin-left: 10px;\" width=\"20%\" height=\"20%\" class=\"alignnone size-full wp-image-9136\" align=\"right\" srcset=\"http:\/\/fundacjaoda.pl\/wp-content\/uploads\/2016\/10\/20161010_195129.jpg 900w, http:\/\/fundacjaoda.pl\/wp-content\/uploads\/2016\/10\/20161010_195129-150x112.jpg 150w\" sizes=\"(max-width: 900px) 100vw, 900px\" \/><\/a>Z kolorowych wi\u00f3rk\u00f3w parafiny mo\u017cna by\u0142o stworzy\u0107 wielobarwne, ciekawe kompozycje. W miar\u0119 opanowywania techniki tworzenia \u015bwiec wzrasta\u0142a inwencja tw\u00f3rcza uczestnik\u00f3w  warsztat\u00f3w. Gdy przygotowana paleta kolorowej parafiny okaza\u0142a si\u0119 niewystarczaj\u0105ca, sami przygotowali parafin\u0119 w barwach, kt\u00f3re by\u0142y im potrzebne. Sami j\u0105 te\u017c wylewali do specjalnych pojemnik\u00f3w, aby uzyska\u0107 kolorow\u0105 mas\u0119, kt\u00f3r\u0105, po wystudzeniu, kruszyli lub wycinali w niej wzory specjalnymi foremkami. W ten spos\u00f3b opanowali ca\u0142y proces niezb\u0119dny do przygotowania i wytworzenia barwnych, zapachowych \u015bwiec. <strong><a href=\"http:\/\/fundacjaoda.pl\/?page_id=9153\" title=\"Galeria \u2013 warsztaty \u015bwiecowe 2016\">Galeria<\/a><\/strong><\/p>\n<p><span style=\"font-size: 14.0pt;\"><font color=#52841\">Warsztaty ceramiczne &#8211; 20 i 21 czerwca 2016<\/font><\/span><br \/>\n<a href=\"http:\/\/fundacjaoda.pl\/wp-content\/uploads\/2016\/06\/20160620_131708.jpg\"><img loading=\"lazy\" src=\"http:\/\/fundacjaoda.pl\/wp-content\/uploads\/2016\/06\/20160620_131708.jpg\" style=\"margin-right: 10px;\" alt=\"20160620_131708\" width=\"20%\" height=\"20%\" class=\"alignnone size-full wp-image-8467\" align=\"left\" srcset=\"http:\/\/fundacjaoda.pl\/wp-content\/uploads\/2016\/06\/20160620_131708.jpg 900w, http:\/\/fundacjaoda.pl\/wp-content\/uploads\/2016\/06\/20160620_131708-150x112.jpg 150w\" sizes=\"(max-width: 900px) 100vw, 900px\" \/><\/a><a href=\"http:\/\/fundacjaoda.pl\/wp-content\/uploads\/2016\/06\/20160620_184630.jpg\"><img loading=\"lazy\" src=\"http:\/\/fundacjaoda.pl\/wp-content\/uploads\/2016\/06\/20160620_184630.jpg\" style=\"margin-left: 10px; alt=\"20160620_184630\" width=\"20%\" height=\"20%\" class=\"alignnone size-full wp-image-8493\" align=\"right\" srcset=\"http:\/\/fundacjaoda.pl\/wp-content\/uploads\/2016\/06\/20160620_184630.jpg 900w, http:\/\/fundacjaoda.pl\/wp-content\/uploads\/2016\/06\/20160620_184630-150x112.jpg 150w\" sizes=\"(max-width: 900px) 100vw, 900px\" \/><\/a>Warsztaty ceramiczne to wielopokoleniowe spotkania rozwijaj\u0105ce sprawno\u015b\u0107 manualn\u0105 oraz zdolno\u015bci artystyczne uczestnik\u00f3w. Poprawa sprawno\u015b\u0107 r\u0105k przydaje si\u0119 zar\u00f3wno m\u0142odzie\u017cy jak i osobom starszym. W Izbie Muzealnej Wodiczk\u00f3w warsztaty takie zorganizowane zosta\u0142y dla wielopokoleniowej spo\u0142eczno\u015bci z terenu  Wo\u0142omina i Gminy Wo\u0142omin. Zaj\u0119cia prowadzi\u0142a El\u017cbieta R\u0105czka artystka i pedagog, kt\u00f3ra szczeg\u00f3lnie upodoba\u0142a sobie r\u0119kodzie\u0142o artystyczne. W czasie kilkugodzinnego spotkania uczestnicy wykonywali maski, korale, figurki ludowe i r\u00f3\u017cnego rodzaju medaliony. Do pracy uczestnicy wykorzystana zosta\u0142a samoutwardzalna glinka, kt\u00f3ra nie wymaga wypalania. Po zastygni\u0119ciu, kt\u00f3re trwa 24 godziny, wyroby mo\u017cna pomalowa\u0107 farbami, mo\u017cna tak\u017ce wypastowa\u0107 past\u0105 i polakierowa\u0107. Warsztaty zosta\u0142y zrealizowane w ramach projektu pt. \u201eProwadzenie dzia\u0142a\u0144 wspieraj\u0105cych edukacj\u0119 kulturaln\u0105 oraz popularyzacj\u0119 dziedzictwa historycznego Wo\u0142omina\u201d i zosta\u0142o finansowane przez Urz\u0105d Miejski w Wo\u0142ominie.<br \/>\n<strong><a href=\"http:\/\/fundacjaoda.pl\/?page_id=8522\" title=\"Galeria \u2013 Warsztaty ceramiczne -20.06.2016\">Galeria I<\/a> <a href=\"http:\/\/fundacjaoda.pl\/?page_id=8520\" title=\"Galeria \u2013 Warsztaty ceramiczne -21.06.2016\">Galeria II<\/a><\/strong><\/p>\n<p><span style=\"font-size: 14.0pt;\"><font color=#52841\">Warsztaty malowania pastelami &#8211; 20 maja 2016<\/font><\/span><br \/>\n<a href=\"http:\/\/fundacjaoda.pl\/wp-content\/uploads\/2016\/05\/20120121_082818.jpg\"><img loading=\"lazy\" src=\"http:\/\/fundacjaoda.pl\/wp-content\/uploads\/2016\/05\/20120121_082818.jpg\" style=\"margin-right: 10px;\" alt=\"20120121_082818\" width=\"20%\" height=\"20%\" class=\"alignnone size-full wp-image-7844\" align=\"left\" srcset=\"http:\/\/fundacjaoda.pl\/wp-content\/uploads\/2016\/05\/20120121_082818.jpg 960w, http:\/\/fundacjaoda.pl\/wp-content\/uploads\/2016\/05\/20120121_082818-150x112.jpg 150w\" sizes=\"(max-width: 960px) 100vw, 960px\" \/><\/a>W pi\u0119tek 20 maja o godz. 18:00 rozpocz\u0119\u0142o si\u0119 pierwsze spotkanie z cyklu Warsztaty artystyczne, zaplanowane w&nbsp;ramach projektu \u201eProwadzenie dzia\u0142a\u0144 wspieraj\u0105cych edukacj\u0119 kulturaln\u0105 oraz popularyzacj\u0119 dziedzictwa historycznego Wo\u0142omina\u201d, finansowanego przez Urz\u0105d Miejski w Wo\u0142ominie. W&nbsp;pomieszczeniach Izby Muzealne Wodiczk\u00f3w zosta\u0142y rozstawione sztalugi, przygotowano r\u00f3wnie\u017c miejsca przy sto\u0142ach. Osoby przyby\u0142e na te warsztaty wpisa\u0142y si\u0119 na list\u0119 obecno\u015bci ju\u017c na pocz\u0105tku zaj\u0119\u0107. W&nbsp;zaj\u0119ciach wzi\u0119\u0142o udzia\u0142 15 os\u00f3b. Prowadz\u0105ca zaj\u0119cia, pani <a href=\"http:\/\/fundacjaoda.pl\/?page_id=7879\" title=\"El\u017cbieta R\u0105czka\"><strong>El\u017cbieta R\u0105czka<\/strong><\/a>, rozda\u0142a przyby\u0142ym uczestniczkom reprodukcje prac. Na to spotkanie wybra\u0142a motywy rustykalne \u2013 koguty, kwiaty, chaty wiejskie. Najm\u0142odsze uczestniczki zaj\u0119\u0107 wybra\u0142y bardziej dowolne tematy \u2013 baletnic\u0119 i zach\u00f3d s\u0142o\u0144ca. Pani El\u017cbieta obja\u015bni\u0142a wszystkie techniki towarzysz\u0105ce pracy nad pastelowym obrazem \u2013 konturowanie, nak\u0142adanie koloru, rozcieranie koloru palcami, stosowanie fiszorka i gumki. Wyja\u015bni\u0142a zasady, jakimi rz\u0105dzi si\u0119 t\u0142o i detal w technice pastelowej. Podkre\u015bli\u0142a wp\u0142yw wybranego na samym pocz\u0105tku podobrazia i rodzaju u\u017cywanych pasteli na uzyskiwanie odpowiednich efekt\u00f3w. Po zako\u0144czeniu zaj\u0119\u0107 pani El\u017cbieta zabezpieczy\u0142a wszystkie prace pokrywaj\u0105c je fiksatyw\u0105. <a href=\"http:\/\/fundacjaoda.pl\/?page_id=7873\" title=\"Galeria \u2013 Projekt \u2013 Warsztaty 1\"><strong>Galeria<\/strong><\/a><\/p>\n<p><span style=\"font-size: 14.0pt;\"><font color=#52841\">Warsztaty malowania pastelami &#8211; kwiecie\u0144 i maj 2016<\/font><\/span><br \/>\n<a href=\"http:\/\/fundacjaoda.pl\/wp-content\/uploads\/2016\/06\/20160426_204321.jpg\"><img loading=\"lazy\" src=\"http:\/\/fundacjaoda.pl\/wp-content\/uploads\/2016\/06\/20160426_204321.jpg\" style=\"margin-right: 10px;\" alt=\"20160426_204321\" width=\"20%\" height=\"20%\" class=\"alignnone size-full wp-image-7998\" align=\"left\" srcset=\"http:\/\/fundacjaoda.pl\/wp-content\/uploads\/2016\/06\/20160426_204321.jpg 720w, http:\/\/fundacjaoda.pl\/wp-content\/uploads\/2016\/06\/20160426_204321-112x150.jpg 112w\" sizes=\"(max-width: 720px) 100vw, 720px\" \/><\/a><a href=\"http:\/\/fundacjaoda.pl\/wp-content\/uploads\/2016\/06\/20160510_2058581.jpg\"><img loading=\"lazy\" src=\"http:\/\/fundacjaoda.pl\/wp-content\/uploads\/2016\/06\/20160510_2058581.jpg\" style=\"margin-left: 10px;\"  alt=\"20160510_205858\" width=\"20%\" height=\"20%\" class=\"alignnone size-full wp-image-8049\" align=\"right\" srcset=\"http:\/\/fundacjaoda.pl\/wp-content\/uploads\/2016\/06\/20160510_2058581.jpg 720w, http:\/\/fundacjaoda.pl\/wp-content\/uploads\/2016\/06\/20160510_2058581-112x150.jpg 112w\" sizes=\"(max-width: 720px) 100vw, 720px\" \/><\/a>Na kolejnych warsztatach (26.04) uczestnicy szlifowali nabyte umiej\u0119tno\u015bci przenosz\u0105c na karton kolejne zestawy kwiat\u00f3w. Posz\u0142o sprawnie i wszystkim uda\u0142o si\u0119 uko\u0144czy\u0107 zadanie. Na zako\u0144czenie zaj\u0119\u0107 pani <a href=\"http:\/\/fundacjaoda.pl\/?page_id=7879\" title=\"El\u017cbieta R\u0105czka\"><strong>El\u017cbieta R\u0105czka<\/strong><\/a> rozda\u0142a wszystkim uczestniczkom jednakowy kontur profilu twarzy, lekko zarysowany czarn\u0105 kresk\u0105. Zadanie polega\u0142o na na\u0142o\u017ceniu dowolnych kolor\u00f3w w\u0142os\u00f3w, karnacji, ust i oczu. Efekt ko\u0144cowy by\u0142 zaskakuj\u0105cy. \u017badna z&nbsp;wykonanych w kolorze podobizn si\u0119 nie powtarza\u0142a, ka\u017cda namalowana twarz by\u0142a zupe\u0142nie inna. <strong><a href=\"http:\/\/fundacjaoda.pl\/?page_id=8001\" title=\"Galeria \u2013 Pastele \u2013 kwiaty i profile \u2013 kwiecie\u0144 2016\">Galeria<\/a><\/strong><br \/>\nZaj\u0119cia zrealizowane w dniach 10 i 17 maja po\u015bwi\u0119cone by\u0142y malowaniu magnolii. Jej kwiat zosta\u0142 wybrany jako symbol Wo\u0142omina i niebawem zostanie posadzonych w naszym mie\u015bcie 100 drzewek i krzew\u00f3w tej ro\u015bliny w zwi\u0105zku z nadchodz\u0105cym jubileuszem 100-lecia nadania praw miejskich naszemu miastu. <strong><a href=\"http:\/\/fundacjaoda.pl\/?page_id=8056\" title=\"Galeria \u2013 Pastele \u2013 Magnolia \u2013 maj 2016\">Galeria<\/a><\/strong><\/p>\n<p><span style=\"font-size: 14.0pt;\"><font color=#52841\">Warsztaty malowania pastelami &#8211; marzec i kwiecie\u0144 2016<\/font><\/span><br \/>\n<a href=\"http:\/\/fundacjaoda.pl\/wp-content\/uploads\/2014\/10\/20160308_182858.jpg\"><img loading=\"lazy\" src=\"http:\/\/fundacjaoda.pl\/wp-content\/uploads\/2014\/10\/20160308_182858.jpg\" alt=\"20160308_182858\" style=\"margin-right: 10px;\" width=\"20%\" height=\"20%\" class=\"alignnone size-full wp-image-7429\" align=\"left\" srcset=\"http:\/\/fundacjaoda.pl\/wp-content\/uploads\/2014\/10\/20160308_182858.jpg 615w, http:\/\/fundacjaoda.pl\/wp-content\/uploads\/2014\/10\/20160308_182858-114x150.jpg 114w\" sizes=\"(max-width: 615px) 100vw, 615px\" \/><\/a>Na kolejnych warsztatach po\u015bwi\u0119conych technice malowania suchymi pastelami uczestnicy, pod opiek\u0105 instruktorki <strong><a href=\"http:\/\/fundacjaoda.pl\/?page_id=7879\" title=\"El\u017cbieta R\u0105czka\">El\u017cbiety R\u0105czki<\/a><\/strong>, poznawali zagadnienia zwi\u0105zane z malowaniem r\u00f3\u017cnorodnych temat\u00f3w: pejza\u017cy (08&nbsp;i&nbsp;22.03), ruchu (29.03 i 05.04), martwej natury (12 i&nbsp;18.04). Niezale\u017cnie od wybranego tematu nale\u017cy zawsze w\u0142a\u015bciwie zakomponowa\u0107 p\u0142aszczyzn\u0119 poprzez wytyczenie osi pionowej i poziomej, a nast\u0119pnie okre\u015bli\u0107 wielko\u015bci poszczeg\u00f3lnych element\u00f3w i ich perspektyw\u0119. Ta zasada zawsze obowi\u0105zuje &#8211; nie ma znaczenia, czy rysujemy, czy te\u017c malujemy cokolwiek. Technika technik\u0105, na pewno jej opanowanie bardzo u\u0142atwia pos\u0142ugiwanie si\u0119 suchymi pastelami i wiszorkiem, ale bardzo wa\u017cna jest wra\u017cliwo\u015b\u0107. To ona sprawia, \u017ce ten sam obraz, kt\u00f3ry jest wzorem do namalowania, u ka\u017cdego z uczestnik\u00f3w warsztat\u00f3w w efekcie ko\u0144cowym wygl\u0105da zupe\u0142nie inaczej. Przyk\u0142adem tych r\u00f3\u017cnorodnych efekt\u00f3w s\u0105 przygotowane galerie z namalowanym przez uczestnik\u00f3w warsztat\u00f3w <strong><a href=\"http:\/\/fundacjaoda.pl\/?page_id=7539\" title=\"Galeria \u2013 pastelowe warsztaty \u2013 pejza\u017c\">pejza\u017cem<\/a><\/strong>, <a href=\"http:\/\/fundacjaoda.pl\/?page_id=7495\" title=\"Galeria \u2013 warsztaty pastelowe \u2013 strach na wr\u00f3ble\"><strong>strachem na wr\u00f3ble<\/strong><\/a>, <a href=\"http:\/\/fundacjaoda.pl\/?page_id=7466\" title=\"Galeria \u2013 pastelowe warsztaty \u2013 kwiaty\"><strong>bukietem kwiat\u00f3w<\/strong><\/a> i rustykaln\u0105 budowl\u0105.<\/p>\n<p><span style=\"font-size: 14.0pt;\"><font color=#52841\">Warsztaty Wielkanocne &#8211; marzec 2016<\/font><\/span><br \/>\n<a href=\"http:\/\/fundacjaoda.pl\/wp-content\/uploads\/2016\/04\/20160316_100551.jpg\"><img loading=\"lazy\" src=\"http:\/\/fundacjaoda.pl\/wp-content\/uploads\/2016\/04\/20160316_100551.jpg\" style=\"margin-right: 10px;\" alt=\"20160316_100551\" width=\"15%\" height=\"15%\" class=\"alignnone size-full wp-image-7549\" align=\"left\" srcset=\"http:\/\/fundacjaoda.pl\/wp-content\/uploads\/2016\/04\/20160316_100551.jpg 600w, http:\/\/fundacjaoda.pl\/wp-content\/uploads\/2016\/04\/20160316_100551-112x150.jpg 112w\" sizes=\"(max-width: 600px) 100vw, 600px\" \/><\/a><a href=\"http:\/\/fundacjaoda.pl\/wp-content\/uploads\/2016\/04\/20160316_1157131.jpg\"><img loading=\"lazy\" src=\"http:\/\/fundacjaoda.pl\/wp-content\/uploads\/2016\/04\/20160316_1157131.jpg\" style=\"margin-left: 10px;\" alt=\"20160316_115713\" width=\"20%\" height=\"20%\" class=\"alignnone size-full wp-image-7602\" align=\"right\" srcset=\"http:\/\/fundacjaoda.pl\/wp-content\/uploads\/2016\/04\/20160316_1157131.jpg 800w, http:\/\/fundacjaoda.pl\/wp-content\/uploads\/2016\/04\/20160316_1157131-150x112.jpg 150w\" sizes=\"(max-width: 800px) 100vw, 800px\" \/><\/a>W dniu 16 mara Izbie Wodiczk\u00f3w zgromadzi\u0142a si\u0119 m\u0142odzie\u017c na dorocznych warsztatach zorganizowanych przez Fundacj\u0119 ODA z okazji zbli\u017caj\u0105cych si\u0119 \u015awi\u0105t Wielkanocnych. M\u0142odzie\u017c z Zespo\u0142u Szk\u00f3\u0142 Ekonomicznych im. Stanis\u0142awa Staszica w Wo\u0142ominie, pod czujnym okiem pedagog\u00f3w &#8211; pani Anny \u015alusarz, Joanny Denis oraz Ewy Kesler &#8211; mia\u0142a okazj\u0119 w\u0142asnor\u0119cznie wykona\u0107 ozdoby wielkanocne, takie jak palmy, pisanki i&nbsp;okoliczno\u015bciowe wi\u0105zanki. Wielk\u0105 pomoc\u0105 w trakcie tych warsztat\u00f3w s\u0142u\u017cy\u0142a pani <a href=\"http:\/\/fundacjaoda.pl\/?page_id=7879\" title=\"El\u017cbieta R\u0105czka\"><strong>El\u017cbieta R\u0105czka<\/strong><\/a>, artystka i do\u015bwiadczony pedagog. Z my\u015bl\u0105 o tradycyjnych ozdobach, kt\u00f3re mia\u0142y powsta\u0107 podczas tych zaj\u0119\u0107 organizatorzy przygotowali bardzo szeroki zestaw materia\u0142\u00f3w &#8211; bibu\u0142ek, krepiny, wst\u0105\u017cek, drucik\u00f3w, zielonych ga\u0142\u0105zek bukszpanu, bazi. Inwencja tw\u00f3rcza i efekty pracy zadziwi\u0142y nawet samych wykonawc\u00f3w, kt\u00f3rzy z rado\u015bci\u0105 (wida\u0107 to na zdj\u0119ciach) podj\u0119li wyzwanie tw\u00f3rcze. <strong><a href=\"http:\/\/fundacjaoda.pl\/?page_id=7588\" title=\"Galeria \u2013 Warsztaty wielkanocne 2016 \u2013 grupa I\">Galeria &#8211; grupa I<\/a> <\/strong>  <strong><a href=\"http:\/\/fundacjaoda.pl\/?page_id=7626\" title=\"Galeria \u2013 Warsztaty 2016 \u2013 grupa II\">Galeria &#8211; grupa II<\/a><\/strong><br \/>\n<a href=\"http:\/\/fundacjaoda.pl\/wp-content\/uploads\/2016\/04\/20160316_183322.jpg\"><img loading=\"lazy\" src=\"http:\/\/fundacjaoda.pl\/wp-content\/uploads\/2016\/04\/20160316_183322.jpg\" style=\"margin-right: 10px;\"  alt=\"20160316_183322\" width=\"20%\" height=\"20%\" class=\"alignnone size-full wp-image-7634\" align=\"left\" srcset=\"http:\/\/fundacjaoda.pl\/wp-content\/uploads\/2016\/04\/20160316_183322.jpg 800w, http:\/\/fundacjaoda.pl\/wp-content\/uploads\/2016\/04\/20160316_183322-150x112.jpg 150w\" sizes=\"(max-width: 800px) 100vw, 800px\" \/><\/a>Tego samego dnia, p\u00f3\u017anym wieczorem, zosta\u0142y zorganizowane takie same warsztaty, tym razem  &#8222;pozaszkolne&#8221;, na kt\u00f3re przyby\u0142o 12 uczestnik\u00f3w. Pod opieku\u0144czym okiem pani Eli R\u0105czki tworzyli w\u0142asne ozdoby poznaj\u0105c technik\u0119 pracy z grub\u0105 i&nbsp;cienk\u0105 krepin\u0105, bibu\u0142k\u0105, koralikami, ozdobnymi sznurkami, drucikami itp. Mogli te\u017c wzorowa\u0107 si\u0119 na wykonanych przez pani\u0105 El\u0119 i pisankach, kt\u00f3re przynios\u0142a na to spotkanie.<strong><a href=\"http:\/\/fundacjaoda.pl\/?page_id=7645\" title=\"Galeria \u2013 Warsztaty Wielkanocne \u2013 grupa III\">  Galeria<\/a><\/strong><br \/>\n&nbsp;<br \/>\n&nbsp;<\/p>\n<p><span style=\"font-size: 14.0pt;\"><font color=#52841\">Warsztaty malowania pastelami &#8211; luty 2016<\/font><\/span><br \/>\n<em>Tekst: Henryka Dobrowolska<\/em><br \/>\n<a href=\"http:\/\/fundacjaoda.pl\/wp-content\/uploads\/2016\/03\/20160229_183619.jpg\"><img loading=\"lazy\" src=\"http:\/\/fundacjaoda.pl\/wp-content\/uploads\/2016\/03\/20160229_183619.jpg\" style=\"margin-right: 10px;\" alt=\"20160229_183619\" width=\"20%\" height=\"20%\" class=\"alignnone size-full wp-image-7078\" align=\"left\" srcset=\"http:\/\/fundacjaoda.pl\/wp-content\/uploads\/2016\/03\/20160229_183619.jpg 675w, http:\/\/fundacjaoda.pl\/wp-content\/uploads\/2016\/03\/20160229_183619-112x150.jpg 112w\" sizes=\"(max-width: 675px) 100vw, 675px\" \/><a href=\"http:\/\/fundacjaoda.pl\/wp-content\/uploads\/2016\/03\/20160229_202736.jpg\"><img loading=\"lazy\" src=\"http:\/\/fundacjaoda.pl\/wp-content\/uploads\/2016\/03\/20160229_202736.jpg\" style=\"margin-left: 10px;\" alt=\"20160229_202736\" width=\"20%\" height=\"20%\" class=\"alignnone size-full wp-image-7082\" align=\"right\" srcset=\"http:\/\/fundacjaoda.pl\/wp-content\/uploads\/2016\/03\/20160229_202736.jpg 675w, http:\/\/fundacjaoda.pl\/wp-content\/uploads\/2016\/03\/20160229_202736-112x150.jpg 112w\" sizes=\"(max-width: 675px) 100vw, 675px\" \/><\/a><\/a>W poniedzia\u0142ek 29 lutego 2016 w lokum Izby Wodiczk\u00f3w odby\u0142y si\u0119 pierwsze warsztaty malarskie. Odwag\u0105 wykaza\u0142y si\u0119 wy\u0142\u0105cznie panie. Zaj\u0119cia poprowadzi\u0142a profesjonalna artystka i pedagog <strong><a href=\"http:\/\/fundacjaoda.pl\/?page_id=7879\" title=\"El\u017cbieta R\u0105czka\">El\u017cbieta R\u0105czka<\/a><\/strong>.<br \/>\nWybra\u0142y\u015bmy tematy i po kr\u00f3tkim instruktarzu zabra\u0142y\u015bmy si\u0119 do malowania. Karton, pastele, troszeczk\u0119 pasji i&#8230; fantastyczny efekt! Rado\u015b\u0107 tworzenia! Malowanie pastelami okaza\u0142o si\u0119 wcale nie takie trudne, jakby si\u0119 mog\u0142o wydawa\u0107. Znacznie trudniejsza jest konserwacja takiego dzie\u0142a. Sama technika jest niezwykle ciekawa i&nbsp;daje mo\u017cliwo\u015bci osi\u0105gni\u0119cia kapitalnych efekt\u00f3w. Spotkanie up\u0142yn\u0119\u0142o nam w&nbsp;przemi\u0142ej atmosferze, przy ciekawych rozmowach.<br \/>\nNad ca\u0142okszta\u0142tem panowa\u0142a nasza niezawodna Danusia Michalik. Planowane s\u0105 kolejne spotkania, a tak\u017ce wystawa naszych dzie\u0142. <font size=\"+0,5\"><strong><a href=\"http:\/\/fundacjaoda.pl\/?page_id=7097\" title=\"Galeria \u2013 Pastelowa warsztaty\">Galeria<\/a><\/strong><\/font><\/p>\n<p><span style=\"font-size: 14.0pt;\"><font color=#52841\">Warsztaty tworzenia kokard narodowych &#8211; listopad 2015<\/font><\/span><br \/>\n<a href=\"http:\/\/fundacjaoda.pl\/wp-content\/uploads\/2014\/10\/rozetki.jpg\"><img loading=\"lazy\" src=\"http:\/\/fundacjaoda.pl\/wp-content\/uploads\/2014\/10\/rozetki.jpg\" alt=\"rozetki\" style=\"margin-right: 10px;\" width=\"20%\" height=\"20%\" class=\"alignnone size-full wp-image-6221\" align=\"left\" srcset=\"http:\/\/fundacjaoda.pl\/wp-content\/uploads\/2014\/10\/rozetki.jpg 675w, http:\/\/fundacjaoda.pl\/wp-content\/uploads\/2014\/10\/rozetki-112x150.jpg 112w\" sizes=\"(max-width: 675px) 100vw, 675px\" \/><\/a><a href=\"http:\/\/fundacjaoda.pl\/wp-content\/uploads\/2014\/10\/kokardki.jpg\"><img loading=\"lazy\" src=\"http:\/\/fundacjaoda.pl\/wp-content\/uploads\/2014\/10\/kokardki.jpg\" style=\"margin-left: 10px;\" alt=\"kokardki\" width=\"20%\" height=\"20%\" class=\"alignnone size-full wp-image-6220\" align=\"right\" srcset=\"http:\/\/fundacjaoda.pl\/wp-content\/uploads\/2014\/10\/kokardki.jpg 675w, http:\/\/fundacjaoda.pl\/wp-content\/uploads\/2014\/10\/kokardki-112x150.jpg 112w\" sizes=\"(max-width: 675px) 100vw, 675px\" \/><\/a>W poniedzia\u0142ek 2 listopada w Izbie Wodiczk\u00f3w odby\u0142y si\u0119 warsztaty tworzenia kokard narodowych. Wzi\u0119li w nich udzia\u0142 sympatycy Izby oraz m\u0142odzie\u017c z klas reklamowych z Zespo\u0142u Szk\u00f3\u0142 Ekonomicznych im. St. Staszica w Wo\u0142ominie z&nbsp;opiekunkami &#8211; pani\u0105 Joann\u0105 Denis oraz pani\u0105 Katarzyn\u0105 St\u0119pniak. Wed\u0142ug heraldyk\u00f3w i&nbsp;weksylolog\u00f3w (czyli specjalist\u00f3w od barw narodowych i flag) powinno si\u0119 u\u017cywa\u0107 nazwy kokarda narodowa, a nie kotylion, kt\u00f3ry jest terminem wywodz\u0105cym si\u0119 z ozd\u00f3b dla koni po udanych wy\u015bcigach konnych. Podczas warsztat\u00f3w tworzono kokardy z bia\u0142ej i czerwonej wst\u0105\u017cki oraz krepiny. Prawid\u0142owo wykonana kokarda narodowa w kszta\u0142cie rozety powinna mie\u0107 \u015brednic\u0119 od 4 do 6&nbsp;cm i powinna sk\u0142ada\u0107 si\u0119 z dw\u00f3ch okr\u0119g\u00f3w: bia\u0142ego i&nbsp;czerwonego. Kolor bia\u0142y, symbolizuj\u0105cy or\u0142a, powinien by\u0107 umieszczony centralnie na czerwonym tle. Je\u015bli jednak umieszczamy na rozetce znaczek or\u0142a, w\u00f3wczas zmienia si\u0119 uk\u0142ad barw &#8211; centralnie umieszczony jest kolor czerwony, na zewn\u0105trz bia\u0142y. Kokard\u0119 narodow\u0105 przypina si\u0119 po lewej stronie mundur\u00f3w lub ubra\u0144 cywilnych. Opr\u00f3cz kokard w kszta\u0142cie rozetki podczas warsztat\u00f3w zosta\u0142y r\u00f3wnie\u017c przygotowane bia\u0142o-czerwone wst\u0105\u017ceczki. Wykonane kokardy narodowe zosta\u0142y zrobione z my\u015bl\u0105 o akademii z okazji \u015awi\u0119ta Niepodleg\u0142o\u015bci organizowanej w szkole oraz wieczoru muzycznego zaplanowanego z tej samej okazji w Izbie Wodiczk\u00f3w. <font size=\"+0,5\"><strong><a href=\"http:\/\/fundacjaoda.pl\/?page_id=6029\" title=\"Galeria \u2013 kotyliony, jesie\u0144 2015\">Galeria<\/a><\/strong><\/font><\/p>\n<p><span style=\"font-size: 14.0pt;\"><font color=#52841\">Warsztaty florystyczne &#8211; pa\u017adziernik 2015<\/font><\/span><br \/>\n<a href=\"http:\/\/fundacjaoda.pl\/wp-content\/uploads\/2015\/10\/20151023_192308.jpg\"><img loading=\"lazy\" src=\"http:\/\/fundacjaoda.pl\/wp-content\/uploads\/2015\/10\/20151023_192308.jpg\" style=\"margin-right: 10px;\" alt=\"20151023_192308\" width=\"20%\" height=\"20%\" class=\"alignnone size-full wp-image-5950\" align=\"left\" srcset=\"http:\/\/fundacjaoda.pl\/wp-content\/uploads\/2015\/10\/20151023_192308.jpg 720w, http:\/\/fundacjaoda.pl\/wp-content\/uploads\/2015\/10\/20151023_192308-112x150.jpg 112w\" sizes=\"(max-width: 720px) 100vw, 720px\" \/><\/a><a href=\"http:\/\/fundacjaoda.pl\/wp-content\/uploads\/2015\/10\/20151023_182745.jpg\"><img loading=\"lazy\" src=\"http:\/\/fundacjaoda.pl\/wp-content\/uploads\/2015\/10\/20151023_182745-750x1000.jpg\" style=\"margin-left: 10px;\"alt=\"20151023_182745\" width=\"20%\" height=\"20%\" class=\"alignnone size-medium wp-image-5946\" align=\"right\" srcset=\"http:\/\/fundacjaoda.pl\/wp-content\/uploads\/2015\/10\/20151023_182745-750x1000.jpg 750w, http:\/\/fundacjaoda.pl\/wp-content\/uploads\/2015\/10\/20151023_182745-112x150.jpg 112w, http:\/\/fundacjaoda.pl\/wp-content\/uploads\/2015\/10\/20151023_182745.jpg 768w\" sizes=\"(max-width: 750px) 100vw, 750px\" \/><\/a>Uczestnicy kolejnych warsztat\u00f3w zorganizowanych 23.10. 2015 r. w Izbie Wodiczk\u00f3w spotkali si\u0119 przy suto zastawionym sto\u0142em. Zastawionym tym razem kwiatami, suszonymi owocami, li\u015b\u0107mi, p\u0119dami r\u00f3\u017cnych ro\u015blin, mchami i innymi porostami. Na stole zakwit\u0142a jesie\u0144 wszystkimi swoimi barwami. Na pod\u0142odze pi\u0119trzy\u0142y si\u0119 stosy ga\u0142\u0105zek \u015bwierka, cisu, bukszpanu. Organizatorzy i prowadz\u0105cy przygotowali r\u00f3wnie\u017c r\u00f3\u017cne podk\u0142ady, miedzy innymi tzw. florety, dzi\u0119ki kt\u00f3rym mog\u0142y powsta\u0107 typowe wi\u0105zanki, wie\u0144ce i wi\u0105zanki w kszta\u0142cie krzy\u017ca. Osoby prowadz\u0105ce, pani Bo\u017cenna Bo\u0144ska i pan Grzegorz Rudnik, nauczyciele z Zespo\u0142u Szk\u00f3\u0142 Techniczno\u2013Zawodowych z Radzymina, wykonali swoje wi\u0105zanki opowiadaj\u0105c o wszystkich istotnych elementach, jakie temu towarzyszy\u0142y. <font size=\"+0,5\"><strong> <a href=\"http:\/\/fundacjaoda.pl\/wp-content\/uploads\/2015\/10\/Wiazanki_2015.pdf\" target=\"_blank\">Wi\u0119cej&#8230; <\/a> <a href=\"http:\/\/fundacjaoda.pl\/?page_id=5972\" title=\"Galeria \u2013 Warsztaty kwiatowe\">Galeria<\/a><\/strong><\/font><br \/>\n&nbsp;<br \/>\n<span style=\"font-size: 14.0pt;\"><font color=#52841\">Warsztaty carvingowe &#8211; pa\u017adziernik 2015<\/font><\/span><br \/>\n<a href=\"http:\/\/fundacjaoda.pl\/wp-content\/uploads\/2015\/10\/IMG_0001.jpg\"><img loading=\"lazy\" src=\"http:\/\/fundacjaoda.pl\/wp-content\/uploads\/2015\/10\/IMG_0001.jpg\" style=\"margin-right: 10px;\" alt=\"IMG_0001\" width=\"20%\" height=\"20%\" class=\"alignnone size-full wp-image-5857\" align=\"left\" srcset=\"http:\/\/fundacjaoda.pl\/wp-content\/uploads\/2015\/10\/IMG_0001.jpg 960w, http:\/\/fundacjaoda.pl\/wp-content\/uploads\/2015\/10\/IMG_0001-150x112.jpg 150w\" sizes=\"(max-width: 960px) 100vw, 960px\" \/><\/a>Panie Dorota Gasto\u0142 i Barbara Rogaczyk, nauczycielki Zespo\u0142u Szk\u00f3\u0142 Techniczno\u2013Zawodowych z Radzymina, podzieli\u0142y si\u0119 swoimi umiej\u0119tno\u015bciami w rze\u017abieniu owoc\u00f3w i warzyw, czyli sztuk\u0105 <em>carvingu<\/em>. Spotkanie rozpocz\u0119\u0142o si\u0119 od przygotowanej prezentacji multimedialnej. Uczestniczki warsztat\u00f3w z zachwytem ogl\u0105da\u0142y artystyczne dzie\u0142a mistrzy\u0144. Po prezentacji by\u0142y pe\u0142ne w\u0105tpliwo\u015bci, czy uda im si\u0119 w ci\u0105gu dw\u00f3ch godzin wyrze\u017abi\u0107 chocia\u017c jeden podobny kwiatek? Swoich si\u0142 mog\u0142y spr\u00f3bowa\u0107 rze\u017abi\u0105c w owocach i warzywach takich jak cukinie, melony, marchew, bia\u0142a rzodkiew, dynie i arbuzy. W pracy korzysta\u0142y z kompletu specjalnych no\u017cy tajskich, oczywi\u015bcie po uprzednim przypomnieniu o przestrzeganiu zasad bhp.<br \/>\nPani Dorota Gasto\u0142, jako wieloletni praktyk, zaproponowa\u0142a na pocz\u0105tek rze\u017abienie prostych motyw\u00f3w ro\u015blinnych, na przyk\u0142ad wykonanie p\u0105k\u00f3w r\u00f3\u017c w cukinii. Poznanie i wy\u0107wiczenie tego jednego elementu u\u0142atwia opanowanie podstaw sztuki carvingu i jest wst\u0119pem do wykonywania trudniejszych wzor\u00f3w, takich jak li\u015bcie i ga\u0142\u0105zki. Obie panie s\u0142u\u017c\u0105c serdeczn\u0105 pomoc\u0105 wprowadzi\u0142y uczestniczki w tw\u00f3rczy klimat. Efekty warsztat\u00f3w mo\u017cna podziwia\u0107 na zdj\u0119ciach.<font size=\"+0,5\"><strong> <a href=\"http:\/\/fundacjaoda.pl\/?page_id=5872\" title=\"Warsztaty carvingowe\">  Galeria<\/a><\/strong><\/font><\/p>\n<p><span style=\"font-size: 14.0pt;\"><font color=#52841\">Warsztaty Wielkanocne &#8211; marzec 2015<\/font><\/span><br \/>\n<a href=\"http:\/\/fundacjaoda.pl\/wp-content\/uploads\/2014\/10\/IMG_7419.jpg\"><img loading=\"lazy\" class=\"alignnone size-full wp-image-4433\" style=\"margin-right: 10px;\" src=\"http:\/\/fundacjaoda.pl\/wp-content\/uploads\/2014\/10\/IMG_7419.jpg\" alt=\"IMG_7419\" width=\"20%\" height=\"20%\" align=\"left\" srcset=\"http:\/\/fundacjaoda.pl\/wp-content\/uploads\/2014\/10\/IMG_7419.jpg 950w, http:\/\/fundacjaoda.pl\/wp-content\/uploads\/2014\/10\/IMG_7419-150x112.jpg 150w\" sizes=\"(max-width: 950px) 100vw, 950px\" \/><\/a>W Izbie Muzealnej Wodiczk\u00f3w 24 marca 2015 r. odby\u0142y si\u0119 Warsztaty Wielkanocne skierowane do lokalnej spo\u0142eczno\u015bci zainteresowanej w\u0142asnor\u0119cznie wykonywanymi ozdobami \u015bwi\u0105tecznymi. Warsztaty prowadzi\u0142y nauczycielki z Zespo\u0142u Szk\u00f3\u0142 Ekonomicznych im. Stanis\u0142awa Staszica w Wo\u0142ominie \u2013 Ewa Kesler i Dorota Zadro\u017cna. Na spotkanie licznie przyby\u0142a m\u0142odzie\u017c z Ekonomika i miejscowi mi\u0142o\u015bnicy r\u0119kodzie\u0142a. Uczestnicy warsztat\u00f3w wykonywali palmy wielkanocne, stroiki na st\u00f3\u0142 \u015bwi\u0105teczny przyozdabiane bukszpanem, kolorowymi kwiatami i\u00a0baziami oraz kolorowe pisanki.<br \/>\nWarsztaty Wielkanocne sta\u0142y si\u0119 okazj\u0105 do wielopokoleniowej wymiany do\u015bwiadcze\u0144, do rozm\u00f3w o dawnych zwyczajach \u015bwi\u0105tecznych, a tak\u017ce do&#8230; propozycji zorganizowania kolejnych ciekawych warsztat\u00f3w.<font size=\"+0,5\"><strong><a title=\"Galeria \u2013 Warsztaty Wielkanocne 2015\" href=\"http:\/\/fundacjaoda.pl\/?page_id=4459\">Galeria<\/a><\/strong><\/font><\/p>\n<p><span style=\"font-size: 14.0pt;\"><font color=#52841\">Warsztaty tworzenia \u015bwiec &#8211; luty 2015<\/font><\/span><br \/>\n<a href=\"http:\/\/fundacjaoda.pl\/wp-content\/uploads\/2014\/10\/IMG_7328.jpg\"><img loading=\"lazy\" class=\"alignnone size-full wp-image-3565\" style=\"margin-right: 10px;\" src=\"http:\/\/fundacjaoda.pl\/wp-content\/uploads\/2014\/10\/IMG_7328.jpg\" alt=\"IMG_7328\" width=\"20%\" height=\"20%\" align=\"left\" srcset=\"http:\/\/fundacjaoda.pl\/wp-content\/uploads\/2014\/10\/IMG_7328.jpg 900w, http:\/\/fundacjaoda.pl\/wp-content\/uploads\/2014\/10\/IMG_7328-150x112.jpg 150w\" sizes=\"(max-width: 900px) 100vw, 900px\" \/><\/a>\u015awiece wytwarzane na warsztatach r\u0119kodzielniczych wykorzystywane s\u0105 najcz\u0119\u015bciej ze wzgl\u0119du na walory estetyczne, dla podkre\u015blenia wyj\u0105tkowego charakteru r\u00f3\u017cnych uroczysto\u015bci i dla stworzenia romantycznego nastroju. W\u0142asnor\u0119cznie zrobiona \u015bwieca mo\u017ce by\u0107 doskona\u0142ym pomys\u0142em na prezent.<br \/>\nNa warsztatach uczestnicy nauczyli si\u0119 robi\u0107 \u015bwiece lane i sypane. W zale\u017cno\u015bci od w\u0142asnej inwencji tw\u00f3rczej przybra\u0142y one r\u00f3\u017cne kolory, kszta\u0142ty i rozmiary. Do zrobienia \u015bwiec domowym sposobem mo\u017cna wykorzysta\u0107 pojemniki po produktach \u017cywno\u015bciowych i kosmetycznych (szklanki, puszki, flakoniki), b\u0119d\u0105 mia\u0142y wtedy niepowtarzalne wzory i ochroni\u0105 nasze \u015brodowisko przed za\u015bmiecaniem. Szczeg\u00f3lne znaczenie maj\u0105 zapachy ro\u015blinne dodawane do parafiny. Olejki eteryczne znajduj\u0105ce si\u0119 w\u00a0kwiatach, uwalniaj\u0105ce si\u0119 pod wp\u0142ywem spalania, powoduj\u0105 cyrkulacj\u0119 energii, a tym samym wp\u0142ywaj\u0105 na popraw\u0119 naszego samopoczucia. <font size=\"+0,5\"><strong><a title=\"Warsztaty tworzenia \u015bwiec\" href=\"http:\/\/fundacjaoda.pl\/?page_id=3562\">Wi\u0119cej&#8230;<\/a>\u00a0\u00a0<a title=\"Galeria \u2013 warsztaty tworzenia \u015bwiec\" href=\"http:\/\/fundacjaoda.pl\/?page_id=3660\">Galeria<\/a><\/strong><\/font><\/p>\n<p><span style=\"font-size: 14.0pt;\"><font color=#52841\">Warsztaty Bo\u017conarodzeniowe 2014<\/font><\/span><br \/>\n<a href=\"http:\/\/fundacjaoda.pl\/wp-content\/uploads\/2015\/01\/IMG_7270.jpg\"><img loading=\"lazy\" class=\"alignnone size-full wp-image-2357\" style=\"margin-right: 10px;\" src=\"http:\/\/fundacjaoda.pl\/wp-content\/uploads\/2015\/01\/IMG_7270.jpg\" alt=\"IMG_7270\" width=\"20%\" height=\"20%\" align=\"left\" srcset=\"http:\/\/fundacjaoda.pl\/wp-content\/uploads\/2015\/01\/IMG_7270.jpg 922w, http:\/\/fundacjaoda.pl\/wp-content\/uploads\/2015\/01\/IMG_7270-150x112.jpg 150w\" sizes=\"(max-width: 922px) 100vw, 922px\" \/><\/a>W pi\u0105tek 5 grudnia, odby\u0142y si\u0119 w Izbie warsztaty wielopokoleniowe po\u015bwi\u0119cone zbli\u017caj\u0105cym si\u0119 \u015awi\u0119tom. Po raz kolejny wzi\u0119\u0142a w nich udzia\u0142 m\u0142odzie\u017c z Zespo\u0142u Szk\u00f3\u0142 Ekonomicznych im. St. Staszica z klas I, II i III o kierunku technik organizacji reklamy, kt\u00f3ra bardzo ch\u0119tnie dzieli si\u0119 swoja pasj\u0105 z lokaln\u0105 spo\u0142eczno\u015bci\u0105. Przez kilka godzin, pod kierunkiem nauczycieli Doroty Zadro\u017cnej i Ewy Kesler, uczestnicy warsztat\u00f3w wykonywali stroiki na st\u00f3\u0142 \u015bwi\u0105teczny, bombki z kaszy, anio\u0142ki i choinki z makaronu, \u0142a\u0144cuchy z kolorowego papieru i wiele innych ozd\u00f3b. Wykonane prace, jak przysta\u0142o na szko\u0142\u0119, kt\u00f3ra uczy przedsi\u0119biorczo\u015bci, b\u0119d\u0105 sprzedawane 10 grudnia na kiermaszu w Ekonomiku, a zarobione pieni\u0105dze uczniowie zamierzaj\u0105 przeznaczy\u0107 na plener w Puszczy Bia\u0142owieskiej. <font size=\"+0,5\"><strong><a title=\"Galeria \u2013 Warsztaty Bo\u017conarodzeniowe 2014\" href=\"http:\/\/fundacjaoda.pl\/?page_id=2364\">Galeria<\/a><\/strong><\/font><\/p>\n<p><span style=\"font-size: 14.0pt;\"><font color=#52841\">Warsztaty Wielkanocne 2014<\/font><\/span><br \/>\n<strong> <a href=\"http:\/\/fundacjaoda.pl\/wp-content\/uploads\/2015\/01\/IGP4651.jpg\"><img loading=\"lazy\" class=\"alignnone size-full wp-image-2218\" style=\"margin-right: 10px;\" src=\"http:\/\/fundacjaoda.pl\/wp-content\/uploads\/2015\/01\/IGP4651.jpg\" alt=\"_IGP4651\" width=\"20%\" height=\"20%\" align=\"left\" srcset=\"http:\/\/fundacjaoda.pl\/wp-content\/uploads\/2015\/01\/IGP4651.jpg 900w, http:\/\/fundacjaoda.pl\/wp-content\/uploads\/2015\/01\/IGP4651-150x99.jpg 150w\" sizes=\"(max-width: 900px) 100vw, 900px\" \/><\/a><\/strong>W czwartek 10.04.2014 r. odby\u0142y si\u0119 w Izbie warsztaty wielkanocne. Ka\u017cdy z przyby\u0142ych m\u00f3g\u0142 w\u0142asnor\u0119cznie z\u00a0przygotowanego przez organizator\u00f3w materia\u0142y wykona\u0107 ozdoby charakterystyczne w obchodach \u015awi\u0105t Wielkanocnych: palmy, pisanki, ozdoby sto\u0142u wielkanocnego. <font size=\"+0,5\"><strong><a title=\"Warsztaty wielkanocne 2014\" href=\"http:\/\/fundacjaoda.pl\/?page_id=2242\">Galeria<\/a><\/strong><\/font><\/p>\n<p>&nbsp;<\/p>\n<p><span style=\"font-size: 14.0pt;\"><font color=#52841\">Warsztaty filcowania &#8211; sierpie\u0144 2014<\/font><\/span><br \/>\n<a href=\"http:\/\/fundacjaoda.pl\/wp-content\/uploads\/2014\/10\/New009.jpg\"><img loading=\"lazy\" class=\"alignnone size-full wp-image-2668\" style=\"margin-right: 10px;\" src=\"http:\/\/fundacjaoda.pl\/wp-content\/uploads\/2014\/10\/New009.jpg\" alt=\"New009\" width=\"20%\" height=\"20%\" align=\"left\" srcset=\"http:\/\/fundacjaoda.pl\/wp-content\/uploads\/2014\/10\/New009.jpg 873w, http:\/\/fundacjaoda.pl\/wp-content\/uploads\/2014\/10\/New009-150x100.jpg 150w\" sizes=\"(max-width: 873px) 100vw, 873px\" \/><\/a> Na zaj\u0119ciach uczestnicy zapoznali si\u0119 z technik\u0105 filcowania na mokro i \u0142\u0105czenia wykonanych element\u00f3w z\u00a0jedwabiem. Filcowanie na jedwabiu czyli tzw. <em>nuno felting<\/em> to wy\u017cszy \u201estopie\u0144 wtajemniczenia\u201d w filcowaniu na mokro. Tkaniny pokolorowane we\u0142n\u0105 w\u00a0przer\u00f3\u017cne wzory, zyskuj\u0105 niesamowity i nietypowy wygl\u0105d. Szale wykonane t\u0105 technik\u0119 s\u0105 niepowtarzalne, leciutkie oraz fantastycznie si\u0119 nosz\u0105. <font size=\"+0,5\"><strong><a title=\"Galeria \u2013 Filcowanie 2014\" href=\"http:\/\/fundacjaoda.pl\/?page_id=2673\">Galeria<\/a><\/strong><\/font><\/p>\n<p><a href=\"http:\/\/fundacjaoda.pl\/?page_id=13\" title=\"Wydarzenia\"><strong>Powr\u00f3t<\/strong><\/a><\/p>\n","protected":false},"excerpt":{"rendered":"<p>Warsztaty to wielopokoleniowe zaj\u0119cia tw\u00f3rcze dla wszystkich ch\u0119tnych, kt\u00f3rzy pod okiem instruktor\u00f3w i pasjonat\u00f3w r\u0119kodzielnictwa chc\u0105 popracowa\u0107 nad rozwijaniem swoich zainteresowa\u0144. Zaj\u0119cia popularyzuj\u0105ce wsp\u00f3\u0142czesne r\u0119kodzielnictwo s\u0105 okazj\u0105 do dzielenia si\u0119 swoj\u0105 wiedz\u0105 z innymi i form\u0105 przyjemnego sp\u0119dzania wolnego czasu. W\u0142asnor\u0119cznie wykonany filcowany szal, ozdoby na st\u00f3\u0142 \u015bwi\u0105teczny, unikatowa bi\u017cuteria \u2026 <a href=\"http:\/\/fundacjaoda.pl\/?page_id=56\"> Continue reading <span class=\"meta-nav\">&rarr; <\/span><\/a><\/p>\n","protected":false},"author":1,"featured_media":0,"parent":13,"menu_order":4,"comment_status":"closed","ping_status":"closed","template":"","meta":[],"_links":{"self":[{"href":"http:\/\/fundacjaoda.pl\/index.php?rest_route=\/wp\/v2\/pages\/56"}],"collection":[{"href":"http:\/\/fundacjaoda.pl\/index.php?rest_route=\/wp\/v2\/pages"}],"about":[{"href":"http:\/\/fundacjaoda.pl\/index.php?rest_route=\/wp\/v2\/types\/page"}],"author":[{"embeddable":true,"href":"http:\/\/fundacjaoda.pl\/index.php?rest_route=\/wp\/v2\/users\/1"}],"replies":[{"embeddable":true,"href":"http:\/\/fundacjaoda.pl\/index.php?rest_route=%2Fwp%2Fv2%2Fcomments&post=56"}],"version-history":[{"count":215,"href":"http:\/\/fundacjaoda.pl\/index.php?rest_route=\/wp\/v2\/pages\/56\/revisions"}],"predecessor-version":[{"id":16153,"href":"http:\/\/fundacjaoda.pl\/index.php?rest_route=\/wp\/v2\/pages\/56\/revisions\/16153"}],"up":[{"embeddable":true,"href":"http:\/\/fundacjaoda.pl\/index.php?rest_route=\/wp\/v2\/pages\/13"}],"wp:attachment":[{"href":"http:\/\/fundacjaoda.pl\/index.php?rest_route=%2Fwp%2Fv2%2Fmedia&parent=56"}],"curies":[{"name":"wp","href":"https:\/\/api.w.org\/{rel}","templated":true}]}}