{"id":54,"date":"2014-10-25T21:34:49","date_gmt":"2014-10-25T19:34:49","guid":{"rendered":"http:\/\/fundacjaoda.pl\/?page_id=54"},"modified":"2026-01-08T10:55:50","modified_gmt":"2026-01-08T09:55:50","slug":"lekcje-muzelane","status":"publish","type":"page","link":"http:\/\/fundacjaoda.pl\/?page_id=54","title":{"rendered":"Lekcje muzealne"},"content":{"rendered":"\n<p>W Izbie Muzealnej po\u015bwi\u0119conej Rodzinie Wodiczk\u00f3w od 2011 r. odbywaj\u0105 si\u0119 lekcje muzealne o historii tego miejsca i o ludziach z nim zwi\u0105zanych. M\u0142odzie\u017c szkolna, a tak\u017ce przedstawiciele r\u00f3\u017cnych organizacji i osoby prywatne stykaj\u0105 si\u0119, czasami po raz pierwszy, ze zbiorami muzealnymi dokumentuj\u0105cymi lokaln\u0105 histori\u0119. W czasie dwugodzinnego spotkania go\u015bcie uczestnicz\u0105 w lekcji multimedialnej, zapoznaj\u0105 si\u0119 ze zgromadzonymi muzealiami, a tak\u017ce spisanymi wspomnieniami cz\u0142onk\u00f3w rodziny Wodiczk\u00f3w i ich przyjaci\u00f3\u0142. Spotkania odbywaj\u0105 si\u0119 w&nbsp;przyjaznej, rodzinnej atmosferze. Lekcje muzealne prowadzone s\u0105 przez Danut\u0119 Michalik, za\u0142o\u017cycielk\u0119 i opiekunk\u0119 Izby Muzealnej. W ci\u0105gu roku z lekcji tych korzysta oko\u0142o 500 os\u00f3b. Coraz cz\u0119\u015bciej Izb\u0119 odwiedzaj\u0105 go\u015bcie spoza Wo\u0142omina i okolic.<\/p>\n<h2>2025<\/h2>\n24.01 &#8211; klasa III z Pierwszego Liceum Og\u00f3lnokszta\u0142c\u0105cego W. Na\u0142kowskiego w Wo\u0142ominie,<br>\n23.09 &#8211; Zesp\u00f3\u0142 Szk\u00f3\u0142 Ekonomicznych im. Stanis\u0142awa Staszica w Wo\u0142ominie, kl. II PR,<br>\n24.09 &#8211; Zesp\u00f3\u0142 Szk\u00f3\u0142 Ekonomicznych im. Stanis\u0142awa Staszica w Wo\u0142ominie, kl. II RE,<br>\n30.09 &#8211; Zesp\u00f3\u0142 Szk\u00f3\u0142 Ekonomicznych im. Stanis\u0142awa Staszica w Wo\u0142ominie, kl. II L,<br>\n02.10 &#8211; Zesp\u00f3\u0142 Szk\u00f3\u0142 Ekonomicznych im. Stanis\u0142awa Staszica w Wo\u0142ominie, kl. II M,<br>\n24.10 &#8211; Szko\u0142a Podstawowa nr 97 w Warszawie, kl. III,<br>\n11.11 &#8211; Polski Zwi\u0105zek Niewidomych w Wo\u0142ominie,<br>\n30.11 &#8211; uczniowie Zesp\u00f3\u0142 Pa\u0144stwowych Szk\u00f3\u0142 Muzycznych nr 4 im. K. Szymanowskiego w Warszawie, <br>\n12.12 &#8211; klasa I H z Pierwszego Liceum Og\u00f3lnokszta\u0142c\u0105cego W. Na\u0142kowskiego w Wo\u0142ominie.\n<h2>2024<\/h2>\n<p>15.04 &#8211; \u015awietlica \u015arodowiskowa nr 1 i 2 w Wo\u0142ominie,<br>24.04 &#8211; Biblioteka Publiczna Miasta i Gminy Radzymin, grupa senior\u00f3w,<br>17.05 &#8211; Przedszkole nr 9 im. Jasia i Ma\u0142gosi, grupa V,<br>\n10.09 &#8211; Szko\u0142a Podstawowa nr 2 im. Ignacego \u0141ukasiewicza w Wo\u0142ominie, kl.IV b,<br>\n13.09 &#8211; Szko\u0142a Podstawowa nr 2 im. Ignacego \u0141ukasiewicza w Wo\u0142ominie, kl.IV a,<br>\n25.09 &#8211; Zesp\u00f3\u0142 Szk\u00f3\u0142 Ekonomicznych im. Stanis\u0142awa Staszica w Wo\u0142ominie, kl. II mp,<br>\n26.09 &#8211; Zesp\u00f3\u0142 Szk\u00f3\u0142 Ekonomicznych im. Stanis\u0142awa Staszica w Wo\u0142ominie, kl. II pr,<br>\n27.09 &#8211; Zesp\u00f3\u0142 Szk\u00f3\u0142 Ekonomicznych im. Stanis\u0142awa Staszica w Wo\u0142ominie, kl. II m,<br>\n01.10 &#8211; Zesp\u00f3\u0142 Szk\u00f3\u0142 Ekonomicznych im. Stanis\u0142awa Staszica w Wo\u0142ominie, kl. II la,<br>\n02.10 &#8211; Zesp\u00f3\u0142 Szk\u00f3\u0142 Ekonomicznych im. Stanis\u0142awa Staszica w Wo\u0142ominie, kl. II er,<br>\n03.10 &#8211; Zesp\u00f3\u0142 Szk\u00f3\u0142 Ekonomicznych im. Stanis\u0142awa Staszica w Wo\u0142ominie, kl. II hr,<br>\n09.10 &#8211; Zesp\u00f3\u0142 Szk\u00f3\u0142 Ekonomicznych im. Stanis\u0142awa Staszica w Wo\u0142ominie, kl. II lb.<\/p>\n<h2>2023<\/h2>\n<p>&#8211; 02.02 &#8211; Grupa Badaczy z Przedszkola nr 9 im. Jasia i Ma\u0142gosi,<br>&#8211; 02.02 &#8211; Grupa Poszukiwaczy i Tropicieli z Przedszkola nr 9 im. Jasia i Ma\u0142gosi,<br>&#8211; 22.03 &#8211; Przedszkole nr 5 im. Kota w Butach,<br>&#8211; 05.04 &#8211; kl. III HR z Zespo\u0142u Szk\u00f3\u0142 Ekonomicznych im. St. Staszica w Wo\u0142ominie,<br>&#8211; 13.04 &#8211; klasa III h z Pierwszego Liceum Og\u00f3lnokszta\u0142c\u0105cego W. Na\u0142kowskiego.<br>&#8211; 15.09 &#8211; kl. IVa ze Szko\u0142y POdstawowej nr 2 w Wo\u0142ominie,<br>&#8211; 18.09 &#8211; klasa II HR z Zespo\u0142u Szk\u00f3\u0142 Ekonomicznych im. St. Staszica w Wo\u0142ominie,<br>&#8211; 20.09 &#8211; kl. II z IV Liceum Og\u00f3lnokszta\u0142c\u0105ce w Wo\u0142ominie,<br>&#8211; 20.09 &#8211; kl. II LS z Zespo\u0142u Szk\u00f3\u0142 Ekonomicznych im. St. Staszica w Wo\u0142ominie,<br>&#8211; 22.09 &#8211; klasa II M z Zespo\u0142u Szk\u00f3\u0142 Ekonomicznych im. St. Staszica w Wo\u0142ominie,<br>&#8211; 26.09 &#8211; kl. II L z Zespo\u0142u Szk\u00f3\u0142 Ekonomicznych im. St. Staszica w Wo\u0142ominie,<br>&#8211; 26.09 &#8211; kl. ER z Zespo\u0142u Szk\u00f3\u0142 Ekonomicznych im. St. Staszica w Wo\u0142ominie,<br>&#8211; 28.09 &#8211; kl. II MP z Zespo\u0142u Szk\u00f3\u0142 Ekonomicznych im. St. Staszica w Wo\u0142ominie.<\/p>\n<h2>2022<\/h2>\n<p>&#8211; 30.09 &#8211; pi\u0119\u0107 lekcji dla klas pierwszych z Zespo\u0142u Szk\u00f3\u0142 Ekonomicznych im. St. Staszica w Wo\u0142ominie,<br>&#8211; 04.11 &#8211; klasa VIII Szko\u0142y Podstawowej nr 2 im. Ignacego \u0141ukasiewicza w Wo\u0142ominie,<br>&#8211; 07.12 &#8211; klasa IV z Pierwszego Liceum Og\u00f3lnokszta\u0142c\u0105cego W. Na\u0142kowskiego,<br>&#8211; 09.12 &#8211; klasa VIII ze Szko\u0142y Podstawowej nr 4 im. Marynarki Wojennej,<\/p>\n<h2>2021<\/h2>\n<p>&#8211; 01.10 &#8211; cztery klasy II z Zespo\u0142u Szk\u00f3\u0142 Ekonomicznych im. St. Staszica w Wo\u0142ominie,<br>&#8211; 26.11 &#8211; klasa VIII ze Szko\u0142y Podstawowej nr 2 im. Ignacego \u0141ukasiewicza w Wo\u0142ominie.<\/p>\n<h2>2020<\/h2>\n<p>&#8211; 10.03 &#8211; klasa VI z Niepublicznej Szko\u0142y Proeducado w Wo\u0142ominie,<\/p>\n<h2>2019<\/h2>\n<p>&#8211; 04.10 &#8211; klasa V a z Zespo\u0142u Szk\u00f3\u0142 Podstawowych nr 2 w Koby\u0142ce,<br>&#8211; 21.10 &#8211; klasa I ERP z Zespo\u0142u Szk\u00f3\u0142 Ekonomicznych im. St. Staszica w Wo\u0142ominie,<br>&#8211; 22.10 &#8211; klasa I LSP z Zespo\u0142u Szk\u00f3\u0142 Ekonomicznych im. St. Staszica w Wo\u0142ominie,<br>&#8211; 28.10 &#8211; klasa I LSG z Zespo\u0142u Szk\u00f3\u0142 Ekonomicznych im. St. Staszica w Wo\u0142ominie,<br>&#8211; 29.10 &#8211; klasa I PRG z Zespo\u0142u Szk\u00f3\u0142 Ekonomicznych im. St. Staszica w Wo\u0142ominie,<br>&#8211; 04.11 &#8211; klasa 1 HPH z Zespo\u0142u Szk\u00f3\u0142 Ekonomicznych im. St. Staszica w Wo\u0142ominie,<br>&#8211; 05.11 &#8211; klasa 1 ERG z Zespo\u0142u Szk\u00f3\u0142 Ekonomicznych im. St. Staszica w Wo\u0142ominie,<br>&#8211; 08.11 &#8211; klasa 1 PRP z Zespo\u0142u Szk\u00f3\u0142 Ekonomicznych im. St. Staszica w Wo\u0142ominie,<br>&#8211; 15.11 &#8211; klasa 1 HRG z Zespo\u0142u Szk\u00f3\u0142 Ekonomicznych im. St. Staszica w Wo\u0142ominie,<br>&#8211; 26.11 &#8211; klasa VI A i IV B ze Szko\u0142y Podstawowej nr 2 w Wolominie<\/p>\n<h2>2018<\/h2>\n<p>&#8211; 29.05 klasa II D z Gimnazjum ze Szko\u0142y Podstawowej im. Ignacego \u0141ukasiewicza w Wo\u0142ominie,<br>&#8211; 02.10 klasy uczestnicz\u0105ce w XVI edycji gry terenowej \u201eWo\u0142omin \u2013 moja ma\u0142a Ojczyzna\u201d zorganizowanej przez Zesp\u00f3\u0142 Szk\u00f3\u0142 Ekonomicznych &nbsp;&nbsp;&nbsp;&nbsp;&nbsp;im. Stanis\u0142awa Staszica w Wo\u0142ominie.<br>&#8211; 18.10 klasa I o profilu TE z Zespo\u0142u Szk\u00f3\u0142 Ekonomicznych im. St. Staszica w Wo\u0142ominie,<br>&#8211; 19.10 klasa I o profilu PR z Zespo\u0142u Szk\u00f3\u0142 Ekonomicznych im. St. Staszica w Wo\u0142ominie,<br>&#8211; 25.10 klasa I o profilu Ls z Zespo\u0142u Szk\u00f3\u0142 Ekonomicznych im. St. Staszica w Wo\u0142ominie,<br>&#8211; 26.10 klasa I o profilu HR z Zespo\u0142u Szk\u00f3\u0142 Ekonomicznych im. St. Staszica w Wo\u0142ominie.<br><a href=\"http:\/\/fundacjaoda.pl\/wp-content\/uploads\/2014\/10\/IMG_7643.jpg\"><img loading=\"lazy\" class=\"alignnone size-full wp-image-15500\" src=\"http:\/\/fundacjaoda.pl\/wp-content\/uploads\/2014\/10\/IMG_7643.jpg\" alt=\"IMG_7643\" width=\"25%\" height=\"25%\" srcset=\"http:\/\/fundacjaoda.pl\/wp-content\/uploads\/2014\/10\/IMG_7643.jpg 810w, http:\/\/fundacjaoda.pl\/wp-content\/uploads\/2014\/10\/IMG_7643-150x89.jpg 150w\" sizes=\"(max-width: 810px) 100vw, 810px\" \/><img loading=\"lazy\" class=\"alignnone size-medium wp-image-15501\" src=\"http:\/\/fundacjaoda.pl\/wp-content\/uploads\/2014\/10\/IMG_8339.jpg\" alt=\"IMG_8339\" width=\"25%\" height=\"25%\" srcset=\"http:\/\/fundacjaoda.pl\/wp-content\/uploads\/2014\/10\/IMG_8339.jpg 900w, http:\/\/fundacjaoda.pl\/wp-content\/uploads\/2014\/10\/IMG_8339-150x100.jpg 150w\" sizes=\"(max-width: 900px) 100vw, 900px\" \/><\/a><a href=\"http:\/\/fundacjaoda.pl\/wp-content\/uploads\/2014\/10\/IMG_8352.jpg\"><img loading=\"lazy\" class=\"alignnone size-medium wp-image-15502\" src=\"http:\/\/fundacjaoda.pl\/wp-content\/uploads\/2014\/10\/IMG_8352.jpg\" alt=\"IMG_8352\" width=\"25%\" height=\"25%\" srcset=\"http:\/\/fundacjaoda.pl\/wp-content\/uploads\/2014\/10\/IMG_8352.jpg 900w, http:\/\/fundacjaoda.pl\/wp-content\/uploads\/2014\/10\/IMG_8352-150x100.jpg 150w\" sizes=\"(max-width: 900px) 100vw, 900px\" \/><\/a><br><a href=\"http:\/\/fundacjaoda.pl\/wp-content\/uploads\/2014\/10\/IMG_9010.jpg\"><img loading=\"lazy\" class=\"alignnone size-medium wp-image-15503\" src=\"http:\/\/fundacjaoda.pl\/wp-content\/uploads\/2014\/10\/IMG_9010.jpg\" alt=\"IMG_9010\" width=\"25%\" height=\"25%\" srcset=\"http:\/\/fundacjaoda.pl\/wp-content\/uploads\/2014\/10\/IMG_9010.jpg 900w, http:\/\/fundacjaoda.pl\/wp-content\/uploads\/2014\/10\/IMG_9010-150x100.jpg 150w\" sizes=\"(max-width: 900px) 100vw, 900px\" \/><\/a><a href=\"http:\/\/fundacjaoda.pl\/wp-content\/uploads\/2014\/10\/IMG_9011.jpg\"><img loading=\"lazy\" class=\"alignnone size-medium wp-image-15504\" src=\"http:\/\/fundacjaoda.pl\/wp-content\/uploads\/2014\/10\/IMG_9011.jpg\" alt=\"IMG_9011\" width=\"25%\" height=\"25%\" srcset=\"http:\/\/fundacjaoda.pl\/wp-content\/uploads\/2014\/10\/IMG_9011.jpg 900w, http:\/\/fundacjaoda.pl\/wp-content\/uploads\/2014\/10\/IMG_9011-150x100.jpg 150w\" sizes=\"(max-width: 900px) 100vw, 900px\" \/><\/a><a href=\"http:\/\/fundacjaoda.pl\/wp-content\/uploads\/2014\/10\/IMG_9020.jpg\"><img loading=\"lazy\" class=\"alignnone size-medium wp-image-15505\" src=\"http:\/\/fundacjaoda.pl\/wp-content\/uploads\/2014\/10\/IMG_9020.jpg\" alt=\"IMG_9020\" width=\"25%\" height=\"25%\" srcset=\"http:\/\/fundacjaoda.pl\/wp-content\/uploads\/2014\/10\/IMG_9020.jpg 900w, http:\/\/fundacjaoda.pl\/wp-content\/uploads\/2014\/10\/IMG_9020-150x100.jpg 150w\" sizes=\"(max-width: 900px) 100vw, 900px\" \/><\/a><\/p>\n<h2>2017<\/h2>\n<p><a href=\"http:\/\/fundacjaoda.pl\/wp-content\/uploads\/2017\/10\/IMG_2856_male.jpg\"><img loading=\"lazy\" class=\"alignnone size-full wp-image-12193\" style=\"margin-left: 10px;\" src=\"http:\/\/fundacjaoda.pl\/wp-content\/uploads\/2017\/10\/IMG_2856_male.jpg\" alt=\"IMG_2856_male\" width=\"20%\" height=\"20%\" align=\"right\" srcset=\"http:\/\/fundacjaoda.pl\/wp-content\/uploads\/2017\/10\/IMG_2856_male.jpg 900w, http:\/\/fundacjaoda.pl\/wp-content\/uploads\/2017\/10\/IMG_2856_male-150x100.jpg 150w\" sizes=\"(max-width: 900px) 100vw, 900px\" \/><\/a>W sezonie jesiennym rozpocz\u0119\u0142y si\u0119 lekcje muzealne. W tym czasie odwiedzi\u0142 izb\u0119 dzieci i m\u0142odzie\u017c z&nbsp;nast\u0119puj\u0105cych wo\u0142omi\u0144skich szk\u00f3\u0142:<br>&#8211; 04.10 klasa IV B ze Szko\u0142y Podstawowej nr 2 w Wo\u0142ominie,<br>&#8211; 23.10 klasa I T z Zespo\u0142u Szk\u00f3\u0142 Ekonomicznych im. St. Staszica w Wo\u0142ominie,<br>&#8211; 25.10 klasa IV C ze Szko\u0142y Podstawowej nr 2 w Wo\u0142ominie,<br>&#8211; 26.10 klasa I HS z Zespo\u0142u Szk\u00f3\u0142 Ekonomicznych im. St. Staszica w Wo\u0142ominie,<br>&#8211; 27.10 klasa I PR z Zespo\u0142u Szk\u00f3\u0142 Ekonomicznych im. St. Staszica w Wo\u0142ominie,<br>&#8211; 27.10 klasa I L z IV Liceum Og\u00f3lnokszta\u0142c\u0105cego w Wo\u0142ominie.<br>&#8211; 17.11 klasa I R z Zespo\u0142u Szk\u00f3\u0142 Ekonomicznych im. St. Staszica w Wo\u0142ominie.<\/p>\n<p>W dniu 13 czerwca Izb\u0119 Muzealn\u0105 Wodiczk\u00f3w odwiedzi\u0142y dzieci z klasy V C ze Szko\u0142y Podstawowej nr 7 im. Kr\u00f3lowej Jadwigi.<\/p>\n<p>Dzieci z Przedszkola nr 10 im. Misia Uszatka w Wo\u0142ominie odwiedzi\u0142y 08.06 Izb\u0119 Muzealn\u0105 Wodiczk\u00f3w pod opiek\u0105 swojej wychowawczyni pani Agaty Piotrowskiej.<\/p>\n<p><a href=\"http:\/\/fundacjaoda.pl\/wp-content\/uploads\/2014\/10\/Rada-Seniorow_2.jpg\"><img loading=\"lazy\" class=\"alignnone size-full wp-image-11231\" style=\"margin-right: 10px;\" src=\"http:\/\/fundacjaoda.pl\/wp-content\/uploads\/2014\/10\/Rada-Seniorow_2.jpg\" alt=\"Rada Seniorow_2\" width=\"25%\" height=\"25%\" align=\"left\" srcset=\"http:\/\/fundacjaoda.pl\/wp-content\/uploads\/2014\/10\/Rada-Seniorow_2.jpg 640w, http:\/\/fundacjaoda.pl\/wp-content\/uploads\/2014\/10\/Rada-Seniorow_2-150x84.jpg 150w\" sizes=\"(max-width: 640px) 100vw, 640px\" \/><\/a>We wtorek 09.05. 2017 r. Izb\u0119 Muzealn\u0105 Wodiczk\u00f3w odwiedzi\u0142a grupa senior\u00f3w z Polskiego Zwi\u0105zku Emeryt\u00f3w, Rencistow i Inwalid\u00f3w z Ko\u0142a nr 1 w Wo\u0142ominie skupiona przy Wo\u0142omi\u0144skiej Radzie Senior\u00f3w. Go\u015bcie z zainteresowaniem zapoznali si\u0119 ze zbiorami zgromadzonymi w Izbie. Po wys\u0142uchaniu Danuty Michalik, kt\u00f3ra przygotowa\u0142a prelekcj\u0119 i prezentacj\u0119 na temat rodziny Wodiczk\u00f3w, go\u015bcie podzielili si\u0119 swoimi wspomnieniami dotycz\u0105cymi rodziny Wodiczk\u00f3w &#8211; wielu z nich pami\u0119ta\u0142o jeszcze t\u0119 rodzin\u0119 oraz jej dom przy Trakcie Warszawskim 29. Wspomnienia i rozmowy snuto przy przygotowanym pocz\u0119stunku.<\/p>\n<p><a href=\"http:\/\/fundacjaoda.pl\/wp-content\/uploads\/2016\/10\/Wolomin_sepia-na-dole.jpg\"><img loading=\"lazy\" class=\"alignnone size-full wp-image-9053\" style=\"margin-left: 10px;\" src=\"http:\/\/fundacjaoda.pl\/wp-content\/uploads\/2016\/10\/Wolomin_sepia-na-dole.jpg\" alt=\"wolomin_sepia-na-dole\" width=\"5%\" height=\"5%\" align=\"right\"><\/a>Lelkcja muzealna zosta\u0142a zrealizowana w ramach projektu &#8222;Prowadzenie dzia\u0142a\u0144 wspieraj\u0105cych edukacj\u0119 kulturaln\u0105 oraz popularyzacj\u0119 dziedzictwa historycznego Wo\u0142omina\u201d finansowanego przez Gmin\u0119 Wo\u0142omin. <strong><a title=\"Galeria \u2013 Lekcja muzealna \u2013 Rada Senior\u00f3w\" href=\"http:\/\/fundacjaoda.pl\/?page_id=11240\">Galeria<\/a><\/strong><\/p>\n<p>12 marca do Izby w ramach lekcji muzealnej przybyli uczestnicy \u015aniadania Mistrz\u00f3w.<\/p>\n<h2>2016<\/h2>\n<p><a href=\"http:\/\/fundacjaoda.pl\/wp-content\/uploads\/2016\/06\/20160518_133924.jpg\"><img loading=\"lazy\" class=\"alignnone size-full wp-image-8539\" style=\"margin-right: 10px;\" src=\"http:\/\/fundacjaoda.pl\/wp-content\/uploads\/2016\/06\/20160518_133924.jpg\" alt=\"20160518_133924\" width=\"25%\" height=\"25%\" align=\"left\" srcset=\"http:\/\/fundacjaoda.pl\/wp-content\/uploads\/2016\/06\/20160518_133924.jpg 900w, http:\/\/fundacjaoda.pl\/wp-content\/uploads\/2016\/06\/20160518_133924-150x112.jpg 150w\" sizes=\"(max-width: 900px) 100vw, 900px\" \/><\/a>Dzisiaj tj. 18.05.2016 uczniowie klasy integracyjnej Vi Zespo\u0142u Szk\u00f3\u0142 nr 7 w Wo\u0142ominie uczestniczyli w&nbsp;przepi\u0119knej lekcji historii. Z wielk\u0105 uwag\u0119 wys\u0142uchali informacji na temat rodziny Wodiczk\u00f3w, wys\u0142uchali fragment\u00f3w jego utwor\u00f3w z patefonu. \u015awietnie, \u017ce s\u0105 tacy ludzie, kt\u00f3rzy anga\u017cuj\u0105 si\u0119 &#8222;ca\u0142\u0105 swoj\u0105 osob\u0105&#8221; i&nbsp;przekazuj\u0105 t\u0119 wiedz\u0119 m\u0142odym. \u017byczymy wytrwa\u0142o\u015bci w pokonywaniu trudno\u015bci, a sukcesy przeros\u0142y oczekiwania. \u017byczy klasa Vi z wychowawc\u0105 Agat\u0105 Morawsk\u0105 i opiekunkami Teres\u0105 Nowak i Agnieszk\u0105 Pert.&#8221; <a title=\"Galeria \u2013 Lekcja muzealna \u2013 18.05.2016\" href=\"http:\/\/fundacjaoda.pl\/?page_id=8540\"><strong>Galeria<\/strong><\/a><\/p>\n<h2>2015<\/h2>\n<p><a href=\"http:\/\/fundacjaoda.pl\/wp-content\/uploads\/2016\/01\/DSC_06941.jpg\"><img loading=\"lazy\" class=\"alignnone size-full wp-image-6800\" style=\"margin-right: 10px;\" src=\"http:\/\/fundacjaoda.pl\/wp-content\/uploads\/2016\/01\/DSC_06941.jpg\" alt=\"DSC_0694\" width=\"25%\" height=\"25%\" align=\"left\" srcset=\"http:\/\/fundacjaoda.pl\/wp-content\/uploads\/2016\/01\/DSC_06941.jpg 900w, http:\/\/fundacjaoda.pl\/wp-content\/uploads\/2016\/01\/DSC_06941-150x99.jpg 150w\" sizes=\"(max-width: 900px) 100vw, 900px\" \/><\/a>&#8222;Dzi\u0119kujemy za ciekawe, energetyczne spotkanie z Rodzin\u0105 Wodiczk\u00f3w, a Dobremu Duchowi Izby, Danusi, \u017cyczymy dobrych ludzi i dobrych dni&#8221;. Taki oto wpis pojawi\u0142 si\u0119 po lekcji muzealnej zorganizowanej 01&nbsp;grudnia dla cz\u0142onk\u00f3w Dyskusyjnego Klubu Ksi\u0105\u017cki z Biblioteki Miejskiej w Wo\u0142ominie. Go\u015bcie zapoznali si\u0119 z histori\u0105 tworzenia Izby, poszukiwa\u0144 spadkobierc\u00f3w spu\u015bcizny po rodzinie Wodiczk\u00f3w, obejrzeli zgromadzone w Izbie pami\u0105tki rodzinne. Z uznaniem wyra\u017cali si\u0119 o wszechstronnej dzia\u0142alno\u015bci Fundacji ODA udokumentowanej w dw\u00f3ch kronikach wydarze\u0144. <strong><a href=\"http:\/\/biblioteka.wolomin.pl\/mbp-18\/dyskusyjny-klub-ksiazki\/1114-spotkanie-dkk-w-izbie-wodiczkow\" target=\"_blank\" rel=\"noopener noreferrer\">Wi\u0119cej&#8230; <\/a><a title=\"Galeria \u2013 Spotkanie DKK \u2013 01.12.2015\" href=\"http:\/\/fundacjaoda.pl\/?page_id=6804\">Galeria<\/a><\/strong><\/p>\n<p><a href=\"http:\/\/fundacjaoda.pl\/wp-content\/uploads\/2015\/03\/IMG_7356.jpg\"><img loading=\"lazy\" class=\"alignnone size-full wp-image-3909\" style=\"margin-right: 10px;\" src=\"http:\/\/fundacjaoda.pl\/wp-content\/uploads\/2015\/03\/IMG_7356.jpg\" alt=\"IMG_7356\" width=\"25%\" height=\"25%\" align=\"left\" srcset=\"http:\/\/fundacjaoda.pl\/wp-content\/uploads\/2015\/03\/IMG_7356.jpg 900w, http:\/\/fundacjaoda.pl\/wp-content\/uploads\/2015\/03\/IMG_7356-150x112.jpg 150w\" sizes=\"(max-width: 900px) 100vw, 900px\" \/><\/a><strong>Uczniowie kl. IIc Gimnazjum im. Zofii Na\u0142kowskiej w Wo\u0142ominie, 27.02.2015 r.<\/strong>: &#8222;Wyk\u0142ad dostarczy\u0142 nam wielu ciekawych informacji o rodzinie Wodiczk\u00f3w. Poznali\u015bmy r\u00f3wnie\u017c sporo interesuj\u0105cych fakt\u00f3w z&nbsp;historii Wo\u0142omina. Historia rodziny Wodiczk\u00f3w bardzo nas zainteresowa\u0142a. Cz\u0142onkowie tej rodziny to ludzie wykszta\u0142ceni i honorowi. Zdobyli oni uznanie w wielu krajach, np. Islandii. Za swoje dzia\u0142ania na rzecz kraju i lokalnych spo\u0142eczno\u015bci otrzymali wiele medali i dyplom\u00f3w uznania. Bardzo dzi\u0119kujemy pani Danucie Michalik, kt\u00f3ra nam przybli\u017cy\u0142a histori\u0119 rodziny Wodiczk\u00f3w, jeste\u015bmy jej niezmiernie wdzi\u0119czni&#8221;. <strong><a title=\"Galeria \u2013 lekcja muzealna klasy IIc\" href=\"http:\/\/fundacjaoda.pl\/?page_id=3922\">Galeria<\/a><\/strong><\/p>\n<p><a href=\"http:\/\/fundacjaoda.pl\/wp-content\/uploads\/2015\/03\/IMG_7355.jpg\"><img loading=\"lazy\" class=\"alignnone size-full wp-image-3907\" style=\"margin-right: 10px;\" src=\"http:\/\/fundacjaoda.pl\/wp-content\/uploads\/2015\/03\/IMG_7355.jpg\" alt=\"IMG_7355\" width=\"25%\" height=\"25%\" align=\"left\" srcset=\"http:\/\/fundacjaoda.pl\/wp-content\/uploads\/2015\/03\/IMG_7355.jpg 900w, http:\/\/fundacjaoda.pl\/wp-content\/uploads\/2015\/03\/IMG_7355-150x112.jpg 150w\" sizes=\"(max-width: 900px) 100vw, 900px\" \/><\/a><strong>Uczniowie kl. IIa Gimnazjum im. Zofii Na\u0142kowskiej w Wo\u0142ominie, 26.02.2015 r.<\/strong>: &#8222;Z pewno\u015bci\u0105 b\u0119dziemy mi\u0142o wspomina\u0107 wizyt\u0119 w Izbie Muzealnej rodziny Wodiczk\u00f3w. Inspiruj\u0105ca i wzbudzaj\u0105ca podziw historia tej niezwyk\u0142ej rodziny wywo\u0142uje wiele refleksji. Z u\u015bmiechem s\u0142uchamy nie tylko o losach Wodiczk\u00f3w, dzi\u015b mieszkaj\u0105cych cz\u0119sto w odleg\u0142ych zak\u0105tkach \u015bwiata, ale i o dawnym Wo\u0142ominie. Podziwiamy rodzin\u0119 artyst\u00f3w i wyj\u0105tkowych dzia\u0142aczy spo\u0142ecznych, kt\u00f3rzy starali si\u0119 zmienia\u0107 swoje otoczenie na lepsze niezale\u017cnie od tego, gdzie ich rzuci\u0142 los. W ich \u017cyciu zawsze obecna by\u0142a muzyka, towarzyszy\u0142a im od najm\u0142odszych lat, chocia\u017c tylko Bohdan zaj\u0105\u0142 si\u0119 ni\u0105 zawodowo. Mamy nadziej\u0119, \u017ce \u015bwiat zawsze b\u0119dzie pami\u0119ta\u0142 o Wodiczka\u0107h i docenia\u0142 ich wk\u0142ad w \u017cycie kulturalne i spo\u0142eczne. Dzi\u0119kujemy za wspania\u0142\u0105, interesuj\u0105c\u0105, pe\u0142n\u0105 wzrusze\u0144 lekcj\u0119, kt\u00f3ra na pewno zapadnie nam w pami\u0119ci&#8221;. <strong><a title=\"Galeria \u2013 lekcja muzealna klasy IIa\" href=\"http:\/\/fundacjaoda.pl\/?page_id=3920\">Galeria<\/a><\/strong><a title=\"Galeria \u2013 lekcja muzealna klasy IIa\" href=\"http:\/\/fundacjaoda.pl\/?page_id=3920\">&nbsp;<\/a><\/p>\n<p><a href=\"http:\/\/fundacjaoda.pl\/wp-content\/uploads\/2015\/03\/IMG_7340.jpg\"><img loading=\"lazy\" class=\"alignnone size-full wp-image-3890\" style=\"margin-right: 10px;\" src=\"http:\/\/fundacjaoda.pl\/wp-content\/uploads\/2015\/03\/IMG_7340.jpg\" alt=\"IMG_7340\" width=\"25%\" height=\"25%\" align=\"left\" srcset=\"http:\/\/fundacjaoda.pl\/wp-content\/uploads\/2015\/03\/IMG_7340.jpg 900w, http:\/\/fundacjaoda.pl\/wp-content\/uploads\/2015\/03\/IMG_7340-150x112.jpg 150w\" sizes=\"(max-width: 900px) 100vw, 900px\" \/><\/a><strong>Lekcja muzealna przy blasku \u015bwiec<\/strong>. W \u015brod\u0119 25.02. 2015 r. o godz. 8.30 klasa IIb Gimnazjum Nr 1 im. Zofii Na\u0142kowskiej w Wo\u0142ominie wraz z&nbsp;wychowawczyni\u0105 stawi\u0142a si\u0119 w Izbie Muzealnej Wodiczk\u00f3w na lekcj\u0119 muzealn\u0105. Chwil\u0119 przedtem wy\u0142\u0105czony zosta\u0142 pr\u0105d, wi\u0119c w&nbsp;piwnicy, gdzie mie\u015bci si\u0119 to ma\u0142e muzeum by\u0142o zupe\u0142nie ciemno. &#8222;Na szcz\u0119\u015bcie mamy spory zapas \u015bwiec &#8211; powiedzia\u0142a pani Danuta Michalik witaj\u0105c uczni\u00f3w &#8211; organizowane by\u0142y tu niedawno warsztaty tworzenia pachn\u0105cych \u015bwiec ozdobnych&#8221;. I sw\u00f3j wyk\u0142ad rozpocz\u0119\u0142a od historii powstania tego \u017ar\u00f3d\u0142a \u015bwiat\u0142a i przypomnienia, co oznaczaj\u0105 \u015bwiece w&nbsp;kulturze chrze\u015bcija\u0144skiej, \u017cydowskiej i prawos\u0142awnej. Zapalone \u015bwiece szybko rozja\u015bni\u0142y Izb\u0119, zrobi\u0142o si\u0119 w&nbsp;niej przytulnie i mi\u0142o. W tej romantycznej scenerii przez dwie godziny wszyscy z&nbsp;zaciekawieniem s\u0142uchali informacji o historii powstania Izby Muzealnej Wodiczk\u00f3w w Wo\u0142ominie i o niezwyk\u0142ych biografiach ukrytych w&nbsp;starych dokumentach. Potem ze \u015bwieczkami w r\u0119kach uczniowie ogl\u0105dali stare albumy, dokumenty, dyplomy, medale, gazety, winylowe p\u0142yty i wiele innych pami\u0105tek zebranych w Izbie.<br>\u201eW rodzinnym domu Wodiczk\u00f3w zawsze rozbrzmiewa\u0142a muzyka, zapraszam do pianina osoby, kt\u00f3re ucz\u0105 si\u0119 gra\u0107\u201d &#8211; zach\u0119ci\u0142a pani Danuta Michalik. Nie trzeba by\u0142o d\u0142ugo czeka\u0107, \u017ceby ustawi\u0142a si\u0119 spora kolejka graj\u0105cych. Lekcja muzealna zako\u0144czy\u0142a si\u0119 niespodziewanym koncertem.<br>\u201eDzi\u0119kujemy za pi\u0119kn\u0105 lekcj\u0119 historyczn\u0105 na temat rodziny Wodiczk\u00f3w\u201d &#8211; napisali uczniowie kl. IIb w kronice Izby i podpisali si\u0119 na pami\u0105tk\u0119 swojego pobytu. <strong><a title=\"Galeria \u2013 lekcja muzealna klasy IIb\" href=\"http:\/\/fundacjaoda.pl\/?page_id=3918\">Galeria<\/a><\/strong><\/p>\n<h2>2014<\/h2>\n<p><a href=\"http:\/\/fundacjaoda.pl\/wp-content\/uploads\/2015\/01\/IMG_4865.jpg\"><img loading=\"lazy\" class=\"alignnone size-full wp-image-1895\" style=\"margin-right: 10px;\" src=\"http:\/\/fundacjaoda.pl\/wp-content\/uploads\/2015\/01\/IMG_4865.jpg\" alt=\"IMG_4865\" width=\"25%\" height=\"25%\" align=\"left\" srcset=\"http:\/\/fundacjaoda.pl\/wp-content\/uploads\/2015\/01\/IMG_4865.jpg 922w, http:\/\/fundacjaoda.pl\/wp-content\/uploads\/2015\/01\/IMG_4865-200x150.jpg 200w, http:\/\/fundacjaoda.pl\/wp-content\/uploads\/2015\/01\/IMG_4865-150x112.jpg 150w\" sizes=\"(max-width: 922px) 100vw, 922px\" \/><\/a><strong>24 i 27 pa\u017adziernika oraz 5 listopada 2014 r. <\/strong>w Izbie Muzealnej po\u015bwi\u0119conej rodzinie Wodiczk\u00f3w odby\u0142y si\u0119 zaj\u0119cia edukacyjne dla uczni\u00f3w klas pierwszych. Lekcje muzealne poprowadzi\u0142a pani Danuta Michalik \u2013 Prezes Fundacji ODA w Wo\u0142ominie. Prowadz\u0105ca zaj\u0119cia z wielkim zaanga\u017cowaniem opowiada\u0142a m\u0142odzie\u017cy o okoliczno\u015bciach powstania Izby Pami\u0119ci. Przybli\u017cy\u0142a uczestnikom zaj\u0119\u0107 pasjonuj\u0105ce dzieje i&nbsp;dzia\u0142alno\u015b\u0107 rodziny Wodiczk\u00f3w &#8211; na szczeg\u00f3lne podkre\u015blenie zas\u0142uguje ich dzia\u0142alno\u015b\u0107 spo\u0142eczna na rzecz kraju i&nbsp;lokalnej spo\u0142eczno\u015bci. Wszyscy z zainteresowaniem ogl\u0105dali bogate zbiory pami\u0105tek rodzinnych: fotografie, dokumenty, listy, w\u0142asnor\u0119cznie pisane nuty Franciszka Wodiczki, instrumenty muzyczne, kolekcj\u0119 p\u0142yt, medale, dyplomy, odznaczenia, ksi\u0105\u017cki. Spotkania przebiega\u0142y w niezwykle serdecznej atmosferze, w duchu przywi\u0105zania do tradycji, historii miasta Wo\u0142omina i jego znakomitych obywateli.<\/p>\n<p><a href=\"http:\/\/fundacjaoda.pl\/wp-content\/uploads\/2015\/01\/lm5.jpg\"><img loading=\"lazy\" class=\"alignnone size-medium wp-image-2398\" style=\"margin-right: 10px;\" src=\"http:\/\/fundacjaoda.pl\/wp-content\/uploads\/2015\/01\/lm5-1000x750.jpg\" alt=\"lm5\" width=\"25%\" height=\"25%\" align=\"left\" srcset=\"http:\/\/fundacjaoda.pl\/wp-content\/uploads\/2015\/01\/lm5-1000x750.jpg 1000w, http:\/\/fundacjaoda.pl\/wp-content\/uploads\/2015\/01\/lm5-150x112.jpg 150w, http:\/\/fundacjaoda.pl\/wp-content\/uploads\/2015\/01\/lm5.jpg 1024w\" sizes=\"(max-width: 1000px) 100vw, 1000px\" \/><\/a><strong>W \u009c\u015brod\u0119 16.10. 2014 r.<\/strong> udali\u009c\u015bmy si\u0119 wraz z naszym wychowawc\u0105, Dyrektorem Krzysztofem Milczarkiem do Izby Muzealnej po\u009c\u015bwi\u0119conej rodzinie Wodiczk\u00f3w, kt\u00f3ra znajduje si\u0119 w Wo\u0142ominie przy ul. Armii Krajowej 43. Po przybyciu na miejsce obejrzeli\u009c\u015bmy prezentacj\u0119, kt\u00f3r\u0105 przygotowa\u0142a za\u0142o\u017cycielka izby, pani Danuta Michalik. Po wys\u0142uchaniu ciekawych informacji o rodzinie Wodiczk\u00f3w, mieli\u009c\u015bmy czas na obejrzenie zebranych w izbie fotografii, licznych dokument\u00f3w, odznacze\u0144, nut, ukazuj\u0105cych \u017cycie rodziny Franciszka Wodiczki (ojca Bohdana Wodiczki, cz\u0142owieka zas\u0142u\u017conego dla Wo\u0142omina, sekretarza zarz\u0105du Ochotniczej Stra\u017cy Po\u017carnej, kapelmistrza orkiestry stra\u017cackiej). Na zako\u0144czenie zostali\u009c\u015bmy pocz\u0119stowani ciastem i&nbsp;herbat\u0105:) Ku rado\u015b\u009cci wszystkich uda\u0142o si\u0119 nam wr\u00f3ci\u0107 do szko\u0142y, na dwie ostatnie lekcje&nbsp;(<em>ze strony Liceum Og\u00f3lnokszta\u0142c\u0105cego im. W.&nbsp;Na\u0142kowskiego w Wo\u0142ominie<\/em>). <strong><a title=\"Galeria \u2013 Lekcja muzealna dla uczni\u00f3w LO\" href=\"http:\/\/fundacjaoda.pl\/?page_id=2406\">Galeria<\/a><\/strong><\/p>\n<p><a href=\"http:\/\/fundacjaoda.pl\/wp-content\/uploads\/2015\/02\/MG_0094.jpg\"><img loading=\"lazy\" class=\"alignnone size-full wp-image-3207\" style=\"margin-right: 10px;\" src=\"http:\/\/fundacjaoda.pl\/wp-content\/uploads\/2015\/02\/MG_0094.jpg\" alt=\"_MG_0094\" width=\"25%\" height=\"25%\" align=\"left\" srcset=\"http:\/\/fundacjaoda.pl\/wp-content\/uploads\/2015\/02\/MG_0094.jpg 800w, http:\/\/fundacjaoda.pl\/wp-content\/uploads\/2015\/02\/MG_0094-150x99.jpg 150w\" sizes=\"(max-width: 800px) 100vw, 800px\" \/><\/a><strong>Spotkanie z s\u0105siadami rodziny Wodiczk\u00f3w &#8211; 18.03.2012<\/strong><br>W niezwykle serdecznej atmosferze odby\u0142o si\u0119 spotkanie s\u0105siad\u00f3w Pa\u0144stwa Wodiczk\u00f3w pami\u0119taj\u0105cych czasy, gdy mieszkali oni jeszcze przy ulicy o dawnej nazwie Trakt Warszawski. Wiecz\u00f3r rozpocz\u0105\u0142 si\u0119 od przypomnienia historii tej rodziny a potem by\u0142y d\u0142ugie opowie\u015bci, wspomnienia i&nbsp;ogl\u0105danie pami\u0105tek ocalonych z wyburzonego domu. S\u0105siedzi wspominali nie tylko ostatnich mieszka\u0144c\u00f3w domu \u2013 Jadwig\u0119, Edmunda i Andrzeja Nieciejowskich, ale te\u017c opowiadali o swoich osobistych relacjach z&nbsp;Franciszkiem, Eugeniuszem i Bohdanem. Go\u015bcie opowiadali o rodzinnym muzykowaniu w domu Wodiczk\u00f3w. Wiele os\u00f3b zapami\u0119ta\u0142o tak\u017ce lokator\u00f3w mieszkaj\u0105cych tu przez jaki\u015b czas, w tym Francuzk\u0119 Mart\u0119 jej syna Rogera. Wiele mi\u0142ych wspomnie\u0144 zwi\u0105zanych by\u0142o z prawnukami i wnukami Franciszka Wodiczki, mi\u0119dzy innymi El\u017cbiet\u0105 Messoudi czy Darkiem Sza\u0144kowskim. Cz\u0119\u015b\u0107 tych wspomnie\u0144 zosta\u0142a utrwalona na pi\u015bmie. <strong><a title=\"Galeria \u2013 S\u0105siedzi\" href=\"http:\/\/fundacjaoda.pl\/?page_id=3214\">Galeria<\/a><\/strong><\/p>\n<p><a title=\"Wydarzenia\" href=\"http:\/\/fundacjaoda.pl\/?page_id=13\"><strong>Powr\u00f3t<\/strong><\/a><\/p>\n","protected":false},"excerpt":{"rendered":"<p>W Izbie Muzealnej po\u015bwi\u0119conej Rodzinie Wodiczk\u00f3w od 2011 r. odbywaj\u0105 si\u0119 lekcje muzealne o historii tego miejsca i o ludziach z nim zwi\u0105zanych. M\u0142odzie\u017c szkolna, a tak\u017ce przedstawiciele r\u00f3\u017cnych organizacji i osoby prywatne stykaj\u0105 si\u0119, czasami po raz pierwszy, ze zbiorami muzealnymi dokumentuj\u0105cymi lokaln\u0105 histori\u0119. W czasie dwugodzinnego spotkania go\u015bcie \u2026 <a href=\"http:\/\/fundacjaoda.pl\/?page_id=54\"> Continue reading <span class=\"meta-nav\">&rarr; <\/span><\/a><\/p>\n","protected":false},"author":1,"featured_media":0,"parent":13,"menu_order":1,"comment_status":"closed","ping_status":"closed","template":"","meta":[],"_links":{"self":[{"href":"http:\/\/fundacjaoda.pl\/index.php?rest_route=\/wp\/v2\/pages\/54"}],"collection":[{"href":"http:\/\/fundacjaoda.pl\/index.php?rest_route=\/wp\/v2\/pages"}],"about":[{"href":"http:\/\/fundacjaoda.pl\/index.php?rest_route=\/wp\/v2\/types\/page"}],"author":[{"embeddable":true,"href":"http:\/\/fundacjaoda.pl\/index.php?rest_route=\/wp\/v2\/users\/1"}],"replies":[{"embeddable":true,"href":"http:\/\/fundacjaoda.pl\/index.php?rest_route=%2Fwp%2Fv2%2Fcomments&post=54"}],"version-history":[{"count":115,"href":"http:\/\/fundacjaoda.pl\/index.php?rest_route=\/wp\/v2\/pages\/54\/revisions"}],"predecessor-version":[{"id":20740,"href":"http:\/\/fundacjaoda.pl\/index.php?rest_route=\/wp\/v2\/pages\/54\/revisions\/20740"}],"up":[{"embeddable":true,"href":"http:\/\/fundacjaoda.pl\/index.php?rest_route=\/wp\/v2\/pages\/13"}],"wp:attachment":[{"href":"http:\/\/fundacjaoda.pl\/index.php?rest_route=%2Fwp%2Fv2%2Fmedia&parent=54"}],"curies":[{"name":"wp","href":"https:\/\/api.w.org\/{rel}","templated":true}]}}