{"id":14481,"date":"2018-04-03T21:21:13","date_gmt":"2018-04-03T19:21:13","guid":{"rendered":"http:\/\/fundacjaoda.pl\/?page_id=14481"},"modified":"2019-03-10T20:09:15","modified_gmt":"2019-03-10T19:09:15","slug":"inne","status":"publish","type":"page","link":"http:\/\/fundacjaoda.pl\/?page_id=14481","title":{"rendered":"Inne"},"content":{"rendered":"<p><span style=\"font-size: 14.0pt;\"><font color=#52841\">O mi\u0142o\u015bci nie tylko w Walentynki &#8211; 09.03.2019<\/font><\/a><\/span><br \/>\n<a href=\"http:\/\/fundacjaoda.pl\/wp-content\/uploads\/2019\/03\/IMG_1163.jpg\"><img loading=\"lazy\" src=\"http:\/\/fundacjaoda.pl\/wp-content\/uploads\/2019\/03\/IMG_1163.jpg\" alt=\"IMG_1163\" style=\"margin-right: 10px;\" width=\"20%\" height=\"20%\" class=\"alignnone size-full wp-image-16799\" align=\"left\" srcset=\"http:\/\/fundacjaoda.pl\/wp-content\/uploads\/2019\/03\/IMG_1163.jpg 900w, http:\/\/fundacjaoda.pl\/wp-content\/uploads\/2019\/03\/IMG_1163-150x117.jpg 150w\" sizes=\"(max-width: 900px) 100vw, 900px\" \/><\/a>Joanna Moore przygotowa\u0142a dla go\u015bci zgromadzonych w Izbie prezentacj\u0119 sk\u0142adaj\u0105c\u0105 si\u0119 z kilku cz\u0119\u015bci. Pierwsz\u0105 stanowi\u0142 pokaz o angielskiej wyspie Wight, oddzielonej od brytyjskiego wybrze\u017ca cie\u015bnin\u0105 Solent. Wyspa kszta\u0142tem przypomina romb o wymiarach 26 na 39 kilometr\u00f3w i powierzchni 384 km\u00b2, a przejazd w poprzek wyspy zajmuje ok. 50 minut. G\u0142\u00f3wne miasta wyspy to Ryde, Cowes oraz Newport, a wspominaj\u0105c o nich Joanna poda\u0142a kr\u00f3tk\u0105 notk\u0119, w kt\u00f3rej wykorzysta\u0142a nazw\u0119 homonimow\u0105 ka\u017cdego miasta. <strong><a href=\"http:\/\/fundacjaoda.pl\/?page_id=16764\" title=\"O mi\u0142o\u015bci nie tylko na Walentynki\">Wi\u0119cej&#8230;<\/a><\/strong> <strong><a href=\"http:\/\/fundacjaoda.pl\/?page_id=16821\" title=\"Galeria \u2013 O mi\u0142o\u015bci na Walentynki\">  Galeria<\/a><\/strong><br \/>\n&nbsp;<br \/>\n&nbsp;<br \/>\n<span style=\"font-size: 14.0pt;\"><font color=#52841\">O sztuce troch\u0119 inaczej &#8211; 16.03.2018<\/font><\/a><\/span><br \/>\n<a href=\"http:\/\/fundacjaoda.pl\/wp-content\/uploads\/2018\/04\/IMG_5228.jpg\"><img loading=\"lazy\" src=\"http:\/\/fundacjaoda.pl\/wp-content\/uploads\/2018\/04\/IMG_5228.jpg\" style=\"margin-right: 10px;\" alt=\"IMG_5228\" width=\"20%\" height=\"20%\" class=\"alignnone size-full wp-image-14451\" align=\"left\" srcset=\"http:\/\/fundacjaoda.pl\/wp-content\/uploads\/2018\/04\/IMG_5228.jpg 900w, http:\/\/fundacjaoda.pl\/wp-content\/uploads\/2018\/04\/IMG_5228-150x100.jpg 150w\" sizes=\"(max-width: 900px) 100vw, 900px\" \/><\/a>W pi\u0105tkowy wiecz\u00f3r 16 marca go\u015bcili\u015bmy Andrzeja Kalet\u0119, tw\u00f3rc\u0119 obraz\u00f3w, architekta odpowiedzialnego za aran\u017cacj\u0119 wn\u0119trz w wielu prywatnych domach i instytucjach w naszym powiecie, projektanta elewacji wo\u0142omi\u0144skich kamienic, a tak\u017ce autora witra\u017cy w szpitalnej kaplicy, malowide\u0142 w ko\u015bciele Matki Bo\u017cej Cz\u0119stochowskiej w Wo\u0142ominie czy o\u0142tarza w ko\u015bciele w Zago\u015bci\u0144cu. Artysta podzieli\u0142 si\u0119 z licznie zgromadzonymi go\u015b\u0107mi refleksjami na temat duchowej natury sztuki, procesu tw\u00f3rczego, czerpania inspiracji z codzienno\u015bci i&nbsp;metafizyki. Swoj\u0105 opowie\u015b\u0107 zilustrowa\u0142 obrazami, kt\u00f3re prezentowa\u0142 ostatnio na wystawie \u201eMoje natchnienia\u201d w galerii w Fabryczce. <strong><a href=\"http:\/\/fundacjaoda.pl\/?page_id=14411\" title=\"O sztuce troch\u0119 inaczej\">Wi\u0119cej&#8230;<\/a>  <a href=\"http:\/\/fundacjaoda.pl\/?page_id=14471\" title=\"Galeria \u2013 O sztuce troch\u0119 inaczej\">Galeria<\/a><\/strong><\/p>\n<p><span style=\"font-size: 14.0pt;\"><font color=#52841\">Spotkanie z doktor Gra\u017cyn\u0105 Machur\u0105-Wiewi\u00f3rko &#8211; 31.08.2017<\/font><\/a><\/span><br \/>\n<a href=\"http:\/\/fundacjaoda.pl\/wp-content\/uploads\/2017\/09\/IMG_2686.jpg\"><img loading=\"lazy\" src=\"http:\/\/fundacjaoda.pl\/wp-content\/uploads\/2017\/09\/IMG_2686.jpg\" alt=\"IMG_2686\" style=\"margin-right: 10px\" width=\"25%\" height=\"25%\" class=\"alignnone size-full wp-image-11968\" align=\"left\" srcset=\"http:\/\/fundacjaoda.pl\/wp-content\/uploads\/2017\/09\/IMG_2686.jpg 900w, http:\/\/fundacjaoda.pl\/wp-content\/uploads\/2017\/09\/IMG_2686-150x100.jpg 150w\" sizes=\"(max-width: 900px) 100vw, 900px\" \/><\/a>Danuta Michalik przedstawi\u0142a doktor Gra\u017cyn\u0119 Machur\u0119-Wiewi\u00f3rko. Temat spotkania sprawi\u0142, \u017ce do Izby przybyli go\u015bcie, w\u015br\u00f3d kt\u00f3rych pani Gra\u017cyna rozpozna\u0142a licznych znajomych \u2013 wsp\u00f3\u0142pracownik\u00f3w, swoich pacjent\u00f3w, przyjaci\u00f3\u0142. W swoim wyst\u0105pieniu pani doktor zwr\u00f3ci\u0142a uwag\u0119 na to, \u017ce zatraca si\u0119 w\u0142a\u015bciwy charakter wizyty lekarskiej. Na przytoczonych licznych przyk\u0142adach zademonstrowa\u0142a r\u00f3\u017cne postawy pacjent\u00f3w, kt\u00f3rzy traktuj\u0105 wizyt\u0119 lekarsk\u0105 i spotkanie z lekarzem bardzo powierzchownie. <strong><a href=\"http:\/\/fundacjaoda.pl\/?page_id=11984\" title=\"Spotkanie z doktor Gra\u017cyn\u0105 Machur\u0105-Wiewi\u00f3rko\">Wi\u0119cej&#8230;<\/a><\/strong> <strong><a href=\"http:\/\/fundacjaoda.pl\/?page_id=11982\" title=\"Galeria \u2013 Jak gada\u0107, \u017ceby si\u0119 dogada\u0107\">Galeria<\/a><\/strong><br \/>\n&nbsp;<br \/>\n&nbsp;<br \/>\n<span style=\"font-size: 14.0pt;\"><font color=#52841\">Jak ta\u0144czono w dawnych wiekach &#8211; 16.04.2016<\/font><\/a><\/span><\/p>\n","protected":false},"excerpt":{"rendered":"<p>O sztuce troch\u0119 inaczej &#8211; 16.03.2018 W pi\u0105tkowy wiecz\u00f3r 16 marca go\u015bcili\u015bmy Andrzeja Kalet\u0119, tw\u00f3rc\u0119 obraz\u00f3w, architekta odpowiedzialnego za aran\u017cacj\u0119 wn\u0119trz w wielu prywatnych domach i instytucjach w naszym powiecie, projektanta elewacji wo\u0142omi\u0144skich kamienic, a tak\u017ce autora witra\u017cy w szpitalnej kaplicy, malowide\u0142 w ko\u015bciele Matki Bo\u017cej Cz\u0119stochowskiej w Wo\u0142ominie czy \u2026 <a href=\"http:\/\/fundacjaoda.pl\/?page_id=14481\"> Continue reading <span class=\"meta-nav\">&rarr; <\/span><\/a><\/p>\n","protected":false},"author":1,"featured_media":0,"parent":0,"menu_order":0,"comment_status":"closed","ping_status":"closed","template":"","meta":[],"_links":{"self":[{"href":"http:\/\/fundacjaoda.pl\/index.php?rest_route=\/wp\/v2\/pages\/14481"}],"collection":[{"href":"http:\/\/fundacjaoda.pl\/index.php?rest_route=\/wp\/v2\/pages"}],"about":[{"href":"http:\/\/fundacjaoda.pl\/index.php?rest_route=\/wp\/v2\/types\/page"}],"author":[{"embeddable":true,"href":"http:\/\/fundacjaoda.pl\/index.php?rest_route=\/wp\/v2\/users\/1"}],"replies":[{"embeddable":true,"href":"http:\/\/fundacjaoda.pl\/index.php?rest_route=%2Fwp%2Fv2%2Fcomments&post=14481"}],"version-history":[{"count":18,"href":"http:\/\/fundacjaoda.pl\/index.php?rest_route=\/wp\/v2\/pages\/14481\/revisions"}],"predecessor-version":[{"id":16834,"href":"http:\/\/fundacjaoda.pl\/index.php?rest_route=\/wp\/v2\/pages\/14481\/revisions\/16834"}],"wp:attachment":[{"href":"http:\/\/fundacjaoda.pl\/index.php?rest_route=%2Fwp%2Fv2%2Fmedia&parent=14481"}],"curies":[{"name":"wp","href":"https:\/\/api.w.org\/{rel}","templated":true}]}}