{"id":14254,"date":"2018-01-31T23:29:40","date_gmt":"2018-01-31T22:29:40","guid":{"rendered":"http:\/\/fundacjaoda.pl\/?page_id=14254"},"modified":"2018-02-01T13:12:35","modified_gmt":"2018-02-01T12:12:35","slug":"autorski-koncert-piotra-dabrowki","status":"publish","type":"page","link":"http:\/\/fundacjaoda.pl\/?page_id=14254","title":{"rendered":"Autorski koncert Piotra D\u0105br\u00f3wki"},"content":{"rendered":"<p><a href=\"http:\/\/fundacjaoda.pl\/wp-content\/uploads\/2018\/01\/IMG_5115.jpg\"><img loading=\"lazy\" src=\"http:\/\/fundacjaoda.pl\/wp-content\/uploads\/2018\/01\/IMG_5115.jpg\" alt=\"IMG_5115\" style=\"margin-right: 10px;\" width=\"20%\" height=\"20%\" class=\"alignnone size-full wp-image-14199\" align=\"left\" srcset=\"http:\/\/fundacjaoda.pl\/wp-content\/uploads\/2018\/01\/IMG_5115.jpg 633w, http:\/\/fundacjaoda.pl\/wp-content\/uploads\/2018\/01\/IMG_5115-150x142.jpg 150w\" sizes=\"(max-width: 633px) 100vw, 633px\" \/><\/a>Witaj\u0105c przyby\u0142ych do Izby go\u015bci Danuta Michalik zapowiedzia\u0142a nadchodz\u0105ce wydarzenia oraz wspomnia\u0142a o&nbsp;wydaniu monografii Bohdana Wodiczki, kt\u00f3r\u0105 przygotowa\u0142 Micha\u0142 Klubinski i kt\u00f3ra w\u0142a\u015bnie ukaza\u0142a si\u0119 drukiem. Nast\u0119pnie Leszek Patejuk przedstawi\u0142 artyst\u0119 przyby\u0142ego z autorskim recitalem do Izby \u2013 Piotra D\u0105br\u00f3wk\u0119, charyzmatycznego gitarzyst\u0119 i kompozytora, kt\u00f3ry zachwyca publiczno\u015b\u0107 swoim g\u0142osem i interpretacj\u0105 wykonywanych utwor\u00f3w. Danuta Michalik przypomnia\u0142a, \u017ce Piotr, jako pracownik Miejskiego Domu Kultury w&nbsp;Wo\u0142ominie, by\u0142 autorem rollupu przygotowanego na otwarcie wystawy pt. <em>&#8222;Nie tylko muzyka&#8221;<\/em>, kt\u00f3ry wita go\u015bci przy wej\u015bciu do Izby Muzealnej. By\u0142 jednym z pierwszych odbiorc\u00f3w magnolii, po kt\u00f3r\u0105 przyby\u0142 z ramienia MDK w&nbsp;ramach realizacji projektu \u201eMagnolia symbolem Wo\u0142omina\u201d. <\/p>\n<p>Roboczy tytu\u0142 przygotowanego na ten wiecz\u00f3r recitalu \u201e\u015awiat\u0142o w oczy\u201d zosta\u0142 zaczerpni\u0119ty z utworu Jonasza Kofty. W pie\u015bniach tworz\u0105cych repertuar tego wieczoru wybrzmiewa\u0142o rozczarowanie, mi\u0142o\u015b\u0107, zaduma nad wiar\u0105, nad tym, czy warto wierzy\u0107 oraz wkomponowane w \u017cyciowe dylematy uczucia, odpowiednie sytuacje i zdarzenia. Piotr tak dobiera teksty, \u017ceby te emocje by\u0142y naprawd\u0119 jego, \u017ceby przekaza\u0107 je publiczno\u015bci w najbardziej autentyczny spos\u00f3b. A poniewa\u017c jak sam m\u00f3wi <em>\u201e\u017cycie nie jest w jednym, cudnym kolorku, to postanowi\u0142em wszystkie opowie\u015bci zagra\u0107 na zasadzie kontrastu\u201d<\/em>. <\/p>\n<p><a href=\"http:\/\/fundacjaoda.pl\/wp-content\/uploads\/2018\/01\/IMG_5117.jpg\"><img loading=\"lazy\" src=\"http:\/\/fundacjaoda.pl\/wp-content\/uploads\/2018\/01\/IMG_5117.jpg\" alt=\"IMG_5117\" style=\"margin-right: 10px;\" width=\"20%\" height=\"20%\" class=\"alignnone size-full wp-image-14201\" align=\"left\" srcset=\"http:\/\/fundacjaoda.pl\/wp-content\/uploads\/2018\/01\/IMG_5117.jpg 600w, http:\/\/fundacjaoda.pl\/wp-content\/uploads\/2018\/01\/IMG_5117-100x150.jpg 100w\" sizes=\"(max-width: 600px) 100vw, 600px\" \/><\/a>W melancholijnym utworze <em>\u201eBarman\u201d<\/em> Piotr zabra\u0142 s\u0142uchaczy do I\u0142\u017cy, do ma\u0142ego miasta, podobnego do Wo\u0142omina, z wykreowanym bohaterem z gatunku takich, co \u201enie zd\u0105\u017cyli na szcz\u0119\u015bcie\u201d. Wiersz <em>\u201ePr\u00f3ba wiary\u201d<\/em> Mariana Piechala, poety, eseisty i t\u0142umacza sta\u0142 si\u0119, za spraw\u0105 muzyki Grzegorza Madejskiego, marynistyczn\u0105 piosenk\u0105 o&nbsp;\u017cyciu. W podobnym klimacie by\u0142 kolejny utw\u00f3r <em>\u201eW czas zmartwychwstania\u201d<\/em>, do s\u0142\u00f3w Boles\u0142awa Le\u015bmiana. Nie zabrak\u0142o te\u017c przejmuj\u0105cych piosenek o mi\u0142o\u015bci takich jak <em>\u201eKr\u00f3tka piosenka z kamieniem w d\u0142oni\u201d<\/em>, piosenka zaczerpni\u0119ta z repertuaru zespo\u0142u \u201eNormalsi\u201d pt. <em>\u201eNie ma mowy\u201d<\/em> i napisany dla zmar\u0142ej \u017cony utw\u00f3r Grzegorza Tomczaka <em>\u201eNiebieska piosenka\u201d<\/em>. O mi\u0142o\u015bci rodzicielskiej Piotr za\u015bpiewa\u0142 w pi\u0119knej <em>\u201ePiosence na cztery\u201d<\/em> do s\u0142\u00f3w \u0141ukasza Majewskiego i swojej muzyki (komentatora wsp\u00f3lnych towarzyskich spotka\u0144 autorskich), piosence z&nbsp;ogromn\u0105 dawk\u0105 emocji, liryzmu, s\u0142odyczy. Kr\u00f3tki ale przejmuj\u0105cy <em>\u201eMonolog nies\u0142ysz\u0105cych si\u0119\u201d<\/em> traktuje o&nbsp;zamianie r\u00f3l \u2013 oto cz\u0142owiek staje si\u0119 Bogiem i boryka si\u0119 nie tylko z dokonaniem wyboru, ale przede wszystkim z&nbsp;wytrwaniem przy podj\u0119tej decyzji. By\u0142o jeszcze <em>\u201eDydaktyka\u201d<\/em> do s\u0142\u00f3w i muzyki Marka Tercza, by\u0142 <em>\u201eBunt\u201d<\/em> do s\u0142\u00f3w Stanis\u0142awa Grochowiaka z muzyk\u0105 Piotra D\u0105br\u00f3wki zagrany tak \u017cywio\u0142owo, \u017ce a\u017c dziw, \u017ce t\u0119 gr\u0119 wytrzyma\u0142y struny gitary oraz <em>\u201ePsalm o chorych nogach\u201d <\/em>do tekstu zaczerpni\u0119tego z <em>\u201ePsalm\u00f3w\u201d<\/em> Tadeusza Nowaka.<\/p>\n<p><a href=\"http:\/\/fundacjaoda.pl\/wp-content\/uploads\/2018\/01\/IMG_5126.jpg\"><img loading=\"lazy\" src=\"http:\/\/fundacjaoda.pl\/wp-content\/uploads\/2018\/01\/IMG_5126.jpg\" alt=\"IMG_5126\" style=\"margin-right: 10px;\" width=\"20%\" height=\"20%\" class=\"alignnone size-full wp-image-14210\" align=\"left\" srcset=\"http:\/\/fundacjaoda.pl\/wp-content\/uploads\/2018\/01\/IMG_5126.jpg 900w, http:\/\/fundacjaoda.pl\/wp-content\/uploads\/2018\/01\/IMG_5126-150x100.jpg 150w\" sizes=\"(max-width: 900px) 100vw, 900px\" \/><\/a>Przed koncertem Leszek Patejuk przytoczy\u0142 wypowied\u017a Tomasza Drachala na temat jednego z koncert\u00f3w Piotra: <em>\u201eNie by\u0142em przygotowany na to, co mnie spotka\u0142o, gdy pierwszy raz us\u0142ysza\u0142em Piotra. To by\u0142o wra\u017cenie ca\u0142kowitego zaj\u0119cia przestrzeni &#8211; zwykle takiej niewiele wa\u017c\u0105cej, niemal bez przymiot\u00f3w. Powietrze by\u0142o a\u017c g\u0119ste i&nbsp;wibruj\u0105ce. Zaj\u0119te emocj\u0105, my\u015bl\u0105, krzykiem, nawet cisz\u0105, kt\u00f3ra chwilow\u0105 pauz\u0105 wdziera\u0142a si\u0119 mi\u0119dzy takty i&nbsp;utwory. Ka\u017cdy nast\u0119pny udzia\u0142 w wyst\u0105pieniu tego wykonawcy powtarza\u0142 tamte odczucia. Ca\u0142kowita, do trzewi szczero\u015b\u0107, niemal ponadludzka energia, b\u00f3l i \u015bwiadomo\u015b\u0107 &#8211; takimi s\u0142owami okre\u015bli\u0142bym dzi\u015b to, co mo\u017ce nas dotkn\u0105\u0107 razem z d\u017awi\u0119kami Piotrowych piosenek. Teksty na og\u00f3\u0142 w\u0142asne, ale nie gardzi Koft\u0105, Le\u015bmianem, Grochowiakiem, Nowakiem. Bywa, \u017ce si\u0119ga te\u017c po repertuar koleg\u00f3w ze sceny (np. piosenki \u0141ukasza Majewskiego.) Muzyka te\u017c na og\u00f3\u0142 w\u0142asna. Gitara &#8211; rewelacyjna. Spos\u00f3b \u015bpiewania nie do podrobienia. (\u2026)\u201d<\/em>. I taki w\u0142a\u015bnie koncert odby\u0142 si\u0119 w Izbie. <strong><a href=\"http:\/\/fundacjaoda.pl\/?page_id=14229\" title=\"Galeria \u2013 Koncert Piotra D\u0105browki\">Galeria<\/a><\/strong><\/p>\n","protected":false},"excerpt":{"rendered":"<p>Witaj\u0105c przyby\u0142ych do Izby go\u015bci Danuta Michalik zapowiedzia\u0142a nadchodz\u0105ce wydarzenia oraz wspomnia\u0142a o&nbsp;wydaniu monografii Bohdana Wodiczki, kt\u00f3r\u0105 przygotowa\u0142 Micha\u0142 Klubinski i kt\u00f3ra w\u0142a\u015bnie ukaza\u0142a si\u0119 drukiem. Nast\u0119pnie Leszek Patejuk przedstawi\u0142 artyst\u0119 przyby\u0142ego z autorskim recitalem do Izby \u2013 Piotra D\u0105br\u00f3wk\u0119, charyzmatycznego gitarzyst\u0119 i kompozytora, kt\u00f3ry zachwyca publiczno\u015b\u0107 swoim g\u0142osem i \u2026 <a href=\"http:\/\/fundacjaoda.pl\/?page_id=14254\"> Continue reading <span class=\"meta-nav\">&rarr; <\/span><\/a><\/p>\n","protected":false},"author":1,"featured_media":0,"parent":0,"menu_order":0,"comment_status":"closed","ping_status":"closed","template":"","meta":[],"_links":{"self":[{"href":"http:\/\/fundacjaoda.pl\/index.php?rest_route=\/wp\/v2\/pages\/14254"}],"collection":[{"href":"http:\/\/fundacjaoda.pl\/index.php?rest_route=\/wp\/v2\/pages"}],"about":[{"href":"http:\/\/fundacjaoda.pl\/index.php?rest_route=\/wp\/v2\/types\/page"}],"author":[{"embeddable":true,"href":"http:\/\/fundacjaoda.pl\/index.php?rest_route=\/wp\/v2\/users\/1"}],"replies":[{"embeddable":true,"href":"http:\/\/fundacjaoda.pl\/index.php?rest_route=%2Fwp%2Fv2%2Fcomments&post=14254"}],"version-history":[{"count":16,"href":"http:\/\/fundacjaoda.pl\/index.php?rest_route=\/wp\/v2\/pages\/14254\/revisions"}],"predecessor-version":[{"id":14277,"href":"http:\/\/fundacjaoda.pl\/index.php?rest_route=\/wp\/v2\/pages\/14254\/revisions\/14277"}],"wp:attachment":[{"href":"http:\/\/fundacjaoda.pl\/index.php?rest_route=%2Fwp%2Fv2%2Fmedia&parent=14254"}],"curies":[{"name":"wp","href":"https:\/\/api.w.org\/{rel}","templated":true}]}}