{"id":12248,"date":"2017-10-29T11:34:26","date_gmt":"2017-10-29T10:34:26","guid":{"rendered":"http:\/\/fundacjaoda.pl\/?page_id=12248"},"modified":"2017-10-31T15:15:15","modified_gmt":"2017-10-31T14:15:15","slug":"muzyka-straussow","status":"publish","type":"page","link":"http:\/\/fundacjaoda.pl\/?page_id=12248","title":{"rendered":"Muzyka Strauss\u00f3w"},"content":{"rendered":"<p><a href=\"http:\/\/fundacjaoda.pl\/wp-content\/uploads\/2017\/09\/20170924_164728.jpg\"><img loading=\"lazy\" src=\"http:\/\/fundacjaoda.pl\/wp-content\/uploads\/2017\/09\/20170924_164728.jpg\" style=\"margin-right:10px\" alt=\"20170924_164728\" width=\"20%\" height=\"20%\" class=\"alignnone size-full wp-image-12099\" align=\"left\" srcset=\"http:\/\/fundacjaoda.pl\/wp-content\/uploads\/2017\/09\/20170924_164728.jpg 900w, http:\/\/fundacjaoda.pl\/wp-content\/uploads\/2017\/09\/20170924_164728-150x112.jpg 150w\" sizes=\"(max-width: 900px) 100vw, 900px\" \/><\/a>Wszystkie przyby\u0142e dzieci i ich opiekun\u00f3w gor\u0105co przywita\u0142a Ma\u0142gorzata Chmielewska i podzi\u0119kowa\u0142a serdecznie Starostwu Wo\u0142omi\u0144skiemu za sfinansowanie kolejnego spotkania dzieci z muzyk\u0105 powa\u017cn\u0105. Bohaterami tego spotkania byli wiede\u0144scy kompozytorzy \u2013 J\u00f3zef, Johann-syn i Johann-ojciec oraz Eduard Strauss. Ma\u0142gorzata Chmielewska przedstawi\u0142a artystki tworz\u0105ce Duet Grazioso &#8211; <a href=\"http:\/\/fundacjaoda.pl\/?page_id=5609\" title=\"Anna Kornacka\">Ann\u0119 Kornack\u0105<\/a> graj\u0105c\u0105 na pianinie i <a href=\"http:\/\/fundacjaoda.pl\/?page_id=8983\" title=\"Beata Kierzkowska\">Beat\u0119 Kierzkowsk\u0105<\/a> graj\u0105c\u0105 na flecie, kt\u00f3re przygotowa\u0142y repertuar na to muzyczne spotkanie.<\/p>\n<p>Poniewa\u017c nazwisko Strauss kojarzy si\u0119 z walcem, spotkanie rozpocz\u0105\u0142 walc <em>\u201eNad pi\u0119knym modrym Dunajem\u201d<\/em> skomponowany przez Johanna Straussa-syna. Kiedy pi\u0119kny walc wybrzmia\u0142 do ko\u0144ca, Ma\u0142gosia skierowa\u0142a do dzieci pytanie, do kogo z rodzic\u00f3w s\u0105 podobne. Nawi\u0105za\u0142a tym do dziedziczenia przez dzieci po rodzicach nie tylko cech zewn\u0119trznych, ale tak\u017ce cech charakteru i talent\u00f3w, co mia\u0142o miejsce w\u0142a\u015bnie w rodzinie Strauss\u00f3w, wiede\u0144skich muzyk\u00f3w. <\/p>\n<p><a href=\"http:\/\/fundacjaoda.pl\/wp-content\/uploads\/2017\/09\/20170924_165213.jpg\"><img loading=\"lazy\" src=\"http:\/\/fundacjaoda.pl\/wp-content\/uploads\/2017\/09\/20170924_165213.jpg\" style=\"margin-right:10px\" alt=\"20170924_165213\" width=\"20%\" height=\"20%\" class=\"alignnone size-full wp-image-12106\" align=\"left\" srcset=\"http:\/\/fundacjaoda.pl\/wp-content\/uploads\/2017\/09\/20170924_165213.jpg 900w, http:\/\/fundacjaoda.pl\/wp-content\/uploads\/2017\/09\/20170924_165213-150x112.jpg 150w\" sizes=\"(max-width: 900px) 100vw, 900px\" \/><\/a>Nast\u0119pnie Ma\u0142gosia Chmielewska przybli\u017cy\u0142a dzieciom polk\u0119, taniec, kt\u00f3rego czeskie pochodzenie uznaje wielu etnograf\u00f3w. Ju\u017c w XIX w by\u0142 uwa\u017cany za tradycyjny ludowy taniec polski i obok walca by\u0142a polka bardzo popularnym ta\u0144cem towarzyskim. Nazwa pochodzi od czeskiego s\u0142owa \u201ep\u016flka\u201d, oznaczaj\u0105cego \u201epo\u0142ow\u0119\u201d. Po powstaniu listopadowym zmieniono nazw\u0119 na polka na cze\u015b\u0107 Polak\u00f3w lub na cze\u015b\u0107 polskiej \u015bpiewaczki Esmeraldy. Pierwsz\u0105 polk\u0105 zagran\u0105 tego wieczoru dla dzieci by\u0142a <em>\u201ePolka francuska\u201d<\/em> J\u00f3zefa Straussa. Kiedy muzyka wybrzmia\u0142a, dzieci zosta\u0142y zaproszone wraz z opiekunami na \u015brodek sali i uczy\u0142y si\u0119 ta\u0144czy\u0107 polk\u0119. Dobrane w pary i ustawione na wprost siebie krok za krokiem pokonywa\u0142y uczy\u0142y si\u0119 kolejnych krok\u00f3w i figur ta\u0144ca. Nauce towarzyszy\u0142o wsp\u00f3lne, g\u0142o\u015bne odliczanie rytmu. Kiedy ju\u017c dzieci opanowa\u0142y uk\u0142ady pi\u0119ta-palce, klepanie w r\u0119ce, klepanie w kolanka i haczyki, kilkakrotnie odta\u0144czy\u0142y polk\u0119 wykonuj\u0105c wszystkie ewolucje. Ma\u0142gosia wr\u0119czy\u0142a wszystkim tancerzom zas\u0142u\u017cone nagrody-lizaki, kt\u00f3re dostarczy\u0142y dzieciom i ich opiekunom sporo rado\u015bci.<\/p>\n<p><a href=\"http:\/\/fundacjaoda.pl\/wp-content\/uploads\/2017\/09\/20170924_170016.jpg\"><img loading=\"lazy\" src=\"http:\/\/fundacjaoda.pl\/wp-content\/uploads\/2017\/09\/20170924_170016.jpg\" style=\"margin-right:10px\" alt=\"20170924_170016\" width=\"20%\" height=\"20%\" class=\"alignnone size-full wp-image-12107\" align=\"left\" srcset=\"http:\/\/fundacjaoda.pl\/wp-content\/uploads\/2017\/09\/20170924_170016.jpg 900w, http:\/\/fundacjaoda.pl\/wp-content\/uploads\/2017\/09\/20170924_170016-150x112.jpg 150w\" sizes=\"(max-width: 900px) 100vw, 900px\" \/><\/a>Kto zna jaki\u015b obcy j\u0119zyk? \u2013 to by\u0142o kolejne pytanie zadane dzieciom. Okaza\u0142o si\u0119, \u017ce dzieci zna\u0142y wiele j\u0119zyk\u00f3w, w&nbsp;tym tak\u017ce chi\u0144ski. Aby utrwali\u0107 dzieciom, \u017ce w j. niemieckim wyraz Strauss oznacza stru\u015b lub bukiet (z troch\u0119 inn\u0105 pisowni\u0105, przez \u00df), Ma\u0142gosia rozda\u0142a dzieciom kartki z rysunkiem bukietu kwiat\u00f3w prosz\u0105c, aby dzieci pokolorowa\u0142y te obrazki. Roz\u0142o\u017cy\u0142y si\u0119 wi\u0119c z kartkami i kredkami na pod\u0142odze, a ich pe\u0142nej skupienia pracy towarzyszy\u0142a muzyka skomponowana przez Johanna Straussa-syna &#8211; <em>\u201eMarsz rosyjski\u201d<\/em>, andantino z operetki <em>\u201eBaron cyga\u0144ski\u201d<\/em> &#8211; oraz <em>\u201ePolka\u201d<\/em> Eduarda Straussa. Dzieci bior\u0105ce udzia\u0142 w kolorowaniu, zosta\u0142y nagrodzone nagrod\u0105-ciasteczkiem.<\/p>\n<p>Skoro kompozytorzy z rodziny Strauss\u00f3w komponowali walce, a Johann Strauss-syn by\u0142 nazywany Kr\u00f3lem walca, dzieci dosta\u0142y kolejne zadanie \u2013 nauczy\u0107 si\u0119 tego w\u0142a\u015bnie ta\u0144ca. Dzieci, trzymaj\u0105c si\u0119 za r\u0119ce, licz\u0105c na raz-dwa-trzy, opanowywa\u0142y taneczne kroki walca, robi\u0105c to w coraz szybszym tempie i w r\u00f3\u017cne strony. A kiedy duet Grazioso zagra\u0142 walca z operetki <em>\u201eWiede\u0144ska krew\u201d<\/em> Johanna Straussa-syna, d\u017awi\u0119ki walca u\u0142atwi\u0142y dzieciom poruszanie si\u0119 we w\u0142a\u015bciwym rytmie, za co zosta\u0142y nagrodzone gromkimi brawami.<\/p>\n<p><a href=\"http:\/\/fundacjaoda.pl\/wp-content\/uploads\/2017\/09\/20170924_164757.jpg\"><img loading=\"lazy\" src=\"http:\/\/fundacjaoda.pl\/wp-content\/uploads\/2017\/09\/20170924_164757.jpg\" style=\"margin-right:10px\" alt=\"20170924_164757\" width=\"20%\" height=\"20%\" class=\"alignnone size-full wp-image-12100\" align=\"left\" srcset=\"http:\/\/fundacjaoda.pl\/wp-content\/uploads\/2017\/09\/20170924_164757.jpg 900w, http:\/\/fundacjaoda.pl\/wp-content\/uploads\/2017\/09\/20170924_164757-150x112.jpg 150w\" sizes=\"(max-width: 900px) 100vw, 900px\" \/><\/a>O ile Johann Strauss-syn zas\u0142yn\u0105\u0142 walcami, to najs\u0142ynniejszym utworem skomponowanym przez Johanna Straussa-ojca by\u0142 marsz skomponowany na cze\u015b\u0107 austriackiego feldmarsza\u0142ka Josepha Radetzkiego (Radeckiego). Obecnie grany jest podczas rund honorowych na zawodach je\u017adzieckich i imprezach niepodleg\u0142o\u015bciowych oraz na zako\u0144czenie ka\u017cdego Koncertu Noworocznego w Wiedniu, kiedy publiczno\u015b\u0107 tradycyjnie klaszcze w rytm muzyki. Dzieci najpierw wys\u0142ucha\u0142y utworu w wykonaniu Duetu Grazioso. Dzi\u0119ki pomocy Ma\u0142gosi Chmielewskiej ustalono, jak maszeruj\u0105 \u017co\u0142nierze w defiladzie (niew\u0105tpliwie obiecane nagrody zdyscyplinowa\u0142y dzieci i nauka marszowego kroku przebieg\u0142a bardziej sprawnie). Dzieci otrzyma\u0142y grzechotki, rodzice &#8211; tamburyna. Na zako\u0144czenie wszystkie dzieci ustawi\u0142y si\u0119 za Ma\u0142gosi\u0105 i&nbsp;przemaszerowa\u0142y wok\u00f3\u0142 sali przy wt\u00f3rze <em>\u201eMarsza Radeckiego\u201d<\/em> granego przez Duet Grazioso, grzechotek i dzwonk\u00f3w tamburyn\u00f3w.<\/p>\n<p><a href=\"http:\/\/fundacjaoda.pl\/wp-content\/uploads\/2017\/09\/20170924_172702.jpg\"><img loading=\"lazy\" src=\"http:\/\/fundacjaoda.pl\/wp-content\/uploads\/2017\/09\/20170924_172702.jpg\" style=\"margin-right:10px\" alt=\"20170924_172702\" width=\"20%\" height=\"20%\" class=\"alignnone size-full wp-image-12119\" align=\"left\" srcset=\"http:\/\/fundacjaoda.pl\/wp-content\/uploads\/2017\/09\/20170924_172702.jpg 900w, http:\/\/fundacjaoda.pl\/wp-content\/uploads\/2017\/09\/20170924_172702-150x112.jpg 150w\" sizes=\"(max-width: 900px) 100vw, 900px\" \/><\/a>Dzieci i ich opiekunowie gor\u0105cymi oklaskami podzi\u0119kowali artystkom za muzyczny akompaniament. Jak zwykle po muzycznej cz\u0119\u015bci spotkania przysz\u0142a kolej na s\u0142odki podwieczorkowy pocz\u0119stunek \u2013 soki i ciasteczka. <\/p>\n<p><strong><a href=\"http:\/\/fundacjaoda.pl\/?page_id=58\" title=\"Podwieczorki muzyczne dla dzieci\">Powr\u00f3t <\/a><a href=\"http:\/\/fundacjaoda.pl\/?page_id=12124\" title=\"Galeria \u2013 Rodzina Strauss\u00f3w\">Galeria<\/a><\/strong><\/p>\n","protected":false},"excerpt":{"rendered":"<p>Wszystkie przyby\u0142e dzieci i ich opiekun\u00f3w gor\u0105co przywita\u0142a Ma\u0142gorzata Chmielewska i podzi\u0119kowa\u0142a serdecznie Starostwu Wo\u0142omi\u0144skiemu za sfinansowanie kolejnego spotkania dzieci z muzyk\u0105 powa\u017cn\u0105. Bohaterami tego spotkania byli wiede\u0144scy kompozytorzy \u2013 J\u00f3zef, Johann-syn i Johann-ojciec oraz Eduard Strauss. Ma\u0142gorzata Chmielewska przedstawi\u0142a artystki tworz\u0105ce Duet Grazioso &#8211; Ann\u0119 Kornack\u0105 graj\u0105c\u0105 na pianinie \u2026 <a href=\"http:\/\/fundacjaoda.pl\/?page_id=12248\"> Continue reading <span class=\"meta-nav\">&rarr; <\/span><\/a><\/p>\n","protected":false},"author":1,"featured_media":0,"parent":0,"menu_order":0,"comment_status":"closed","ping_status":"closed","template":"","meta":[],"_links":{"self":[{"href":"http:\/\/fundacjaoda.pl\/index.php?rest_route=\/wp\/v2\/pages\/12248"}],"collection":[{"href":"http:\/\/fundacjaoda.pl\/index.php?rest_route=\/wp\/v2\/pages"}],"about":[{"href":"http:\/\/fundacjaoda.pl\/index.php?rest_route=\/wp\/v2\/types\/page"}],"author":[{"embeddable":true,"href":"http:\/\/fundacjaoda.pl\/index.php?rest_route=\/wp\/v2\/users\/1"}],"replies":[{"embeddable":true,"href":"http:\/\/fundacjaoda.pl\/index.php?rest_route=%2Fwp%2Fv2%2Fcomments&post=12248"}],"version-history":[{"count":8,"href":"http:\/\/fundacjaoda.pl\/index.php?rest_route=\/wp\/v2\/pages\/12248\/revisions"}],"predecessor-version":[{"id":12378,"href":"http:\/\/fundacjaoda.pl\/index.php?rest_route=\/wp\/v2\/pages\/12248\/revisions\/12378"}],"wp:attachment":[{"href":"http:\/\/fundacjaoda.pl\/index.php?rest_route=%2Fwp%2Fv2%2Fmedia&parent=12248"}],"curies":[{"name":"wp","href":"https:\/\/api.w.org\/{rel}","templated":true}]}}