{"id":11202,"date":"2017-05-07T21:25:22","date_gmt":"2017-05-07T19:25:22","guid":{"rendered":"http:\/\/fundacjaoda.pl\/?page_id=11202"},"modified":"2017-05-08T23:03:53","modified_gmt":"2017-05-08T21:03:53","slug":"podwieczorek-muzyczny-dla-dzieci-swieto-flagi","status":"publish","type":"page","link":"http:\/\/fundacjaoda.pl\/?page_id=11202","title":{"rendered":"Podwieczorek muzyczny dla dzieci &#8211; \u015awi\u0119to flagi"},"content":{"rendered":"<p><a href=\"http:\/\/fundacjaoda.pl\/wp-content\/uploads\/2017\/05\/IMG_1062.jpg\"><img loading=\"lazy\" src=\"http:\/\/fundacjaoda.pl\/wp-content\/uploads\/2017\/05\/IMG_1062.jpg\" alt=\"IMG_1062\" style=\"margin-right: 10px;\" width=\"20%\" height=\"20%\" class=\"alignnone size-full wp-image-11103\" align=\"left\" srcset=\"http:\/\/fundacjaoda.pl\/wp-content\/uploads\/2017\/05\/IMG_1062.jpg 900w, http:\/\/fundacjaoda.pl\/wp-content\/uploads\/2017\/05\/IMG_1062-150x100.jpg 150w\" sizes=\"(max-width: 900px) 100vw, 900px\" \/><\/a>Zebranych licznie w Izbie Muzealnej Wodiczk\u00f3w go\u015bci \u2013 dzieci wraz z opiekunami \u2013 przywita\u0142a <strong>Ma\u0142gorzata Chmielewska<\/strong>. Przedstawi\u0142a artystki tworz\u0105ce <strong>Duet Grazioso<\/strong>, znane ju\u017c wielu dzieciom z poprzednich wizyt w Izbie \u2013 pani\u0105 <strong><a href=\"http:\/\/fundacjaoda.pl\/?page_id=5609\" title=\"Anna Kornacka\">Ann\u0119 Kornack\u0105<\/a><\/strong> graj\u0105c\u0105 na pianinie i pani\u0105 <strong><a href=\"http:\/\/fundacjaoda.pl\/?page_id=8983\" title=\"Beata Kierzkowska\">Beat\u0119 Kierzkowsk\u0105<\/a><\/strong> graj\u0105c\u0105 na flecie. Dzieci przywita\u0142y obie panie gor\u0105cymi brawami. <\/p>\n<p><a href=\"http:\/\/fundacjaoda.pl\/wp-content\/uploads\/2017\/05\/IMG_1087.jpg\"><img loading=\"lazy\" src=\"http:\/\/fundacjaoda.pl\/wp-content\/uploads\/2017\/05\/IMG_1087.jpg\" alt=\"IMG_1087\" style=\"margin-right: 10px;\" width=\"20%\" height=\"20%\" class=\"alignnone size-full wp-image-11125\" align=\"left\" srcset=\"http:\/\/fundacjaoda.pl\/wp-content\/uploads\/2017\/05\/IMG_1087.jpg 685w, http:\/\/fundacjaoda.pl\/wp-content\/uploads\/2017\/05\/IMG_1087-150x131.jpg 150w\" sizes=\"(max-width: 685px) 100vw, 685px\" \/><\/a>Pani Ma\u0142gorzata zaproponowa\u0142a dzieciom rozpocz\u0119cie wieczoru uroczystym polonezem. Pomog\u0142a dzieciom dobra\u0107 si\u0119 w pary i ka\u017cdemu tancerzowi wr\u0119czy\u0142a flag\u0119 bia\u0142o-czerwon\u0105. W tak poloneza Wojciecha Kilara z filmu <em>\u201ePan Tadeusz\u201d<\/em> pani Ma\u0142gosia w parze z Kub\u0105 poprowadzi\u0142a korow\u00f3d z\u0142o\u017cony kilkunastu par. Przy bardziej wznios\u0142ych fragmentach poloneza pada\u0142a komenda \u201eflagi w g\u00f3r\u0119\u201d. <\/p>\n<p><a href=\"http:\/\/fundacjaoda.pl\/wp-content\/uploads\/2017\/05\/IMG_1099.jpg\"><img loading=\"lazy\" src=\"http:\/\/fundacjaoda.pl\/wp-content\/uploads\/2017\/05\/IMG_1099.jpg\" alt=\"IMG_1099\" style=\"margin-left: 10px;\" width=\"20%\" height=\"20%\" class=\"alignnone size-full wp-image-11136\" align=\"right\" srcset=\"http:\/\/fundacjaoda.pl\/wp-content\/uploads\/2017\/05\/IMG_1099.jpg 600w, http:\/\/fundacjaoda.pl\/wp-content\/uploads\/2017\/05\/IMG_1099-100x150.jpg 100w\" sizes=\"(max-width: 600px) 100vw, 600px\" \/><\/a>Po ta\u0144cu dzieci zaj\u0119\u0142y swoje miejsca przy opiekunach, a pani Ma\u0142gosia opowiedzia\u0142a dzieciom o fladze. Dzieci bezb\u0142\u0119dnie okre\u015bli\u0142y, w jakich barwach jest nasza flaga. Poniewa\u017c nikt nie pami\u0119ta\u0142 \u017cadnego wiersza o fladze, pani Ma\u0142gosia zapowiedzia\u0142a wykonanie walca z&nbsp;filmu <em>\u201eZiemia obiecana\u201d<\/em> prosz\u0105c dzieci, aby podczas s\u0142uchania zastanowi\u0142y si\u0119, w jakim tempie zosta\u0142 ten walc zagrany i czy potrafi\u0105 klaska\u0107 w rytmie walca. Okaza\u0142o si\u0119, \u017ce nie jest to trudne zadanie i klaskanie w rytmie \u201eraz, dwa, trzy\u201d jest r\u00f3wnie\u017c \u0142atwe.  <\/p>\n<p><a href=\"http:\/\/fundacjaoda.pl\/wp-content\/uploads\/2017\/05\/IMG_1101.jpg\"><img loading=\"lazy\" src=\"http:\/\/fundacjaoda.pl\/wp-content\/uploads\/2017\/05\/IMG_1101.jpg\" alt=\"IMG_1101\" style=\"margin-right: 10px;\" width=\"20%\" height=\"20%\" class=\"alignnone size-full wp-image-11138\" align=\"left\" srcset=\"http:\/\/fundacjaoda.pl\/wp-content\/uploads\/2017\/05\/IMG_1101.jpg 501w, http:\/\/fundacjaoda.pl\/wp-content\/uploads\/2017\/05\/IMG_1101-126x150.jpg 126w\" sizes=\"(max-width: 501px) 100vw, 501px\" \/><\/a>Pani Ma\u0142gosia przypomnia\u0142a wierszyk o polskiej fladze zaczynaj\u0105cy si\u0119 od s\u0142\u00f3w \u201ePowiewa flaga\u2026\u201d. Zaproponowa\u0142a dzieciom nauk\u0119 tego wierszyka. Aby u\u0142atwi\u0107 szybsze zapami\u0119tanie jego tre\u015bci zaproponowa\u0142a recytacj\u0119 w rytmie \u00be, czyli w&nbsp;rytmie walca. Obie artystki \u2013 pani Kornacka i pani Kierzkowska \u2013 zagra\u0142y kolejnego walca, tym razem walc Wiktora Kazaneckiego z filmu <em>\u201eNoce i dnie\u201d<\/em>, a dzieci po cichutku recytowa\u0142y wierszyk o&nbsp;fladze.<br \/>\n&nbsp;<br \/>\n&nbsp;<br \/>\n&nbsp;<br \/>\n<a href=\"http:\/\/fundacjaoda.pl\/wp-content\/uploads\/2017\/05\/IMG_1106.jpg\"><img loading=\"lazy\" src=\"http:\/\/fundacjaoda.pl\/wp-content\/uploads\/2017\/05\/IMG_1106.jpg\" alt=\"IMG_1106\" style=\"margin-right: 10px;\" width=\"20%\" height=\"20%\" class=\"alignnone size-full wp-image-11141\" align=\"left\" srcset=\"http:\/\/fundacjaoda.pl\/wp-content\/uploads\/2017\/05\/IMG_1106.jpg 759w, http:\/\/fundacjaoda.pl\/wp-content\/uploads\/2017\/05\/IMG_1106-150x103.jpg 150w\" sizes=\"(max-width: 759px) 100vw, 759px\" \/><\/a><a href=\"http:\/\/fundacjaoda.pl\/wp-content\/uploads\/2017\/05\/IMG_1105.jpg\"><img loading=\"lazy\" src=\"http:\/\/fundacjaoda.pl\/wp-content\/uploads\/2017\/05\/IMG_1105.jpg\" alt=\"IMG_1105\" style=\"margin-left: 10px;\" width=\"20%\" height=\"20%\" class=\"alignnone size-full wp-image-11140\" align=\"right\" srcset=\"http:\/\/fundacjaoda.pl\/wp-content\/uploads\/2017\/05\/IMG_1105.jpg 900w, http:\/\/fundacjaoda.pl\/wp-content\/uploads\/2017\/05\/IMG_1105-150x100.jpg 150w\" sizes=\"(max-width: 900px) 100vw, 900px\" \/><\/a>Kiedy walc wybrzmia\u0142, dla odwa\u017cnych dzieci pani Ma\u0142gosia og\u0142osi\u0142a konkurs recytatorski, oczywi\u015bcie z nagrodami. Nie brakowa\u0142o ch\u0119tnych, co dowiod\u0142o, \u017ce taka metoda nauki na pami\u0119\u0107 jest bardzo owocna.<br \/>\n&nbsp;<br \/>\n&nbsp;<br \/>\n&nbsp;<br \/>\n<a href=\"http:\/\/fundacjaoda.pl\/wp-content\/uploads\/2017\/05\/IMG_1111.jpg\"><img loading=\"lazy\" src=\"http:\/\/fundacjaoda.pl\/wp-content\/uploads\/2017\/05\/IMG_1111.jpg\" alt=\"IMG_1111\" style=\"margin-right: 10px;\" width=\"20%\" height=\"20%\" class=\"alignnone size-full wp-image-11145\" align=\"left\" srcset=\"http:\/\/fundacjaoda.pl\/wp-content\/uploads\/2017\/05\/IMG_1111.jpg 570w, http:\/\/fundacjaoda.pl\/wp-content\/uploads\/2017\/05\/IMG_1111-142x150.jpg 142w\" sizes=\"(max-width: 570px) 100vw, 570px\" \/><\/a>Kolejn\u0105 odwa\u017cn\u0105 osob\u0105 by\u0142a uczennica wo\u0142omi\u0144skiej szko\u0142y muzycznej, Maja, kt\u00f3ra, pokonuj\u0105c trem\u0119, zagra\u0142a dla zebranych w Izbie go\u015bci utw\u00f3r W\u0142adimira B\u0142ocha <em>\u201ePie\u015b\u0144\u201d<\/em>. <\/p>\n<p><a href=\"http:\/\/fundacjaoda.pl\/wp-content\/uploads\/2017\/05\/IMG_1121.jpg\"><img loading=\"lazy\" src=\"http:\/\/fundacjaoda.pl\/wp-content\/uploads\/2017\/05\/IMG_1121.jpg\" alt=\"IMG_1121\" style=\"margin-left: 10px;\" width=\"20%\" height=\"20%\" class=\"alignnone size-full wp-image-11152\" align=\"right\" srcset=\"http:\/\/fundacjaoda.pl\/wp-content\/uploads\/2017\/05\/IMG_1121.jpg 826w, http:\/\/fundacjaoda.pl\/wp-content\/uploads\/2017\/05\/IMG_1121-150x108.jpg 150w\" sizes=\"(max-width: 826px) 100vw, 826px\" \/><\/a>W zwi\u0105zku z nast\u0119n\u0105 zabaw\u0105 pani Ma\u0142gosia rozda\u0142a ch\u0119tnym do zabawy dzieciom szerokie paski papieru \u2013 jedne w kolorze bia\u0142ym, drugie w kolorze czerwonym. Zabawa polega\u0142a na tym, aby w przerwie muzycznej dzieci dobra\u0142y si\u0119 parami tak, aby razem utworzy\u0142y bia\u0142o-czerwony zestaw. Zabawie towarzyszy\u0142a muzyka z XVIII \u2013 pani Anna i pani Beata gra\u0142y pie\u015b\u0144 szlacheck\u0105, kt\u00f3r\u0105 wszyscy obecnie znamy jako pie\u015b\u0144 biesiadn\u0105 <em>\u201ePije Kuba do Jakuba\u201d<\/em>. Poniewa\u017c uda\u0142o si\u0119 to wszystkim dzieciom i dzieci skomponowa\u0142y poprawne flagi, pani Ma\u0142gosia podnios\u0142a poziom trudno\u015bci \u2013 w nast\u0119pnej muzycznej przerwie nale\u017ca\u0142o u\u0142o\u017cy\u0107 flag\u0119 z inn\u0105 ni\u017c poprzednio osob\u0105. Po zako\u0144czonej zabawie dzieci zosta\u0142y nagrodzone gromkimi brawami.<\/p>\n<p><a href=\"http:\/\/fundacjaoda.pl\/wp-content\/uploads\/2017\/05\/IMG_1143.jpg\"><img loading=\"lazy\" src=\"http:\/\/fundacjaoda.pl\/wp-content\/uploads\/2017\/05\/IMG_1143-1000x666.jpg\" alt=\"IMG_1143\" style=\"margin-right: 10px;\" width=\"20%\" height=\"20%\" class=\"alignnone size-medium wp-image-11169\" align=\"left\" srcset=\"http:\/\/fundacjaoda.pl\/wp-content\/uploads\/2017\/05\/IMG_1143-1000x666.jpg 1000w, http:\/\/fundacjaoda.pl\/wp-content\/uploads\/2017\/05\/IMG_1143-150x100.jpg 150w, http:\/\/fundacjaoda.pl\/wp-content\/uploads\/2017\/05\/IMG_1143.jpg 1024w\" sizes=\"(max-width: 1000px) 100vw, 1000px\" \/><\/a>Kolejn\u0105 niespodziank\u0105 by\u0142a mapa konturowa polski, kt\u00f3r\u0105 dzieci por\u00f3wna\u0142y do pi\u0142ki, ale tak\u017ce do serca. Pani Ma\u0142gosia pokaza\u0142a dzieciom u\u0142o\u017con\u0105 z puzzli map\u0119 Polski i dzieci bezb\u0142\u0119dnie odpowiedzia\u0142y na pytanie, jaka rzeka jest najd\u0142u\u017csz\u0105 rzek\u0105 w Polsce. Pani Ma\u0142gosia wyra\u017anie wskaza\u0142a na mapie ca\u0142a tras\u0119, jak\u0105 pokonuje Wis\u0142a. Nast\u0119pnie rozda\u0142a wszystkim dzieciom konturow\u0105 mapk\u0105 Polski oraz kredki. Wszystkie dzieci rozsiad\u0142y si\u0119 na pod\u0142odze i zabra\u0142y do kolorowania konturu mapki w barwach naszej flagi i wyznaczenie na niebiesko Wis\u0142y. Wykonaniu tego zadania towarzyszy\u0142a muzyka \u2013 Duet Grazioso wykona\u0142 utwory <em>\u201eHej ty Wis\u0142o\u201d<\/em> (opr. melodii ludowej J. Mroczek) oraz <em>\u201eEj, przelecia\u0142 ptaszek\u201d<\/em> Tadeusza Sygiety\u0144skiego. Poniewa\u017c dzieci potrzebowa\u0142y wi\u0119cej czasu na wykonanie tej pracy, duet zagra\u0142 \u201eTaniec\u201d Maurycego Moszkowskiego. Wszystkie rysunki zosta\u0142y pokazane zebranym w Izbie go\u015bciom i ka\u017cde dziecko otrzyma\u0142o zas\u0142u\u017con\u0105 nagrod\u0119.<\/p>\n<p><a href=\"http:\/\/fundacjaoda.pl\/wp-content\/uploads\/2017\/05\/IMG_1162.jpg\"><img loading=\"lazy\" src=\"http:\/\/fundacjaoda.pl\/wp-content\/uploads\/2017\/05\/IMG_1162.jpg\" alt=\"IMG_1162\" style=\"margin-left: 10px;\" width=\"20%\" height=\"20%\" class=\"alignnone size-full wp-image-11186\" align=\"right\" srcset=\"http:\/\/fundacjaoda.pl\/wp-content\/uploads\/2017\/05\/IMG_1162.jpg 900w, http:\/\/fundacjaoda.pl\/wp-content\/uploads\/2017\/05\/IMG_1162-150x100.jpg 150w\" sizes=\"(max-width: 900px) 100vw, 900px\" \/><\/a>Ostatnim utworem, kt\u00f3ry wykonali wszyscy zebrani w Izbie go\u015bcie, by\u0142 <em>\u201eJak d\u0142ugo Wis\u0142a p\u0142ynie\u201d<\/em>. Otrzymali nie tylko tekst piosenki, ale r\u00f3wnie\u017c zestaw instrument\u00f3w \u2013 tamburynk\u00f3w, b\u0119benk\u00f3w, kastaniet\u00f3w itp. \u2013 na kt\u00f3rych rytmicznie akompaniowali sobie podczas \u015bpiewania.<br \/>\n&nbsp;<br \/>\n&nbsp;<br \/>\n<a href=\"http:\/\/fundacjaoda.pl\/wp-content\/uploads\/2017\/05\/IMG_1175.jpg\"><img loading=\"lazy\" src=\"http:\/\/fundacjaoda.pl\/wp-content\/uploads\/2017\/05\/IMG_1175.jpg\" alt=\"IMG_1175\" style=\"margin-right: 10px;\" width=\"20%\" height=\"20%\" class=\"alignnone size-full wp-image-11197\" align=\"left\" srcset=\"http:\/\/fundacjaoda.pl\/wp-content\/uploads\/2017\/05\/IMG_1175.jpg 900w, http:\/\/fundacjaoda.pl\/wp-content\/uploads\/2017\/05\/IMG_1175-150x100.jpg 150w\" sizes=\"(max-width: 900px) 100vw, 900px\" \/><\/a><a href=\"http:\/\/fundacjaoda.pl\/wp-content\/uploads\/2017\/05\/IMG_1170.jpg\"><img loading=\"lazy\" src=\"http:\/\/fundacjaoda.pl\/wp-content\/uploads\/2017\/05\/IMG_1170.jpg\" alt=\"IMG_1170\" style=\"margin-left: 10px;\" width=\"20%\" height=\"20%\" class=\"alignnone size-full wp-image-11193\" align=\"right\" srcset=\"http:\/\/fundacjaoda.pl\/wp-content\/uploads\/2017\/05\/IMG_1170.jpg 900w, http:\/\/fundacjaoda.pl\/wp-content\/uploads\/2017\/05\/IMG_1170-150x91.jpg 150w\" sizes=\"(max-width: 900px) 100vw, 900px\" \/><\/a>Ko\u0144cz\u0105c ten wiecz\u00f3r pe\u0142en wra\u017ce\u0144 pani Ma\u0142gosia podzi\u0119kowa\u0142a zebranym go\u015bciom za aktywny udzia\u0142 we wszystkich konkursach, Starostwu Wo\u0142omi\u0144skiemu za umo\u017cliwienie tego spotkania oraz pani Danusi Michalik za udost\u0119pnienie pomieszcze\u0144 Izby. Wszyscy zostali zaproszeni na podwieczorkowy pocz\u0119stunek \u2013 soki i ciasteczka oraz do wsp\u00f3lnego, zbiorowego zdj\u0119cia.  <strong><a href=\"http:\/\/fundacjaoda.pl\/?page_id=11200\" title=\"Galeria \u2013 \u015awi\u0119to flagi\">Galeria<\/a><\/strong><\/p>\n","protected":false},"excerpt":{"rendered":"<p>Zebranych licznie w Izbie Muzealnej Wodiczk\u00f3w go\u015bci \u2013 dzieci wraz z opiekunami \u2013 przywita\u0142a Ma\u0142gorzata Chmielewska. Przedstawi\u0142a artystki tworz\u0105ce Duet Grazioso, znane ju\u017c wielu dzieciom z poprzednich wizyt w Izbie \u2013 pani\u0105 Ann\u0119 Kornack\u0105 graj\u0105c\u0105 na pianinie i pani\u0105 Beat\u0119 Kierzkowsk\u0105 graj\u0105c\u0105 na flecie. Dzieci przywita\u0142y obie panie gor\u0105cymi brawami. \u2026 <a href=\"http:\/\/fundacjaoda.pl\/?page_id=11202\"> Continue reading <span class=\"meta-nav\">&rarr; <\/span><\/a><\/p>\n","protected":false},"author":1,"featured_media":0,"parent":0,"menu_order":0,"comment_status":"closed","ping_status":"closed","template":"","meta":[],"_links":{"self":[{"href":"http:\/\/fundacjaoda.pl\/index.php?rest_route=\/wp\/v2\/pages\/11202"}],"collection":[{"href":"http:\/\/fundacjaoda.pl\/index.php?rest_route=\/wp\/v2\/pages"}],"about":[{"href":"http:\/\/fundacjaoda.pl\/index.php?rest_route=\/wp\/v2\/types\/page"}],"author":[{"embeddable":true,"href":"http:\/\/fundacjaoda.pl\/index.php?rest_route=\/wp\/v2\/users\/1"}],"replies":[{"embeddable":true,"href":"http:\/\/fundacjaoda.pl\/index.php?rest_route=%2Fwp%2Fv2%2Fcomments&post=11202"}],"version-history":[{"count":21,"href":"http:\/\/fundacjaoda.pl\/index.php?rest_route=\/wp\/v2\/pages\/11202\/revisions"}],"predecessor-version":[{"id":11228,"href":"http:\/\/fundacjaoda.pl\/index.php?rest_route=\/wp\/v2\/pages\/11202\/revisions\/11228"}],"wp:attachment":[{"href":"http:\/\/fundacjaoda.pl\/index.php?rest_route=%2Fwp%2Fv2%2Fmedia&parent=11202"}],"curies":[{"name":"wp","href":"https:\/\/api.w.org\/{rel}","templated":true}]}}